{"id":545,"date":"2015-03-02T03:22:28","date_gmt":"2015-03-02T03:22:28","guid":{"rendered":"http:\/\/fisicaevestibular.com.br\/novo\/?page_id=545"},"modified":"2024-09-03T12:48:42","modified_gmt":"2024-09-03T12:48:42","slug":"exercicios-resolvidos-da-ufscar-2015","status":"publish","type":"page","link":"https:\/\/fisicaevestibular.com.br\/novo\/universidades-2015\/exercicios-resolvidos-da-ufscar-2015\/","title":{"rendered":"Exerc\u00edcios resolvidos da UFSCAR 2015"},"content":{"rendered":"<p align=\"CENTER\"><img decoding=\"async\" src=\"http:\/\/fisicaevestibular.com.br\/novo\/wp-content\/uploads\/universidades-2015\/ufscar\/i_c1f02fe76fe34354_html_37bab22f.png\" alt=\"\" width=\"204\" height=\"135\" name=\"Imagem 7\" align=\"BOTTOM\" border=\"0\" \/><\/p>\n<p align=\"CENTER\"><span style=\"color: #0000cc;\"><span style=\"font-family: 'Viner Hand ITC', serif;\"><span style=\"font-size: large;\"><b>Universidade Federal de S\u00e3o Carlos<\/b><\/span><\/span><\/span><span style=\"color: #0000cc;\"><span style=\"font-family: 'Viner Hand ITC', serif;\"><span style=\"font-size: large;\"><b>\u00a0<\/b><\/span><\/span><\/span><span style=\"color: #0000cc;\"><span style=\"font-family: 'Viner Hand ITC', serif;\"><span style=\"font-size: large;\"><b>(<\/b><\/span><\/span><\/span><span style=\"color: #0000cc;\"><span style=\"font-family: 'Viner Hand ITC', serif;\"><span style=\"font-size: large;\"><b>UFSCar<\/b><\/span><\/span><\/span><span style=\"color: #0000cc;\"><span style=\"font-family: 'Viner Hand ITC', serif;\"><span style=\"font-size: large;\"><b>) \u00e9 um importante centro de ensino superior, com sede no munic\u00edpio de<\/b><\/span><\/span><\/span><span style=\"color: #0000cc;\"><span style=\"font-family: 'Viner Hand ITC', serif;\"><span style=\"font-size: large;\"><b>\u00a0<\/b><\/span><\/span><\/span><a href=\"http:\/\/pt.wikipedia.org\/wiki\/S%C3%A3o_Carlos_(S%C3%A3o_Paulo)\"><span style=\"color: #0000cc;\"><span style=\"font-family: 'Viner Hand ITC', serif;\"><span style=\"font-size: large;\"><b>S\u00e3o Carlos<\/b><\/span><\/span><\/span><\/a><span style=\"color: #0000cc;\"><span style=\"font-family: 'Viner Hand ITC', serif;\"><span style=\"font-size: large;\"><b>, estado de<\/b><\/span><\/span><\/span><span style=\"color: #0000cc;\"><span style=\"font-family: 'Viner Hand ITC', serif;\"><span style=\"font-size: large;\"><b>\u00a0<\/b><\/span><\/span><\/span><a href=\"http:\/\/pt.wikipedia.org\/wiki\/S%C3%A3o_Paulo\"><span style=\"color: #0000cc;\"><span style=\"font-family: 'Viner Hand ITC', serif;\"><span style=\"font-size: large;\"><b>S\u00e3o Paulo<\/b><\/span><\/span><\/span><\/a><span style=\"color: #0000cc;\"><span style=\"font-family: 'Viner Hand ITC', serif;\"><span style=\"font-size: large;\"><b>, no<\/b><\/span><\/span><\/span><span style=\"color: #0000cc;\"><span style=\"font-family: 'Viner Hand ITC', serif;\"><span style=\"font-size: large;\"><b>\u00a0<\/b><\/span><\/span><\/span><a href=\"http:\/\/pt.wikipedia.org\/wiki\/Brasil\"><span style=\"color: #0000cc;\"><span style=\"font-family: 'Viner Hand ITC', serif;\"><span style=\"font-size: large;\"><b>Brasil<\/b><\/span><\/span><\/span><\/a><span style=\"color: #0000cc;\"><span style=\"font-family: 'Viner Hand ITC', serif;\"><span style=\"font-size: large;\"><b>.<\/b><\/span><\/span><\/span><\/p>\n<p align=\"CENTER\"><span style=\"color: #0000cc;\"><span style=\"font-family: 'Viner Hand ITC', serif;\"><span style=\"font-size: large;\"><b>Fundada em<\/b><\/span><\/span><\/span><span style=\"color: #0000cc;\"><span style=\"font-family: 'Viner Hand ITC', serif;\"><span style=\"font-size: large;\"><b>\u00a0<\/b><\/span><\/span><\/span><a href=\"http:\/\/pt.wikipedia.org\/wiki\/1968\"><span style=\"color: #0000cc;\"><span style=\"font-family: 'Viner Hand ITC', serif;\"><span style=\"font-size: large;\"><b>1968<\/b><\/span><\/span><\/span><\/a><span style=\"color: #0000cc;\"><span style=\"font-family: 'Viner Hand ITC', serif;\"><span style=\"font-size: large;\"><b>, \u00e9 uma das poucas<\/b><\/span><\/span><\/span><span style=\"color: #0000cc;\"><span style=\"font-family: 'Viner Hand ITC', serif;\"><span style=\"font-size: large;\"><b>\u00a0<\/b><\/span><\/span><\/span><a href=\"http:\/\/pt.wikipedia.org\/wiki\/Lista_de_universidades_federais_do_Brasil\"><span style=\"color: #0000cc;\"><span style=\"font-family: 'Viner Hand ITC', serif;\"><span style=\"font-size: large;\"><b>universidades federais<\/b><\/span><\/span><\/span><\/a><span style=\"color: #0000cc;\"><span style=\"font-family: 'Viner Hand ITC', serif;\"><span style=\"font-size: large;\"><b>\u00a0<\/b><\/span><\/span><\/span><span style=\"color: #0000cc;\"><span style=\"font-family: 'Viner Hand ITC', serif;\"><span style=\"font-size: large;\"><b>do estado de S\u00e3o Paulo (ao lado da<\/b><\/span><\/span><\/span><span style=\"color: #0000cc;\"><span style=\"font-family: 'Viner Hand ITC', serif;\"><span style=\"font-size: large;\"><b>\u00a0<\/b><\/span><\/span><\/span><a href=\"http:\/\/pt.wikipedia.org\/wiki\/UFABC\"><span style=\"color: #0000cc;\"><span style=\"font-family: 'Viner Hand ITC', serif;\"><span style=\"font-size: large;\"><b>UFABC<\/b><\/span><\/span><\/span><\/a><span style=\"color: #0000cc;\"><span style=\"font-family: 'Viner Hand ITC', serif;\"><span style=\"font-size: large;\"><b>\u00a0<\/b><\/span><\/span><\/span><span style=\"color: #0000cc;\"><span style=\"font-family: 'Viner Hand ITC', serif;\"><span style=\"font-size: large;\"><b>e<\/b><\/span><\/span><\/span><span style=\"color: #0000cc;\"><span style=\"font-family: 'Viner Hand ITC', serif;\"><span style=\"font-size: large;\"><b>\u00a0<\/b><\/span><\/span><\/span><a href=\"http:\/\/pt.wikipedia.org\/wiki\/UNIFESP\"><span style=\"color: #0000cc;\"><span style=\"font-family: 'Viner Hand ITC', serif;\"><span style=\"font-size: large;\"><b>UNIFESP<\/b><\/span><\/span><\/span><\/a><span style=\"color: #0000cc;\"><span style=\"font-family: 'Viner Hand ITC', serif;\"><span style=\"font-size: large;\"><b>) e a \u00fanica universidade federal sediada no interior do Estado de<\/b><\/span><\/span><\/span><span style=\"color: #0000cc;\"><span style=\"font-family: 'Viner Hand ITC', serif;\"><span style=\"font-size: large;\"><b>\u00a0<\/b><\/span><\/span><\/span><a href=\"http:\/\/pt.wikipedia.org\/wiki\/S%C3%A3o_Paulo\"><span style=\"color: #0000cc;\"><span style=\"font-family: 'Viner Hand ITC', serif;\"><span style=\"font-size: large;\"><b>S\u00e3o Paulo<\/b><\/span><\/span><\/span><\/a><span style=\"color: #0000cc;\"><span style=\"font-family: 'Viner Hand ITC', serif;\"><span style=\"font-size: large;\"><b>\u00a0<\/b><\/span><\/span><\/span><span style=\"color: #0000cc;\"><span style=\"font-family: 'Viner Hand ITC', serif;\"><span style=\"font-size: large;\"><b>e tamb\u00e9m a mais antiga universidade federal do estado.<\/b><\/span><\/span><\/span><\/p>\n<p align=\"CENTER\"><span style=\"color: #0000cc;\"><span style=\"font-family: 'Viner Hand ITC', serif;\"><span style=\"font-size: large;\"><b>Destaca-se pelo alto n\u00edvel de qualifica\u00e7\u00e3o de seu corpo docente: 99,9% s\u00e3o<\/b><\/span><\/span><\/span><span style=\"color: #0000cc;\"><span style=\"font-family: 'Viner Hand ITC', serif;\"><span style=\"font-size: large;\"><b>\u00a0<\/b><\/span><\/span><\/span><a href=\"http:\/\/pt.wikipedia.org\/wiki\/Doutorado\"><span style=\"color: #0000cc;\"><span style=\"font-family: 'Viner Hand ITC', serif;\"><span style=\"font-size: large;\"><b>doutores<\/b><\/span><\/span><\/span><\/a><span style=\"color: #0000cc;\"><span style=\"font-family: 'Viner Hand ITC', serif;\"><span style=\"font-size: large;\"><b>\u00a0<\/b><\/span><\/span><\/span><span style=\"color: #0000cc;\"><span style=\"font-family: 'Viner Hand ITC', serif;\"><span style=\"font-size: large;\"><b>ou<\/b><\/span><\/span><\/span><span style=\"color: #0000cc;\"><span style=\"font-family: 'Viner Hand ITC', serif;\"><span style=\"font-size: large;\"><b>\u00a0<\/b><\/span><\/span><\/span><a href=\"http:\/\/pt.wikipedia.org\/wiki\/Mestrado\"><span style=\"color: #0000cc;\"><span style=\"font-family: 'Viner Hand ITC', serif;\"><span style=\"font-size: large;\"><b>mestres<\/b><\/span><\/span><\/span><\/a><span style=\"color: #0000cc;\"><span style=\"font-family: 'Viner Hand ITC', serif;\"><span style=\"font-size: large;\"><b>pesquisa e extens\u00e3o em regime de dedica\u00e7\u00e3o exclusiva. Segundo dados da Secretaria Geral de Planejamento e Desenvolvimento Institucionais, as atividades da Universidade envolvem 9.188 alunos em 57 cursos de<\/b><\/span><\/span><\/span><span style=\"color: #0000cc;\"><span style=\"font-family: 'Viner Hand ITC', serif;\"><span style=\"font-size: large;\"><b>\u00a0<\/b><\/span><\/span><\/span><a href=\"http:\/\/pt.wikipedia.org\/wiki\/Gradua%C3%A7%C3%A3o\"><span style=\"color: #0000cc;\"><span style=\"font-family: 'Viner Hand ITC', serif;\"><span style=\"font-size: large;\"><b>gradua\u00e7\u00e3o<\/b><\/span><\/span><\/span><\/a><span style=\"color: #0000cc;\"><span style=\"font-family: 'Viner Hand ITC', serif;\"><span style=\"font-size: large;\"><b>presencial, 2,171 estudantes em 5 cursos a dist\u00e2ncia e 2.776 alunos\/as em 57 programas de<\/b><\/span><\/span><\/span><span style=\"color: #0000cc;\"><span style=\"font-family: 'Viner Hand ITC', serif;\"><span style=\"font-size: large;\"><b>\u00a0<\/b><\/span><\/span><\/span><a href=\"http:\/\/pt.wikipedia.org\/wiki\/P%C3%B3s-gradua%C3%A7%C3%A3o\"><span style=\"color: #0000cc;\"><span style=\"font-family: 'Viner Hand ITC', serif;\"><span style=\"font-size: large;\"><b>p\u00f3s-gradua\u00e7\u00e3o<\/b><\/span><\/span><\/span><\/a><span style=\"color: #0000cc;\"><span style=\"font-family: 'Viner Hand ITC', serif;\"><span style=\"font-size: large;\"><b>, totalizando 14.135 estudantes em<\/b><\/span><\/span><\/span><span style=\"color: #0000cc;\"><span style=\"font-family: 'Viner Hand ITC', serif;\"><span style=\"font-size: large;\"><b>\u00a0<\/b><\/span><\/span><\/span><a href=\"http:\/\/pt.wikipedia.org\/wiki\/2010\"><span style=\"color: #0000cc;\"><span style=\"font-family: 'Viner Hand ITC', serif;\"><span style=\"font-size: large;\"><b>2010<\/b><\/span><\/span><\/span><\/a><span style=\"color: #0000cc;\"><span style=\"font-family: 'Viner Hand ITC', serif;\"><span style=\"font-size: large;\"><b>.<\/b><\/span><\/span><\/span><\/p>\n<p align=\"CENTER\"><span style=\"color: #0000cc;\"><span style=\"font-family: 'Viner Hand ITC', serif;\"><span style=\"font-size: large;\"><b>A Universidade possui tr\u00eas<\/b><\/span><\/span><\/span><span style=\"color: #0000cc;\"><span style=\"font-family: 'Viner Hand ITC', serif;\"><span style=\"font-size: large;\"><b>\u00a0<\/b><\/span><\/span><\/span><a href=\"http:\/\/pt.wikipedia.org\/wiki\/Campus\"><span style=\"color: #0000cc;\"><span style=\"font-family: 'Viner Hand ITC', serif;\"><span style=\"font-size: large;\"><i><b>Campi<\/b><\/i><\/span><\/span><\/span><\/a><span style=\"color: #0000cc;\"><span style=\"font-family: 'Viner Hand ITC', serif;\"><span style=\"font-size: large;\"><b>: o principal (<\/b><\/span><\/span><\/span><a href=\"http:\/\/pt.wikipedia.org\/wiki\/Sede\"><span style=\"color: #0000cc;\"><span style=\"font-family: 'Viner Hand ITC', serif;\"><span style=\"font-size: large;\"><b>sede<\/b><\/span><\/span><\/span><\/a><span style=\"color: #0000cc;\"><span style=\"font-family: 'Viner Hand ITC', serif;\"><span style=\"font-size: large;\"><b>) fica em<\/b><\/span><\/span><\/span><span style=\"color: #0000cc;\"><span style=\"font-family: 'Viner Hand ITC', serif;\"><span style=\"font-size: large;\"><b>\u00a0<\/b><\/span><\/span><\/span><a href=\"http:\/\/pt.wikipedia.org\/wiki\/S%C3%A3o_Carlos_(S%C3%A3o_Paulo)\"><span style=\"color: #0000cc;\"><span style=\"font-family: 'Viner Hand ITC', serif;\"><span style=\"font-size: large;\"><b>S\u00e3o Carlos<\/b><\/span><\/span><\/span><\/a><span style=\"color: #0000cc;\"><span style=\"font-family: 'Viner Hand ITC', serif;\"><span style=\"font-size: large;\"><b>, munic\u00edpio localizado a 234\u00a0km da<\/b><\/span><\/span><\/span><span style=\"color: #0000cc;\"><span style=\"font-family: 'Viner Hand ITC', serif;\"><span style=\"font-size: large;\"><b>\u00a0<\/b><\/span><\/span><\/span><a href=\"http:\/\/pt.wikipedia.org\/wiki\/S%C3%A3o_Paulo_(cidade)\"><span style=\"color: #0000cc;\"><span style=\"font-family: 'Viner Hand ITC', serif;\"><span style=\"font-size: large;\"><b>capital do Estado<\/b><\/span><\/span><\/span><\/a><span style=\"color: #0000cc;\"><span style=\"font-family: 'Viner Hand ITC', serif;\"><span style=\"font-size: large;\"><b>, e tem 645<\/b><\/span><\/span><\/span><span style=\"color: #0000cc;\"><span style=\"font-family: 'Viner Hand ITC', serif;\"><span style=\"font-size: large;\"><b>\u00a0<\/b><\/span><\/span><\/span><a href=\"http:\/\/pt.wikipedia.org\/wiki\/Hectares\"><span style=\"color: #0000cc;\"><span style=\"font-family: 'Viner Hand ITC', serif;\"><span style=\"font-size: large;\"><b>hectares<\/b><\/span><\/span><\/span><\/a><span style=\"color: #0000cc;\"><span style=\"font-family: 'Viner Hand ITC', serif;\"><span style=\"font-size: large;\"><b>, sendo 150 mil m\u00b2 em \u00e1reas constru\u00eddas<\/b><\/span><\/span><\/span><span style=\"color: #0000cc;\"><span style=\"font-family: 'Viner Hand ITC', serif;\"><span style=\"font-size: large;\"><b>\u00a0<\/b><\/span><\/span><\/span><a href=\"http:\/\/pt.wikipedia.org\/wiki\/Universidade_Federal_de_S%C3%A3o_Carlos#cite_note-8\"><span style=\"color: #0000cc;\"><sup><span style=\"font-family: 'Viner Hand ITC', serif;\"><span style=\"font-size: large;\"><b>8<\/b><\/span><\/span><\/sup><\/span><\/a><span style=\"color: #0000cc;\"><span style=\"font-family: 'Viner Hand ITC', serif;\"><span style=\"font-size: large;\"><b>\u00a0<\/b><\/span><\/span><\/span><span style=\"color: #0000cc;\"><span style=\"font-family: 'Viner Hand ITC', serif;\"><span style=\"font-size: large;\"><b>. Distante 94\u00a0km de S\u00e3o Carlos (e 174\u00a0km da capital) est\u00e1 o<\/b><\/span><\/span><\/span><span style=\"color: #0000cc;\"><span style=\"font-family: 'Viner Hand ITC', serif;\"><span style=\"font-size: large;\"><b>\u00a0<\/b><\/span><\/span><\/span><span style=\"color: #0000cc;\"><span style=\"font-family: 'Viner Hand ITC', serif;\"><span style=\"font-size: large;\"><i><b>Campus<\/b><\/i><\/span><\/span><\/span><span style=\"color: #0000cc;\"><span style=\"font-family: 'Viner Hand ITC', serif;\"><span style=\"font-size: large;\"><b>\u00a0<\/b><\/span><\/span><\/span><span style=\"color: #0000cc;\"><span style=\"font-family: 'Viner Hand ITC', serif;\"><span style=\"font-size: large;\"><b>de <\/b><\/span><\/span><\/span><a href=\"http:\/\/pt.wikipedia.org\/wiki\/Araras_(S%C3%A3o_Paulo)\"><span style=\"color: #0000cc;\"><span style=\"font-family: 'Viner Hand ITC', serif;\"><span style=\"font-size: large;\"><b>Araras<\/b><\/span><\/span><\/span><\/a><span style=\"color: #0000cc;\"><span style=\"font-family: 'Viner Hand ITC', serif;\"><span style=\"font-size: large;\"><b>, criado em 1991, onde s\u00e3o oferecidos os curso de gradua\u00e7\u00e3o em<\/b><\/span><\/span><\/span><span style=\"color: #0000cc;\"><span style=\"font-family: 'Viner Hand ITC', serif;\"><span style=\"font-size: large;\"><b>\u00a0<\/b><\/span><\/span><\/span><a href=\"http:\/\/pt.wikipedia.org\/wiki\/Engenharia_Agron%C3%B4mica\"><span style=\"color: #0000cc;\"><span style=\"font-family: 'Viner Hand ITC', serif;\"><span style=\"font-size: large;\"><b>Engenharia Agron\u00f4mica<\/b><\/span><\/span><\/span><\/a><span style=\"color: #0000cc;\"><span style=\"font-family: 'Viner Hand ITC', serif;\"><span style=\"font-size: large;\"><b>, com importantes pesquisas na \u00e1rea,<\/b><\/span><\/span><\/span><a href=\"http:\/\/pt.wikipedia.org\/wiki\/Agroecologia\"><span style=\"color: #0000cc;\"><span style=\"font-family: 'Viner Hand ITC', serif;\"><span style=\"font-size: large;\"><b>Agroecologia<\/b><\/span><\/span><\/span><\/a><span style=\"color: #0000cc;\"><span style=\"font-family: 'Viner Hand ITC', serif;\"><span style=\"font-size: large;\"><b>\u00a0<\/b><\/span><\/span><\/span><span style=\"color: #0000cc;\"><span style=\"font-family: 'Viner Hand ITC', serif;\"><span style=\"font-size: large;\"><b>e<\/b><\/span><\/span><\/span><span style=\"color: #0000cc;\"><span style=\"font-family: 'Viner Hand ITC', serif;\"><span style=\"font-size: large;\"><b>\u00a0<\/b><\/span><\/span><\/span><a href=\"http:\/\/pt.wikipedia.org\/wiki\/Biotecnologia\"><span style=\"color: #0000cc;\"><span style=\"font-family: 'Viner Hand ITC', serif;\"><span style=\"font-size: large;\"><b>Biotecnologia<\/b><\/span><\/span><\/span><\/a><span style=\"color: #0000cc;\"><span style=\"font-family: 'Viner Hand ITC', serif;\"><span style=\"font-size: large;\"><b>. O<\/b><\/span><\/span><\/span><span style=\"color: #0000cc;\"><span style=\"font-family: 'Viner Hand ITC', serif;\"><span style=\"font-size: large;\"><b>\u00a0<\/b><\/span><\/span><\/span><span style=\"color: #0000cc;\"><span style=\"font-family: 'Viner Hand ITC', serif;\"><span style=\"font-size: large;\"><i><b>Campus<\/b><\/i><\/span><\/span><\/span><span style=\"color: #0000cc;\"><span style=\"font-family: 'Viner Hand ITC', serif;\"><span style=\"font-size: large;\"><b>\u00a0<\/b><\/span><\/span><\/span><span style=\"color: #0000cc;\"><span style=\"font-family: 'Viner Hand ITC', serif;\"><span style=\"font-size: large;\"><b>possui 230 hectares de extens\u00e3o, sendo 25 mil m\u00b2 de \u00e1rea constru\u00edda. Em<\/b><\/span><\/span><\/span><span style=\"color: #0000cc;\"><span style=\"font-family: 'Viner Hand ITC', serif;\"><span style=\"font-size: large;\"><b>\u00a0<\/b><\/span><\/span><\/span><a href=\"http:\/\/pt.wikipedia.org\/wiki\/2005\"><span style=\"color: #0000cc;\"><span style=\"font-family: 'Viner Hand ITC', serif;\"><span style=\"font-size: large;\"><b>2005<\/b><\/span><\/span><\/span><\/a><span style=\"color: #0000cc;\"><span style=\"font-family: 'Viner Hand ITC', serif;\"><span style=\"font-size: large;\"><b>, deu-se in\u00edcio \u00e0 constru\u00e7\u00e3o do<\/b><\/span><\/span><\/span><span style=\"color: #0000cc;\"><span style=\"font-family: 'Viner Hand ITC', serif;\"><span style=\"font-size: large;\"><b>\u00a0<\/b><\/span><\/span><\/span><span style=\"color: #0000cc;\"><span style=\"font-family: 'Viner Hand ITC', serif;\"><span style=\"font-size: large;\"><i><b>Campus<\/b><\/i><\/span><\/span><\/span><span style=\"color: #0000cc;\"><span style=\"font-family: 'Viner Hand ITC', serif;\"><span style=\"font-size: large;\"><b>\u00a0<\/b><\/span><\/span><\/span><span style=\"color: #0000cc;\"><span style=\"font-family: 'Viner Hand ITC', serif;\"><span style=\"font-size: large;\"><b>de<\/b><\/span><\/span><\/span><span style=\"color: #0000cc;\"><span style=\"font-family: 'Viner Hand ITC', serif;\"><span style=\"font-size: large;\"><b>\u00a0<\/b><\/span><\/span><\/span><a href=\"http:\/\/pt.wikipedia.org\/wiki\/Sorocaba\"><span style=\"color: #0000cc;\"><span style=\"font-family: 'Viner Hand ITC', serif;\"><span style=\"font-size: large;\"><b>Sorocaba<\/b><\/span><\/span><\/span><\/a><span style=\"color: #0000cc;\"><span style=\"font-family: 'Viner Hand ITC', serif;\"><span style=\"font-size: large;\"><b>, o qual ocupa 70 hectares e cerca de 12 mil m\u00b2 de \u00e1rea constru\u00edda. Atualmente, o Campus Sorocaba tem 14 cursos de gradua\u00e7\u00e3o, 2 de p\u00f3s e a<\/b><\/span><\/span><\/span><span style=\"color: #0000cc;\"><span style=\"font-family: 'Viner Hand ITC', serif;\"><span style=\"font-size: large;\"><b>\u00a0<\/b><\/span><\/span><\/span><a href=\"http:\/\/pt.wikipedia.org\/wiki\/CAPES\"><span style=\"color: #0000cc;\"><span style=\"font-family: 'Viner Hand ITC', serif;\"><span style=\"font-size: large;\"><b>CAPES<\/b><\/span><\/span><\/span><\/a><span style=\"color: #0000cc;\"><span style=\"font-family: 'Viner Hand ITC', serif;\"><span style=\"font-size: large;\"><b>\u00a0<\/b><\/span><\/span><\/span><span style=\"color: #0000cc;\"><span style=\"font-family: 'Viner Hand ITC', serif;\"><span style=\"font-size: large;\"><b>aprovou mais 3 programas a serem implantados em 2011.<\/b><\/span><\/span><\/span><\/p>\n<p align=\"CENTER\"><span style=\"color: #0000cc;\"><span style=\"font-family: 'Viner Hand ITC', serif;\"><span style=\"font-size: large;\"><b>Os 33<\/b><\/span><\/span><\/span><span style=\"color: #0000cc;\"><span style=\"font-family: 'Viner Hand ITC', serif;\"><span style=\"font-size: large;\"><b>\u00a0<\/b><\/span><\/span><\/span><a href=\"http:\/\/pt.wikipedia.org\/w\/index.php?title=Departamento_acad%C3%AAmico&amp;action=edit&amp;redlink=1\"><span style=\"color: #0000cc;\"><span style=\"font-family: 'Viner Hand ITC', serif;\"><span style=\"font-size: large;\"><b>departamentos acad\u00eamicos<\/b><\/span><\/span><\/span><\/a><span style=\"color: #0000cc;\"><span style=\"font-family: 'Viner Hand ITC', serif;\"><span style=\"font-size: large;\"><b>\u00a0<\/b><\/span><\/span><\/span><span style=\"color: #0000cc;\"><span style=\"font-family: 'Viner Hand ITC', serif;\"><span style=\"font-size: large;\"><b>da Universidade est\u00e3o divididos em quatro centros: Centro de Ci\u00eancias Biol\u00f3gicas e da Sa\u00fade (CCBS), Centro de Ci\u00eancias Exatas e de Tecnologia (CCET), Centro de Educa\u00e7\u00e3o e Ci\u00eancias Humanas (CECH) e Centro de Ci\u00eancias Agr\u00e1rias (CCA<\/b><\/span><\/span><\/span><\/p>\n<p align=\"CENTER\"><img decoding=\"async\" src=\"http:\/\/fisicaevestibular.com.br\/novo\/wp-content\/uploads\/universidades-2015\/ufscar\/i_c1f02fe76fe34354_html_4ef9c87f.png\" alt=\"\" width=\"155\" height=\"20\" name=\"Imagem 5\" align=\"BOTTOM\" border=\"0\" \/><\/p>\n<p><span style=\"color: #800000;\"><span style=\"font-family: 'Arial Black', serif;\"><span style=\"font-size: large;\"><b>01-(UFSCAR-SP-015)<\/b><\/span><\/span><\/span><\/p>\n<p><img fetchpriority=\"high\" decoding=\"async\" src=\"http:\/\/fisicaevestibular.com.br\/novo\/wp-content\/uploads\/universidades-2015\/ufscar\/i_c1f02fe76fe34354_html_m6ba9af96.png\" alt=\"\" width=\"676\" height=\"163\" name=\"Imagem 9\" align=\"BOTTOM\" border=\"0\" \/><\/p>\n<p><span style=\"color: #800000;\"><span style=\"font-family: Arial, serif;\"><span style=\"font-size: medium;\"><b>Para a <\/b><\/span><\/span><\/span><span style=\"color: #0000cc;\"><span style=\"font-family: Arial, serif;\"><span style=\"font-size: medium;\"><b>distribui\u00e7\u00e3o de mantimentos<\/b><\/span><\/span><\/span><span style=\"color: #800000;\"><span style=\"font-family: Arial, serif;\"><span style=\"font-size: medium;\"><b>, um <\/b><\/span><\/span><\/span><span style=\"color: #0000cc;\"><span style=\"font-family: Arial, serif;\"><span style=\"font-size: medium;\"><b>helic\u00f3ptero<\/b><\/span><\/span><\/span><span style=\"color: #800000;\"><span style=\"font-family: Arial, serif;\"><span style=\"font-size: medium;\"><b> sobrevo auma <\/b><\/span><\/span><\/span><span style=\"color: #0000cc;\"><span style=\"font-family: Arial, serif;\"><span style=\"font-size: medium;\"><b>aldeia ind\u00edgena<\/b><\/span><\/span><\/span><span style=\"color: #800000;\"><span style=\"font-family: Arial, serif;\"><span style=\"font-size: medium;\"><b> que se<\/b><\/span><\/span><\/span><\/p>\n<p align=\"CENTER\"><img loading=\"lazy\" decoding=\"async\" src=\"http:\/\/fisicaevestibular.com.br\/novo\/wp-content\/uploads\/universidades-2015\/ufscar\/i_c1f02fe76fe34354_html_m6cfe9475.png\" alt=\"\" width=\"277\" height=\"158\" name=\"Imagem 8\" align=\"BOTTOM\" border=\"0\" \/><\/p>\n<p><span style=\"color: #800000;\"><span style=\"font-family: Arial, serif;\"><span style=\"font-size: medium;\"><b>encontra <\/b><\/span><\/span><\/span><span style=\"color: #0000cc;\"><span style=\"font-family: Arial, serif;\"><span style=\"font-size: medium;\"><b>isolada do acesso terrestre<\/b><\/span><\/span><\/span><span style=\"color: #800000;\"><span style=\"font-family: Arial, serif;\"><span style=\"font-size: medium;\"><b>. A <\/b><\/span><\/span><\/span><span style=\"color: #0000cc;\"><span style=\"font-family: Arial, serif;\"><span style=\"font-size: medium;\"><b>certa altura do solo, o piloto deixa cair, a partirdo repouso<\/b><\/span><\/span><\/span><span style=\"color: #800000;\"><span style=\"font-family: Arial, serif;\"><span style=\"font-size: medium;\"><b>, um pacote de mantimentos de <\/b><\/span><\/span><\/span><span style=\"color: #0000cc;\"><span style=\"font-family: Arial, serif;\"><span style=\"font-size: medium;\"><b>massa 250 kg.<\/b><\/span><\/span><\/span><\/p>\n<p><span style=\"color: #800000;\"><span style=\"font-family: Arial, serif;\"><span style=\"font-size: medium;\"><b>A <\/b><\/span><\/span><\/span><span style=\"color: #0000cc;\"><span style=\"font-family: Arial, serif;\"><span style=\"font-size: medium;\"><b>energia potencial <\/b><\/span><\/span><\/span><span style=\"color: #800000;\"><span style=\"font-family: Arial, serif;\"><span style=\"font-size: medium;\"><b>do pacote no <\/b><\/span><\/span><\/span><span style=\"color: #0000cc;\"><span style=\"font-family: Arial, serif;\"><span style=\"font-size: medium;\"><b>instante em que o piloto o larga \u00e9 de 250 000 J<\/b><\/span><\/span><\/span><span style=\"color: #800000;\"><span style=\"font-family: Arial, serif;\"><span style=\"font-size: medium;\"><b>. Considerando <\/b><\/span><\/span><\/span><span style=\"color: #0000cc;\"><span style=\"font-family: Arial, serif;\"><span style=\"font-size: medium;\"><b>desprez\u00edveis todas as resist\u00eancias<\/b><\/span><\/span><\/span><span style=\"color: #800000;\"><span style=\"font-family: Arial, serif;\"><span style=\"font-size: medium;\"><b>, \u00e9 correto afirmar que a <\/b><\/span><\/span><\/span><span style=\"color: #0000cc;\"><span style=\"font-family: Arial, serif;\"><span style=\"font-size: medium;\"><b>energia cin\u00e9tica do pacote ao atingir o solo tem valor, em joules, <\/b><\/span><\/span><\/span><span style=\"color: #800000;\"><span style=\"font-family: Arial, serif;\"><span style=\"font-size: medium;\"><b>igual a<\/b><\/span><\/span><\/span><\/p>\n<p><img loading=\"lazy\" decoding=\"async\" src=\"http:\/\/fisicaevestibular.com.br\/novo\/wp-content\/uploads\/universidades-2015\/ufscar\/i_c1f02fe76fe34354_html_m26073a09.png\" alt=\"\" width=\"774\" height=\"19\" name=\"Imagem 6\" align=\"BOTTOM\" border=\"0\" \/><\/p>\n<p><span style=\"color: #800000;\"><span style=\"font-family: 'Arial Black', serif;\"><span style=\"font-size: large;\"><b>02-(UFSCAR-SP-015)<\/b><\/span><\/span><\/span><\/p>\n<p><img loading=\"lazy\" decoding=\"async\" src=\"http:\/\/fisicaevestibular.com.br\/novo\/wp-content\/uploads\/universidades-2015\/ufscar\/i_c1f02fe76fe34354_html_1cc3a436.png\" alt=\"\" width=\"605\" height=\"131\" name=\"Imagem 12\" align=\"BOTTOM\" border=\"0\" \/><\/p>\n<p><span style=\"color: #800000;\"><span style=\"font-family: Arial, serif;\"><span style=\"font-size: medium;\"><b>O <\/b><\/span><\/span><\/span><span style=\"color: #0000cc;\"><span style=\"font-family: Arial, serif;\"><span style=\"font-size: medium;\"><b>desenvolvimento sustent\u00e1vel<\/b><\/span><\/span><\/span><span style=\"color: #800000;\"><span style=\"font-family: Arial, serif;\"><span style=\"font-size: medium;\"><b> do planeta se dar\u00e1 quando os povos <\/b><\/span><\/span><\/span><span style=\"color: #0000cc;\"><span style=\"font-family: Arial, serif;\"><span style=\"font-size: medium;\"><b>investirem firmemente<\/b><\/span><\/span><\/span><span style=\"color: #800000;\"><span style=\"font-family: Arial, serif;\"><span style=\"font-size: medium;\"><b> na <\/b><\/span><\/span><\/span><span style=\"color: #0000cc;\"><span style=\"font-family: Arial, serif;\"><span style=\"font-size: medium;\"><b>produ\u00e7\u00e3o de energia<\/b><\/span><\/span><\/span><span style=\"color: #800000;\"><span style=\"font-family: Arial, serif;\"><span style=\"font-size: medium;\"><b> em queas <\/b><\/span><\/span><\/span><span style=\"color: #0000cc;\"><span style=\"font-family: Arial, serif;\"><span style=\"font-size: medium;\"><b>mat\u00e9rias primas utilizadas sejam provenientes de fontes renov\u00e1veis<\/b><\/span><\/span><\/span><span style=\"color: #800000;\"><span style=\"font-family: Arial, serif;\"><span style=\"font-size: medium;\"><b>. Praticamente <\/b><\/span><\/span><\/span><span style=\"color: #0000cc;\"><span style=\"font-family: Arial, serif;\"><span style=\"font-size: medium;\"><b>inesgot\u00e1veis,<\/b><\/span><\/span><\/span><span style=\"color: #800000;\"><span style=\"font-family: Arial, serif;\"><span style=\"font-size: medium;\"><b> podem ser citadoscomo <\/b><\/span><\/span><\/span><span style=\"color: #0000cc;\"><span style=\"font-family: Arial, serif;\"><span style=\"font-size: medium;\"><b>fontes de energia renov\u00e1veis<\/b><\/span><\/span><\/span><\/p>\n<p><img loading=\"lazy\" decoding=\"async\" src=\"http:\/\/fisicaevestibular.com.br\/novo\/wp-content\/uploads\/universidades-2015\/ufscar\/i_c1f02fe76fe34354_html_7ff7e3a7.png\" alt=\"\" width=\"774\" height=\"39\" name=\"Imagem 1\" align=\"BOTTOM\" border=\"0\" \/><\/p>\n<p><span style=\"color: #943634;\"><span style=\"font-family: 'Arial Black', serif;\"><span style=\"font-size: large;\"><b>03-(UFSCAR-SP-015)<\/b><\/span><\/span><\/span><\/p>\n<p><img loading=\"lazy\" decoding=\"async\" src=\"http:\/\/fisicaevestibular.com.br\/novo\/wp-content\/uploads\/universidades-2015\/ufscar\/i_c1f02fe76fe34354_html_37df2e29.png\" alt=\"\" width=\"647\" height=\"135\" name=\"Imagem 15\" align=\"BOTTOM\" border=\"0\" \/><\/p>\n<p><span style=\"color: #800000;\"><span style=\"font-family: Arial, serif;\"><span style=\"font-size: medium;\"><b>A <\/b><\/span><\/span><\/span><span style=\"color: #3333ff;\"><span style=\"font-family: Arial, serif;\"><span style=\"font-size: medium;\"><b>condu\u00e7\u00e3o e a convec\u00e7\u00e3o<\/b><\/span><\/span><\/span><span style=\"color: #800000;\"><span style=\"font-family: Arial, serif;\"><span style=\"font-size: medium;\"><b> s\u00e3o dois mecanismos de <\/b><\/span><\/span><\/span><span style=\"color: #3333ff;\"><span style=\"font-family: Arial, serif;\"><span style=\"font-size: medium;\"><b>transfer\u00eanciade calor<\/b><\/span><\/span><\/span><span style=\"color: #800000;\"><span style=\"font-family: Arial, serif;\"><span style=\"font-size: medium;\"><b> que s\u00f3 ocorrem <\/b><\/span><\/span><\/span><span style=\"color: #3333ff;\"><span style=\"font-family: Arial, serif;\"><span style=\"font-size: medium;\"><b>atrav\u00e9s de um meio material.<\/b><\/span><\/span><\/span><\/p>\n<p><span style=\"color: #800000;\"><span style=\"font-family: Arial, serif;\"><span style=\"font-size: medium;\"><b>O <\/b><\/span><\/span><\/span><span style=\"color: #3333ff;\"><span style=\"font-family: Arial, serif;\"><span style=\"font-size: medium;\"><b>processo de condu\u00e7\u00e3o<\/b><\/span><\/span><\/span><span style=\"color: #800000;\"><span style=\"font-family: Arial, serif;\"><span style=\"font-size: medium;\"><b> de calor ocorre <\/b><\/span><\/span><\/span><span style=\"color: #3333ff;\"><span style=\"font-family: Arial, serif;\"><span style=\"font-size: medium;\"><b>tanto em materiais s\u00f3lidos quanto em fluidos, sem<\/b><\/span><\/span><\/span><span style=\"color: #800000;\"><span style=\"font-family: Arial, serif;\"><span style=\"font-size: medium;\"><b> que haja <\/b><\/span><\/span><\/span><span style=\"color: #3333ff;\"><span style=\"font-family: Arial, serif;\"><span style=\"font-size: medium;\"><b>transporte de mat\u00e9ria.<\/b><\/span><\/span><\/span><\/p>\n<p><span style=\"color: #800000;\"><span style=\"font-family: Arial, serif;\"><span style=\"font-size: medium;\"><b>A <\/b><\/span><\/span><\/span><span style=\"color: #3333ff;\"><span style=\"font-family: Arial, serif;\"><span style=\"font-size: medium;\"><b>convec\u00e7\u00e3o<\/b><\/span><\/span><\/span><span style=\"color: #800000;\"><span style=\"font-family: Arial, serif;\"><span style=\"font-size: medium;\"><b> ocorre<\/b><\/span><\/span><\/span><\/p>\n<p><span style=\"color: #3333ff;\"><span style=\"font-family: Arial, serif;\"><span style=\"font-size: medium;\"><b>(A)<\/b><\/span><\/span><\/span><span style=\"color: #800000;\"><span style=\"font-family: Arial, serif;\"><span style=\"font-size: medium;\"><b> unicamente em <\/b><\/span><\/span><\/span><span style=\"color: #3333ff;\"><span style=\"font-family: Arial, serif;\"><span style=\"font-size: medium;\"><b>s\u00f3lidos<\/b><\/span><\/span><\/span><span style=\"color: #800000;\"><span style=\"font-family: Arial, serif;\"><span style=\"font-size: medium;\"><b> e caracteriza-se pelo fato de o<\/b><\/span><\/span><\/span><span style=\"color: #3333ff;\"><span style=\"font-family: Arial, serif;\"><span style=\"font-size: medium;\"><b>calor ser transferido pelo contato entre os corpos envolvidos.<\/b><\/span><\/span><\/span><\/p>\n<p><span style=\"color: #3333ff;\"><span style=\"font-family: Arial, serif;\"><span style=\"font-size: medium;\"><b>(B)<\/b><\/span><\/span><\/span><span style=\"color: #800000;\"><span style=\"font-family: Arial, serif;\"><span style=\"font-size: medium;\"><b> unicamente em <\/b><\/span><\/span><\/span><span style=\"color: #3333ff;\"><span style=\"font-family: Arial, serif;\"><span style=\"font-size: medium;\"><b>fluidos<\/b><\/span><\/span><\/span><span style=\"color: #800000;\"><span style=\"font-family: Arial, serif;\"><span style=\"font-size: medium;\"><b> e caracteriza-se pelo fato de o <\/b><\/span><\/span><\/span><span style=\"color: #3333ff;\"><span style=\"font-family: Arial, serif;\"><span style=\"font-size: medium;\"><b>calor ser transferido pelo movimento de partes do pr\u00f3prio fluido.<\/b><\/span><\/span><\/span><\/p>\n<p><span style=\"color: #3333ff;\"><span style=\"font-family: Arial, serif;\"><span style=\"font-size: medium;\"><b>(C)<\/b><\/span><\/span><\/span><span style=\"color: #800000;\"><span style=\"font-family: Arial, serif;\"><span style=\"font-size: medium;\"><b> unicamente em <\/b><\/span><\/span><\/span><span style=\"color: #3333ff;\"><span style=\"font-family: Arial, serif;\"><span style=\"font-size: medium;\"><b>fluidos<\/b><\/span><\/span><\/span><span style=\"color: #800000;\"><span style=\"font-family: Arial, serif;\"><span style=\"font-size: medium;\"><b> e caracteriza-se pelo fato de o<\/b><\/span><\/span><\/span><span style=\"color: #3333ff;\"><span style=\"font-family: Arial, serif;\"><span style=\"font-size: medium;\"><b>calor ser transferido pelo contato entre os corpos envolvidos.<\/b><\/span><\/span><\/span><\/p>\n<p><span style=\"color: #3333ff;\"><span style=\"font-family: Arial, serif;\"><span style=\"font-size: medium;\"><b>(D)<\/b><\/span><\/span><\/span><span style=\"color: #800000;\"><span style=\"font-family: Arial, serif;\"><span style=\"font-size: medium;\"><b> tanto em <\/b><\/span><\/span><\/span><span style=\"color: #3333ff;\"><span style=\"font-family: Arial, serif;\"><span style=\"font-size: medium;\"><b>s\u00f3lidos <\/b><\/span><\/span><\/span><span style=\"color: #800000;\"><span style=\"font-family: Arial, serif;\"><span style=\"font-size: medium;\"><b>quanto em <\/b><\/span><\/span><\/span><span style=\"color: #3333ff;\"><span style=\"font-family: Arial, serif;\"><span style=\"font-size: medium;\"><b>fluidos<\/b><\/span><\/span><\/span><span style=\"color: #800000;\"><span style=\"font-family: Arial, serif;\"><span style=\"font-size: medium;\"><b> e caracteriza-se pelofato de o <\/b><\/span><\/span><\/span><span style=\"color: #3333ff;\"><span style=\"font-family: Arial, serif;\"><span style=\"font-size: medium;\"><b>calor ser transferido pelo contato entre os corposenvolvidos.<\/b><\/span><\/span><\/span><\/p>\n<p><span style=\"color: #3333ff;\"><span style=\"font-family: Arial, serif;\"><span style=\"font-size: medium;\"><b>(E)<\/b><\/span><\/span><\/span><span style=\"color: #800000;\"><span style=\"font-family: Arial, serif;\"><span style=\"font-size: medium;\"><b> tanto em <\/b><\/span><\/span><\/span><span style=\"color: #3333ff;\"><span style=\"font-family: Arial, serif;\"><span style=\"font-size: medium;\"><b>s\u00f3lidos quanto em fluidos<\/b><\/span><\/span><\/span><span style=\"color: #800000;\"><span style=\"font-family: Arial, serif;\"><span style=\"font-size: medium;\"><b> e caracteriza-se pelofato de o <\/b><\/span><\/span><\/span><span style=\"color: #3333ff;\"><span style=\"font-family: Arial, serif;\"><span style=\"font-size: medium;\"><b>calor ser transferido mesmo que os corpos se encontrem separados.<\/b><\/span><\/span><\/span><\/p>\n<p><span style=\"color: #800000;\"><span style=\"font-family: 'Arial Black', serif;\"><span style=\"font-size: large;\"><b>04-(UFSCAR-SP-015)<\/b><\/span><\/span><\/span><\/p>\n<p><img loading=\"lazy\" decoding=\"async\" src=\"http:\/\/fisicaevestibular.com.br\/novo\/wp-content\/uploads\/universidades-2015\/ufscar\/i_c1f02fe76fe34354_html_m3e002d99.png\" alt=\"\" width=\"774\" height=\"150\" name=\"Imagem 18\" align=\"BOTTOM\" border=\"0\" \/><\/p>\n<p><span style=\"color: #800000;\"><span style=\"font-family: Arial, serif;\"><span style=\"font-size: medium;\"><b>A <\/b><\/span><\/span><\/span><span style=\"color: #3333ff;\"><span style=\"font-family: Arial, serif;\"><span style=\"font-size: medium;\"><b>Lua<\/b><\/span><\/span><\/span><span style=\"color: #800000;\"><span style=\"font-family: Arial, serif;\"><span style=\"font-size: medium;\"><b> d\u00e1 uma volta em torno da Terra a cada <\/b><\/span><\/span><\/span><span style=\"color: #3333ff;\"><span style=\"font-family: Arial, serif;\"><span style=\"font-size: medium;\"><b>29,5 dias<\/b><\/span><\/span><\/span><span style=\"color: #800000;\"><span style=\"font-family: Arial, serif;\"><span style=\"font-size: medium;\"><b>. Como<\/b><\/span><\/span><\/span><span style=\"color: #3333ff;\"><span style=\"font-family: Arial, serif;\"><span style=\"font-size: medium;\"><b>sua \u00f3rbita n\u00e3o \u00e9 realizada<\/b><\/span><\/span><\/span><span style=\"color: #800000;\"><span style=\"font-family: Arial, serif;\"><span style=\"font-size: medium;\"><b> em uma <\/b><\/span><\/span><\/span><span style=\"color: #3333ff;\"><span style=\"font-family: Arial, serif;\"><span style=\"font-size: medium;\"><b>circunfer\u00eancia perfeita<\/b><\/span><\/span><\/span><span style=\"color: #800000;\"><span style=\"font-family: Arial, serif;\"><span style=\"font-size: medium;\"><b>, emalguns momentos ela encontra-se <\/b><\/span><\/span><\/span><span style=\"color: #3333ff;\"><span style=\"font-family: Arial, serif;\"><span style=\"font-size: medium;\"><b>mais afastada da Terra e,em outros,mais pr\u00f3xima.<\/b><\/span><\/span><\/span><span style=\"color: #800000;\"><span style=\"font-family: Arial, serif;\"><span style=\"font-size: medium;\"><b> O ponto de <\/b><\/span><\/span><\/span><span style=\"color: #3333ff;\"><span style=\"font-family: Arial, serif;\"><span style=\"font-size: medium;\"><b>maior afastamento<\/b><\/span><\/span><\/span><span style=\"color: #800000;\"><span style=\"font-family: Arial, serif;\"><span style=\"font-size: medium;\"><b> da Lua em rela\u00e7\u00e3o \u00e0 Terra \u00e9 o <\/b><\/span><\/span><\/span><span style=\"color: #3333ff;\"><span style=\"font-family: Arial, serif;\"><span style=\"font-size: medium;\"><b>apogeu,<\/b><\/span><\/span><\/span><span style=\"color: #800000;\"><span style=\"font-family: Arial, serif;\"><span style=\"font-size: medium;\"><b> e o de <\/b><\/span><\/span><\/span><span style=\"color: #3333ff;\"><span style=\"font-family: Arial, serif;\"><span style=\"font-size: medium;\"><b>maior aproxima\u00e7\u00e3o,o perigeu da \u00f3rbita<\/b><\/span><\/span><\/span><span style=\"color: #800000;\"><span style=\"font-family: Arial, serif;\"><span style=\"font-size: medium;\"><b>. No \u00faltimo m\u00eas de agosto, p\u00f4de-seobservar no c\u00e9u a chamada <\/b><\/span><\/span><\/span><span style=\"color: #3333ff;\"><span style=\"font-family: Arial, serif;\"><span style=\"font-size: medium;\"><b>Superlua cheia.<\/b><\/span><\/span><\/span><span style=\"color: #800000;\"><span style=\"font-family: Arial, serif;\"><span style=\"font-size: medium;\"><b> Esse <\/b><\/span><\/span><\/span><span style=\"color: #3333ff;\"><span style=\"font-family: Arial, serif;\"><span style=\"font-size: medium;\"><b>fen\u00f4meno<\/b><\/span><\/span><\/span><span style=\"color: #800000;\"><span style=\"font-family: Arial, serif;\"><span style=\"font-size: medium;\"><b>ocorre quando <\/b><\/span><\/span><\/span><span style=\"color: #3333ff;\"><span style=\"font-family: Arial, serif;\"><span style=\"font-size: medium;\"><b>a Lua entra na fase cheia no mesmo dia em<\/b><\/span><\/span><\/span><\/p>\n<p><span style=\"color: #3333ff;\"><span style=\"font-family: Arial, serif;\"><span style=\"font-size: medium;\"><b>que se encontra no perigeu.<\/b><\/span><\/span><\/span><\/p>\n<p align=\"CENTER\"><img loading=\"lazy\" decoding=\"async\" src=\"http:\/\/fisicaevestibular.com.br\/novo\/wp-content\/uploads\/universidades-2015\/ufscar\/i_c1f02fe76fe34354_html_12fcb5a4.png\" alt=\"\" width=\"477\" height=\"156\" name=\"Imagem 13\" align=\"BOTTOM\" border=\"0\" \/><\/p>\n<p><span style=\"color: #800000;\"><span style=\"font-family: Arial, serif;\"><span style=\"font-size: medium;\"><b>Essas duas <\/b><\/span><\/span><\/span><span style=\"color: #3333ff;\"><span style=\"font-family: Arial, serif;\"><span style=\"font-size: medium;\"><b>coincid\u00eancias<\/b><\/span><\/span><\/span><span style=\"color: #800000;\"><span style=\"font-family: Arial, serif;\"><span style=\"font-size: medium;\"><b> fizeram a <\/b><\/span><\/span><\/span><span style=\"color: #3333ff;\"><span style=\"font-family: Arial, serif;\"><span style=\"font-size: medium;\"><b>lua brilhar mais<\/b><\/span><\/span><\/span><span style=\"color: #800000;\"><span style=\"font-family: Arial, serif;\"><span style=\"font-size: medium;\"><b>, aparentarser <\/b><\/span><\/span><\/span><span style=\"color: #3333ff;\"><span style=\"font-family: Arial, serif;\"><span style=\"font-size: medium;\"><b>maior que o normal <\/b><\/span><\/span><\/span><span style=\"color: #800000;\"><span style=\"font-family: Arial, serif;\"><span style=\"font-size: medium;\"><b>e<\/b><\/span><\/span><\/span><\/p>\n<p><span style=\"color: #3333ff;\"><span style=\"font-family: Arial, serif;\"><span style=\"font-size: medium;\"><b>(A)<\/b><\/span><\/span><\/span><span style=\"color: #800000;\"><span style=\"font-family: Arial, serif;\"><span style=\"font-size: medium;\"><b> o <\/b><\/span><\/span><\/span><span style=\"color: #3333ff;\"><span style=\"font-family: Arial, serif;\"><span style=\"font-size: medium;\"><b>Sol <\/b><\/span><\/span><\/span><span style=\"color: #800000;\"><span style=\"font-family: Arial, serif;\"><span style=\"font-size: medium;\"><b>encontrava-se entre a <\/b><\/span><\/span><\/span><span style=\"color: #3333ff;\"><span style=\"font-family: Arial, serif;\"><span style=\"font-size: medium;\"><b>Terra e a Lua.<\/b><\/span><\/span><\/span><\/p>\n<p><span style=\"color: #3333ff;\"><span style=\"font-family: Arial, serif;\"><span style=\"font-size: medium;\"><b>(B)<\/b><\/span><\/span><\/span><span style=\"color: #800000;\"><span style=\"font-family: Arial, serif;\"><span style=\"font-size: medium;\"><b> a <\/b><\/span><\/span><\/span><span style=\"color: #3333ff;\"><span style=\"font-family: Arial, serif;\"><span style=\"font-size: medium;\"><b>Lua <\/b><\/span><\/span><\/span><span style=\"color: #800000;\"><span style=\"font-family: Arial, serif;\"><span style=\"font-size: medium;\"><b>encontrava-se entre a <\/b><\/span><\/span><\/span><span style=\"color: #3333ff;\"><span style=\"font-family: Arial, serif;\"><span style=\"font-size: medium;\"><b>Terra e o Sol.<\/b><\/span><\/span><\/span><\/p>\n<p><span style=\"color: #3333ff;\"><span style=\"font-family: Arial, serif;\"><span style=\"font-size: medium;\"><b>(C)<\/b><\/span><\/span><\/span><span style=\"color: #800000;\"><span style=\"font-family: Arial, serif;\"><span style=\"font-size: medium;\"><b> a <\/b><\/span><\/span><\/span><span style=\"color: #3333ff;\"><span style=\"font-family: Arial, serif;\"><span style=\"font-size: medium;\"><b>Terra<\/b><\/span><\/span><\/span><span style=\"color: #800000;\"><span style=\"font-family: Arial, serif;\"><span style=\"font-size: medium;\"><b> encontrava-se entre a <\/b><\/span><\/span><\/span><span style=\"color: #3333ff;\"><span style=\"font-family: Arial, serif;\"><span style=\"font-size: medium;\"><b>Lua e o Sol.<\/b><\/span><\/span><\/span><\/p>\n<p><span style=\"color: #3333ff;\"><span style=\"font-family: Arial, serif;\"><span style=\"font-size: medium;\"><b>(D)<\/b><\/span><\/span><\/span><span style=\"color: #800000;\"><span style=\"font-family: Arial, serif;\"><span style=\"font-size: medium;\"><b> a <\/b><\/span><\/span><\/span><span style=\"color: #3333ff;\"><span style=\"font-family: Arial, serif;\"><span style=\"font-size: medium;\"><b>Terra, a Lua e o Sol<\/b><\/span><\/span><\/span><span style=\"color: #800000;\"><span style=\"font-family: Arial, serif;\"><span style=\"font-size: medium;\"><b> encontravam-se nos v\u00e9rtices de um tri\u00e2ngulo ret\u00e2ngulo.<\/b><\/span><\/span><\/span><\/p>\n<p><span style=\"color: #3333ff;\"><span style=\"font-family: Arial, serif;\"><span style=\"font-size: medium;\"><b>(E)<\/b><\/span><\/span><\/span><span style=\"color: #800000;\"><span style=\"font-family: Arial, serif;\"><span style=\"font-size: medium;\"><b> a <\/b><\/span><\/span><\/span><span style=\"color: #3333ff;\"><span style=\"font-family: Arial, serif;\"><span style=\"font-size: medium;\"><b>Terra, a Lua e o Sol<\/b><\/span><\/span><\/span><span style=\"color: #800000;\"><span style=\"font-family: Arial, serif;\"><span style=\"font-size: medium;\"><b> encontravam-se nos v\u00e9rtices de um tri\u00e2ngulo equil\u00e1tero.<\/b><\/span><\/span><\/span><\/p>\n<p><a name=\"_GoBack\"><\/a><span style=\"color: #800000;\"><span style=\"font-family: 'Arial Black', serif;\"><span style=\"font-size: large;\"><b>05-(UFSCAR-SP-015)<\/b><\/span><\/span><\/span><\/p>\n<p><img loading=\"lazy\" decoding=\"async\" src=\"http:\/\/fisicaevestibular.com.br\/novo\/wp-content\/uploads\/universidades-2015\/ufscar\/i_c1f02fe76fe34354_html_19d82d53.png\" alt=\"\" width=\"775\" height=\"144\" name=\"Imagem 21\" align=\"BOTTOM\" border=\"0\" \/><\/p>\n<p><span style=\"color: #800000;\"><span style=\"font-family: Arial, serif;\"><span style=\"font-size: medium;\"><b>\u00c9 comum observarmos <\/b><\/span><\/span><\/span><span style=\"color: #3333ff;\"><span style=\"font-family: Arial, serif;\"><span style=\"font-size: medium;\"><b>p\u00e1ssaros, em repouso,<\/b><\/span><\/span><\/span><span style=\"color: #800000;\"><span style=\"font-family: Arial, serif;\"><span style=\"font-size: medium;\"><b> sobre <\/b><\/span><\/span><\/span><span style=\"color: #3333ff;\"><span style=\"font-family: Arial, serif;\"><span style=\"font-size: medium;\"><b>fiosde alta tens\u00e3o<\/b><\/span><\/span><\/span><span style=\"color: #800000;\"><span style=\"font-family: Arial, serif;\"><span style=\"font-size: medium;\"><b>, <\/b><\/span><\/span><\/span><span style=\"color: #3333ff;\"><span style=\"font-family: Arial, serif;\"><span style=\"font-size: medium;\"><b>sem <\/b><\/span><\/span><\/span><span style=\"color: #800000;\"><span style=\"font-family: Arial, serif;\"><span style=\"font-size: medium;\"><b>que sejam <\/b><\/span><\/span><\/span><span style=\"color: #3333ff;\"><span style=\"font-family: Arial, serif;\"><span style=\"font-size: medium;\"><b>eletrocutados ou que sofram queimaduras.<\/b><\/span><\/span><\/span><\/p>\n<p align=\"CENTER\"><img loading=\"lazy\" decoding=\"async\" src=\"http:\/\/fisicaevestibular.com.br\/novo\/wp-content\/uploads\/universidades-2015\/ufscar\/i_c1f02fe76fe34354_html_7ed0879f.png\" alt=\"\" width=\"303\" height=\"204\" name=\"Imagem 2\" align=\"BOTTOM\" border=\"0\" \/><\/p>\n<p><span style=\"color: #800000;\"><span style=\"font-family: Arial, serif;\"><span style=\"font-size: medium;\"><b>Essa <\/b><\/span><\/span><\/span><span style=\"color: #3333ff;\"><span style=\"font-family: Arial, serif;\"><span style=\"font-size: medium;\"><b>condi\u00e7\u00e3o \u00e9 poss\u00edvel<\/b><\/span><\/span><\/span><span style=\"color: #800000;\"><span style=\"font-family: Arial, serif;\"><span style=\"font-size: medium;\"><b>, pois<\/b><\/span><\/span><\/span><\/p>\n<p><span style=\"color: #3333ff;\"><span style=\"font-family: Arial, serif;\"><span style=\"font-size: medium;\"><b>(A)<\/b><\/span><\/span><\/span><span style=\"color: #800000;\"><span style=\"font-family: Arial, serif;\"><span style=\"font-size: medium;\"><b> os p\u00e1ssaros <\/b><\/span><\/span><\/span><span style=\"color: #3333ff;\"><span style=\"font-family: Arial, serif;\"><span style=\"font-size: medium;\"><b>n\u00e3o <\/b><\/span><\/span><\/span><span style=\"color: #800000;\"><span style=\"font-family: Arial, serif;\"><span style=\"font-size: medium;\"><b>oferecem <\/b><\/span><\/span><\/span><span style=\"color: #3333ff;\"><span style=\"font-family: Arial, serif;\"><span style=\"font-size: medium;\"><b>resist\u00eancia \u00e0 corrente el\u00e9trica.<\/b><\/span><\/span><\/span><\/p>\n<p><span style=\"color: #3333ff;\"><span style=\"font-family: Arial, serif;\"><span style=\"font-size: medium;\"><b>(B)<\/b><\/span><\/span><\/span><span style=\"color: #800000;\"><span style=\"font-family: Arial, serif;\"><span style=\"font-size: medium;\"><b> os p\u00e1ssaros s\u00e3o aves consideradas perfeitamente <\/b><\/span><\/span><\/span><span style=\"color: #3333ff;\"><span style=\"font-family: Arial, serif;\"><span style=\"font-size: medium;\"><b>isolantes.<\/b><\/span><\/span><\/span><\/p>\n<p><span style=\"color: #3333ff;\"><span style=\"font-family: Arial, serif;\"><span style=\"font-size: medium;\"><b>(C)<\/b><\/span><\/span><\/span><span style=\"color: #800000;\"><span style=\"font-family: Arial, serif;\"><span style=\"font-size: medium;\"><b> os p\u00e1ssaros escolhem <\/b><\/span><\/span><\/span><span style=\"color: #3333ff;\"><span style=\"font-family: Arial, serif;\"><span style=\"font-size: medium;\"><b>fia\u00e7\u00e3o el\u00e9trica<\/b><\/span><\/span><\/span><span style=\"color: #800000;\"><span style=\"font-family: Arial, serif;\"><span style=\"font-size: medium;\"><b> que <\/b><\/span><\/span><\/span><span style=\"color: #3333ff;\"><span style=\"font-family: Arial, serif;\"><span style=\"font-size: medium;\"><b>n\u00e3o est\u00e3o emuso.<\/b><\/span><\/span><\/span><\/p>\n<p><span style=\"color: #3333ff;\"><span style=\"font-family: Arial, serif;\"><span style=\"font-size: medium;\"><b>(D)<\/b><\/span><\/span><\/span><span style=\"color: #800000;\"><span style=\"font-family: Arial, serif;\"><span style=\"font-size: medium;\"><b> a <\/b><\/span><\/span><\/span><span style=\"color: #3333ff;\"><span style=\"font-family: Arial, serif;\"><span style=\"font-size: medium;\"><b>pot\u00eancia el\u00e9trica<\/b><\/span><\/span><\/span><span style=\"color: #800000;\"><span style=\"font-family: Arial, serif;\"><span style=\"font-size: medium;\"><b> produzida <\/b><\/span><\/span><\/span><span style=\"color: #3333ff;\"><span style=\"font-family: Arial, serif;\"><span style=\"font-size: medium;\"><b>entre os p\u00e9s dos p\u00e1ssaros\u00e9 alta.<\/b><\/span><\/span><\/span><\/p>\n<p><span style=\"color: #3333ff;\"><span style=\"font-family: Arial, serif;\"><span style=\"font-size: medium;\"><b>(E)<\/b><\/span><\/span><\/span><span style=\"color: #800000;\"><span style=\"font-family: Arial, serif;\"><span style=\"font-size: medium;\"><b> a <\/b><\/span><\/span><\/span><span style=\"color: #3333ff;\"><span style=\"font-family: Arial, serif;\"><span style=\"font-size: medium;\"><b>diferen\u00e7a de potencial<\/b><\/span><\/span><\/span><span style=\"color: #800000;\"><span style=\"font-family: Arial, serif;\"><span style=\"font-size: medium;\"><b> produzida <\/b><\/span><\/span><\/span><span style=\"color: #3333ff;\"><span style=\"font-family: Arial, serif;\"><span style=\"font-size: medium;\"><b>entre os p\u00e9s dos p\u00e1ssaros \u00e9 baixa.<\/b><\/span><\/span><\/span><\/p>\n<p>&nbsp;<\/p>\n<h3><span style=\"color: #003366;\"><a style=\"color: #003366;\" title=\"Resolu\u00e7\u00e3o comentada da UFSCAR 2015\" href=\"http:\/\/fisicaevestibular.com.br\/novo\/universidades-2015\/exercicios-resolvidos-da-ufscar-2015\/resolucao-comentada-da-ufscar-2015\/\">Confira a resolu\u00e7\u00e3o comentada<\/a><\/span><\/h3>\n","protected":false},"excerpt":{"rendered":"<p>Universidade Federal de S\u00e3o Carlos\u00a0(UFSCar) \u00e9 um importante centro de ensino superior, com sede no munic\u00edpio de\u00a0S\u00e3o Carlos, estado de\u00a0S\u00e3o Paulo, no\u00a0Brasil. Fundada em\u00a01968, \u00e9 uma das poucas\u00a0universidades federais\u00a0do estado de S\u00e3o Paulo (ao lado da\u00a0UFABC\u00a0e\u00a0UNIFESP) e a \u00fanica universidade federal sediada no interior do Estado de\u00a0S\u00e3o Paulo\u00a0e tamb\u00e9m a mais antiga universidade federal do estado. Destaca-se pelo alto n\u00edvel<\/p>\n","protected":false},"author":1,"featured_media":0,"parent":5,"menu_order":0,"comment_status":"closed","ping_status":"closed","template":"","meta":{"om_disable_all_campaigns":false,"_monsterinsights_skip_tracking":false,"_monsterinsights_sitenote_active":false,"_monsterinsights_sitenote_note":"","_monsterinsights_sitenote_category":0,"footnotes":""},"class_list":["post-545","page","type-page","status-publish","hentry"],"aioseo_notices":[],"_links":{"self":[{"href":"https:\/\/fisicaevestibular.com.br\/novo\/wp-json\/wp\/v2\/pages\/545","targetHints":{"allow":["GET"]}}],"collection":[{"href":"https:\/\/fisicaevestibular.com.br\/novo\/wp-json\/wp\/v2\/pages"}],"about":[{"href":"https:\/\/fisicaevestibular.com.br\/novo\/wp-json\/wp\/v2\/types\/page"}],"author":[{"embeddable":true,"href":"https:\/\/fisicaevestibular.com.br\/novo\/wp-json\/wp\/v2\/users\/1"}],"replies":[{"embeddable":true,"href":"https:\/\/fisicaevestibular.com.br\/novo\/wp-json\/wp\/v2\/comments?post=545"}],"version-history":[{"count":3,"href":"https:\/\/fisicaevestibular.com.br\/novo\/wp-json\/wp\/v2\/pages\/545\/revisions"}],"predecessor-version":[{"id":550,"href":"https:\/\/fisicaevestibular.com.br\/novo\/wp-json\/wp\/v2\/pages\/545\/revisions\/550"}],"up":[{"embeddable":true,"href":"https:\/\/fisicaevestibular.com.br\/novo\/wp-json\/wp\/v2\/pages\/5"}],"wp:attachment":[{"href":"https:\/\/fisicaevestibular.com.br\/novo\/wp-json\/wp\/v2\/media?parent=545"}],"curies":[{"name":"wp","href":"https:\/\/api.w.org\/{rel}","templated":true}]}}