{"id":4317,"date":"2019-01-24T02:01:35","date_gmt":"2019-01-24T02:01:35","guid":{"rendered":"http:\/\/fisicaevestibular.com.br\/novo\/?page_id=4317"},"modified":"2024-08-22T14:42:00","modified_gmt":"2024-08-22T14:42:00","slug":"optica-geometrica-reflexao-total","status":"publish","type":"page","link":"https:\/\/fisicaevestibular.com.br\/novo\/formulario\/optica-geometrica-reflexao-total\/","title":{"rendered":"\u00d3ptica geom\u00e9trica &#8211; Reflex\u00e3o Total"},"content":{"rendered":"<p align=\"CENTER\"><span style=\"color: #0000cc;\"><span style=\"font-family: Arial Black, serif;\"><span style=\"font-size: large;\"><b>Formul\u00e1rio completo de F\u00edsica com informa\u00e7\u00f5es \u00fateis <\/b><\/span><\/span><\/span><\/p>\n<p align=\"CENTER\"><span style=\"color: #c00000;\"><span style=\"font-family: Arial Black, serif;\"><span style=\"font-size: large;\"><b>(Dicas para vestibulares)<\/b><\/span><\/span><\/span><\/p>\n<p align=\"CENTER\"><span style=\"color: #c00000;\"><span style=\"font-family: Viner Hand ITC, serif;\"><span style=\"font-size: x-large;\"><b>\u00d3ptica geom\u00e9trica<\/b><\/span><\/span><\/span><\/p>\n<p align=\"CENTER\"><span style=\"font-family: Times New Roman, serif;\"><span style=\"font-size: medium;\"><span style=\"color: #0000cc;\"><span style=\"font-family: Arial Black, serif;\"><span style=\"font-size: large;\"><b>Reflex\u00e3o Total<\/b><\/span><\/span><\/span><\/span><\/span><\/p>\n<p align=\"CENTER\"><span style=\"font-family: Times New Roman, serif;\"><span style=\"font-size: medium;\"><span style=\"color: #c00000;\"><span style=\"font-family: Arial Black, serif;\"><span style=\"font-size: large;\"><b>Reflex\u00e3o total \u2013 \u00c2ngulo Limite (L)<\/b><\/span><\/span><\/span><\/span><\/span><\/p>\n<p align=\"CENTER\"><img fetchpriority=\"high\" decoding=\"async\" src=\"http:\/\/fisicaevestibular.com.br\/novo\/wp-content\/uploads\/migracao\/formulario\/optica08\/0463730001548295107_optica08_html_70f194b.png\" width=\"772\" height=\"441\" align=\"BOTTOM\" border=\"0\" \/><\/p>\n<p align=\"CENTER\"><span style=\"color: #c00000;\"><span style=\"font-family: Arial Black, serif;\"><span style=\"font-size: large;\"><b>Informa\u00e7\u00f5es \u00fateis <\/b><\/span><\/span><\/span><span style=\"color: #0000cc;\"><span style=\"font-family: Arial Black, serif;\"><span style=\"font-size: large;\"><b>(dicas para vestibulares)<\/b><\/span><\/span><\/span><\/p>\n<p><img decoding=\"async\" src=\"http:\/\/fisicaevestibular.com.br\/novo\/wp-content\/uploads\/migracao\/formulario\/optica08\/0463730001548295107_optica08_html_m740d0bd0.png\" width=\"46\" height=\"23\" align=\"BOTTOM\" border=\"0\" \/><\/p>\n<p><span style=\"font-family: Times New Roman, serif;\"><span style=\"font-size: medium;\"><span style=\"color: #c00000;\"><span style=\"font-family: Arial Black, serif;\"><b>O\u00a0<\/b><\/span><\/span><span style=\"color: #0000cc;\"><span style=\"font-family: Arial Black, serif;\"><b>\u00e2ngulo limite\u00a0<\/b><\/span><\/span><span style=\"color: #c00000;\"><span style=\"font-family: Arial Black, serif;\"><b>pode ser\u00a0<\/b><\/span><\/span><span style=\"color: #0000cc;\"><span style=\"font-family: Arial Black, serif;\"><b>\u00e2ngulo de incid\u00eancia (fig. 1) ou \u00e2ngulo de refra\u00e7\u00e3o (fig. 2)<\/b><\/span><\/span><\/span><\/span><\/p>\n<p><img decoding=\"async\" src=\"http:\/\/fisicaevestibular.com.br\/novo\/wp-content\/uploads\/migracao\/formulario\/optica08\/0463730001548295107_optica08_html_32ec3f94.png\" width=\"785\" height=\"242\" align=\"BOTTOM\" border=\"0\" \/><\/p>\n<p><span style=\"font-family: Times New Roman, serif;\"><span style=\"font-size: medium;\"><span style=\"color: #0000cc;\"><span style=\"font-family: Arial Black, serif;\"><b>Reflex\u00e3o normal ou externa\u00a0<\/b><\/span><\/span><span style=\"color: #c00000;\"><span style=\"font-family: Arial Black, serif;\"><b>\u00e9 sempre\u00a0<\/b><\/span><\/span><span style=\"color: #0000cc;\"><span style=\"font-family: Arial Black, serif;\"><b>acompanhada de dispers\u00e3o, absor\u00e7\u00e3o e <\/b><\/span><\/span><\/span><\/span><\/p>\n<p><img loading=\"lazy\" decoding=\"async\" src=\"http:\/\/fisicaevestibular.com.br\/novo\/wp-content\/uploads\/migracao\/formulario\/optica08\/0463730001548295107_optica08_html_68a0c0f0.png\" width=\"765\" height=\"288\" align=\"BOTTOM\" border=\"0\" \/><\/p>\n<p><span style=\"font-family: Times New Roman, serif;\"><span style=\"font-size: medium;\"><span style=\"color: #0000cc;\"><span style=\"font-family: Arial Black, serif;\"><b>refra\u00e7\u00e3o,\u00a0<\/b><\/span><\/span><span style=\"color: #c00000;\"><span style=\"font-family: Arial Black, serif;\"><b>mas na\u00a0<\/b><\/span><\/span><span style=\"color: #0000cc;\"><span style=\"font-family: Arial Black, serif;\"><b>reflex\u00e3o total ou interna (como nos prismas \u00f3pticos) nenhuma luz se refrata, por isso a reflex\u00e3o total\u00a0<\/b><\/span><\/span><span style=\"color: #c00000;\"><span style=\"font-family: Arial Black, serif;\"><b>\u00e9\u00a0<\/b><\/span><\/span><span style=\"color: #0000cc;\"><span style=\"font-family: Arial Black, serif;\"><b>muito usada na pr\u00e1tica,\u00a0<\/b><\/span><\/span><span style=\"color: #c00000;\"><span style=\"font-family: Arial Black, serif;\"><b>para\u00a0<\/b><\/span><\/span><span style=\"color: #0000cc;\"><span style=\"font-family: Arial Black, serif;\"><b>substituir os espelhos <\/b><\/span><\/span><span style=\"color: #c00000;\"><span style=\"font-family: Arial Black, serif;\"><b>por\u00a0<\/b><\/span><\/span><span style=\"color: #0000cc;\"><span style=\"font-family: Arial Black, serif;\"><b>meios transparentes\u00a0<\/b><\/span><\/span><span style=\"color: #c00000;\"><span style=\"font-family: Arial Black, serif;\"><b>(vidros ou cristais de\u00a0<\/b><\/span><\/span><span style=\"color: #0000cc;\"><span style=\"font-family: Arial Black, serif;\"><b>reflex\u00e3o total<\/b><\/span><\/span><span style=\"color: #c00000;\"><span style=\"font-family: Arial Black, serif;\"><b>) e nos <\/b><\/span><\/span><span style=\"color: #0000cc;\"><span style=\"font-family: Arial Black, serif;\"><b>instrumentos \u00f3ticos.<\/b><\/span><\/span><\/span><\/span><\/p>\n<p align=\"CENTER\"><span style=\"font-family: Times New Roman, serif;\"><span style=\"font-size: medium;\"><span style=\"color: #c00000;\"><span style=\"font-family: Arial Black, serif;\"><b>Fibras \u00f3pticas<\/b><\/span><\/span><\/span><\/span><\/p>\n<p><img loading=\"lazy\" decoding=\"async\" src=\"http:\/\/fisicaevestibular.com.br\/novo\/wp-content\/uploads\/migracao\/formulario\/optica08\/0463730001548295107_optica08_html_7ed29bfa.png\" width=\"779\" height=\"253\" align=\"BOTTOM\" border=\"0\" \/><\/p>\n<p><span style=\"font-family: Times New Roman, serif;\"><span style=\"font-size: medium;\"><span style=\"color: #c00000;\"><span style=\"font-family: Arial Black, serif;\"><b>Utilizados em\u00a0<\/b><\/span><\/span><span style=\"color: #0000cc;\"><span style=\"font-family: Arial Black, serif;\"><b>comunica\u00e7\u00f5es<\/b><\/span><\/span><span style=\"color: #c00000;\"><span style=\"font-family: Arial Black, serif;\"><b>\u00a0(rede telef\u00f4nica, televis\u00e3o por cabo, distribui\u00e7\u00e3o de energia el\u00e9trica), em<\/b><\/span><\/span><b> <\/b><span style=\"color: #0000cc;\"><span style=\"font-family: Arial Black, serif;\"><b>medicina<\/b><\/span><\/span><span style=\"color: #c00000;\"><span style=\"font-family: Arial Black, serif;\"><b>\u00a0(sistemas de monitora\u00e7\u00e3o interna do corpo humano e instrumenta\u00e7\u00e3o cir\u00fargica), etc.<\/b><\/span><\/span><\/span><\/span><\/p>\n<p><span style=\"font-family: Times New Roman, serif;\"><span style=\"font-size: medium;\"><span style=\"color: #c00000;\"><span style=\"font-family: Arial Black, serif;\"><b>N\u00e3o importa a\u00a0<\/b><\/span><\/span><span style=\"color: #0000cc;\"><span style=\"font-family: Arial Black, serif;\"><b>dist\u00e2ncia, levam a informa\u00e7\u00e3o quase instantaneamente, ou seja, \u00e0 velocidade pr\u00f3xima \u00e0 da luz.<\/b><\/span><\/span><\/span><\/span><\/p>\n<p align=\"CENTER\"><span style=\"font-family: Times New Roman, serif;\"><span style=\"font-size: medium;\"><span style=\"color: #c00000;\"><span style=\"font-family: Arial Black, serif;\"><span style=\"font-size: large;\"><b>Brilho dos diamantes<\/b><\/span><\/span><\/span><\/span><\/span><\/p>\n<p align=\"CENTER\"><img loading=\"lazy\" decoding=\"async\" src=\"http:\/\/fisicaevestibular.com.br\/novo\/wp-content\/uploads\/migracao\/formulario\/optica08\/0463730001548295107_optica08_html_417d6c70.png\" width=\"771\" height=\"220\" align=\"BOTTOM\" border=\"0\" \/><\/p>\n<p><span style=\"color: #c00000;\">\u00a0<\/span><img decoding=\"async\" src=\"http:\/\/fisicaevestibular.com.br\/novo\/wp-content\/uploads\/migracao\/formulario\/optica08\/0463730001548295107_optica08_html_m740d0bd0.png\" width=\"46\" height=\"23\" align=\"BOTTOM\" border=\"0\" \/><\/p>\n<p align=\"CENTER\"><span style=\"font-family: Times New Roman, serif;\"><span style=\"font-size: medium;\"><span style=\"color: #c00000;\"><span style=\"font-family: Arial Black, serif;\"><span style=\"font-size: large;\"><b>Cor do Sol ao entardecer<\/b><\/span><\/span><\/span><\/span><\/span><\/p>\n<p><a name=\"_GoBack\"><\/a> <span style=\"font-family: Times New Roman, serif;\"><span style=\"font-size: medium;\"><span style=\"color: #c00000;\"><span style=\"font-family: Arial Black, serif;\"><b>Em virtude da\u00a0<\/b><\/span><\/span><span style=\"color: #0000cc;\"><span style=\"font-family: Arial Black, serif;\"><b>refra\u00e7\u00e3o na atmosfera terrestre,<\/b><\/span><\/span><span style=\"color: #c00000;\"><span style=\"font-family: Arial Black, serif;\"><b>\u00a0um\u00a0<\/b><\/span><\/span><span style=\"color: #0000cc;\"><span style=\"font-family: Arial Black, serif;\"><b>observador na Terra <\/b><\/span><\/span><span style=\"color: #c00000;\"><span style=\"font-family: Arial Black, serif;\"><b>pode ver o Sol mesmo quando esse\u00a0<\/b><\/span><\/span><span style=\"color: #0000cc;\"><span style=\"font-family: Arial Black, serif;\"><b>est\u00e1 totalmente abaixo da linha do horizonte, como voc\u00ea pode observar na figura onde, <\/b><\/span><\/span><span style=\"color: #c00000;\"><span style=\"font-family: Arial Black, serif;\"><b>\u00e0 medida que os\u00a0<\/b><\/span><\/span><span style=\"color: #0000cc;\"><span style=\"font-family: Arial Black, serif;\"><b>raios de luz provenientes do Sol penetram na <\/b><\/span><\/span><\/span><\/span><\/p>\n<p><img loading=\"lazy\" decoding=\"async\" src=\"http:\/\/fisicaevestibular.com.br\/novo\/wp-content\/uploads\/migracao\/formulario\/optica08\/0463730001548295107_optica08_html_m22fe77ae.png\" width=\"769\" height=\"263\" align=\"BOTTOM\" border=\"0\" \/><\/p>\n<p><span style=\"font-family: Times New Roman, serif;\"><span style=\"font-size: medium;\"><span style=\"color: #0000cc;\"><span style=\"font-family: Arial Black, serif;\"><b>atmosfera da Terra,\u00a0<\/b><\/span><\/span><span style=\"color: #c00000;\"><span style=\"font-family: Arial Black, serif;\"><b>v\u00e3o encontrando\u00a0<\/b><\/span><\/span><span style=\"color: #0000cc;\"><span style=\"font-family: Arial Black, serif;\"><b>camadas de ar cada vez mais densas, mais refringentes e de maiores \u00edndices de refra\u00e7\u00e3o<\/b><\/span><\/span><span style=\"color: #c00000;\"><span style=\"font-family: Arial Black, serif;\"><b>\u00a0e\u00a0<\/b><\/span><\/span><span style=\"color: #0000cc;\"><span style=\"font-family: Arial Black, serif;\"><b>aproximam-se cada vez mais da normal <\/b><\/span><\/span><span style=\"color: #c00000;\"><span style=\"font-family: Arial Black, serif;\"><b>sofrendo os desvios mostrados.<\/b><\/span><\/span><\/span><\/span><\/p>\n<p><span style=\"color: #c00000;\"><span style=\"font-family: Arial Black, serif;\"><span style=\"font-size: medium;\"><b>Esses\u00a0<\/b><\/span><\/span><\/span><span style=\"color: #0000cc;\"><span style=\"font-family: Arial Black, serif;\"><span style=\"font-size: medium;\"><b>desvios fazem com que a imagem que se observa do Sol ao amanhecer\u00a0<\/b><\/span><\/span><\/span><span style=\"color: #c00000;\"><span style=\"font-family: Arial Black, serif;\"><span style=\"font-size: medium;\"><b>(antes de o Sol objeto aparecer) a e ao\u00a0<\/b><\/span><\/span><\/span><span style=\"color: #0000cc;\"><span style=\"font-family: Arial Black, serif;\"><span style=\"font-size: medium;\"><b>anoitecer\u00a0<\/b><\/span><\/span><\/span><span style=\"color: #c00000;\"><span style=\"font-family: Arial Black, serif;\"><span style=\"font-size: medium;\"><b>(depois que o Sol objeto desapareceu)\u00a0<\/b><\/span><\/span><\/span><span style=\"color: #0000cc;\"><span style=\"font-family: Arial Black, serif;\"><span style=\"font-size: medium;\"><b>se encontre acima de sua real posi\u00e7\u00e3o, tomando-se como refer\u00eancia o horizonte.<\/b><\/span><\/span><\/span><\/p>\n<p><span style=\"color: #0000cc;\"><span style=\"font-family: Arial Black, serif;\"><span style=\"font-size: medium;\"><b>Ent\u00e3o,\u00a0<\/b><\/span><\/span><\/span><span style=\"color: #c00000;\"><span style=\"font-family: Arial Black, serif;\"><span style=\"font-size: medium;\"><b>como a\u00a0<\/b><\/span><\/span><\/span><span style=\"color: #0000cc;\"><span style=\"font-family: Arial Black, serif;\"><span style=\"font-size: medium;\"><b>atmosfera \u00e9 transparente<\/b><\/span><\/span><\/span><span style=\"color: #c00000;\"><span style=\"font-family: Arial Black, serif;\"><span style=\"font-size: medium;\"><b>, mas\u00a0<\/b><\/span><\/span><\/span><span style=\"color: #0000cc;\"><span style=\"font-family: Arial Black, serif;\"><span style=\"font-size: medium;\"><b>n\u00e3o homog\u00eanea,<\/b><\/span><\/span><\/span><span style=\"color: #c00000;\"><span style=\"font-family: Arial Black, serif;\"><span style=\"font-size: medium;\"><b>\u00a0os\u00a0<\/b><\/span><\/span><\/span><span style=\"color: #0000cc;\"><span style=\"font-family: Arial Black, serif;\"><span style=\"font-size: medium;\"><b>raios solares sofrem desvio\u00a0<\/b><\/span><\/span><\/span><span style=\"color: #c00000;\"><span style=\"font-family: Arial Black, serif;\"><span style=\"font-size: medium;\"><b>ao atravess\u00e1-la, fazendo com que o\u00a0<\/b><\/span><\/span><\/span><span style=\"color: #0000cc;\"><span style=\"font-family: Arial Black, serif;\"><span style=\"font-size: medium;\"><b>p\u00f4r do sol seja uma miragem.<\/b><\/span><\/span><\/span><\/p>\n<p><span style=\"color: #c00000;\"><span style=\"font-family: Arial Black, serif;\"><span style=\"font-size: medium;\"><b>Como, na\u00a0<\/b><\/span><\/span><\/span><span style=\"color: #0000cc;\"><span style=\"font-family: Arial Black, serif;\"><span style=\"font-size: medium;\"><b>refra\u00e7\u00e3o, as radia\u00e7\u00f5es de menor frequ\u00eancia\u00a0<\/b><\/span><\/span><\/span><span style=\"color: #c00000;\"><span style=\"font-family: Arial Black, serif;\"><span style=\"font-size: medium;\"><b>(vermelha, amarela e alaranjada)\u00a0<\/b><\/span><\/span><\/span><span style=\"color: #0000cc;\"><span style=\"font-family: Arial Black, serif;\"><span style=\"font-size: medium;\"><b>sofrem menor<\/b><\/span><\/span><\/span><b> <\/b><span style=\"color: #0000cc;\"><span style=\"font-family: Arial Black, serif;\"><span style=\"font-size: medium;\"><b>desvio,<\/b><\/span><\/span><\/span><span style=\"color: #c00000;\"><span style=\"font-family: Arial Black, serif;\"><span style=\"font-size: medium;\"><b>\u00a0o\u00a0<\/b><\/span><\/span><\/span><span style=\"color: #0000cc;\"><span style=\"font-family: Arial Black, serif;\"><span style=\"font-size: medium;\"><b>observador v\u00ea a imagem do Sol com predomin\u00e2ncia dessas cores<\/b><\/span><\/span><\/span><span style=\"color: #c00000;\"><span style=\"font-family: Arial Black, serif;\"><span style=\"font-size: medium;\"><b>, da\u00ed, aquele\u00a0<\/b><\/span><\/span><\/span><span style=\"color: #0000cc;\"><span style=\"font-family: Arial Black, serif;\"><span style=\"font-size: medium;\"><b>tom roseado.<\/b><\/span><\/span><\/span><span style=\"color: #c00000;\"><span style=\"font-family: Arial Black, serif;\"><span style=\"font-size: medium;\"><b>\u00a0<\/b><\/span><\/span><\/span><\/p>\n<p>&nbsp;<\/p>\n","protected":false},"excerpt":{"rendered":"<p>Formul\u00e1rio completo de F\u00edsica com informa\u00e7\u00f5es \u00fateis (Dicas para vestibulares) \u00d3ptica geom\u00e9trica Reflex\u00e3o Total Reflex\u00e3o total \u2013 \u00c2ngulo Limite (L) Informa\u00e7\u00f5es \u00fateis (dicas para vestibulares) O\u00a0\u00e2ngulo limite\u00a0pode ser\u00a0\u00e2ngulo de incid\u00eancia (fig. 1) ou \u00e2ngulo de refra\u00e7\u00e3o (fig. 2) Reflex\u00e3o normal ou externa\u00a0\u00e9 sempre\u00a0acompanhada de dispers\u00e3o, absor\u00e7\u00e3o e refra\u00e7\u00e3o,\u00a0mas na\u00a0reflex\u00e3o total ou interna (como nos prismas \u00f3pticos) nenhuma luz se refrata,<\/p>\n","protected":false},"author":1,"featured_media":0,"parent":3987,"menu_order":0,"comment_status":"closed","ping_status":"closed","template":"","meta":{"om_disable_all_campaigns":false,"_monsterinsights_skip_tracking":false,"_monsterinsights_sitenote_active":false,"_monsterinsights_sitenote_note":"","_monsterinsights_sitenote_category":0,"footnotes":""},"class_list":["post-4317","page","type-page","status-publish","hentry"],"aioseo_notices":[],"_links":{"self":[{"href":"https:\/\/fisicaevestibular.com.br\/novo\/wp-json\/wp\/v2\/pages\/4317","targetHints":{"allow":["GET"]}}],"collection":[{"href":"https:\/\/fisicaevestibular.com.br\/novo\/wp-json\/wp\/v2\/pages"}],"about":[{"href":"https:\/\/fisicaevestibular.com.br\/novo\/wp-json\/wp\/v2\/types\/page"}],"author":[{"embeddable":true,"href":"https:\/\/fisicaevestibular.com.br\/novo\/wp-json\/wp\/v2\/users\/1"}],"replies":[{"embeddable":true,"href":"https:\/\/fisicaevestibular.com.br\/novo\/wp-json\/wp\/v2\/comments?post=4317"}],"version-history":[{"count":1,"href":"https:\/\/fisicaevestibular.com.br\/novo\/wp-json\/wp\/v2\/pages\/4317\/revisions"}],"predecessor-version":[{"id":4318,"href":"https:\/\/fisicaevestibular.com.br\/novo\/wp-json\/wp\/v2\/pages\/4317\/revisions\/4318"}],"up":[{"embeddable":true,"href":"https:\/\/fisicaevestibular.com.br\/novo\/wp-json\/wp\/v2\/pages\/3987"}],"wp:attachment":[{"href":"https:\/\/fisicaevestibular.com.br\/novo\/wp-json\/wp\/v2\/media?parent=4317"}],"curies":[{"name":"wp","href":"https:\/\/api.w.org\/{rel}","templated":true}]}}