{"id":4313,"date":"2019-01-24T01:53:41","date_gmt":"2019-01-24T01:53:41","guid":{"rendered":"http:\/\/fisicaevestibular.com.br\/novo\/?page_id=4313"},"modified":"2024-08-22T14:42:33","modified_gmt":"2024-08-22T14:42:33","slug":"optica-geometrica-refracao-luminosa-conceitos-e-definicoes","status":"publish","type":"page","link":"https:\/\/fisicaevestibular.com.br\/novo\/formulario\/optica-geometrica-refracao-luminosa-conceitos-e-definicoes\/","title":{"rendered":"\u00d3ptica geom\u00e9trica &#8211; Refra\u00e7\u00e3o Luminosa \u2013 Conceitos e Defini\u00e7\u00f5es"},"content":{"rendered":"<p align=\"CENTER\"><span style=\"color: #0000cc;\"><span style=\"font-family: Arial Black, serif;\"><span style=\"font-size: large;\"><b>Formul\u00e1rio completo de F\u00edsica com informa\u00e7\u00f5es \u00fateis <\/b><\/span><\/span><\/span><\/p>\n<p align=\"CENTER\"><span style=\"color: #c00000;\"><span style=\"font-family: Arial Black, serif;\"><span style=\"font-size: large;\"><b>(Dicas para vestibulares)<\/b><\/span><\/span><\/span><\/p>\n<p align=\"CENTER\"><span style=\"color: #c00000;\"><span style=\"font-family: Viner Hand ITC, serif;\"><span style=\"font-size: x-large;\"><b>\u00d3ptica geom\u00e9trica<\/b><\/span><\/span><\/span><\/p>\n<p align=\"CENTER\"><span style=\"font-family: Times New Roman, serif;\"><span style=\"font-size: medium;\"><span style=\"color: #0000cc;\"><span style=\"font-family: Arial Black, serif;\"><span style=\"font-size: large;\"><b>Refra\u00e7\u00e3o Luminosa \u2013 Conceitos e Defini\u00e7\u00f5es<\/b><\/span><\/span><\/span><\/span><\/span><\/p>\n<p align=\"CENTER\"><span style=\"font-family: Times New Roman, serif;\"><span style=\"font-size: medium;\"><span style=\"color: #c00000;\"><span style=\"font-family: Arial Black, serif;\"><span style=\"font-size: large;\"><b>Refra\u00e7\u00e3o<\/b><\/span><\/span><\/span><\/span><\/span><\/p>\n<p><img fetchpriority=\"high\" decoding=\"async\" src=\"http:\/\/fisicaevestibular.com.br\/novo\/wp-content\/uploads\/migracao\/formulario\/optica06\/0579926001548294620_optica06_html_m251a379.png\" width=\"779\" height=\"239\" align=\"BOTTOM\" border=\"0\" \/><\/p>\n<p align=\"CENTER\"><span style=\"font-family: Times New Roman, serif;\"><span style=\"font-size: medium;\"><span style=\"color: #c00000;\"><span style=\"font-family: Arial Black, serif;\"><span style=\"font-size: large;\"><span lang=\"pt-PT\"><b>\u00cdndice de refra\u00e7\u00e3o<\/b><\/span><\/span><\/span><\/span><\/span><\/span><\/p>\n<p><img decoding=\"async\" src=\"http:\/\/fisicaevestibular.com.br\/novo\/wp-content\/uploads\/migracao\/formulario\/optica06\/0579926001548294620_optica06_html_20698cbb.png\" width=\"777\" height=\"303\" align=\"BOTTOM\" border=\"0\" \/><\/p>\n<p align=\"CENTER\"><span style=\"font-family: Times New Roman, serif;\"><span style=\"font-size: medium;\"><span style=\"color: #c00000;\"><span style=\"font-family: Arial Black, serif;\"><span style=\"font-size: large;\"><b>Desvio na refra\u00e7\u00e3o<\/b><\/span><\/span><\/span><\/span><\/span><\/p>\n<p><img decoding=\"async\" src=\"http:\/\/fisicaevestibular.com.br\/novo\/wp-content\/uploads\/migracao\/formulario\/optica06\/0579926001548294620_optica06_html_72b39839.png\" width=\"779\" height=\"347\" align=\"BOTTOM\" border=\"0\" \/><\/p>\n<p align=\"CENTER\"><span style=\"color: #c00000;\"><span style=\"font-family: Arial Black, serif;\"><span style=\"font-size: large;\"><b>Informa\u00e7\u00f5es \u00fateis <\/b><\/span><\/span><\/span><span style=\"color: #0000cc;\"><span style=\"font-family: Arial Black, serif;\"><span style=\"font-size: large;\"><b>(dicas para vestibulares)<\/b><\/span><\/span><\/span><\/p>\n<p align=\"CENTER\"><span style=\"color: #c00000;\"><span style=\"font-family: Arial Black, serif;\"><span style=\"font-size: large;\"><b>Continuidade \u00d3ptica<\/b><\/span><\/span><\/span><\/p>\n<p><img loading=\"lazy\" decoding=\"async\" src=\"http:\/\/fisicaevestibular.com.br\/novo\/wp-content\/uploads\/migracao\/formulario\/optica06\/0579926001548294620_optica06_html_fdae502.png\" width=\"779\" height=\"367\" align=\"BOTTOM\" border=\"0\" \/><\/p>\n<p align=\"CENTER\"><span style=\"font-family: Times New Roman, serif;\"><span style=\"font-size: medium;\"><span style=\"color: #c00000;\"><span style=\"font-family: Arial Black, serif;\"><b>Predomin\u00e2ncia da refra\u00e7\u00e3o e da reflex\u00e3o de acordo a incid\u00eancia da luz<\/b><\/span><\/span><\/span><\/span><\/p>\n<p><img loading=\"lazy\" decoding=\"async\" src=\"http:\/\/fisicaevestibular.com.br\/novo\/wp-content\/uploads\/migracao\/formulario\/optica06\/0579926001548294620_optica06_html_m7718ad4c.png\" width=\"778\" height=\"303\" align=\"BOTTOM\" border=\"0\" \/><\/p>\n<p><span style=\"font-family: Times New Roman, serif;\"><span style=\"font-size: medium;\"><span style=\"color: #0000cc;\"><span style=\"font-family: Arial Black, serif;\"><span style=\"font-size: large;\"><b>intensa que a luz refletida pelo vidro da janela, predominando a refra\u00e7\u00e3o (luz externa mais intensa).<\/b><\/span><\/span><\/span><\/span><\/span><\/p>\n<p><span style=\"font-family: Times New Roman, serif;\"><span style=\"font-size: medium;\"><span style=\"color: #c00000;\"><span style=\"font-family: Arial Black, serif;\"><span style=\"font-size: large;\"><b>J\u00e1, durante\u00a0<\/b><\/span><\/span><\/span><span style=\"color: #0000cc;\"><span style=\"font-family: Arial Black, serif;\"><span style=\"font-size: large;\"><b>a noite a luz interna \u00e9 mais intensa que a externa,<\/b><\/span><\/span><\/span><\/span><\/span><\/p>\n<p><a name=\"_GoBack\"><\/a> <span style=\"font-family: Times New Roman, serif;\"><span style=\"font-size: medium;\"><span style=\"color: #0000cc;\"><span style=\"font-family: Arial Black, serif;\"><span style=\"font-size: large;\"><b>predominando a reflex\u00e3o interna.<\/b><\/span><\/span><\/span><\/span><\/span><\/p>\n<p><span style=\"color: #0000cc;\">\u00a0\u00a0\u00a0\u00a0\u00a0\u00a0<\/span><\/p>\n<p><span style=\"color: #c00000;\">\u00a0<\/span><\/p>\n<p>&nbsp;<\/p>\n","protected":false},"excerpt":{"rendered":"<p>Formul\u00e1rio completo de F\u00edsica com informa\u00e7\u00f5es \u00fateis (Dicas para vestibulares) \u00d3ptica geom\u00e9trica Refra\u00e7\u00e3o Luminosa \u2013 Conceitos e Defini\u00e7\u00f5es Refra\u00e7\u00e3o \u00cdndice de refra\u00e7\u00e3o Desvio na refra\u00e7\u00e3o Informa\u00e7\u00f5es \u00fateis (dicas para vestibulares) Continuidade \u00d3ptica Predomin\u00e2ncia da refra\u00e7\u00e3o e da reflex\u00e3o de acordo a incid\u00eancia da luz intensa que a luz refletida pelo vidro da janela, predominando a refra\u00e7\u00e3o (luz externa mais intensa).<\/p>\n","protected":false},"author":1,"featured_media":0,"parent":3987,"menu_order":0,"comment_status":"closed","ping_status":"closed","template":"","meta":{"om_disable_all_campaigns":false,"_monsterinsights_skip_tracking":false,"_monsterinsights_sitenote_active":false,"_monsterinsights_sitenote_note":"","_monsterinsights_sitenote_category":0,"footnotes":""},"class_list":["post-4313","page","type-page","status-publish","hentry"],"aioseo_notices":[],"_links":{"self":[{"href":"https:\/\/fisicaevestibular.com.br\/novo\/wp-json\/wp\/v2\/pages\/4313","targetHints":{"allow":["GET"]}}],"collection":[{"href":"https:\/\/fisicaevestibular.com.br\/novo\/wp-json\/wp\/v2\/pages"}],"about":[{"href":"https:\/\/fisicaevestibular.com.br\/novo\/wp-json\/wp\/v2\/types\/page"}],"author":[{"embeddable":true,"href":"https:\/\/fisicaevestibular.com.br\/novo\/wp-json\/wp\/v2\/users\/1"}],"replies":[{"embeddable":true,"href":"https:\/\/fisicaevestibular.com.br\/novo\/wp-json\/wp\/v2\/comments?post=4313"}],"version-history":[{"count":1,"href":"https:\/\/fisicaevestibular.com.br\/novo\/wp-json\/wp\/v2\/pages\/4313\/revisions"}],"predecessor-version":[{"id":4314,"href":"https:\/\/fisicaevestibular.com.br\/novo\/wp-json\/wp\/v2\/pages\/4313\/revisions\/4314"}],"up":[{"embeddable":true,"href":"https:\/\/fisicaevestibular.com.br\/novo\/wp-json\/wp\/v2\/pages\/3987"}],"wp:attachment":[{"href":"https:\/\/fisicaevestibular.com.br\/novo\/wp-json\/wp\/v2\/media?parent=4313"}],"curies":[{"name":"wp","href":"https:\/\/api.w.org\/{rel}","templated":true}]}}