{"id":4034,"date":"2018-06-26T03:22:25","date_gmt":"2018-06-26T03:22:25","guid":{"rendered":"http:\/\/fisicaevestibular.com.br\/novo\/?page_id=4034"},"modified":"2024-07-15T14:48:32","modified_gmt":"2024-07-15T14:48:32","slug":"ufjf-mg-2018","status":"publish","type":"page","link":"https:\/\/fisicaevestibular.com.br\/novo\/universidades-2018\/ufjf-mg-2018\/","title":{"rendered":"UFJF-MG 2018"},"content":{"rendered":"<h3 align=\"CENTER\"><img decoding=\"async\" class=\"alignnone\" src=\"http:\/\/fisicaevestibular.com.br\/novo\/wp-content\/uploads\/universidades-2018\/ufjf\/0364590001529982898_resoluo%20ufjf%202018_html_m1e171efd.png\" alt=\"UFJF\" width=\"246\" height=\"127\" align=\"BOTTOM\" border=\"0\" \/><\/h3>\n<p align=\"CENTER\"><span style=\"font-family: Times New Roman, serif;\"><span style=\"font-size: medium;\"><span style=\"color: #0000cc;\"><span style=\"font-family: Viner Hand ITC, serif;\"><span style=\"font-size: x-large;\"><b>A\u00a0Universidade Federal de Juiz de Fora\u00a0(UFJF) \u00e9 uma institui\u00e7\u00e3o brasileira de ensino superior situada na\u00a0Zona da Mata de\u00a0Minas Gerais, na cidade de\u00a0Juiz de Fora.<\/b><\/span><\/span><\/span><\/span><\/span><\/p>\n<p align=\"CENTER\"><span style=\"font-family: Times New Roman, serif;\"><span style=\"font-size: medium;\"><span style=\"color: #0000cc;\"><span style=\"font-family: Viner Hand ITC, serif;\"><span style=\"font-size: x-large;\"><b>A qualidade da gradua\u00e7\u00e3o da\u00a0UFJF\u00a0\u00e9 reconhecida nacionalmente, tem sido atestada de forma indiscut\u00edvel pelos processos de avalia\u00e7\u00e3o implementados pelo\u00a0Minist\u00e9rio da Educa\u00e7\u00e3o e Cultura\u00a0nos \u00faltimos anos.<\/b><\/span><\/span><\/span><\/span><\/span><\/p>\n<p align=\"CENTER\"><span style=\"font-family: Times New Roman, serif;\"><span style=\"font-size: medium;\"><span style=\"color: #0000cc;\"><span style=\"font-family: Viner Hand ITC, serif;\"><span style=\"font-size: x-large;\"><b>Para ingrssar no campus de Juiz de Fora, a UFJF conta com dois programas:\u00a0o Sistema de Sele\u00e7\u00e3o Unificada (Sisu)\u00a0e o Programa de Ingresso Seletivo Misto (Pism).<\/b><\/span><\/span><\/span><\/span><\/span><\/p>\n<p align=\"CENTER\"><span style=\"font-family: Times New Roman, serif;\"><span style=\"font-size: medium;\"><span style=\"color: #0000cc;\"><span style=\"font-size: xx-large;\"><b>Para maiores informa\u00e7\u00f5es acesse <\/b><\/span><\/span><a href=\"http:\/\/www.ufjf.br\/copese\"><span style=\"font-size: xx-large;\"><b>www.ufjf.br\/copese<\/b><\/span><\/a><\/span><\/span><\/p>\n<p align=\"CENTER\"><img decoding=\"async\" src=\"http:\/\/fisicaevestibular.com.br\/novo\/wp-content\/uploads\/universidades-2018\/ufjf\/0364590001529982898_resoluo%20ufjf%202018_html_m33d6af97.png\" width=\"635\" height=\"48\" align=\"BOTTOM\" border=\"0\" \/><\/p>\n<p><span style=\"font-family: Times New Roman, serif;\"><span style=\"font-size: medium;\"><span style=\"color: #0033cc;\"><span style=\"font-family: Arial Black, serif;\"><b>01 \u2013 (UFJF-MG-018)<\/b><\/span><\/span><\/span><\/span><\/p>\n<p><img fetchpriority=\"high\" decoding=\"async\" src=\"http:\/\/fisicaevestibular.com.br\/novo\/wp-content\/uploads\/universidades-2018\/ufjf\/0364590001529982898_resoluo%20ufjf%202018_html_5672356d.jpg\" width=\"678\" height=\"135\" align=\"BOTTOM\" border=\"0\" \/><\/p>\n<p align=\"CENTER\"><span style=\"font-family: Times New Roman, serif;\"><span style=\"font-size: medium;\"><span style=\"color: #0033cc;\"><span style=\"font-family: Arial, serif;\"><b>Durante as f\u00e9rias, Ca\u00edque visitou os parentes que moram perto de um grande lago naveg\u00e1vel. Pela primeira vez ele experimentou pilotar um jet ski e gostou da aventura. Durante o passeio, ele observou v\u00e1rios barcos que andavam paralelamente \u00e0 sua trajet\u00f3ria. Um primo que estava na margem de lago filmando Ca\u00edque no jet ski verificou que ele <\/b><\/span><\/span><span style=\"color: #ff0000;\"><span style=\"font-family: Arial, serif;\"><b>percorreu 900 m em 3 min sem alterar sua velocidade. <\/b><\/span><\/span><span style=\"color: #0033cc;\"><span style=\"font-family: Arial, serif;\"><b>Durante esse tempo, Ca\u00edque viu \u00e0 frente <\/b><\/span><\/span><span style=\"color: #ff0000;\"><span style=\"font-family: Arial, serif;\"><b>uma lancha se aproximando com velocidade constante. <\/b><\/span><\/span><span style=\"color: #0033cc;\"><span style=\"font-family: Arial, serif;\"><b>Seu primo constatou que <\/b><\/span><\/span><span style=\"color: #ff0000;\"><span style=\"font-family: Arial, serif;\"><b>a lancha gastava um ter\u00e7o do tempo para percorrer a mesma dist\u00e2ncia.<\/b><\/span><\/span><span style=\"color: #0033cc;\"><span style=\"font-family: Arial, serif;\"><b> Com base nesses dados, <\/b><\/span><\/span><span style=\"color: #ff0000;\"><span style=\"font-family: Arial, serif;\"><b>marque a afirmativa correta: <\/b><\/span><\/span> <img loading=\"lazy\" decoding=\"async\" src=\"http:\/\/fisicaevestibular.com.br\/novo\/wp-content\/uploads\/universidades-2018\/ufjf\/0364590001529982898_resoluo%20ufjf%202018_html_m189c89d0.png\" width=\"683\" height=\"171\" align=\"BOTTOM\" border=\"0\" \/><\/span><\/span><\/p>\n<ol type=\"a\">\n<li><span style=\"font-family: Times New Roman, serif;\"><span style=\"font-size: medium;\"><span style=\"color: #0033cc;\"><span style=\"font-family: Arial, serif;\"><b>Os m\u00f3dulos das velocidades do jet ski e da lancha em rela\u00e7\u00e3o \u00e0 margem eram de 30 m\/s e de 10 m\/s, respectivamente.<\/b><\/span><\/span><\/span><\/span><\/li>\n<li><span style=\"font-family: Times New Roman, serif;\"><span style=\"font-size: medium;\"><span style=\"color: #0033cc;\"><span style=\"font-family: Arial, serif;\"><b>O m\u00f3dulo da velocidade da lancha em rela\u00e7\u00e3o ao jet ski era de 20 m\/s.<\/b><\/span><\/span><\/span><\/span><\/li>\n<li><span style=\"font-family: Times New Roman, serif;\"><span style=\"font-size: medium;\"><span style=\"color: #0033cc;\"><span style=\"font-family: Arial, serif;\"><b>O m\u00f3dulo da velocidade da lancha registrado pelo primo de Ca\u00edque foi de 5 m\/s.<\/b><\/span><\/span><\/span><\/span><\/li>\n<li><span style=\"font-family: Times New Roman, serif;\"><span style=\"font-size: medium;\"><span style=\"color: #0033cc;\"><span style=\"font-family: Arial, serif;\"><b>O m\u00f3dulo da velocidade do jet ski em rela\u00e7\u00e3o \u00e0 da lancha era de 10 m\/s<\/b><\/span><\/span><\/span><\/span><\/li>\n<li><span style=\"font-family: Times New Roman, serif;\"><span style=\"font-size: medium;\"><span style=\"color: #0033cc;\"><span style=\"font-family: Arial, serif;\"><b>O m\u00f3dulo da velocidade da lancha era o dobro do m\u00f3dulo da velocidade do jet ski<\/b><\/span><\/span><\/span><\/span><\/li>\n<\/ol>\n<p><span style=\"font-family: Times New Roman, serif;\"><span style=\"font-size: medium;\"><span style=\"color: #0033cc;\"><span style=\"font-family: Arial Black, serif;\"><b>02 \u2013 (UFJF-MG-018)<\/b><\/span><\/span><\/span><\/span><\/p>\n<p align=\"CENTER\"><img loading=\"lazy\" decoding=\"async\" src=\"http:\/\/fisicaevestibular.com.br\/novo\/wp-content\/uploads\/universidades-2018\/ufjf\/0364590001529982898_resoluo%20ufjf%202018_html_m33cbc364.jpg\" width=\"663\" height=\"139\" align=\"BOTTOM\" border=\"0\" \/><\/p>\n<p><span style=\"font-family: Times New Roman, serif;\"><span style=\"font-size: medium;\"><span style=\"color: #0033cc;\"><span style=\"font-family: Arial, serif;\"><b>Nas cobran\u00e7as de faltas em um jogo de futebol, uma bola com <\/b><\/span><\/span><span style=\"color: #ff0000;\"><span style=\"font-family: Arial, serif;\"><b>massa de 500 gramas <\/b><\/span><\/span><span style=\"color: #0033cc;\"><span style=\"font-family: Arial, serif;\"><b>pode atingir facilmente a <\/b><\/span><\/span><span style=\"color: #ff0000;\"><span style=\"font-family: Arial, serif;\"><b>velocidade de 108 km\/h.<\/b><\/span><\/span><span style=\"color: #0033cc;\"><span style=\"font-family: Arial, serif;\"><b> Supondo que no momento do chute <\/b><\/span><\/span><span style=\"color: #ff0000;\"><span style=\"font-family: Arial, serif;\"><b>o tempo de intera\u00e7\u00e3o entre o p\u00e9 do jogador e a bola seja de 0,15 segundos, <\/b><\/span><\/span><span style=\"color: #0033cc;\"><span style=\"font-family: Arial, serif;\"><b>podemos supor que <\/b><\/span><\/span><span style=\"color: #ff0000;\"><span style=\"font-family: Arial, serif;\"><b>a ordem de grandeza da for\u00e7a que atua na bola, em newton, \u00e9 de: <\/b><\/span><\/span><\/span><\/span><\/p>\n<p><img loading=\"lazy\" decoding=\"async\" src=\"http:\/\/fisicaevestibular.com.br\/novo\/wp-content\/uploads\/universidades-2018\/ufjf\/0364590001529982898_resoluo%20ufjf%202018_html_m12096ba6.png\" width=\"770\" height=\"172\" align=\"BOTTOM\" border=\"0\" \/><\/p>\n<p><span style=\"font-family: Times New Roman, serif;\"><span style=\"font-size: medium;\"><span style=\"color: #0033cc;\"><span style=\"font-family: Arial Black, serif;\"><b>03 \u2013 (UFJF-MG-018)<\/b><\/span><\/span><\/span><\/span><\/p>\n<p align=\"CENTER\"><img loading=\"lazy\" decoding=\"async\" src=\"http:\/\/fisicaevestibular.com.br\/novo\/wp-content\/uploads\/universidades-2018\/ufjf\/0364590001529982898_resoluo%20ufjf%202018_html_647d036b.jpg\" width=\"590\" height=\"147\" align=\"BOTTOM\" border=\"0\" \/><\/p>\n<p><span style=\"font-family: Times New Roman, serif;\"><span style=\"font-size: medium;\"><span style=\"color: #0033cc;\"><span style=\"font-family: Arial, serif;\"><b>Para subir pedalando uma ladeira \u00edngreme, um ciclista <\/b><\/span><\/span><span style=\"color: #ff0000;\"><span style=\"font-family: Arial, serif;\"><b>ajusta as marchas de sua bicicleta de modo a exercer a menor for\u00e7a poss\u00edvel nos pedais. <\/b><\/span><\/span><span style=\"color: #0033cc;\"><span style=\"font-family: Arial, serif;\"><b>Assim ele consegue pedalar com muito menos esfor\u00e7o, por\u00e9m ele \u00e9 <\/b><\/span><\/span><span style=\"color: #ff0000;\"><span style=\"font-family: Arial, serif;\"><b>obrigado a dar muitas voltas no pedal para um pequeno deslocamento e demora mais tempo para chegar ao topo.<\/b><\/span><\/span><span style=\"color: #0033cc;\"><span style=\"font-family: Arial, serif;\"><b> Com o procedimento de trocar de marchas, <\/b><\/span><\/span><span style=\"color: #ff0000;\"><span style=\"font-family: Arial, serif;\"><b>podemos afirmar que o ciclista:<\/b><\/span><\/span><\/span><\/span><\/p>\n<p align=\"CENTER\"><img loading=\"lazy\" decoding=\"async\" src=\"http:\/\/fisicaevestibular.com.br\/novo\/wp-content\/uploads\/universidades-2018\/ufjf\/0364590001529982898_resoluo%20ufjf%202018_html_md4c688.jpg\" width=\"417\" height=\"161\" align=\"BOTTOM\" border=\"0\" \/><\/p>\n<ol type=\"a\">\n<li><span style=\"font-family: Times New Roman, serif;\"><span style=\"font-size: medium;\"><span style=\"color: #0033cc;\"><span style=\"font-family: Arial, serif;\"><b>Aumenta o trabalho realizado pela for\u00e7a gravitacional.<\/b><\/span><\/span><\/span><\/span><\/li>\n<li><span style=\"font-family: Times New Roman, serif;\"><span style=\"font-size: medium;\"><span style=\"color: #0033cc;\"><span style=\"font-family: Arial, serif;\"><b>Diminui a pot\u00eancia aplicada aos pedais.<\/b><\/span><\/span><\/span><\/span><\/li>\n<li><span style=\"font-family: Times New Roman, serif;\"><span style=\"font-size: medium;\"><span style=\"color: #0033cc;\"><span style=\"font-family: Arial, serif;\"><b>Diminui a sua energia cin\u00e9tica<\/b><\/span><\/span><\/span><\/span><\/li>\n<li><span style=\"font-family: Times New Roman, serif;\"><span style=\"font-size: medium;\"><span style=\"color: #0033cc;\"><span style=\"font-family: Arial, serif;\"><b>Aumenta a sua energia cin\u00e9tica <\/b><\/span><\/span><\/span><\/span><\/li>\n<li><span style=\"font-family: Times New Roman, serif;\"><span style=\"font-size: medium;\"><span style=\"color: #0033cc;\"><span style=\"font-family: Arial, serif;\"><b>Aumenta seu momento linear <\/b><\/span><\/span><\/span><\/span><\/li>\n<\/ol>\n<p><span style=\"font-family: Times New Roman, serif;\"><span style=\"font-size: medium;\"><span style=\"color: #0033cc;\"><span style=\"font-family: Arial Black, serif;\"><b>04 \u2013 (UFJF-MG-018)<\/b><\/span><\/span><\/span><\/span><\/p>\n<p align=\"CENTER\"><img loading=\"lazy\" decoding=\"async\" src=\"http:\/\/fisicaevestibular.com.br\/novo\/wp-content\/uploads\/universidades-2018\/ufjf\/0364590001529982898_resoluo%20ufjf%202018_html_m60444678.jpg\" width=\"560\" height=\"139\" align=\"BOTTOM\" border=\"0\" \/><\/p>\n<p><span style=\"font-family: Times New Roman, serif;\"><span style=\"font-size: medium;\"><span style=\"color: #0033cc;\"><span style=\"font-family: Arial, serif;\"><b>O gr\u00e1fico abaixo representa a <\/b><\/span><\/span><span style=\"color: #ff0000;\"><span style=\"font-family: Arial, serif;\"><b>velocidade em fun\u00e7\u00e3o do tempo das corridas de 100 metros rasos dos recordes de Usain Bolt na Olimp\u00edada de Pequim (2008) e no Mundial de Atletismo em Berlim (2009). <\/b><\/span><\/span><\/span><\/span><\/p>\n<p align=\"CENTER\"><img loading=\"lazy\" decoding=\"async\" src=\"http:\/\/fisicaevestibular.com.br\/novo\/wp-content\/uploads\/universidades-2018\/ufjf\/0364590001529982898_resoluo%20ufjf%202018_html_m503f4e42.png\" width=\"517\" height=\"283\" align=\"BOTTOM\" border=\"0\" \/><\/p>\n<p><span style=\"font-family: Times New Roman, serif;\"><span style=\"font-size: medium;\"><span style=\"color: #0033cc;\"><span style=\"font-family: Arial, serif;\"><b>Fonte: YAMASHITA (2013). Revista da Biologia (2003) 11(1): 8-11 \u2013 DOI: 10.7594\/revbio.11.01.02<\/b><\/span><\/span><\/span><\/span><\/p>\n<p><span style=\"font-family: Times New Roman, serif;\"><span style=\"font-size: medium;\"><span style=\"color: #0033cc;\"><span style=\"font-family: Arial, serif;\"><b>Analisando o gr\u00e1fico, <\/b><\/span><\/span><span style=\"color: #ff0000;\"><span style=\"font-family: Arial, serif;\"><b>pode-se afirmar que entre 2 e 6 segundos a energia cin\u00e9tica do atleta<\/b><\/span><\/span><\/span><\/span><\/p>\n<ol type=\"a\">\n<li><span style=\"font-family: Times New Roman, serif;\"><span style=\"font-size: medium;\"><span style=\"color: #0033cc;\"><span style=\"font-family: Arial, serif;\"><b>Permaneceu constante.<\/b><\/span><\/span><\/span><\/span><\/li>\n<li><span style=\"font-family: Times New Roman, serif;\"><span style=\"font-size: medium;\"><span style=\"color: #0033cc;\"><span style=\"font-family: Arial, serif;\"><b>Dobrou.<\/b><\/span><\/span><\/span><\/span><\/li>\n<li><span style=\"font-family: Times New Roman, serif;\"><span style=\"font-size: medium;\"><span style=\"color: #0033cc;\"><span style=\"font-family: Arial, serif;\"><b>Aumentou 20%.<\/b><\/span><\/span><\/span><\/span><\/li>\n<li><span style=\"font-family: Times New Roman, serif;\"><span style=\"font-size: medium;\"><span style=\"color: #0033cc;\"><span style=\"font-family: Arial, serif;\"><b>Aumentou 50%.<\/b><\/span><\/span><\/span><\/span><\/li>\n<li><span style=\"font-family: Times New Roman, serif;\"><span style=\"font-size: medium;\"><span style=\"color: #0033cc;\"><span style=\"font-family: Arial, serif;\"><b>Aumentou entre 30% e 50%.<\/b><\/span><\/span><\/span><\/span><\/li>\n<\/ol>\n<p><span style=\"font-family: Times New Roman, serif;\"><span style=\"font-size: medium;\"><span style=\"color: #0033cc;\"><span style=\"font-family: Arial Black, serif;\"><b>05 \u2013 (UFJF-MG-018)<\/b><\/span><\/span><\/span><\/span><\/p>\n<p align=\"CENTER\"><img loading=\"lazy\" decoding=\"async\" src=\"http:\/\/fisicaevestibular.com.br\/novo\/wp-content\/uploads\/universidades-2018\/ufjf\/0364590001529982898_resoluo%20ufjf%202018_html_m1411a51b.jpg\" width=\"599\" height=\"141\" align=\"BOTTOM\" border=\"0\" \/><\/p>\n<p><span style=\"font-family: Times New Roman, serif;\"><span style=\"font-size: medium;\"><span style=\"color: #0033cc;\"><span style=\"font-family: Arial, serif;\"><b>Em um campeonato de arco e flecha, dois arqueiros <\/b><\/span><\/span><span style=\"color: #ff0000;\"><span style=\"font-family: Arial, serif;\"><b>atingem o mesmo alvo ao mesmo tempo. <\/b><\/span><\/span><span style=\"color: #0033cc;\"><span style=\"font-family: Arial, serif;\"><b>O alvo \u00e9 uma ma\u00e7\u00e3 e <\/b><\/span><\/span><span style=\"color: #ff0000;\"><span style=\"font-family: Arial, serif;\"><b>as for\u00e7as que as flechas aplicam na ma\u00e7\u00e3 s\u00e3o dadas pela ilustra\u00e7\u00e3o abaixo.<\/b><\/span><\/span><span style=\"color: #0033cc;\"><span style=\"font-family: Arial, serif;\"><b> Considere que <\/b><\/span><\/span><span style=\"color: #ff0000;\"><span style=\"font-family: Arial, serif;\"><b>as flechas aplicam for\u00e7as <\/b><\/span><\/span><span style=\"color: #ff0000;\"><span style=\"font-family: Arial, serif;\"><b>F1 <\/b><\/span><\/span><span style=\"color: #ff0000;\"><span style=\"font-family: Arial, serif;\"><b>e <\/b><\/span><\/span><span style=\"color: #ff0000;\"><span style=\"font-family: Arial, serif;\"><b>F2<\/b><\/span><\/span><span style=\"color: #ff0000;\"><span style=\"font-family: Arial, serif;\"><b>, que possuem o mesmo m\u00f3dulo F.<\/b><\/span><\/span><span style=\"color: #0033cc;\"><span style=\"font-family: Arial, serif;\"><b> Marque a alternativa em que <\/b><\/span><\/span><span style=\"color: #ff0000;\"><span style=\"font-family: Arial, serif;\"><b>o m\u00f3dulo e o sentido da for\u00e7a resultante na ma\u00e7\u00e3 est\u00e1 <\/b><\/span><\/span><span style=\"color: #ff0000;\"><span style=\"font-family: Arial, serif;\"><b>CORRETA<\/b><\/span><\/span><span style=\"color: #ff0000;\"><span style=\"font-family: Arial, serif;\"><b>.<\/b><\/span><\/span><span style=\"color: #0033cc;\"><span style=\"font-family: Arial, serif;\"><b> Utilize os pontos cardeais <\/b><\/span><\/span> <img loading=\"lazy\" decoding=\"async\" src=\"http:\/\/fisicaevestibular.com.br\/novo\/wp-content\/uploads\/universidades-2018\/ufjf\/0364590001529982898_resoluo%20ufjf%202018_html_m2b742e44.png\" width=\"772\" height=\"199\" align=\"BOTTOM\" border=\"0\" \/><\/span><\/span><\/p>\n<p><span style=\"font-family: Times New Roman, serif;\"><span style=\"font-size: medium;\"><span style=\"color: #0033cc;\"><span style=\"font-family: Arial Black, serif;\"><b>06 \u2013 (UFJF-MG-018)<\/b><\/span><\/span><\/span><\/span><\/p>\n<p align=\"CENTER\"><img loading=\"lazy\" decoding=\"async\" src=\"http:\/\/fisicaevestibular.com.br\/novo\/wp-content\/uploads\/universidades-2018\/ufjf\/0364590001529982898_resoluo%20ufjf%202018_html_620fa4b5.jpg\" width=\"497\" height=\"148\" align=\"BOTTOM\" border=\"0\" \/><\/p>\n<p><span style=\"font-family: Times New Roman, serif;\"><span style=\"font-size: medium;\"><span style=\"color: #0033cc;\"><span style=\"font-family: Arial Black, serif;\">Para economizar energia, voc\u00ea contratou uma bombeira hidr\u00e1ulica, chamada Maria Emmy, que instalou um sistema de aquecimento solar para um reservat\u00f3rio de \u00e1gua. O reservat\u00f3rio \u00e9 conectado ao chuveiro de sua casa <\/span><\/span><span style=\"color: #ff0000;\"><span style=\"font-family: Arial Black, serif;\">por 12 metros de tubula\u00e7\u00e3o com di\u00e2metro de 1 cm. <\/span><\/span><span style=\"color: #0033cc;\"><span style=\"font-family: Arial Black, serif;\">Quando a torneira \u00e9 aberta, o chuveiro apresenta uma <\/span><\/span><span style=\"color: #ff0000;\"><span style=\"font-family: Arial Black, serif;\">vaz\u00e3o constante de 6 litros por minuto. Quanto tempo voc\u00ea deve esperar para come\u00e7ar a cair \u00e1gua quente no chuveiro?<\/span><\/span><span style=\"color: #0033cc;\"><span style=\"font-family: Arial Black, serif;\"> Utilize \u03c0(pi)\u22483. <\/span><\/span><\/span><\/span><\/p>\n<ol type=\"a\">\n<li><span style=\"font-family: Times New Roman, serif;\"><span style=\"font-size: medium;\"><span style=\"color: #0033cc;\"><span style=\"font-family: Arial Black, serif;\">18 s<\/span><\/span><\/span><\/span><\/li>\n<li><span style=\"font-family: Times New Roman, serif;\"><span style=\"font-size: medium;\"><span style=\"color: #0033cc;\"><span style=\"font-family: Arial Black, serif;\">9 s<\/span><\/span><\/span><\/span><\/li>\n<li><span style=\"font-family: Times New Roman, serif;\"><span style=\"font-size: medium;\"><span style=\"color: #0033cc;\"><span style=\"font-family: Arial Black, serif;\">36 s<\/span><\/span><\/span><\/span><\/li>\n<li><span style=\"font-family: Times New Roman, serif;\"><span style=\"font-size: medium;\"><span style=\"color: #0033cc;\"><span style=\"font-family: Arial Black, serif;\">2,25 s<\/span><\/span><\/span><\/span><\/li>\n<li><span style=\"font-family: Times New Roman, serif;\"><span style=\"font-size: medium;\"><span style=\"color: #0033cc;\"><span style=\"font-family: Arial Black, serif;\">5,5 s<\/span><\/span><\/span><\/span><\/li>\n<\/ol>\n<p><span style=\"font-family: Times New Roman, serif;\"><span style=\"font-size: medium;\"><span style=\"color: #0033cc;\"><span style=\"font-family: Arial Black, serif;\"><b>07 \u2013 (UFJF-MG-018)<\/b><\/span><\/span><\/span><\/span><\/p>\n<p align=\"CENTER\"><img loading=\"lazy\" decoding=\"async\" src=\"http:\/\/fisicaevestibular.com.br\/novo\/wp-content\/uploads\/universidades-2018\/ufjf\/0364590001529982898_resoluo%20ufjf%202018_html_552d8c42.jpg\" width=\"546\" height=\"150\" align=\"BOTTOM\" border=\"0\" \/><\/p>\n<p><span style=\"font-family: Times New Roman, serif;\"><span style=\"font-size: medium;\"><span style=\"color: #0033cc;\"><span style=\"font-family: Arial Black, serif;\">Um estudante <\/span><\/span><span style=\"color: #ff0000;\"><span style=\"font-family: Arial Black, serif;\">amarra uma pedra a um barbante enrolado em um carretel. <\/span><\/span><span style=\"color: #0033cc;\"><span style=\"font-family: Arial Black, serif;\">Num dado instante, ele faz a pedra rodar <\/span><\/span><span style=\"color: #ff0000;\"><span style=\"font-family: Arial Black, serif;\">percorrendo uma circunfer\u00eancia horizontal de raio R<\/span><\/span><span style=\"color: #ff0000;\"><sub><span style=\"font-family: Arial Black, serif;\">1<\/span><\/sub><\/span><span style=\"color: #ff0000;\"><span style=\"font-family: Arial Black, serif;\">, com velocidade angular \u03c9<\/span><\/span><span style=\"color: #ff0000;\"><sub><span style=\"font-family: Arial Black, serif;\">1<\/span><\/sub><\/span><span style=\"color: #ff0000;\"><span style=\"font-family: Arial Black, serif;\">.<\/span><\/span><span style=\"color: #0033cc;\"><span style=\"font-family: Arial Black, serif;\"> Ent\u00e3o, de repente, o estudante deixa o carretel desenrolar, permitindo o r\u00e1pido <\/span><\/span><span style=\"color: #ff0000;\"><span style=\"font-family: Arial Black, serif;\">aumento do raio da trajet\u00f3ria da pedra at\u00e9 um valor R<\/span><\/span><span style=\"color: #ff0000;\"><sub><span style=\"font-family: Arial Black, serif;\">2 <\/span><\/sub><\/span><span style=\"color: #ff0000;\"><span style=\"font-family: Arial Black, serif;\">&gt; R<\/span><\/span><span style=\"color: #ff0000;\"><sub><span style=\"font-family: Arial Black, serif;\">1<\/span><\/sub><\/span><span style=\"color: #ff0000;\"><span style=\"font-family: Arial Black, serif;\">. <\/span><\/span><span style=\"color: #0033cc;\"><span style=\"font-family: Arial Black, serif;\">Com rela\u00e7\u00e3o ao momento de in\u00e9rcia do sistema pedra mais fio e \u00e0 velocidade angular da pedra no imediato instante ap\u00f3s o raio aumentar, <\/span><\/span><span style=\"color: #ff0000;\"><span style=\"font-family: Arial Black, serif;\">podemos afirmar que <\/span><\/span><\/span><\/span><\/p>\n<p align=\"CENTER\"><img loading=\"lazy\" decoding=\"async\" src=\"http:\/\/fisicaevestibular.com.br\/novo\/wp-content\/uploads\/universidades-2018\/ufjf\/0364590001529982898_resoluo%20ufjf%202018_html_5cc25e76.png\" width=\"770\" height=\"215\" align=\"BOTTOM\" border=\"0\" \/><\/p>\n<ol type=\"a\">\n<li><span style=\"font-family: Times New Roman, serif;\"><span style=\"font-size: medium;\"><span style=\"color: #0033cc;\"><span style=\"font-family: Arial Black, serif;\">o momento de in\u00e9rcia diminui e a velocidade angular tamb\u00e9m. <\/span><\/span><\/span><\/span><\/li>\n<li><span style=\"font-family: Times New Roman, serif;\"><span style=\"font-size: medium;\"><span style=\"color: #0033cc;\"><span style=\"font-family: Arial Black, serif;\">o momento de in\u00e9rcia aumenta e a velocidade angular tamb\u00e9m. <\/span><\/span><\/span><\/span><\/li>\n<li><span style=\"font-family: Times New Roman, serif;\"><span style=\"font-size: medium;\"><span style=\"color: #0033cc;\"><span style=\"font-family: Arial Black, serif;\">o momento de in\u00e9rcia aumenta e a velocidade angular se mant\u00e9m constante. <\/span><\/span><\/span><\/span><\/li>\n<li><span style=\"font-family: Times New Roman, serif;\"><span style=\"font-size: medium;\"><span style=\"color: #0033cc;\"><span style=\"font-family: Arial Black, serif;\">o momento de in\u00e9rcia aumenta e a velocidade angular diminui. <\/span><\/span><\/span><\/span><\/li>\n<li><span style=\"font-family: Times New Roman, serif;\"><span style=\"font-size: medium;\"><span style=\"color: #0033cc;\"><span style=\"font-family: Arial Black, serif;\">o momento de in\u00e9rcia diminui e a velocidade angular aumenta. <\/span><\/span><\/span><\/span><\/li>\n<\/ol>\n<p><span style=\"font-family: Times New Roman, serif;\"><span style=\"font-size: medium;\"><span style=\"color: #0033cc;\"><span style=\"font-family: Arial Black, serif;\"><b>08 \u2013 (UFJF-MG-018)<\/b><\/span><\/span><\/span><\/span><\/p>\n<p align=\"CENTER\"><img loading=\"lazy\" decoding=\"async\" src=\"http:\/\/fisicaevestibular.com.br\/novo\/wp-content\/uploads\/universidades-2018\/ufjf\/0364590001529982898_resoluo%20ufjf%202018_html_5672356d.jpg\" width=\"614\" height=\"139\" align=\"BOTTOM\" border=\"0\" \/><\/p>\n<p><span style=\"font-family: Times New Roman, serif;\"><span style=\"font-size: medium;\"><span style=\"color: #0033cc;\"><span style=\"font-family: Arial Black, serif;\">Dois problemas de vis\u00e3o comuns s\u00e3o a miopia e a hipermetropia. A <\/span><\/span><span style=\"color: #ff0000;\"><span style=\"font-family: Arial Black, serif;\">miopia<\/span><\/span><span style=\"color: #0033cc;\"><span style=\"font-family: Arial Black, serif;\"> \u00e9 um problema de vis\u00e3o que <\/span><\/span><span style=\"color: #ff0000;\"><span style=\"font-family: Arial Black, serif;\">ocorre quando a imagem de um objeto se forma antes da retina. A hipermetropia<\/span><\/span><span style=\"color: #0033cc;\"><span style=\"font-family: Arial Black, serif;\">, por sua vez, \u00e9 um problema de vis\u00e3o que <\/span><\/span><span style=\"color: #ff0000;\"><span style=\"font-family: Arial Black, serif;\">ocorre quando os raios de luz interceptam a retina antes de a imagem ser formada <\/span><\/span><span style=\"color: #0033cc;\"><span style=\"font-family: Arial Black, serif;\">\u2013 nesse caso a imagem formar-se-ia depois da retina. Maria e Fernanda foram ao oftalmologista. <\/span><\/span><span style=\"color: #ff0000;\"><span style=\"font-family: Arial Black, serif;\">Maria descobriu que possui miopia. Fernanda descobriu que possui hipermetropia.<\/span><\/span><span style=\"color: #0033cc;\"><span style=\"font-family: Arial Black, serif;\"> A partir da informa\u00e7\u00e3o obtida do enunciado, <\/span><\/span><span style=\"color: #ff0000;\"><span style=\"font-family: Arial Black, serif;\">marque a alternativa correta. <\/span><\/span><\/span><\/span><\/p>\n<p><img loading=\"lazy\" decoding=\"async\" src=\"http:\/\/fisicaevestibular.com.br\/novo\/wp-content\/uploads\/universidades-2018\/ufjf\/0364590001529982898_resoluo%20ufjf%202018_html_m7d0c8530.png\" width=\"355\" height=\"166\" align=\"BOTTOM\" border=\"0\" \/> <img loading=\"lazy\" decoding=\"async\" src=\"http:\/\/fisicaevestibular.com.br\/novo\/wp-content\/uploads\/universidades-2018\/ufjf\/0364590001529982898_resoluo%20ufjf%202018_html_m2f5bbe26.png\" width=\"408\" height=\"170\" align=\"BOTTOM\" border=\"0\" \/><\/p>\n<ol type=\"a\">\n<li><span style=\"font-family: Times New Roman, serif;\"><span style=\"font-size: medium;\"><span style=\"color: #0033cc;\"><span style=\"font-family: Arial Black, serif;\">Maria deve usar lentes divergentes para corrigir a miopia. <\/span><\/span><\/span><\/span><\/li>\n<li><span style=\"font-family: Times New Roman, serif;\"><span style=\"font-size: medium;\"><span style=\"color: #0033cc;\"><span style=\"font-family: Arial Black, serif;\">Maria deve usar lentes convergentes para corrigir a miopia. <\/span><\/span><\/span><\/span><\/li>\n<li><span style=\"font-family: Times New Roman, serif;\"><span style=\"font-size: medium;\"><span style=\"color: #0033cc;\"><span style=\"font-family: Arial Black, serif;\">Fernanda deve usar lentes divergentes para corrigir a hipermetropia. <\/span><\/span><\/span><\/span><\/li>\n<li><span style=\"font-family: Times New Roman, serif;\"><span style=\"font-size: medium;\"><span style=\"color: #0033cc;\"><span style=\"font-family: Arial Black, serif;\">Ambas devem usar lentes convergentes para corrigir os seus problemas de vis\u00e3o. <\/span><\/span><\/span><\/span><\/li>\n<li><span style=\"font-family: Times New Roman, serif;\"><span style=\"font-size: medium;\"><span style=\"color: #0033cc;\"><span style=\"font-family: Arial Black, serif;\">Ambas devem usar lentes divergentes para corrigir os seus problemas de vis\u00e3o. <\/span><\/span><\/span><\/span><\/li>\n<\/ol>\n<p><span style=\"font-family: Times New Roman, serif;\"><span style=\"font-size: medium;\"><span style=\"color: #0033cc;\"><span style=\"font-family: Arial Black, serif;\"><b>09 \u2013 (UFJF-MG-018)<\/b><\/span><\/span><\/span><\/span><\/p>\n<p align=\"CENTER\"><img loading=\"lazy\" decoding=\"async\" src=\"http:\/\/fisicaevestibular.com.br\/novo\/wp-content\/uploads\/universidades-2018\/ufjf\/0364590001529982898_resoluo%20ufjf%202018_html_m33cbc364.jpg\" width=\"609\" height=\"137\" align=\"BOTTOM\" border=\"0\" \/><\/p>\n<p><span style=\"font-family: Times New Roman, serif;\"><span style=\"font-size: medium;\"><span style=\"color: #0033cc;\"><span style=\"font-family: Arial Black, serif;\">Em um experimento realizado em um laborat\u00f3rio, Maria Meitner colocou uma caneta laser adequadamente protegida no fundo de um aqu\u00e1rio e depois o encheu com um l\u00edquido desconhecido. Ao instalar o laser, ela <\/span><\/span><span style=\"color: #ff0000;\"><span style=\"font-family: Arial Black, serif;\">mediu o \u00e2ngulo limite, \u03b8<\/span><\/span><span style=\"color: #ff0000;\"><sub><span style=\"font-family: Arial Black, serif;\">L<\/span><\/sub><\/span><span style=\"color: #ff0000;\"><span style=\"font-family: Arial Black, serif;\">, para que ocorra a reflex\u00e3o total na interface como ar, encontrando o valor de 42\u00b0. <\/span><\/span><span style=\"color: #0033cc;\"><span style=\"font-family: Arial Black, serif;\">A figura a seguir representa o experimento, sendo que a seta no fundo do aqu\u00e1rio representa a caneta laser e as outras, por sua vez, indicam a dire\u00e7\u00e3o de propaga\u00e7\u00e3o do feixe. Dados: cos 42\u00b0=0,74; sen 42\u00b0= 0,67; n<\/span><\/span><span style=\"color: #0033cc;\"><sub><span style=\"font-family: Arial Black, serif;\">Ar<\/span><\/sub><\/span><span style=\"color: #0033cc;\"><span style=\"font-family: Arial Black, serif;\">=1,0 (\u00edndice de refra\u00e7\u00e3o do ar). <\/span><\/span><span style=\"color: #ff0000;\"><span style=\"font-family: Arial Black, serif;\">Os \u00edndices de refra\u00e7\u00e3o de cinco l\u00edquidos diferentes est\u00e3o indicados na tabela abaixo.<\/span><\/span><span style=\"color: #0033cc;\"><span style=\"font-family: Arial Black, serif;\"> O \u00edndice de refra\u00e7\u00e3o <\/span><\/span><span style=\"color: #ff0000;\"><span style=\"font-family: Arial Black, serif;\">de qual l\u00edquido se aproxima mais do obtido pelo experimento de Maria Meitner? <\/span><\/span><\/span><\/span><\/p>\n<p><img loading=\"lazy\" decoding=\"async\" src=\"http:\/\/fisicaevestibular.com.br\/novo\/wp-content\/uploads\/universidades-2018\/ufjf\/0364590001529982898_resoluo%20ufjf%202018_html_7a6de664.png\" width=\"781\" height=\"168\" align=\"BOTTOM\" border=\"0\" \/><\/p>\n<ol type=\"a\">\n<li><span style=\"font-family: Times New Roman, serif;\"><span style=\"font-size: medium;\"><span style=\"color: #0033cc;\"><span style=\"font-family: Arial Black, serif;\">Do l\u00edquido 5. <\/span><\/span><\/span><\/span><\/li>\n<li><span style=\"font-family: Times New Roman, serif;\"><span style=\"font-size: medium;\"><span style=\"color: #0033cc;\"><span style=\"font-family: Arial Black, serif;\">Do l\u00edquido 4. <\/span><\/span><\/span><\/span><\/li>\n<li><span style=\"font-family: Times New Roman, serif;\"><span style=\"font-size: medium;\"><span style=\"color: #0033cc;\"><span style=\"font-family: Arial Black, serif;\">Do l\u00edquido 3. <\/span><\/span><\/span><\/span><\/li>\n<li><span style=\"font-family: Times New Roman, serif;\"><span style=\"font-size: medium;\"><span style=\"color: #0033cc;\"><span style=\"font-family: Arial Black, serif;\">Do l\u00edquido 2. <\/span><\/span><\/span><\/span><\/li>\n<li><span style=\"font-family: Times New Roman, serif;\"><span style=\"font-size: medium;\"><span style=\"color: #0033cc;\"><span style=\"font-family: Arial Black, serif;\">Do l\u00edquido 1. <\/span><\/span><\/span><\/span><\/li>\n<\/ol>\n<p><span style=\"font-family: Times New Roman, serif;\"><span style=\"font-size: medium;\"><span style=\"color: #0033cc;\"><span style=\"font-family: Arial Black, serif;\"><b>10 \u2013 (UFJF-MG-018)<\/b><\/span><\/span><\/span><\/span><\/p>\n<p align=\"CENTER\"><img loading=\"lazy\" decoding=\"async\" src=\"http:\/\/fisicaevestibular.com.br\/novo\/wp-content\/uploads\/universidades-2018\/ufjf\/0364590001529982898_resoluo%20ufjf%202018_html_647d036b.jpg\" width=\"530\" height=\"146\" align=\"BOTTOM\" border=\"0\" \/><\/p>\n<p><span style=\"font-family: Times New Roman, serif;\"><span style=\"font-size: medium;\"><span style=\"color: #0033cc;\"><span style=\"font-family: Arial Black, serif;\">Em um laborat\u00f3rio de f\u00edsica \u00e9 encontrado um frasco opaco contendo <\/span><\/span><span style=\"color: #ff0000;\"><span style=\"font-family: Arial Black, serif;\">100 g de um l\u00edquido desconhecido, <\/span><\/span><span style=\"color: #0033cc;\"><span style=\"font-family: Arial Black, serif;\">armazenado na geladeira do laborat\u00f3rio <\/span><\/span><span style=\"color: #ff0000;\"><span style=\"font-family: Arial Black, serif;\">a uma temperatura de 6 graus Celsius. <\/span><\/span><span style=\"color: #0033cc;\"><span style=\"font-family: Arial Black, serif;\">Um estudante deseja identificar o l\u00edquido sem abrir o frasco, usando um calor\u00edmetro ideal. No calor\u00edmetro, <\/span><\/span><span style=\"color: #ff0000;\"><span style=\"font-family: Arial Black, serif;\">o estudante insere 100 ml de \u00e1gua pura, a 20 graus Celsius, e em seguida insere o frasco contendo o l\u00edquido. <\/span><\/span><span style=\"color: #0033cc;\"><span style=\"font-family: Arial Black, serif;\">Ap\u00f3s certo tempo, <\/span><\/span><span style=\"color: #ff0000;\"><span style=\"font-family: Arial Black, serif;\">o frasco com o l\u00edquido desconhecido entra em equil\u00edbrio t\u00e9rmico com a \u00e1gua, que passa a ter uma temperatura de 16 graus Celsius.<\/span><\/span><span style=\"color: #0033cc;\"><span style=\"font-family: Arial Black, serif;\"> Vamos supor que <\/span><\/span><span style=\"color: #ff0000;\"><span style=\"font-family: Arial Black, serif;\">n\u00e3o h\u00e1 trocas de calor do conte\u00fado do calor\u00edmetro com o ambiente, e que a massa do frasco seja desprez\u00edvel.<\/span><\/span><span style=\"color: #0033cc;\"><span style=\"font-family: Arial Black, serif;\"> O <\/span><\/span><span style=\"color: #ff0000;\"><span style=\"font-family: Arial Black, serif;\">calor espec\u00edfico da \u00e1gua \u00e9 de aproximadamente 4,2 J g<\/span><\/span><span style=\"color: #ff0000;\"><sup><span style=\"font-family: Arial Black, serif;\">-1 <\/span><\/sup><\/span><span style=\"color: #ff0000;\"><span style=\"font-family: Arial Black, serif;\">K<\/span><\/span><span style=\"color: #ff0000;\"><sup><span style=\"font-family: Arial Black, serif;\">-1<\/span><\/sup><\/span><span style=\"color: #ff0000;\"><span style=\"font-family: Arial Black, serif;\"> e sua densidade \u00e9 1,0 g\/ml. <\/span><\/span><span style=\"color: #0033cc;\"><span style=\"font-family: Arial Black, serif;\">A tabela abaixo tem a informa\u00e7\u00e3o do calor espec\u00edfico de uma variedade de l\u00edquidos. <\/span><\/span><span style=\"color: #ff0000;\"><span style=\"font-family: Arial Black, serif;\">Qual deles deve ser o l\u00edquido desconhecido? <\/span><\/span><\/span><\/span><\/p>\n<p align=\"CENTER\"><img loading=\"lazy\" decoding=\"async\" src=\"http:\/\/fisicaevestibular.com.br\/novo\/wp-content\/uploads\/universidades-2018\/ufjf\/0364590001529982898_resoluo%20ufjf%202018_html_m47c9bc0b.png\" width=\"391\" height=\"156\" align=\"BOTTOM\" border=\"0\" \/><\/p>\n<ol type=\"a\">\n<li><span style=\"font-family: Times New Roman, serif;\"><span style=\"font-size: medium;\"><span style=\"color: #0033cc;\"><span style=\"font-family: Arial Black, serif;\">Parafina. <\/span><\/span><\/span><\/span><\/li>\n<li><span style=\"font-family: Times New Roman, serif;\"><span style=\"font-size: medium;\"><span style=\"color: #0033cc;\"><span style=\"font-family: Arial Black, serif;\">Glicerina. <\/span><\/span><\/span><\/span><\/li>\n<li><span style=\"font-family: Times New Roman, serif;\"><span style=\"font-size: medium;\"><span style=\"color: #0033cc;\"><span style=\"font-family: Arial Black, serif;\">Acetona. <\/span><\/span><\/span><\/span><\/li>\n<li><span style=\"font-family: Times New Roman, serif;\"><span style=\"font-size: medium;\"><span style=\"color: #0033cc;\"><span style=\"font-family: Arial Black, serif;\">Azeite. <\/span><\/span><\/span><\/span><\/li>\n<li><span style=\"font-family: Times New Roman, serif;\"><span style=\"font-size: medium;\"><span style=\"color: #0033cc;\"><span style=\"font-family: Arial Black, serif;\">Tolueno. <\/span><\/span><\/span><\/span><\/li>\n<\/ol>\n<p><span style=\"font-family: Times New Roman, serif;\"><span style=\"font-size: medium;\"><span style=\"color: #0033cc;\"><span style=\"font-family: Arial Black, serif;\"><b>11 \u2013 (UFJF-MG-018)<\/b><\/span><\/span><\/span><\/span><\/p>\n<p><span style=\"font-family: Times New Roman, serif;\"><span style=\"font-size: medium;\"><span style=\"color: #0033cc;\"><span style=\"font-family: Arial, serif;\"><b>Em um futuro distante, Ana fica <\/b><\/span><\/span><span style=\"color: #ff0000;\"><span style=\"font-family: Arial, serif;\"><b>perdida no meio de uma gal\u00e1xia<\/b><\/span><\/span><span style=\"color: #0033cc;\"><span style=\"font-family: Arial, serif;\"><b> desconhecida e o <\/b><\/span><\/span><span style=\"color: #ff0000;\"><span style=\"font-family: Arial, serif;\"><b>sistema de comunica\u00e7\u00e3o de sua nave espacial para de funcionar.<\/b><\/span><\/span><span style=\"color: #0033cc;\"><span style=\"font-family: Arial, serif;\"><b> Ela ent\u00e3o decide <\/b><\/span><\/span><span style=\"color: #ff0000;\"><span style=\"font-family: Arial, serif;\"><b>gerar ondas de r\u00e1dio atrav\u00e9s da constru\u00e7\u00e3o de um circuito de corrente alternada,<\/b><\/span><\/span><span style=\"color: #0033cc;\"><span style=\"font-family: Arial, serif;\"><b> na esperan\u00e7a de que algu\u00e9m da vizinhan\u00e7a capte essas ondas e venha socorr\u00ea-la. <\/b><\/span><\/span><span style=\"color: #ff0000;\"><span style=\"font-family: Arial, serif;\"><b>O circuito \u00e9 capaz de emitir ondas de 5 kHz. <\/b><\/span><\/span><\/span><\/span><\/p>\n<p><span style=\"font-family: Times New Roman, serif;\"><span style=\"font-size: medium;\"><span style=\"color: #0033cc;\"><span style=\"font-family: Arial, serif;\"><b>Sobre as ondas emitidas pelo circuito de Ana, <\/b><\/span><\/span><span style=\"color: #ff0000;\"><span style=\"font-family: Arial, serif;\"><b>\u00e9 poss\u00edvel afirmar que <\/b><\/span><\/span><\/span><\/span><\/p>\n<ol type=\"a\">\n<li><span style=\"font-family: Times New Roman, serif;\"><span style=\"font-size: medium;\"><span style=\"color: #0033cc;\"><span style=\"font-family: Arial, serif;\"><b>O comprimento de onda da radia\u00e7\u00e3o gerada pelo circuito \u00e9 de 6 km. <\/b><\/span><\/span><\/span><\/span><\/li>\n<li><span style=\"font-family: Times New Roman, serif;\"><span style=\"font-size: medium;\"><span style=\"color: #0033cc;\"><span style=\"font-family: Arial, serif;\"><b>ningu\u00e9m ir\u00e1 receber o sinal gerado pelo circuito, pois Ana est\u00e1 numa nave no espa\u00e7o, onde as ondas de r\u00e1dio n\u00e3o se propagam. <\/b><\/span><\/span><\/span><\/span><\/li>\n<li><span style=\"font-family: Times New Roman, serif;\"><span style=\"font-size: medium;\"><span style=\"color: #0033cc;\"><span style=\"font-family: Arial, serif;\"><b>n\u00e3o h\u00e1 gera\u00e7\u00e3o de ondas de r\u00e1dio por esse circuito, pois \u00e9 necess\u00e1rio que haja emiss\u00e3o de luz para se produzir radia\u00e7\u00e3o. <\/b><\/span><\/span><\/span><\/span><\/li>\n<li><span style=\"font-family: Times New Roman, serif;\"><span style=\"font-size: medium;\"><span style=\"color: #0033cc;\"><span style=\"font-family: Arial, serif;\"><b>se Ana mudar o circuito para utilizar uma frequ\u00eancia maior, o seu sinal de r\u00e1dio viajar\u00e1 com uma velocidade maior no espa\u00e7o. <\/b><\/span><\/span><\/span><\/span><\/li>\n<li><span style=\"font-family: Times New Roman, serif;\"><span style=\"font-size: medium;\"><span style=\"color: #0033cc;\"><span style=\"font-family: Arial, serif;\"><b>uma esta\u00e7\u00e3o espacial situada a uma dist\u00e2ncia de 300km receber\u00e1 o sinal um milissegundo depois que Ana ligar o circuito. <\/b><\/span><\/span><\/span><\/span><\/li>\n<\/ol>\n<p align=\"CENTER\"><img loading=\"lazy\" decoding=\"async\" src=\"http:\/\/fisicaevestibular.com.br\/novo\/wp-content\/uploads\/universidades-2018\/ufjf\/0364590001529982898_resoluo%20ufjf%202018_html_m6dbac9a7.jpg\" width=\"421\" height=\"203\" align=\"BOTTOM\" border=\"0\" \/><\/p>\n<p><span style=\"font-family: Times New Roman, serif;\"><span style=\"font-size: medium;\"><span style=\"color: #0033cc;\"><span style=\"font-family: Arial Black, serif;\"><b>12 \u2013 (UFJF-MG-018)<\/b><\/span><\/span><\/span><\/span><\/p>\n<p><span style=\"font-family: Times New Roman, serif;\"><span style=\"font-size: medium;\"><span style=\"color: #0033cc;\"><span style=\"font-family: Arial, serif;\"><b>Joyce trabalha com <\/b><\/span><\/span><span style=\"color: #ff0000;\"><span style=\"font-family: Arial, serif;\"><b>espectroscopia de fotoel\u00e9trons, <\/b><\/span><\/span><span style=\"color: #0033cc;\"><span style=\"font-family: Arial, serif;\"><b>que \u00e9 uma t\u00e9cnica de caracteriza\u00e7\u00e3o de materiais que <\/b><\/span><\/span><span style=\"color: #ff0000;\"><span style=\"font-family: Arial, serif;\"><b>consiste em bombardear um material com raios X de uma determinada energia e medir a energia cin\u00e9tica dos el\u00e9trons arrancados da superf\u00edcie do material. <\/b><\/span><\/span><span style=\"color: #0033cc;\"><span style=\"font-family: Arial, serif;\"><b>Com isso, \u00e9 poss\u00edvel saber a composi\u00e7\u00e3o qu\u00edmica e o tipo de liga\u00e7\u00e3o entre os \u00e1tomos da amostra estudada. Joyce quer <\/b><\/span><\/span><span style=\"color: #ff0000;\"><span style=\"font-family: Arial, serif;\"><b>estudar uma folha de grafeno,<\/b><\/span><\/span><span style=\"color: #0033cc;\"><span style=\"font-family: Arial, serif;\"><b> que \u00e9 um <\/b><\/span><\/span><span style=\"color: #ff0000;\"><span style=\"font-family: Arial, serif;\"><b>material composto somente de \u00e1tomos de carbono. <\/b><\/span><\/span><span style=\"color: #0033cc;\"><span style=\"font-family: Arial, serif;\"><b>Para isso, ela <\/b><\/span><\/span><span style=\"color: #ff0000;\"><span style=\"font-family: Arial, serif;\"><b>usa duas fontes de raios X, A e B, que possuem frequ\u00eancias de f<\/b><\/span><\/span><span style=\"color: #ff0000;\"><sub><span style=\"font-family: Arial, serif;\"><b>A <\/b><\/span><\/sub><\/span><span style=\"color: #ff0000;\"><span style=\"font-family: Arial, serif;\"><b>e f<\/b><\/span><\/span><span style=\"color: #ff0000;\"><sub><span style=\"font-family: Arial, serif;\"><b>B<\/b><\/span><\/sub><\/span><span style=\"color: #ff0000;\"><span style=\"font-family: Arial, serif;\"><b>, respectivamente, com f<\/b><\/span><\/span><span style=\"color: #ff0000;\"><sub><span style=\"font-family: Arial, serif;\"><b>A <\/b><\/span><\/sub><\/span><span style=\"color: #ff0000;\"><span style=\"font-family: Arial, serif;\"><b>&gt; f<\/b><\/span><\/span><span style=\"color: #ff0000;\"><sub><span style=\"font-family: Arial, serif;\"><b>B<\/b><\/span><\/sub><\/span><span style=\"color: #ff0000;\"><span style=\"font-family: Arial, serif;\"><b>. <\/b><\/span><\/span><\/span><\/span><\/p>\n<p><span style=\"font-family: Times New Roman, serif;\"><span style=\"font-size: medium;\"><span style=\"color: #0033cc;\"><span style=\"font-family: Arial, serif;\"><b>Sobre esse experimento, s\u00e3o formuladas <\/b><\/span><\/span><span style=\"color: #ff0000;\"><span style=\"font-family: Arial, serif;\"><b>tr\u00eas hip\u00f3teses: <\/b><\/span><\/span><\/span><\/span><\/p>\n<p><span style=\"font-family: Times New Roman, serif;\"><span style=\"font-size: medium;\"><span style=\"color: #0033cc;\"><span style=\"font-family: Arial, serif;\"><b>I &#8211; Se <\/b><\/span><\/span><span style=\"color: #ff0000;\"><span style=\"font-family: Arial, serif;\"><b>usarmos a fonte A,<\/b><\/span><\/span><span style=\"color: #0033cc;\"><span style=\"font-family: Arial, serif;\"><b> os <\/b><\/span><\/span><span style=\"color: #ff0000;\"><span style=\"font-family: Arial, serif;\"><b>el\u00e9trons extra\u00eddos <\/b><\/span><\/span><span style=\"color: #0033cc;\"><span style=\"font-family: Arial, serif;\"><b>da folha de grafeno <\/b><\/span><\/span><span style=\"color: #ff0000;\"><span style=\"font-family: Arial, serif;\"><b>chegam ao detector com uma energia cin\u00e9tica maior <\/b><\/span><\/span><span style=\"color: #0033cc;\"><span style=\"font-family: Arial, serif;\"><b>do que a que seria medida se us\u00e1ssemos a fonte B. <\/b><\/span><\/span><\/span><\/span><\/p>\n<p><span style=\"font-family: Times New Roman, serif;\"><span style=\"font-size: medium;\"><span style=\"color: #0033cc;\"><span style=\"font-family: Arial, serif;\"><b>II &#8211; Os <\/b><\/span><\/span><span style=\"color: #ff0000;\"><span style=\"font-family: Arial, serif;\"><b>el\u00e9trons extra\u00eddos do n\u00edvel S, que \u00e9 o n\u00edvel eletr\u00f4nico mais interno dos \u00e1tomos,<\/b><\/span><\/span><span style=\"color: #0033cc;\"><span style=\"font-family: Arial, serif;\"><b> chegar\u00e3o ao detector <\/b><\/span><\/span><span style=\"color: #ff0000;\"><span style=\"font-family: Arial, serif;\"><b>com energia maior do que os el\u00e9trons da camada P,<\/b><\/span><\/span><span style=\"color: #0033cc;\"><span style=\"font-family: Arial, serif;\"><b> pois aqueles <\/b><\/span><\/span><span style=\"color: #ff0000;\"><span style=\"font-family: Arial, serif;\"><b>est\u00e3o mais fracamente ligados ao n\u00facleo,<\/b><\/span><\/span><span style=\"color: #0033cc;\"><span style=\"font-family: Arial, serif;\"><b> demandando <\/b><\/span><\/span><span style=\"color: #ff0000;\"><span style=\"font-family: Arial, serif;\"><b>menos energia para arranc\u00e1-los. <\/b><\/span><\/span><\/span><\/span><\/p>\n<p><span style=\"font-family: Times New Roman, serif;\"><span style=\"font-size: medium;\"><span style=\"color: #0033cc;\"><span style=\"font-family: Arial, serif;\"><b>III &#8211; A <\/b><\/span><\/span><span style=\"color: #ff0000;\"><span style=\"font-family: Arial, serif;\"><b>energia de liga\u00e7\u00e3o dos el\u00e9trons nos \u00e1tomos de carbono \u00e9 quantizada. <\/b><\/span><\/span><\/span><\/span><\/p>\n<p><span style=\"font-family: Times New Roman, serif;\"><span style=\"font-size: medium;\"><span style=\"color: #0033cc;\"><span style=\"font-family: Arial, serif;\"><b>Assinale a afirmativa CORRETAa respeito das hip\u00f3teses formuladas: <\/b><\/span><\/span><\/span><\/span><\/p>\n<ol type=\"a\">\n<li><span style=\"font-family: Times New Roman, serif;\"><span style=\"font-size: medium;\"><span style=\"color: #0033cc;\"><span style=\"font-family: Arial, serif;\"><b>Somente I e II est\u00e3o corretas. <\/b><\/span><\/span><\/span><\/span><\/li>\n<li><span style=\"font-family: Times New Roman, serif;\"><span style=\"font-size: medium;\"><span style=\"color: #0033cc;\"><span style=\"font-family: Arial, serif;\"><b>Somente I e III est\u00e3o corretas. <\/b><\/span><\/span><\/span><\/span><\/li>\n<li><span style=\"font-family: Times New Roman, serif;\"><span style=\"font-size: medium;\"><span style=\"color: #0033cc;\"><span style=\"font-family: Arial, serif;\"><b>Somente I est\u00e1 correta. <\/b><\/span><\/span><\/span><\/span><\/li>\n<li><span style=\"font-family: Times New Roman, serif;\"><span style=\"font-size: medium;\"><span style=\"color: #0033cc;\"><span style=\"font-family: Arial, serif;\"><b>I, II e III est\u00e3o corretas. <\/b><\/span><\/span><\/span><\/span><\/li>\n<li><span style=\"font-family: Times New Roman, serif;\"><span style=\"font-size: medium;\"><span style=\"color: #0033cc;\"><span style=\"font-family: Arial, serif;\"><b>Somente II est\u00e1 correta. <\/b><\/span><\/span><\/span><\/span><\/li>\n<\/ol>\n<p><span style=\"font-family: Times New Roman, serif;\"><span style=\"font-size: medium;\"><span style=\"color: #0033cc;\"><span style=\"font-family: Arial Black, serif;\"><b>13 \u2013 (UFJF-MG-018)<\/b><\/span><\/span><\/span><\/span><\/p>\n<p><span style=\"font-family: Times New Roman, serif;\"><span style=\"font-size: medium;\"><span style=\"color: #0033cc;\"><span style=\"font-family: Arial, serif;\"><b>Um <\/b><\/span><\/span><span style=\"color: #ff0000;\"><span style=\"font-family: Arial, serif;\"><b>capacitor<\/b><\/span><\/span><span style=\"color: #0033cc;\"><span style=\"font-family: Arial, serif;\"><b> pode ser <\/b><\/span><\/span><span style=\"color: #ff0000;\"><span style=\"font-family: Arial, serif;\"><b>formado por duas placas condutoras (eletrodos) separadas por um meio isolante.<\/b><\/span><\/span><span style=\"color: #0033cc;\"><span style=\"font-family: Arial, serif;\"><b> Quando se <\/b><\/span><\/span><span style=\"color: #ff0000;\"><span style=\"font-family: Arial, serif;\"><b>aplica uma tens\u00e3o el\u00e9trica entre os eletrodos, cargas el\u00e9tricas de sinais opostos ir\u00e3o se acumular nas superf\u00edcies das placas.<\/b><\/span><\/span><span style=\"color: #0033cc;\"><span style=\"font-family: Arial, serif;\"><b> Caso venha a ser aplicada <\/b><\/span><\/span><span style=\"color: #ff0000;\"><span style=\"font-family: Arial, serif;\"><b>uma tens\u00e3o el\u00e9trica elevada, pode-se romper a rigidez diel\u00e9trica do meio isolante e este passa a conduzir cargas el\u00e9tricas. <\/b><\/span><\/span><\/span><\/span><\/p>\n<p><span style=\"font-family: Times New Roman, serif;\"><span style=\"font-size: medium;\"><span style=\"color: #0033cc;\"><span style=\"font-family: Arial, serif;\"><b>Em rela\u00e7\u00e3o a capacitores e diel\u00e9tricos, <\/b><\/span><\/span><span style=\"color: #ff0000;\"><span style=\"font-family: Arial, serif;\"><b>avalie as seguintes senten\u00e7as e assinale a CORRETA: <\/b><\/span><\/span><\/span><\/span><\/p>\n<ol type=\"a\">\n<li><span style=\"font-family: Times New Roman, serif;\"><span style=\"font-size: medium;\"><span style=\"color: #0033cc;\"><span style=\"font-family: Arial, serif;\"><b>O Cobre \u00e9 um excelente condutor. Por isso, \u00e9 muito utilizado como meio diel\u00e9trico em capacitores. <\/b><\/span><\/span><\/span><\/span><\/li>\n<li><span style=\"font-family: Times New Roman, serif;\"><span style=\"font-size: medium;\"><span style=\"color: #0033cc;\"><span style=\"font-family: Arial, serif;\"><b>O ac\u00famulo de cargas na superf\u00edcie do diel\u00e9trico n\u00e3odepende da permissividade do meio. Apenas a tens\u00e3oaplicada nos terminais ir\u00e1 determinar a densidade de carga acumulada. <\/b><\/span><\/span><\/span><\/span><\/li>\n<li><span style=\"font-family: Times New Roman, serif;\"><span style=\"font-size: medium;\"><span style=\"color: #0033cc;\"><span style=\"font-family: Arial, serif;\"><b>A capacit\u00e2ncia de um capacitor \u00e9 diretamente proporcional \u00e0 raz\u00e3o entre a tens\u00e3o aplicada e a permissvidade do meio. <\/b><\/span><\/span><\/span><\/span><\/li>\n<li><span style=\"font-family: Times New Roman, serif;\"><span style=\"font-size: medium;\"><span style=\"color: #0033cc;\"><span style=\"font-family: Arial, serif;\"><b>Em um capacitor ideal, toda carga flui pelo diel\u00e9trico sem que a corrente sofra altera\u00e7\u00f5es. <\/b><\/span><\/span><\/span><\/span><\/li>\n<li><span style=\"font-family: Times New Roman, serif;\"><span style=\"font-size: medium;\"><span style=\"color: #0033cc;\"><span style=\"font-family: Arial, serif;\"><b>As densidades de cargas em ambas as placas do capacitor s\u00e3o iguais, em m\u00f3dulo, mas de sinais contr\u00e1rios. <\/b><\/span><\/span><\/span><\/span><\/li>\n<\/ol>\n<p align=\"CENTER\"><img loading=\"lazy\" decoding=\"async\" src=\"http:\/\/fisicaevestibular.com.br\/novo\/wp-content\/uploads\/universidades-2018\/ufjf\/0364590001529982898_resoluo%20ufjf%202018_html_m2b9dcd1a.png\" width=\"770\" height=\"123\" align=\"BOTTOM\" border=\"0\" \/><\/p>\n<p><span style=\"font-family: Times New Roman, serif;\"><span style=\"font-size: medium;\"><span style=\"color: #0033cc;\"><span style=\"font-family: Arial Black, serif;\"><b>Respostas<\/b><\/span><\/span><\/span><\/span><\/p>\n<p><img loading=\"lazy\" decoding=\"async\" src=\"http:\/\/fisicaevestibular.com.br\/novo\/wp-content\/uploads\/universidades-2018\/ufjf\/0364590001529982898_resoluo%20ufjf%202018_html_17852f21.png\" width=\"768\" height=\"346\" align=\"BOTTOM\" border=\"0\" \/><span style=\"font-family: Times New Roman, serif;\"><span style=\"font-size: medium;\"><span style=\"color: #0033cc;\"><span style=\"font-family: Arial, serif;\"><b>Como <\/b><\/span><\/span><span style=\"color: #ff0000;\"><span style=\"font-family: Arial, serif;\"><b>a lancha faz o mesmo percurso, mas em um ter\u00e7o do tempo, ent\u00e3o a varia\u00e7\u00e3o de tempo da lancha \u00e9 180\/3 = 60s:<\/b><\/span><\/span><\/span><\/span><\/p>\n<p align=\"CENTER\"><a name=\"_GoBack\"><\/a> <span style=\"font-family: Times New Roman, serif;\"><span style=\"font-size: medium;\"><span style=\"color: #0033cc;\"><span style=\"font-family: Arial, serif;\"><b>V<\/b><\/span><\/span><span style=\"color: #0033cc;\"><sub><span style=\"font-family: Arial, serif;\"><b>L<\/b><\/span><\/sub><\/span><span style=\"color: #0033cc;\"><span style=\"font-family: Arial, serif;\"><b> = = = 15 m\/s<\/b><\/span><\/span><\/span><\/span><\/p>\n<p><img loading=\"lazy\" decoding=\"async\" src=\"http:\/\/fisicaevestibular.com.br\/novo\/wp-content\/uploads\/universidades-2018\/ufjf\/0364590001529982898_resoluo%20ufjf%202018_html_962ad27.png\" width=\"770\" height=\"467\" align=\"BOTTOM\" border=\"0\" \/><span style=\"font-family: Times New Roman, serif;\"><span style=\"font-size: medium;\"><span style=\"color: #0033cc;\"><span style=\"font-family: Arial Black, serif;\"><b>02 &#8211; <\/b><\/span><\/span><span style=\"color: #0033cc;\"><span style=\"font-family: Arial, serif;\"><b>Para esse exerc\u00edcio precisamos utilizar <\/b><\/span><\/span><span style=\"color: #ff0000;\"><span style=\"font-family: Arial, serif;\"><b>o teorema do impulso:<\/b><\/span><\/span><\/span><\/span><\/p>\n<p><img loading=\"lazy\" decoding=\"async\" src=\"http:\/\/fisicaevestibular.com.br\/novo\/wp-content\/uploads\/universidades-2018\/ufjf\/0364590001529982898_resoluo%20ufjf%202018_html_m366709d6.png\" width=\"770\" height=\"250\" align=\"BOTTOM\" border=\"0\" \/> <img loading=\"lazy\" decoding=\"async\" src=\"http:\/\/fisicaevestibular.com.br\/novo\/wp-content\/uploads\/universidades-2018\/ufjf\/0364590001529982898_resoluo%20ufjf%202018_html_5f897293.png\" width=\"770\" height=\"486\" align=\"BOTTOM\" border=\"0\" \/><span style=\"font-family: Times New Roman, serif;\"><span style=\"font-size: medium;\"><span style=\"color: #0033cc;\"><span style=\"font-family: Arial Black, serif;\"><b>03 &#8211; <\/b><\/span><\/span><span style=\"color: #0033cc;\"><span style=\"font-family: Arial, serif;\"><b>Pela defini\u00e7\u00e3o de pot\u00eancia temos:<\/b><\/span><\/span><\/span><\/span><\/p>\n<p align=\"CENTER\"><img loading=\"lazy\" decoding=\"async\" src=\"http:\/\/fisicaevestibular.com.br\/novo\/wp-content\/uploads\/universidades-2018\/ufjf\/0364590001529982898_resoluo%20ufjf%202018_html_6a79e122.png\" width=\"87\" height=\"53\" align=\"BOTTOM\" border=\"0\" \/><\/p>\n<p><span style=\"font-family: Times New Roman, serif;\"><span style=\"font-size: medium;\"><span style=\"color: #0033cc;\"><span style=\"font-family: Arial, serif;\"><b>Aonde:<\/b><\/span><\/span><\/span><\/span><\/p>\n<p><span style=\"font-family: Times New Roman, serif;\"><span style=\"font-size: medium;\"><span style=\"color: #0033cc;\"><span style=\"font-family: Arial, serif;\"><b>P<\/b><\/span><\/span><span style=\"color: #0033cc;\"><sub><span style=\"font-family: Arial, serif;\"><b>m<\/b><\/span><\/sub><\/span><span style=\"color: #0033cc;\"><span style=\"font-family: Arial, serif;\"><b> \u00e9 a pot\u00eancia m\u00e9dia<\/b><\/span><\/span><\/span><\/span><\/p>\n<p><span style=\"font-family: Times New Roman, serif;\"><span style=\"font-size: medium;\"><span style=\"color: #0033cc;\"><span style=\"font-family: Arial, serif;\"><b>W \u00e9 o trabalho<\/b><\/span><\/span><\/span><\/span><\/p>\n<p><span style=\"color: #0033cc;\"> <span style=\"font-family: Times New Roman, serif;\"><span style=\"font-size: medium;\"><span style=\"font-family: Arial, serif;\"><b>\u00e9 a varia\u00e7\u00e3o do tempo<\/b><\/span><\/span><\/span><\/span><\/p>\n<p><span style=\"font-family: Times New Roman, serif;\"><span style=\"font-size: medium;\"><span style=\"color: #0033cc;\"><span style=\"font-family: Arial, serif;\"><b>Como foi dito no enunciado ele pedala com <\/b><\/span><\/span><span style=\"color: #ff0000;\"><span style=\"font-family: Arial, serif;\"><b>menos esfor\u00e7o, <\/b><\/span><\/span><span style=\"color: #0033cc;\"><span style=\"font-family: Arial, serif;\"><b>consequentemente <\/b><\/span><\/span><span style=\"color: #ff0000;\"><span style=\"font-family: Arial, serif;\"><b>menos for\u00e7a \u00e9 utilizada nos pedais<\/b><\/span><\/span><span style=\"color: #0033cc;\"><span style=\"font-family: Arial, serif;\"><b>, mas <\/b><\/span><\/span><span style=\"color: #ff0000;\"><span style=\"font-family: Arial, serif;\"><b>trabalho \u00e9 for\u00e7a vezes a dist\u00e2ncia<\/b><\/span><\/span><span style=\"color: #0033cc;\"><span style=\"font-family: Arial, serif;\"><b>, sendo assim <\/b><\/span><\/span><span style=\"color: #ff0000;\"><span style=\"font-family: Arial, serif;\"><b>quanto menor a for\u00e7a, menor o trabalho,<\/b><\/span><\/span><span style=\"color: #0033cc;\"><span style=\"font-family: Arial, serif;\"><b> se <\/b><\/span><\/span><span style=\"color: #ff0000;\"><span style=\"font-family: Arial, serif;\"><b>o trabalho diminui ent\u00e3o a pot\u00eancia diminui. Alternativa B correta.<\/b><\/span><\/span><\/span><\/span><\/p>\n<p><span style=\"font-family: Times New Roman, serif;\"><span style=\"font-size: medium;\"><span style=\"color: #0033cc;\"><span style=\"font-family: Arial Black, serif;\"><b>04 &#8211; <\/b><\/span><\/span><span style=\"color: #0033cc;\"><span style=\"font-family: Arial, serif;\"><b> Pela <\/b><\/span><\/span><span style=\"color: #ff0000;\"><span style=\"font-family: Arial, serif;\"><b>f\u00f3rmula da energia cin\u00e9tica temos:<\/b><\/span><\/span><\/span><\/span><\/p>\n<p align=\"CENTER\"><img loading=\"lazy\" decoding=\"async\" src=\"http:\/\/fisicaevestibular.com.br\/novo\/wp-content\/uploads\/universidades-2018\/ufjf\/0364590001529982898_resoluo%20ufjf%202018_html_m62f51c2.png\" width=\"106\" height=\"50\" align=\"BOTTOM\" border=\"0\" \/><\/p>\n<p><span style=\"font-family: Times New Roman, serif;\"><span style=\"font-size: medium;\"><span style=\"color: #0033cc;\"><span style=\"font-family: Arial, serif;\"><b>Aonde:<\/b><\/span><\/span><\/span><\/span><\/p>\n<p><span style=\"font-family: Times New Roman, serif;\"><span style=\"font-size: medium;\"><span style=\"color: #0033cc;\"><span style=\"font-family: Arial, serif;\"><b>m \u00e9 a massa <\/b><\/span><\/span><\/span><\/span><\/p>\n<p><span style=\"font-family: Times New Roman, serif;\"><span style=\"font-size: medium;\"><span style=\"color: #0033cc;\"><span style=\"font-family: Arial, serif;\"><b>V \u00e9 a velocidade<\/b><\/span><\/span><\/span><\/span><\/p>\n<p><span style=\"font-family: Times New Roman, serif;\"><span style=\"font-size: medium;\"><span style=\"color: #0033cc;\"><span style=\"font-family: Arial, serif;\"><b>Sendo assim, para fazer a compara\u00e7\u00e3o entre energia cin\u00e9tica final e inicial<\/b><\/span><\/span><span style=\"color: #ff0000;\"><span style=\"font-family: Arial, serif;\"><b>, precisamos dividirmos um em rela\u00e7\u00e3o ao outro:<\/b><\/span><\/span><\/span><\/span><\/p>\n<p><span style=\"font-family: Times New Roman, serif;\"><span style=\"font-size: medium;\"><span style=\"color: #0033cc;\"><span style=\"font-family: Arial, serif;\"><b>Aonde:<\/b><\/span><\/span><\/span><\/span><\/p>\n<p><span style=\"font-family: Times New Roman, serif;\"><span style=\"font-size: medium;\"><span style=\"color: #0033cc;\"><span style=\"font-family: Arial, serif;\"><b>E<\/b><\/span><\/span><span style=\"color: #0033cc;\"><sub><span style=\"font-family: Arial, serif;\"><b>cf <\/b><\/span><\/sub><\/span><span style=\"color: #0033cc;\"><span style=\"font-family: Arial, serif;\"><b>\u00e9 a energia cin\u00e9tica final<\/b><\/span><\/span><\/span><\/span><\/p>\n<p><span style=\"font-family: Times New Roman, serif;\"><span style=\"font-size: medium;\"><span style=\"color: #0033cc;\"><span style=\"font-family: Arial, serif;\"><b>E<\/b><\/span><\/span><span style=\"color: #0033cc;\"><sub><span style=\"font-family: Arial, serif;\"><b>ci <\/b><\/span><\/sub><\/span><span style=\"color: #0033cc;\"><span style=\"font-family: Arial, serif;\"><b>\u00e9 a energia cin\u00e9tica inicial<\/b><\/span><\/span><\/span><\/span><\/p>\n<p><span style=\"font-family: Times New Roman, serif;\"><span style=\"font-size: medium;\"><span style=\"color: #0033cc;\"><span style=\"font-family: Arial, serif;\"><b>V<\/b><\/span><\/span><span style=\"color: #0033cc;\"><sub><span style=\"font-family: Arial, serif;\"><b>f<\/b><\/span><\/sub><\/span><span style=\"color: #0033cc;\"><span style=\"font-family: Arial, serif;\"><b> \u00e9 a velocidade final<\/b><\/span><\/span><\/span><\/span><\/p>\n<p><span style=\"font-family: Times New Roman, serif;\"><span style=\"font-size: medium;\"><span style=\"color: #0033cc;\"><span style=\"font-family: Arial, serif;\"><b>V<\/b><\/span><\/span><span style=\"color: #0033cc;\"><sub><span style=\"font-family: Arial, serif;\"><b>i<\/b><\/span><\/sub><\/span><span style=\"color: #0033cc;\"><span style=\"font-family: Arial, serif;\"><b> \u00e9 a velocidade inicial<\/b><\/span><\/span><\/span><\/span><\/p>\n<p><span style=\"font-family: Times New Roman, serif;\"><span style=\"font-size: medium;\"><span style=\"color: #0033cc;\"><span style=\"font-family: Arial, serif;\"><b>Podemos ent\u00e3o perceber que <\/b><\/span><\/span><span style=\"color: #ff0000;\"><span style=\"font-family: Arial, serif;\"><b>houve um aumento de 44% (144 \u2013 100 = 44%). Alternativa E correta.<\/b><\/span><\/span><\/span><\/span><\/p>\n<p><span style=\"font-family: Times New Roman, serif;\"><span style=\"font-size: medium;\"><span style=\"color: #0033cc;\"><span style=\"font-family: Arial Black, serif;\"><b>05 &#8211; <\/b><\/span><\/span><span style=\"color: #0033cc;\"><span style=\"font-family: Arial, serif;\"><b> Para esse exerc\u00edcio precisamos decompor as for\u00e7as:<\/b><\/span><\/span><\/span><\/span><\/p>\n<p align=\"CENTER\"><img loading=\"lazy\" decoding=\"async\" src=\"http:\/\/fisicaevestibular.com.br\/novo\/wp-content\/uploads\/universidades-2018\/ufjf\/0364590001529982898_resoluo%20ufjf%202018_html_346f6ece.png\" width=\"302\" height=\"275\" align=\"BOTTOM\" border=\"0\" \/><\/p>\n<p><span style=\"font-family: Times New Roman, serif;\"><span style=\"font-size: medium;\"><span style=\"color: #0033cc;\"><span style=\"font-family: Arial, serif;\"><b>As <\/b><\/span><\/span><span style=\"color: #ff0000;\"><span style=\"font-family: Arial, serif;\"><b>setas azuis<\/b><\/span><\/span><span style=\"color: #0033cc;\"><span style=\"font-family: Arial, serif;\"><b> representam a decomposi\u00e7\u00e3o das <\/b><\/span><\/span><span style=\"color: #ff0000;\"><span style=\"font-family: Arial, serif;\"><b>for\u00e7as em y,<\/b><\/span><\/span><span style=\"color: #0033cc;\"><span style=\"font-family: Arial, serif;\"><b> enquanto que em <\/b><\/span><\/span><span style=\"color: #ff0000;\"><span style=\"font-family: Arial, serif;\"><b>laranja s\u00e3o as for\u00e7as em x.<\/b><\/span><\/span><span style=\"color: #0033cc;\"><span style=\"font-family: Arial, serif;\"><b> Observe que como <\/b><\/span><\/span><span style=\"color: #ff0000;\"><span style=\"font-family: Arial, serif;\"><b>F<\/b><\/span><\/span><span style=\"color: #ff0000;\"><sub><span style=\"font-family: Arial, serif;\"><b>1<\/b><\/span><\/sub><\/span><span style=\"color: #ff0000;\"><span style=\"font-family: Arial, serif;\"><b> e F<\/b><\/span><\/span><span style=\"color: #ff0000;\"><sub><span style=\"font-family: Arial, serif;\"><b>2<\/b><\/span><\/sub><\/span><span style=\"color: #ff0000;\"><span style=\"font-family: Arial, serif;\"><b> possuem a mesma intensidade de valor F e o mesmo \u00e2ngulo ent\u00e3o as for\u00e7as decompostas em rela\u00e7\u00e3o ao mesmo eixo possuem a mesma for\u00e7a.<\/b><\/span><\/span><span style=\"color: #0033cc;\"><span style=\"font-family: Arial, serif;\"><b> Sabendo disso podemos perceber que <\/b><\/span><\/span><span style=\"color: #ff0000;\"><span style=\"font-family: Arial, serif;\"><b>em x as for\u00e7as se cancelam,<\/b><\/span><\/span><span style=\"color: #0033cc;\"><span style=\"font-family: Arial, serif;\"><b> restando <\/b><\/span><\/span><span style=\"color: #ff0000;\"><span style=\"font-family: Arial, serif;\"><b>apenas for\u00e7as em y ou, pelo exerc\u00edcio, de sul \u00e0 norte. As alternativas C, D e E est\u00e3o erradas.<\/b><\/span><\/span><\/span><\/span><\/p>\n<p><img loading=\"lazy\" decoding=\"async\" src=\"http:\/\/fisicaevestibular.com.br\/novo\/wp-content\/uploads\/universidades-2018\/ufjf\/0364590001529982898_resoluo%20ufjf%202018_html_65e2402f.png\" width=\"771\" height=\"444\" align=\"BOTTOM\" border=\"0\" \/><span style=\"font-family: Times New Roman, serif;\"><span style=\"font-size: medium;\"><span style=\"color: #0033cc;\"><span style=\"font-family: Arial Black, serif;\"><b>06 \u2013 <\/b><\/span><\/span><span style=\"color: #ff0000;\"><span style=\"font-family: Arial, serif;\"><b>A \u00e1gua quente s\u00f3 chega quando toda a \u00e1gua fria que j\u00e1 est\u00e1 no cano sai.<\/b><\/span><\/span><span style=\"color: #0033cc;\"><span style=\"font-family: Arial, serif;\"><b> Para come\u00e7armos esse exerc\u00edcio \u00e9 <\/b><\/span><\/span><span style=\"color: #ff0000;\"><span style=\"font-family: Arial, serif;\"><b>necess\u00e1rio descobrirmos o volume do cano instalado:<\/b><\/span><\/span><\/span><\/span><\/p>\n<p align=\"CENTER\"><span style=\"font-family: Times New Roman, serif;\"><span style=\"font-size: medium;\"><span style=\"color: #0033cc;\"><span style=\"font-family: Arial, serif;\"><b>V = A.h <\/b><\/span><\/span><\/span><\/span><\/p>\n<p><img loading=\"lazy\" decoding=\"async\" src=\"http:\/\/fisicaevestibular.com.br\/novo\/wp-content\/uploads\/universidades-2018\/ufjf\/0364590001529982898_resoluo%20ufjf%202018_html_30f72bdb.png\" width=\"770\" height=\"485\" align=\"BOTTOM\" border=\"0\" \/><img loading=\"lazy\" decoding=\"async\" src=\"http:\/\/fisicaevestibular.com.br\/novo\/wp-content\/uploads\/universidades-2018\/ufjf\/0364590001529982898_resoluo%20ufjf%202018_html_2d57ac9.png\" width=\"770\" height=\"567\" align=\"BOTTOM\" border=\"0\" \/><span style=\"font-family: Times New Roman, serif;\"><span style=\"font-size: medium;\"><span style=\"color: #0033cc;\"><span style=\"font-family: Arial, serif;\"><b>Podemos ent\u00e3o observar que <\/b><\/span><\/span><span style=\"color: #ff0000;\"><span style=\"font-family: Arial, serif;\"><b>quanto maior o raio, maior o momento de in\u00e9rcia,<\/b><\/span><\/span><span style=\"color: #0033cc;\"><span style=\"font-family: Arial, serif;\"><b> ent\u00e3o ele aumenta. <\/b><\/span><\/span><span style=\"color: #ff0000;\"><span style=\"font-family: Arial, serif;\"><b>Alternativa D correta.<\/b><\/span><\/span><\/span><\/span><\/p>\n<p><span style=\"font-family: Times New Roman, serif;\"><span style=\"font-size: medium;\"><span style=\"color: #0033cc;\"><span style=\"font-family: Arial Black, serif;\"><b>08 \u2013 <\/b><\/span><\/span><span style=\"color: #0033cc;\"><span style=\"font-family: Arial, serif;\"><b>Para as pessoas com <\/b><\/span><\/span><span style=\"color: #ff0000;\"><span style=\"font-family: Arial, serif;\"><b>miopia:<\/b><\/span><\/span><\/span><\/span><\/p>\n<p><img loading=\"lazy\" decoding=\"async\" src=\"http:\/\/fisicaevestibular.com.br\/novo\/wp-content\/uploads\/universidades-2018\/ufjf\/0364590001529982898_resoluo%20ufjf%202018_html_78ec7769.png\" width=\"770\" height=\"187\" align=\"BOTTOM\" border=\"0\" \/><\/p>\n<p><span style=\"font-family: Times New Roman, serif;\"><span style=\"font-size: medium;\"><span style=\"color: #0033cc;\"><span style=\"font-family: Arial, serif;\"><b>As <\/b><\/span><\/span><span style=\"color: #ff0000;\"><span style=\"font-family: Arial, serif;\"><b>lentes divergentes,<\/b><\/span><\/span><span style=\"color: #0033cc;\"><span style=\"font-family: Arial, serif;\"><b> por divergirem o foco, <\/b><\/span><\/span><span style=\"color: #ff0000;\"><span style=\"font-family: Arial, serif;\"><b>deslocam a imagem para tr\u00e1s.<\/b><\/span><\/span><\/span><\/span><\/p>\n<p><span style=\"font-family: Times New Roman, serif;\"><span style=\"font-size: medium;\"><span style=\"color: #0033cc;\"><span style=\"font-family: Arial, serif;\"><b>Para as pessoas com <\/b><\/span><\/span><span style=\"color: #ff0000;\"><span style=\"font-family: Arial, serif;\"><b>hipermetropia:<\/b><\/span><\/span><\/span><\/span><\/p>\n<p><img loading=\"lazy\" decoding=\"async\" src=\"http:\/\/fisicaevestibular.com.br\/novo\/wp-content\/uploads\/universidades-2018\/ufjf\/0364590001529982898_resoluo%20ufjf%202018_html_49708ba5.png\" width=\"770\" height=\"190\" align=\"BOTTOM\" border=\"0\" \/><\/p>\n<p><span style=\"font-family: Times New Roman, serif;\"><span style=\"font-size: medium;\"><span style=\"color: #0033cc;\"><span style=\"font-family: Arial, serif;\"><b>As <\/b><\/span><\/span><span style=\"color: #ff0000;\"><span style=\"font-family: Arial, serif;\"><b>lentes convergentes<\/b><\/span><\/span><span style=\"color: #0033cc;\"><span style=\"font-family: Arial, serif;\"><b>, por convergirem o foco, <\/b><\/span><\/span><span style=\"color: #ff0000;\"><span style=\"font-family: Arial, serif;\"><b>deslocam a imagem para frente.<\/b><\/span><\/span><span style=\"color: #0033cc;\"><span style=\"font-family: Arial, serif;\"><b> Ent\u00e3o Maria deve usar lentes divergentes e Fernanda convergentes. <\/b><\/span><\/span><span style=\"color: #ff0000;\"><span style=\"font-family: Arial, serif;\"><b>Alternativa correta \u00e9 a A.<\/b><\/span><\/span><\/span><\/span><\/p>\n<p><span style=\"font-family: Times New Roman, serif;\"><span style=\"font-size: medium;\"><span style=\"color: #0033cc;\"><span style=\"font-family: Arial Black, serif;\"><b>09 \u2013 <\/b><\/span><\/span><span style=\"color: #0033cc;\"><span style=\"font-family: Arial, serif;\"><b>Para resolver vamos relembrar o conceito de \u00e2ngulo limite:<\/b><\/span><\/span><img loading=\"lazy\" decoding=\"async\" src=\"http:\/\/fisicaevestibular.com.br\/novo\/wp-content\/uploads\/universidades-2018\/ufjf\/0364590001529982898_resoluo%20ufjf%202018_html_77d384bc.png\" width=\"770\" height=\"319\" align=\"BOTTOM\" border=\"0\" \/><\/span><\/span><\/p>\n<p><span style=\"font-family: Times New Roman, serif;\"><span style=\"font-size: medium;\"><span style=\"color: #0033cc;\"><span style=\"font-family: Arial, serif;\"><b>Ent\u00e3o <\/b><\/span><\/span><span style=\"color: #ff0000;\"><span style=\"font-family: Arial, serif;\"><b>para o nosso caso:<\/b><\/span><\/span><\/span><\/span><\/p>\n<p><img loading=\"lazy\" decoding=\"async\" src=\"http:\/\/fisicaevestibular.com.br\/novo\/wp-content\/uploads\/universidades-2018\/ufjf\/0364590001529982898_resoluo%20ufjf%202018_html_m616c875c.png\" width=\"770\" height=\"676\" align=\"BOTTOM\" border=\"0\" \/><span style=\"font-family: Times New Roman, serif;\"><span style=\"font-size: medium;\"><span style=\"color: #0000ff;\"><span style=\"font-family: Arial, serif;\"><b>Dividindo:<\/b><\/span><\/span><\/span><\/span><\/p>\n<p align=\"CENTER\"><span style=\"color: #ff0000;\"> <span style=\"font-family: Times New Roman, serif;\"><span style=\"font-size: medium;\"><span style=\"font-family: Arial, serif;\"><span style=\"font-size: large;\"><b>(alternativa d)<\/b><\/span><\/span><\/span><\/span><\/span><\/p>\n<p><span style=\"font-family: Times New Roman, serif;\"><span style=\"font-size: medium;\"><span style=\"color: #0033cc;\"><span style=\"font-family: Arial Black, serif;\"><b>11 \u2013 <\/b><\/span><\/span><span style=\"color: #0033cc;\"><span style=\"font-family: Arial, serif;\"><b>Vamos analisar as alternativas. Sabemos que:<\/b><\/span><\/span><\/span><\/span><\/p>\n<p align=\"CENTER\"><img loading=\"lazy\" decoding=\"async\" src=\"http:\/\/fisicaevestibular.com.br\/novo\/wp-content\/uploads\/universidades-2018\/ufjf\/0364590001529982898_resoluo%20ufjf%202018_html_m389061b1.png\" width=\"764\" height=\"163\" align=\"BOTTOM\" border=\"0\" \/><\/p>\n<p><img loading=\"lazy\" decoding=\"async\" src=\"http:\/\/fisicaevestibular.com.br\/novo\/wp-content\/uploads\/universidades-2018\/ufjf\/0364590001529982898_resoluo%20ufjf%202018_html_m42192ccb.png\" width=\"770\" height=\"744\" align=\"BOTTOM\" border=\"0\" \/><span style=\"font-family: Times New Roman, serif;\"><span style=\"font-size: medium;\"><span style=\"color: #0000ff;\"><span style=\"font-family: Arial Black, serif;\"><b>12 \u2013<\/b><\/span><\/span><b> <\/b><span style=\"color: #0000ff;\"><span style=\"font-family: Arial, serif;\"><b>Analisando as hip\u00f3teses come\u00e7ando pela I. Sabemos que<\/b><\/span><\/span><b> <\/b><span style=\"color: #ff0000;\"><span style=\"font-family: Arial, serif;\"><b>pelo efeito fotoel\u00e9trico:<\/b><\/span><\/span><\/span><\/span><\/p>\n<p align=\"CENTER\"><img loading=\"lazy\" decoding=\"async\" src=\"http:\/\/fisicaevestibular.com.br\/novo\/wp-content\/uploads\/universidades-2018\/ufjf\/0364590001529982898_resoluo%20ufjf%202018_html_2c1b21d4.png\" width=\"770\" height=\"163\" align=\"BOTTOM\" border=\"0\" \/><\/p>\n<p><span style=\"font-family: Times New Roman, serif;\"><span style=\"font-size: medium;\"><span style=\"color: #0000ff;\"><span style=\"font-family: Arial, serif;\"><b>Isolando a energia cin\u00e9tica temos:<\/b><\/span><\/span><\/span><\/span><\/p>\n<p><span style=\"font-family: Times New Roman, serif;\"><span style=\"font-size: medium;\"><span style=\"color: #0000ff;\"><span style=\"font-family: Arial, serif;\"><b>Ent\u00e3o <\/b><\/span><\/span><span style=\"color: #ff0000;\"><span style=\"font-family: Arial, serif;\"><b>a energia cin\u00e9tica e proporcional \u00e0 frequ\u00eancia,<\/b><\/span><\/span><span style=\"color: #0000ff;\"><span style=\"font-family: Arial, serif;\"><b> admitindo que estamos acima da fun\u00e7\u00e3o trabalho, ent\u00e3o <\/b><\/span><\/span><span style=\"color: #ff0000;\"><span style=\"font-family: Arial, serif;\"><b>quanto maior a frequ\u00eancia, maior a energia cin\u00e9tica dos el\u00e9trons que saem da amostra. Hip\u00f3tese I \u00e9 verdadeira.<\/b><\/span><\/span><\/span><\/span><\/p>\n<p><span style=\"font-family: Times New Roman, serif;\"><span style=\"font-size: medium;\"><span style=\"color: #0000ff;\"><span style=\"font-family: Arial, serif;\"><b>Quanto <\/b><\/span><\/span><span style=\"color: #ff0000;\"><span style=\"font-family: Arial, serif;\"><b>mais pr\u00f3ximo o el\u00e9tron se encontra do n\u00facleo, maior \u00e9 a for\u00e7a de atra\u00e7\u00e3o que \u00e9 sentida por ele,<\/b><\/span><\/span><span style=\"color: #0000ff;\"><span style=\"font-family: Arial, serif;\"><b> ent\u00e3o <\/b><\/span><\/span><span style=\"color: #ff0000;\"><span style=\"font-family: Arial, serif;\"><b>sua energia de cin\u00e9tica de sa\u00edda \u00e9 menor, <\/b><\/span><\/span><span style=\"color: #0000ff;\"><span style=\"font-family: Arial, serif;\"><b>pois \u00e9 muito mais dif\u00edcil tirar ele de l\u00e1. <\/b><\/span><\/span><span style=\"color: #ff0000;\"><span style=\"font-family: Arial, serif;\"><b>Hip\u00f3tese II \u00e9 verdadeira.<\/b><\/span><\/span><\/span><\/span><\/p>\n<p><span style=\"font-family: Times New Roman, serif;\"><span style=\"font-size: medium;\"><span style=\"color: #0000ff;\"><span style=\"font-family: Arial, serif;\"><b>Todas as <\/b><\/span><\/span><span style=\"color: #ff0000;\"><span style=\"font-family: Arial, serif;\"><b>energias de liga\u00e7\u00e3o s\u00e3o sempre quantizadas, <\/b><\/span><\/span><span style=\"color: #0000ff;\"><span style=\"font-family: Arial, serif;\"><b>isso foi provado por Planck e posteriormente adicionado ao modelo at\u00f4mico por Bohr. <\/b><\/span><\/span><span style=\"color: #ff0000;\"><span style=\"font-family: Arial, serif;\"><b>Hip\u00f3tese III \u00e9 verdadeira.<\/b><\/span><\/span><\/span><\/span><\/p>\n<p><span style=\"font-family: Times New Roman, serif;\"><span style=\"font-size: medium;\"><span style=\"color: #0000ff;\"><span style=\"font-family: Arial Black, serif;\"><b>13 \u2013 <\/b><\/span><\/span><span style=\"color: #0000ff;\"><span style=\"font-family: Arial, serif;\"><b>Vamos analisar as alternativas. Na A \u00e9 verdade que o <\/b><\/span><\/span><span style=\"color: #ff0000;\"><span style=\"font-family: Arial, serif;\"><b>cobre \u00e9 um excelente condutor, mas \u00e9 necess\u00e1rio um meio isolante,<\/b><\/span><\/span><span style=\"color: #0000ff;\"><span style=\"font-family: Arial, serif;\"><b> ent\u00e3o ele n\u00e3o pode ser utilizado como capacitor.<\/b><\/span><\/span><\/span><\/span><\/p>\n<p><span style=\"font-family: Times New Roman, serif;\"><span style=\"font-size: medium;\"><span style=\"color: #0000ff;\"><span style=\"font-family: Arial, serif;\"><b>Esse <\/b><\/span><\/span><span style=\"color: #ff0000;\"><span style=\"font-family: Arial, serif;\"><b>ac\u00famulo depende do diel\u00e9trico, pois quanto maior for sua rigidez diel\u00e9trica, mais carga ficar\u00e1 acumulada nele. Alternativa B incorreta.<\/b><\/span><\/span><\/span><\/span><\/p>\n<p><span style=\"font-family: Times New Roman, serif;\"><span style=\"font-size: medium;\"><span style=\"color: #0000ff;\"><span style=\"font-family: Arial, serif;\"><b>Para a C observe a seguir:<\/b><\/span><\/span><\/span><\/span><\/p>\n<p><img loading=\"lazy\" decoding=\"async\" src=\"http:\/\/fisicaevestibular.com.br\/novo\/wp-content\/uploads\/universidades-2018\/ufjf\/0364590001529982898_resoluo%20ufjf%202018_html_613e4008.jpg\" width=\"654\" height=\"70\" align=\"BOTTOM\" border=\"0\" \/><\/p>\n<p><span style=\"font-family: Times New Roman, serif;\"><span style=\"font-size: medium;\"><span style=\"color: #0000ff;\"><span style=\"font-family: Arial, serif;\"><b>Podemos perceber ent\u00e3o que <\/b><\/span><\/span><span style=\"color: #ff0000;\"><span style=\"font-family: Arial, serif;\"><b>a capacit\u00e2ncia \u00e9 inversamente proporcional ao potencial el\u00e9trico, <\/b><\/span><\/span><span style=\"color: #0000ff;\"><span style=\"font-family: Arial, serif;\"><b>ent\u00e3o a <\/b><\/span><\/span><span style=\"color: #ff0000;\"><span style=\"font-family: Arial, serif;\"><b>alternativa C est\u00e1 incorreta. <\/b><\/span><\/span><\/span><\/span><\/p>\n<p><span style=\"font-family: Times New Roman, serif;\"><span style=\"font-size: medium;\"><span style=\"color: #0000ff;\"><span style=\"font-family: Arial, serif;\"><b>Para o capacitor ser ideal \u00e9 necess\u00e1rio que <\/b><\/span><\/span><span style=\"color: #ff0000;\"><span style=\"font-family: Arial, serif;\"><b>n\u00e3o se tenha corrente entre as placas independente do potencial nas placas<\/b><\/span><\/span><span style=\"color: #0000ff;\"><span style=\"font-family: Arial, serif;\"><b>, ou seja, um resistor infinito, pois assim <\/b><\/span><\/span><span style=\"color: #ff0000;\"><span style=\"font-family: Arial, serif;\"><b>toda a energia fica armazenada como campo el\u00e9trico. Alternativa D incorreta.<\/b><\/span><\/span><\/span><\/span><\/p>\n<p><span style=\"font-family: Times New Roman, serif;\"><span style=\"font-size: medium;\"><span style=\"color: #0000ff;\"><span style=\"font-family: Arial, serif;\"><b>Ent\u00e3o nos resta <\/b><\/span><\/span><span style=\"color: #ff0000;\"><span style=\"font-family: Arial, serif;\"><b>apenas a E, que est\u00e1 correta, <\/b><\/span><\/span><span style=\"color: #0000ff;\"><span style=\"font-family: Arial, serif;\"><b>como podemos observar na figura assim a forma\u00e7\u00e3o das cargas.<\/b><\/span><\/span><\/span><\/span><\/p>\n<p align=\"CENTER\"><img loading=\"lazy\" decoding=\"async\" src=\"http:\/\/fisicaevestibular.com.br\/novo\/wp-content\/uploads\/universidades-2018\/ufjf\/0364590001529982898_resoluo%20ufjf%202018_html_a3ab8aa.png\" width=\"329\" height=\"164\" align=\"BOTTOM\" border=\"0\" \/><\/p>\n<p align=\"CENTER\">\n<p align=\"CENTER\">\n<p><a href=\"https:\/\/fisicaevestibular.com.br\/novo\/universidades-2016-a-2012\/\">Clique aqui para ver sobre o tema!<\/a><\/p>\n<p><a href=\"https:\/\/www.youtube.com\/user\/fisicaevestibular\/playlists\">Confira as v\u00eddeo aulas!<\/a><\/p>\n","protected":false},"excerpt":{"rendered":"<p>A\u00a0Universidade Federal de Juiz de Fora\u00a0(UFJF) \u00e9 uma institui\u00e7\u00e3o brasileira de ensino superior situada na\u00a0Zona da Mata de\u00a0Minas Gerais, na cidade de\u00a0Juiz de Fora. A qualidade da gradua\u00e7\u00e3o da\u00a0UFJF\u00a0\u00e9 reconhecida nacionalmente, tem sido atestada de forma indiscut\u00edvel pelos processos de avalia\u00e7\u00e3o implementados pelo\u00a0Minist\u00e9rio da Educa\u00e7\u00e3o e Cultura\u00a0nos \u00faltimos anos. Para ingrssar no campus de Juiz de Fora, a UFJF conta<\/p>\n","protected":false},"author":1,"featured_media":0,"parent":3353,"menu_order":0,"comment_status":"closed","ping_status":"closed","template":"","meta":{"om_disable_all_campaigns":false,"_monsterinsights_skip_tracking":false,"_monsterinsights_sitenote_active":false,"_monsterinsights_sitenote_note":"","_monsterinsights_sitenote_category":0,"footnotes":""},"class_list":["post-4034","page","type-page","status-publish","hentry"],"aioseo_notices":[],"_links":{"self":[{"href":"https:\/\/fisicaevestibular.com.br\/novo\/wp-json\/wp\/v2\/pages\/4034","targetHints":{"allow":["GET"]}}],"collection":[{"href":"https:\/\/fisicaevestibular.com.br\/novo\/wp-json\/wp\/v2\/pages"}],"about":[{"href":"https:\/\/fisicaevestibular.com.br\/novo\/wp-json\/wp\/v2\/types\/page"}],"author":[{"embeddable":true,"href":"https:\/\/fisicaevestibular.com.br\/novo\/wp-json\/wp\/v2\/users\/1"}],"replies":[{"embeddable":true,"href":"https:\/\/fisicaevestibular.com.br\/novo\/wp-json\/wp\/v2\/comments?post=4034"}],"version-history":[{"count":3,"href":"https:\/\/fisicaevestibular.com.br\/novo\/wp-json\/wp\/v2\/pages\/4034\/revisions"}],"predecessor-version":[{"id":10404,"href":"https:\/\/fisicaevestibular.com.br\/novo\/wp-json\/wp\/v2\/pages\/4034\/revisions\/10404"}],"up":[{"embeddable":true,"href":"https:\/\/fisicaevestibular.com.br\/novo\/wp-json\/wp\/v2\/pages\/3353"}],"wp:attachment":[{"href":"https:\/\/fisicaevestibular.com.br\/novo\/wp-json\/wp\/v2\/media?parent=4034"}],"curies":[{"name":"wp","href":"https:\/\/api.w.org\/{rel}","templated":true}]}}