{"id":3927,"date":"2018-04-30T18:54:30","date_gmt":"2018-04-30T18:54:30","guid":{"rendered":"http:\/\/fisicaevestibular.com.br\/novo\/?page_id=3927"},"modified":"2024-07-15T15:00:05","modified_gmt":"2024-07-15T15:00:05","slug":"faculdade-pernambucana-de-saude-fps-2018","status":"publish","type":"page","link":"https:\/\/fisicaevestibular.com.br\/novo\/universidades-2018\/faculdade-pernambucana-de-saude-fps-2018\/","title":{"rendered":"FPS &#8211; Faculdade Pernambucana de Sa\u00fade \u2013 2018"},"content":{"rendered":"<p align=\"CENTER\"><span style=\"color: #0000cc;\"><span style=\"font-family: Viner\\ Hand\\ ITC, serif;\"><span style=\"font-size: large;\"><span lang=\"pt-PT\"><b>FPS &#8211; Faculdade Pernambucana de Sa\u00fade &#8211; PE<\/b><\/span><\/span><\/span><\/span><\/p>\n<p align=\"CENTER\"><img decoding=\"async\" class=\"alignnone\" src=\"http:\/\/fisicaevestibular.com.br\/novo\/wp-content\/uploads\/universidades-2018\/fps\/FPS1_1__html_23215213.png\" alt=\"FPS\" width=\"232\" height=\"179\" name=\"Imagem 2\" align=\"BOTTOM\" border=\"0\" \/><\/p>\n<p align=\"CENTER\"><span style=\"color: #0000cc;\"><span style=\"font-family: Viner\\ Hand\\ ITC, serif;\"><span style=\"font-size: large;\"><span lang=\"pt-PT\"><b>A\u00a0<\/b><\/span><\/span><\/span><\/span><span style=\"color: #0000cc;\"><span style=\"font-family: Viner\\ Hand\\ ITC, serif;\"><span style=\"font-size: large;\"><span lang=\"pt-PT\"><b>Faculdade Pernambucana de Sa\u00fade<\/b><\/span><\/span><\/span><\/span><span style=\"color: #0000cc;\"><span style=\"font-family: Viner\\ Hand\\ ITC, serif;\"><span style=\"font-size: large;\"><span lang=\"pt-PT\"><b>\u00a0\u00e9 uma\u00a0<\/b><\/span><\/span><\/span><\/span><a href=\"https:\/\/pt.wikipedia.org\/wiki\/Institui%C3%A7%C3%A3o_de_ensino_superior\"><span style=\"color: #0000cc;\"><span style=\"font-family: Viner\\ Hand\\ ITC, serif;\"><span style=\"font-size: large;\"><span lang=\"pt-PT\"><span style=\"text-decoration: underline;\"><b>institui\u00e7\u00e3o de ensino superior<\/b><\/span><\/span><\/span><\/span><\/span><\/a><span style=\"color: #0000cc;\"><span style=\"font-family: Viner\\ Hand\\ ITC, serif;\"><span style=\"font-size: large;\"><span lang=\"pt-PT\"><b>\u00a0<\/b><\/span><\/span><\/span><\/span><a href=\"https:\/\/pt.wikipedia.org\/wiki\/Sem_fins_lucrativos\"><span style=\"color: #0000cc;\"><span style=\"font-family: Viner\\ Hand\\ ITC, serif;\"><span style=\"font-size: large;\"><span lang=\"pt-PT\"><span style=\"text-decoration: underline;\"><b>sem fins lucrativos<\/b><\/span><\/span><\/span><\/span><\/span><\/a><span style=\"color: #0000cc;\"><span style=\"font-family: Viner\\ Hand\\ ITC, serif;\"><span style=\"font-size: large;\"><span lang=\"pt-PT\"><b>\u00a0com sede em\u00a0<\/b><\/span><\/span><\/span><\/span><a href=\"https:\/\/pt.wikipedia.org\/wiki\/Recife\"><span style=\"color: #0000cc;\"><span style=\"font-family: Viner\\ Hand\\ ITC, serif;\"><span style=\"font-size: large;\"><span lang=\"pt-PT\"><span style=\"text-decoration: underline;\"><b>Recife<\/b><\/span><\/span><\/span><\/span><\/span><\/a><span style=\"color: #0000cc;\"><span style=\"font-family: Viner\\ Hand\\ ITC, serif;\"><span style=\"font-size: large;\"><span lang=\"pt-PT\"><b>\u00a0mantida pela Associa\u00e7\u00e3o Educacional de Ci\u00eancias da Sa\u00fade<\/b><\/span><\/span><\/span><\/span><a href=\"https:\/\/pt.wikipedia.org\/wiki\/Faculdade_Pernambucana_de_Sa%C3%BAde#cite_note-:0-1\"><span style=\"color: #0000cc;\"><sup><span style=\"font-family: Viner\\ Hand\\ ITC, serif;\"><span style=\"font-size: large;\"><span lang=\"pt-PT\"><span style=\"text-decoration: underline;\"><b>[1]<\/b><\/span><\/span><\/span><\/span><\/sup><\/span><\/a><span style=\"color: #0000cc;\"><span style=\"font-family: Viner\\ Hand\\ ITC, serif;\"><span style=\"font-size: large;\"><span lang=\"pt-PT\"><b>. Foi fundada em 2005 atrav\u00e9s de uma parceria entre o\u00a0<\/b><\/span><\/span><\/span><\/span><a href=\"https:\/\/pt.wikipedia.org\/wiki\/Instituto_de_Medicina_Integral_Professor_Fernando_Figueira\"><span style=\"color: #0000cc;\"><span style=\"font-family: Viner\\ Hand\\ ITC, serif;\"><span style=\"font-size: large;\"><span lang=\"pt-PT\"><span style=\"text-decoration: underline;\"><b>Instituto de Medicina Integral Professor Fernando Figueira<\/b><\/span><\/span><\/span><\/span><\/span><\/a><span style=\"color: #0000cc;\"><span style=\"font-family: Viner\\ Hand\\ ITC, serif;\"><span style=\"font-size: large;\"><span lang=\"pt-PT\"><b>\u00a0(IMIP) e a Faculdade Boa Viagem (FBV)<\/b><\/span><\/span><\/span><\/span><a href=\"https:\/\/pt.wikipedia.org\/wiki\/Faculdade_Pernambucana_de_Sa%C3%BAde#cite_note-2\"><span style=\"color: #0000cc;\"><sup><span style=\"font-family: Viner\\ Hand\\ ITC, serif;\"><span style=\"font-size: large;\"><span lang=\"pt-PT\"><span style=\"text-decoration: underline;\"><b>[2]<\/b><\/span><\/span><\/span><\/span><\/sup><\/span><\/a><span style=\"color: #0000cc;\"><span style=\"font-family: Viner\\ Hand\\ ITC, serif;\"><span style=\"font-size: large;\"><span lang=\"pt-PT\"><b>. Caracteriza-se pelo uso do m\u00e9todo de\u00a0<\/b><\/span><\/span><\/span><\/span><a href=\"https:\/\/pt.wikipedia.org\/wiki\/Aprendizagem_baseada_em_problemas\"><span style=\"color: #0000cc;\"><span style=\"font-family: Viner\\ Hand\\ ITC, serif;\"><span style=\"font-size: large;\"><span lang=\"pt-PT\"><span style=\"text-decoration: underline;\"><b>aprendizagem baseada em problemas<\/b><\/span><\/span><\/span><\/span><\/span><\/a><span style=\"color: #0000cc;\"><span style=\"font-family: Viner\\ Hand\\ ITC, serif;\"><span style=\"font-size: large;\"><span lang=\"pt-PT\"><b>\u00a0(ABP), sendo uma das insituti\u00e7\u00f5es pioneiras a aplic\u00e1-lo na \u00e1rea de sa\u00fade.<\/b><\/span><\/span><\/span><\/span><\/p>\n<p align=\"CENTER\"><span style=\"color: #c00000;\"><span style=\"font-family: Viner\\ Hand\\ ITC, serif;\"><span style=\"font-size: large;\"><span lang=\"pt-PT\"><b>A faculdade oferece seis\u00a0<\/b><\/span><\/span><\/span><\/span><a href=\"https:\/\/pt.wikipedia.org\/wiki\/Gradua%C3%A7%C3%A3o\"><span style=\"color: #c00000;\"><span style=\"font-family: Viner\\ Hand\\ ITC, serif;\"><span style=\"font-size: large;\"><span lang=\"pt-PT\"><span style=\"text-decoration: underline;\"><b>cursos de gradua\u00e7\u00e3o<\/b><\/span><\/span><\/span><\/span><\/span><\/a><span style=\"color: #c00000;\"><span style=\"font-family: Viner\\ Hand\\ ITC, serif;\"><span style=\"font-size: large;\"><span lang=\"pt-PT\"><b>, dois cursos de\u00a0<\/b><\/span><\/span><\/span><\/span><a href=\"https:\/\/pt.wikipedia.org\/wiki\/Mestrado\"><span style=\"color: #c00000;\"><span style=\"font-family: Viner\\ Hand\\ ITC, serif;\"><span style=\"font-size: large;\"><span lang=\"pt-PT\"><span style=\"text-decoration: underline;\"><b>mestrado<\/b><\/span><\/span><\/span><\/span><\/span><\/a><span style=\"color: #c00000;\"><span style=\"font-family: Viner\\ Hand\\ ITC, serif;\"><span style=\"font-size: large;\"><span lang=\"pt-PT\"><b>\u00a0e diversas\u00a0<\/b><\/span><\/span><\/span><\/span><a href=\"https:\/\/pt.wikipedia.org\/wiki\/Especializa%C3%A7%C3%A3o\"><span style=\"color: #c00000;\"><span style=\"font-family: Viner\\ Hand\\ ITC, serif;\"><span style=\"font-size: large;\"><span lang=\"pt-PT\"><span style=\"text-decoration: underline;\"><b>especializa\u00e7\u00f5es<\/b><\/span><\/span><\/span><\/span><\/span><\/a><span style=\"color: #c00000;\"><span style=\"font-family: Viner\\ Hand\\ ITC, serif;\"><span style=\"font-size: large;\"><span lang=\"pt-PT\"><b>.<\/b><\/span><\/span><\/span><\/span><\/p>\n<p align=\"CENTER\"><a href=\"https:\/\/pt.wikipedia.org\/wiki\/Farm%C3%A1cia\"><span style=\"color: #c00000;\"><span style=\"font-family: Viner\\ Hand\\ ITC, serif;\"><span style=\"font-size: large;\"><span lang=\"pt-PT\"><span style=\"text-decoration: underline;\"><b>Farm\u00e1cia;<\/b><\/span><\/span><\/span><\/span><\/span><\/a><\/p>\n<p align=\"CENTER\"><a href=\"https:\/\/pt.wikipedia.org\/wiki\/Nutri%C3%A7%C3%A3o\"><span style=\"color: #c00000;\"><span style=\"font-family: Viner\\ Hand\\ ITC, serif;\"><span style=\"font-size: large;\"><span lang=\"pt-PT\"><span style=\"text-decoration: underline;\"><b>Nutri\u00e7\u00e3o<\/b><\/span><\/span><\/span><\/span><\/span><\/a><span style=\"color: #c00000;\"><span style=\"font-family: Viner\\ Hand\\ ITC, serif;\"><span style=\"font-size: large;\"><span lang=\"pt-PT\"><b>;<\/b><\/span><\/span><\/span><\/span><\/p>\n<p align=\"CENTER\"><a href=\"https:\/\/pt.wikipedia.org\/wiki\/Enfermagem\"><span style=\"color: #c00000;\"><span style=\"font-family: Viner\\ Hand\\ ITC, serif;\"><span style=\"font-size: large;\"><span lang=\"pt-PT\"><span style=\"text-decoration: underline;\"><b>Enfermagem<\/b><\/span><\/span><\/span><\/span><\/span><\/a><span style=\"color: #c00000;\"><span style=\"font-family: Viner\\ Hand\\ ITC, serif;\"><span style=\"font-size: large;\"><span lang=\"pt-PT\"><b>;<\/b><\/span><\/span><\/span><\/span><\/p>\n<p align=\"CENTER\"><a href=\"https:\/\/pt.wikipedia.org\/wiki\/Psicologia\"><span style=\"color: #c00000;\"><span style=\"font-family: Viner\\ Hand\\ ITC, serif;\"><span style=\"font-size: large;\"><span lang=\"pt-PT\"><span style=\"text-decoration: underline;\"><b>Psicologia<\/b><\/span><\/span><\/span><\/span><\/span><\/a><span style=\"color: #c00000;\"><span style=\"font-family: Viner\\ Hand\\ ITC, serif;\"><span style=\"font-size: large;\"><span lang=\"pt-PT\"><b>;<\/b><\/span><\/span><\/span><\/span><\/p>\n<p align=\"CENTER\"><a href=\"https:\/\/pt.wikipedia.org\/wiki\/Fisioterapia\"><span style=\"color: #c00000;\"><span style=\"font-family: Viner\\ Hand\\ ITC, serif;\"><span style=\"font-size: large;\"><span lang=\"pt-PT\"><span style=\"text-decoration: underline;\"><b>Fisioterapia<\/b><\/span><\/span><\/span><\/span><\/span><\/a><span style=\"color: #c00000;\"><span style=\"font-family: Viner\\ Hand\\ ITC, serif;\"><span style=\"font-size: large;\"><span lang=\"pt-PT\"><b>;<\/b><\/span><\/span><\/span><\/span><\/p>\n<p align=\"CENTER\"><span style=\"color: #0000cc;\"><span style=\"font-family: Viner\\ Hand\\ ITC, serif;\"><span style=\"font-size: large;\"><b>Tamb\u00e9m s\u00e3o oferecidos os seguintes cursos de mestrado profissional:<\/b><\/span><\/span><\/span><\/p>\n<p align=\"CENTER\"><span style=\"color: #c00000;\"><span style=\"font-family: Viner\\ Hand\\ ITC, serif;\"><span style=\"font-size: large;\"><b>Psicologia da Sa\u00fade;<\/b><\/span><\/span><\/span><\/p>\n<p align=\"CENTER\"><span style=\"color: #c00000;\"><span style=\"font-family: Viner\\ Hand\\ ITC, serif;\"><span style=\"font-size: large;\"><b>Educa\u00e7\u00e3o para o Ensino na \u00c1rea de Sa\u00fade.<\/b><\/span><\/span><\/span><\/p>\n<p align=\"CENTER\"><span style=\"color: #0000cc;\"><span style=\"font-family: Viner\\ Hand\\ ITC, serif;\"><span style=\"font-size: large;\"><b>A partir de 2017 a FPS passou a realizar dois vestibulares por ano para todos os cursos:\u00a0<\/b><\/span><\/span><\/span><a href=\"https:\/\/www.fps.edu.br\/cursos\/graduacao\/enfermagem\"><span style=\"color: #0000cc;\"><span style=\"font-family: Viner\\ Hand\\ ITC, serif;\"><span style=\"font-size: large;\"><b>Enfermagem<\/b><\/span><\/span><\/span><\/a><span style=\"color: #0000cc;\"><span style=\"font-family: Viner\\ Hand\\ ITC, serif;\"><span style=\"font-size: large;\"><b>,\u00a0<\/b><\/span><\/span><\/span><a href=\"https:\/\/www.fps.edu.br\/cursos\/graduacao\/farmacia\"><span style=\"color: #0000cc;\"><span style=\"font-family: Viner\\ Hand\\ ITC, serif;\"><span style=\"font-size: large;\"><b>Farm\u00e1cia<\/b><\/span><\/span><\/span><\/a><span style=\"color: #0000cc;\"><span style=\"font-family: Viner\\ Hand\\ ITC, serif;\"><span style=\"font-size: large;\">,\u00a0<\/span><\/span><\/span><a href=\"https:\/\/www.fps.edu.br\/cursos\/graduacao\/fisioterapia\"><span style=\"color: #0000cc;\"><span style=\"font-family: Viner\\ Hand\\ ITC, serif;\"><span style=\"font-size: large;\"><b>Fisioterapia<\/b><\/span><\/span><\/span><\/a><span style=\"color: #0000cc;\"><span style=\"font-family: Viner\\ Hand\\ ITC, serif;\"><span style=\"font-size: large;\">,\u00a0<\/span><\/span><\/span><a href=\"https:\/\/www.fps.edu.br\/cursos\/graduacao\/medicina\"><span style=\"color: #0000cc;\"><span style=\"font-family: Viner\\ Hand\\ ITC, serif;\"><span style=\"font-size: large;\"><b>Medicina<\/b><\/span><\/span><\/span><\/a><span style=\"color: #0000cc;\"><span style=\"font-family: Viner\\ Hand\\ ITC, serif;\"><span style=\"font-size: large;\">,\u00a0<\/span><\/span><\/span><a href=\"https:\/\/www.fps.edu.br\/cursos\/graduacao\/nutricao\"><span style=\"color: #0000cc;\"><span style=\"font-family: Viner\\ Hand\\ ITC, serif;\"><span style=\"font-size: large;\"><b>Nutri\u00e7\u00e3o<\/b><\/span><\/span><\/span><\/a><span style=\"color: #0000cc;\"><span style=\"font-family: Viner\\ Hand\\ ITC, serif;\"><span style=\"font-size: large;\">\u00a0e\u00a0<\/span><\/span><\/span><a href=\"https:\/\/www.fps.edu.br\/cursos\/graduacao\/psicologia\"><span style=\"color: #0000cc;\"><span style=\"font-family: Viner\\ Hand\\ ITC, serif;\"><span style=\"font-size: large;\"><b>Psicologia<\/b><\/span><\/span><\/span><\/a><span style=\"color: #0000cc;\"><span style=\"font-family: Viner\\ Hand\\ ITC, serif;\"><span style=\"font-size: large;\">.<\/span><\/span><\/span><span style=\"color: #0000cc;\"><span style=\"font-family: Viner\\ Hand\\ ITC, serif;\"><span style=\"font-size: large;\"><b>\u00a0A sele\u00e7\u00e3o ocorre sempre ao final de cada semestre.<\/b><\/span><\/span><\/span><\/p>\n<p align=\"CENTER\"><span style=\"color: #0000cc;\"><span style=\"font-family: Viner\\ Hand\\ ITC, serif;\"><span style=\"font-size: large;\"><b>processo seletivo \u00e9 realizado atrav\u00e9s de provas compostas por quest\u00f5es objetivas e reda\u00e7\u00e3o, em datas pr\u00e9-estabelecidas no\u00a0<a href=\"https:\/\/www.fps.edu.br\/afps\/campusfps\/campus-fps\">Campus da FPS<\/a>.<\/b><\/span><\/span><\/span><\/p>\n<p align=\"CENTER\"><span style=\"color: #0000cc;\"><span style=\"font-family: Viner\\ Hand\\ ITC, serif;\"><span style=\"font-size: large;\"><b>O maior complexo hospitalar de ensino do Norte-Nordeste, o\u00a0<a href=\"http:\/\/www1.imip.org.br\/imip\/home\/index.html\">IMIP<\/a>, coloca \u00e0 disposi\u00e7\u00e3o dos estudantes da FPS cen\u00e1rios variados como campo de pr\u00e1tica profissional, entre eles o de extens\u00e3o comunit\u00e1ria, que assiste cerca de 70.000 pessoas nos munic\u00edpios de Olinda e Recife com 19 equipes de sa\u00fade da fam\u00edlia.<\/b><\/span><\/span><\/span><\/p>\n<p><span style=\"color: #0000cc;\"><span style=\"font-family: Arial\\ Black, serif;\"><span style=\"font-size: large;\"><b>01-(Faculdade Pernambucana de Sa\u00fade \u2013 FPS \u2013 PE &#8211; 018)<\/b><\/span><\/span><\/span><\/p>\n<p><img fetchpriority=\"high\" decoding=\"async\" src=\"http:\/\/fisicaevestibular.com.br\/novo\/wp-content\/uploads\/universidades-2018\/fps\/FPS1_1__html_742f3f41.png\" alt=\"\" width=\"607\" height=\"159\" name=\"Imagem 41\" align=\"BOTTOM\" border=\"0\" \/><\/p>\n<p><span style=\"color: #c00000;\"><span style=\"font-family: Arial, serif;\"><span style=\"font-size: medium;\"><b>Um <\/b><\/span><\/span><\/span><span style=\"color: #0000cc;\"><span style=\"font-family: Arial, serif;\"><span style=\"font-size: medium;\"><b>autom\u00f3vel passa por um posto da pol\u00edcia rodovi\u00e1ria <\/b><\/span><\/span><\/span><span style=\"color: #c00000;\"><span style=\"font-family: Arial, serif;\"><span style=\"font-size: medium;\"><b>com uma <\/b><\/span><\/span><\/span><span style=\"color: #0000cc;\"><span style=\"font-family: Arial, serif;\"><span style=\"font-size: medium;\"><b>velocidade constante de 108 km\/h. Neste instante, <\/b><\/span><\/span><\/span><span style=\"color: #c00000;\"><span style=\"font-family: Arial, serif;\"><span style=\"font-size: medium;\"><b>um <\/b><\/span><\/span><\/span><span style=\"color: #0000cc;\"><span style=\"font-family: Arial, serif;\"><span style=\"font-size: medium;\"><b>policial inicia a persegui\u00e7\u00e3o ao autom\u00f3vel com uma motocicleta, partindo do <\/b><\/span><\/span><\/span><\/p>\n<p align=\"CENTER\"><img decoding=\"async\" src=\"http:\/\/fisicaevestibular.com.br\/novo\/wp-content\/uploads\/universidades-2018\/fps\/FPS1_1__html_3149ffec.png\" alt=\"\" width=\"780\" height=\"172\" name=\"Imagem 8\" align=\"BOTTOM\" border=\"0\" \/><\/p>\n<p><span style=\"color: #0000cc;\"><span style=\"font-family: Arial, serif;\"><span style=\"font-size: medium;\"><b>repouso, <\/b><\/span><\/span><\/span><span style=\"color: #c00000;\"><span style=\"font-family: Arial, serif;\"><span style=\"font-size: medium;\"><b>com <\/b><\/span><\/span><\/span><span style=\"color: #0000cc;\"><span style=\"font-family: Arial, serif;\"><span style=\"font-size: medium;\"><b>acelera\u00e7\u00e3o constante.<\/b><\/span><\/span><\/span><b> <\/b><\/p>\n<p><span style=\"color: #c00000;\"><span style=\"font-family: Arial, serif;\"><span style=\"font-size: medium;\"><b>Determine a <\/b><\/span><\/span><\/span><span style=\"color: #0000cc;\"><span style=\"font-family: Arial, serif;\"><span style=\"font-size: medium;\"><b>acelera\u00e7\u00e3o m\u00ednima constante que a moto do policial <\/b><\/span><\/span><\/span><span style=\"color: #c00000;\"><span style=\"font-family: Arial, serif;\"><span style=\"font-size: medium;\"><b>deve ter para <\/b><\/span><\/span><\/span><span style=\"color: #0000cc;\"><span style=\"font-family: Arial, serif;\"><span style=\"font-size: medium;\"><b>alcan\u00e7ar o carro em 1 minuto, ap\u00f3s iniciada a persegui\u00e7\u00e3o. <\/b><\/span><\/span><\/span><\/p>\n<p><span style=\"color: #c00000;\"><span style=\"font-family: Arial, serif;\"><span style=\"font-size: medium;\"><b>Durante <\/b><\/span><\/span><\/span><span style=\"color: #0000cc;\"><span style=\"font-family: Arial, serif;\"><span style=\"font-size: medium;\"><b>toda a persegui\u00e7\u00e3o, <\/b><\/span><\/span><\/span><span style=\"color: #c00000;\"><span style=\"font-family: Arial, serif;\"><span style=\"font-size: medium;\"><b>o autom\u00f3vel <\/b><\/span><\/span><\/span><span style=\"color: #0000cc;\"><span style=\"font-family: Arial, serif;\"><span style=\"font-size: medium;\"><b>permanece com a mesma velocidade de 108 km\/h. <\/b><\/span><\/span><\/span><\/p>\n<p><span style=\"color: #c00000;\"><span style=\"font-family: Arial, serif;\"><span style=\"font-size: medium;\"><b>D\u00ea sua <\/b><\/span><\/span><\/span><span style=\"color: #0000cc;\"><span style=\"font-family: Arial, serif;\"><span style=\"font-size: medium;\"><b>resposta<\/b><\/span><\/span><\/span><span style=\"color: #c00000;\"><span style=\"font-family: Arial, serif;\"><span style=\"font-size: medium;\"><b> em <\/b><\/span><\/span><\/span><span style=\"color: #0000cc;\"><span style=\"font-family: Arial, serif;\"><span style=\"font-size: medium;\"><b>m\/s<\/b><\/span><\/span><\/span><span style=\"color: #0000cc;\"><sup><span style=\"font-family: Arial, serif;\"><span style=\"font-size: medium;\"><b>2<\/b><\/span><\/span><\/sup><\/span><span style=\"color: #0000cc;\"><span style=\"font-family: Arial, serif;\"><span style=\"font-size: medium;\"><b>.<\/b><\/span><\/span><\/span><\/p>\n<p><img loading=\"lazy\" decoding=\"async\" src=\"http:\/\/fisicaevestibular.com.br\/novo\/wp-content\/uploads\/universidades-2018\/fps\/FPS1_1__html_64560c84.png\" alt=\"\" width=\"775\" height=\"23\" name=\"Imagem 9\" align=\"BOTTOM\" border=\"0\" \/><\/p>\n<p><span style=\"color: #0000cc;\"><span style=\"font-family: Arial\\ Black, serif;\"><span style=\"font-size: large;\"><b>02-(Faculdade Pernambucana de Sa\u00fade \u2013 FPS \u2013 PE &#8211; 018)<\/b><\/span><\/span><\/span><\/p>\n<p><img loading=\"lazy\" decoding=\"async\" src=\"http:\/\/fisicaevestibular.com.br\/novo\/wp-content\/uploads\/universidades-2018\/fps\/FPS1_1__html_415875bd.png\" alt=\"\" width=\"670\" height=\"148\" name=\"Imagem 49\" align=\"BOTTOM\" border=\"0\" \/><\/p>\n<p><span style=\"color: #0000cc;\"><span style=\"font-family: Arial, serif;\"><span style=\"font-size: medium;\"><b>Dois ciclistas percorrem uma pista circular,<\/b><\/span><\/span><\/span><span style=\"color: #c00000;\"><span style=\"font-family: Arial, serif;\"><span style=\"font-size: medium;\"><b> no <\/b><\/span><\/span><\/span><span style=\"color: #0000cc;\"><span style=\"font-family: Arial, serif;\"><span style=\"font-size: medium;\"><b>mesmo sentido<\/b><\/span><\/span><\/span><span style=\"color: #c00000;\"><span style=\"font-family: Arial, serif;\"><span style=\"font-size: medium;\"><b> e <\/b><\/span><\/span><\/span><span style=\"color: #0000cc;\"><span style=\"font-family: Arial, serif;\"><span style=\"font-size: medium;\"><b>com movimento uniforme. <\/b><\/span><\/span><\/span><\/p>\n<p><span style=\"color: #c00000;\"><span style=\"font-family: Arial, serif;\"><span style=\"font-size: medium;\"><b>A <\/b><\/span><\/span><\/span><span style=\"color: #0000cc;\"><span style=\"font-family: Arial, serif;\"><span style=\"font-size: medium;\"><b>velocidade angular do ciclista A \u00e9 W<\/b><\/span><\/span><\/span><span style=\"color: #0000cc;\"><sub><span style=\"font-family: Arial, serif;\"><span style=\"font-size: medium;\"><b>A<\/b><\/span><\/span><\/sub><\/span><span style=\"color: #0000cc;\"><span style=\"font-family: Arial, serif;\"><span style=\"font-size: medium;\"><b> = 2,5 rad\/s; <\/b><\/span><\/span><\/span><span style=\"color: #c00000;\"><span style=\"font-family: Arial, serif;\"><span style=\"font-size: medium;\"><b>e a <\/b><\/span><\/span><\/span><span style=\"color: #0000cc;\"><span style=\"font-family: Arial, serif;\"><span style=\"font-size: medium;\"><b>velocidade angular do ciclista B \u00e9 W<\/b><\/span><\/span><\/span><span style=\"color: #0000cc;\"><sub><span style=\"font-family: Arial, serif;\"><span style=\"font-size: medium;\"><b>B<\/b><\/span><\/span><\/sub><\/span><span style=\"color: #0000cc;\"><span style=\"font-family: Arial, serif;\"><span style=\"font-size: medium;\"><b> = 2,4 rad\/s.<\/b><\/span><\/span><\/span><\/p>\n<p><img loading=\"lazy\" decoding=\"async\" src=\"http:\/\/fisicaevestibular.com.br\/novo\/wp-content\/uploads\/universidades-2018\/fps\/FPS1_1__html_a4ed4e12.png\" alt=\"\" width=\"775\" height=\"227\" name=\"Imagem 33\" align=\"BOTTOM\" border=\"0\" \/><\/p>\n<p><span style=\"color: #0000cc;\"><span style=\"font-family: Arial, serif;\"><span style=\"font-size: medium;\"><b>Ambos os ciclistas passam por um determinado ponto da pista no mesmo instante de tempo. Determine em quanto tempo, depois desse instante, o ciclista A estar\u00e1 com uma volta de vantagem sobre o ciclista B. <\/b><\/span><\/span><\/span><\/p>\n<p><span style=\"color: #c00000;\"><span style=\"font-family: Arial, serif;\"><span style=\"font-size: medium;\"><b>Neste problema <\/b><\/span><\/span><\/span><span style=\"color: #0000cc;\"><span style=\"font-family: Arial, serif;\"><span style=\"font-size: medium;\"><b>considere o valor de <img decoding=\"async\" src=\"http:\/\/fisicaevestibular.com.br\/novo\/wp-content\/uploads\/universidades-2018\/fps\/FPS1_1__html_a5e22b61.gif\" alt=\"\" align=\"ABSMIDDLE\" hspace=\"8\" \/><\/b><\/span><\/span><\/span><span style=\"color: #0000cc;\"><span style=\"font-family: Arial, serif;\"><span style=\"font-size: medium;\"><b>= 3<\/b><\/span><\/span><\/span><span style=\"color: #c00000;\"><span style=\"font-family: Arial, serif;\"><span style=\"font-size: medium;\"><b>. <\/b><\/span><\/span><\/span><span style=\"color: #0000cc;\"><span style=\"font-family: Arial, serif;\"><span style=\"font-size: medium;\"><b>D\u00ea<\/b><\/span><\/span><\/span><span style=\"color: #c00000;\"><span style=\"font-family: Arial, serif;\"><span style=\"font-size: medium;\"><b> a resposta em <\/b><\/span><\/span><\/span><span style=\"color: #0000cc;\"><span style=\"font-family: Arial, serif;\"><span style=\"font-size: medium;\"><b>segundos<\/b><\/span><\/span><\/span><\/p>\n<p><img loading=\"lazy\" decoding=\"async\" src=\"http:\/\/fisicaevestibular.com.br\/novo\/wp-content\/uploads\/universidades-2018\/fps\/FPS1_1__html_495f57cf.png\" alt=\"\" width=\"775\" height=\"23\" name=\"Imagem 6\" align=\"BOTTOM\" border=\"0\" \/><\/p>\n<p><span style=\"color: #0000cc;\"><span style=\"font-family: Arial\\ Black, serif;\"><span style=\"font-size: large;\"><b>03-(Faculdade Pernambucana de Sa\u00fade \u2013 FPS \u2013 PE &#8211; 018)<\/b><\/span><\/span><\/span><\/p>\n<p><img loading=\"lazy\" decoding=\"async\" src=\"http:\/\/fisicaevestibular.com.br\/novo\/wp-content\/uploads\/universidades-2018\/fps\/FPS1_1__html_d6525beb.png\" alt=\"\" width=\"636\" height=\"165\" name=\"Imagem 54\" align=\"BOTTOM\" border=\"0\" \/><\/p>\n<p><img loading=\"lazy\" decoding=\"async\" src=\"http:\/\/fisicaevestibular.com.br\/novo\/wp-content\/uploads\/universidades-2018\/fps\/FPS1_1__html_914727ca.png\" alt=\"\" width=\"780\" height=\"188\" name=\"Imagem 30\" align=\"BOTTOM\" border=\"0\" \/><\/p>\n<p><img loading=\"lazy\" decoding=\"async\" src=\"http:\/\/fisicaevestibular.com.br\/novo\/wp-content\/uploads\/universidades-2018\/fps\/FPS1_1__html_ae9b9fa1.png\" alt=\"\" width=\"775\" height=\"126\" name=\"Imagem 31\" align=\"BOTTOM\" border=\"0\" \/><\/p>\n<p><span style=\"color: #c00000;\"><span style=\"font-family: Arial, serif;\"><span style=\"font-size: medium;\"><b>A partir dos <\/b><\/span><\/span><\/span><span style=\"color: #0000cc;\"><span style=\"font-family: Arial, serif;\"><span style=\"font-size: medium;\"><b>dados acima, determine o n\u00famero m\u00ednimo de pain\u00e9is, de 1,0 m<\/b><\/span><\/span><\/span><span style=\"color: #0000cc;\"><sup><span style=\"font-family: Arial, serif;\"><span style=\"font-size: medium;\"><b>2<\/b><\/span><\/span><\/sup><\/span><span style=\"color: #0000cc;\"><span style=\"font-family: Arial, serif;\"><span style=\"font-size: medium;\"><b> de \u00e1rea cada, necess\u00e1rios para satisfazer seu consumo m\u00e9<img loading=\"lazy\" decoding=\"async\" src=\"http:\/\/fisicaevestibular.com.br\/novo\/wp-content\/uploads\/universidades-2018\/fps\/FPS1_1__html_83a117e1.png\" alt=\"\" width=\"775\" height=\"20\" name=\"Imagem 28\" align=\"BOTTOM\" border=\"0\" \/><\/b><\/span><\/span><\/span><\/p>\n<p><span style=\"color: #0000cc;\"><span style=\"font-family: Arial\\ Black, serif;\"><span style=\"font-size: large;\"><b>04-(Faculdade Pernambucana de Sa\u00fade \u2013 FPS \u2013 PE &#8211; 018)<\/b><\/span><\/span><\/span><\/p>\n<p><img loading=\"lazy\" decoding=\"async\" src=\"http:\/\/fisicaevestibular.com.br\/novo\/wp-content\/uploads\/universidades-2018\/fps\/FPS1_1__html_87e2730d.png\" alt=\"\" width=\"353\" height=\"151\" name=\"Imagem 59\" align=\"BOTTOM\" border=\"0\" \/><\/p>\n<p><span style=\"color: #c00000;\"><span style=\"font-family: Arial, serif;\"><span style=\"font-size: medium;\"><b>A <\/b><\/span><\/span><\/span><span style=\"color: #0000cc;\"><span style=\"font-family: Arial, serif;\"><span style=\"font-size: medium;\"><b>figura <\/b><\/span><\/span><\/span><span style=\"color: #c00000;\"><span style=\"font-family: Arial, serif;\"><span style=\"font-size: medium;\"><b>mostra o <\/b><\/span><\/span><\/span><span style=\"color: #0000cc;\"><span style=\"font-family: Arial, serif;\"><span style=\"font-size: medium;\"><b>diagrama de fase (press\u00e3o vs. temperatura) da \u00e1gua.<\/b><\/span><\/span><\/span><\/p>\n<p align=\"CENTER\"><img loading=\"lazy\" decoding=\"async\" src=\"http:\/\/fisicaevestibular.com.br\/novo\/wp-content\/uploads\/universidades-2018\/fps\/FPS1_1__html_ab134ef3.png\" alt=\"\" width=\"714\" height=\"216\" name=\"Imagem 37\" align=\"BOTTOM\" border=\"0\" \/><\/p>\n<p><span style=\"color: #0000cc;\"><span style=\"font-family: Arial, serif;\"><span style=\"font-size: medium;\"><b>Baseado nesse gr\u00e1fico,<\/b><\/span><\/span><\/span><span style=\"color: #c00000;\"><span style=\"font-family: Arial, serif;\"><span style=\"font-size: medium;\"><b> podemos <\/b><\/span><\/span><\/span><span style=\"color: #0000cc;\"><span style=\"font-family: Arial, serif;\"><span style=\"font-size: medium;\"><b>afirmar que o uso da panela de press\u00e3o \u00e9 mais eficiente para o cozimento de alimentos? <\/b><\/span><\/span><\/span><\/p>\n<p><span style=\"color: #0000cc;\"><span style=\"font-family: Arial, serif;\"><span style=\"font-size: medium;\"><b>A) Sim, <\/b><\/span><\/span><\/span><span style=\"color: #c00000;\"><span style=\"font-family: Arial, serif;\"><span style=\"font-size: medium;\"><b>pois o vapor liberado pela v\u00e1lvula de seguran\u00e7a provoca agita\u00e7\u00e3o no alimento, tornando o processo mais eficiente. <\/b><\/span><\/span><\/span><\/p>\n<p><span style=\"color: #0000cc;\"><span style=\"font-family: Arial, serif;\"><span style=\"font-size: medium;\"><b>B) Sim, <\/b><\/span><\/span><\/span><span style=\"color: #c00000;\"><span style=\"font-family: Arial, serif;\"><span style=\"font-size: medium;\"><b>pois as panelas s\u00e3o feitas de metal que absorvem mais calor. <\/b><\/span><\/span><\/span><\/p>\n<p><span style=\"color: #0000cc;\"><span style=\"font-family: Arial, serif;\"><span style=\"font-size: medium;\"><b>C) Sim, <\/b><\/span><\/span><\/span><span style=\"color: #c00000;\"><span style=\"font-family: Arial, serif;\"><span style=\"font-size: medium;\"><b>pois a temperatura no interior atinge valores acima da temperatura de ebuli\u00e7\u00e3o da \u00e1gua em recipientes abertos. <\/b><\/span><\/span><\/span><\/p>\n<p><span style=\"color: #0000cc;\"><span style=\"font-family: Arial, serif;\"><span style=\"font-size: medium;\"><b>D) Sim,<\/b><\/span><\/span><\/span><span style=\"color: #c00000;\"><span style=\"font-family: Arial, serif;\"><span style=\"font-size: medium;\"><b> pois quanto maior for a press\u00e3o interna mais facilmente a \u00e1gua se transforma em vapor. <\/b><\/span><\/span><\/span><\/p>\n<p><span style=\"color: #0000cc;\"><span style=\"font-family: Arial, serif;\"><span style=\"font-size: medium;\"><b>E) Sim, <\/b><\/span><\/span><\/span><span style=\"color: #c00000;\"><span style=\"font-family: Arial, serif;\"><span style=\"font-size: medium;\"><b>pois embora a temperatura de ebuli\u00e7\u00e3o da \u00e1gua nunca possa ser maior do que 100\u00baC, o metal da panela atinge temperaturas maiores do que 100\u00baC. <\/b><\/span><\/span><\/span><\/p>\n<p><span style=\"color: #0000cc;\"><span style=\"font-family: Arial\\ Black, serif;\"><span style=\"font-size: large;\"><b>05-(Faculdade Pernambucana de Sa\u00fade \u2013 FPS \u2013 PE &#8211; 018)<\/b><\/span><\/span><\/span><\/p>\n<p><img loading=\"lazy\" decoding=\"async\" src=\"http:\/\/fisicaevestibular.com.br\/novo\/wp-content\/uploads\/universidades-2018\/fps\/FPS1_1__html_44afdef9.png\" alt=\"\" width=\"496\" height=\"164\" name=\"Imagem 63\" align=\"BOTTOM\" border=\"0\" \/><\/p>\n<p><span style=\"color: #0000cc;\"><span style=\"font-family: Arial, serif;\"><span style=\"font-size: medium;\"><b>Um mol <\/b><\/span><\/span><\/span><span style=\"color: #c00000;\"><span style=\"font-family: Arial, serif;\"><span style=\"font-size: medium;\"><b>de um <\/b><\/span><\/span><\/span><span style=\"color: #0000cc;\"><span style=\"font-family: Arial, serif;\"><span style=\"font-size: medium;\"><b>g\u00e1s monoat\u00f4mico ideal<\/b><\/span><\/span><\/span><span style=\"color: #c00000;\"><span style=\"font-family: Arial, serif;\"><span style=\"font-size: medium;\"><b> sofre uma <\/b><\/span><\/span><\/span><span style=\"color: #0000cc;\"><span style=\"font-family: Arial, serif;\"><span style=\"font-size: medium;\"><b>transforma\u00e7\u00e3o termodin\u00e2mica A <img decoding=\"async\" src=\"http:\/\/fisicaevestibular.com.br\/novo\/wp-content\/uploads\/universidades-2018\/fps\/FPS1_1__html_48c21b50.gif\" alt=\"\" align=\"ABSMIDDLE\" hspace=\"8\" \/> B <img decoding=\"async\" src=\"http:\/\/fisicaevestibular.com.br\/novo\/wp-content\/uploads\/universidades-2018\/fps\/FPS1_1__html_48c21b50.gif\" alt=\"\" align=\"ABSMIDDLE\" hspace=\"8\" \/> C, <\/b><\/span><\/span><\/span><span style=\"color: #c00000;\"><span style=\"font-family: Arial, serif;\"><span style=\"font-size: medium;\"><b>indicada no <\/b><\/span><\/span><\/span><span style=\"color: #0000cc;\"><span style=\"font-family: Arial, serif;\"><span style=\"font-size: medium;\"><b>diagrama PxV da figura. <\/b><\/span><\/span><\/span><\/p>\n<p><img loading=\"lazy\" decoding=\"async\" src=\"http:\/\/fisicaevestibular.com.br\/novo\/wp-content\/uploads\/universidades-2018\/fps\/FPS1_1__html_e95018c3.png\" alt=\"\" width=\"785\" height=\"197\" name=\"Imagem 44\" align=\"BOTTOM\" border=\"0\" \/><\/p>\n<p><span style=\"color: #0000cc;\"><span style=\"font-family: Arial, serif;\"><span style=\"font-size: medium;\"><b>Calcule<\/b><\/span><\/span><\/span><span style=\"color: #c00000;\"><span style=\"font-family: Arial, serif;\"><span style=\"font-size: medium;\"><b> o <\/b><\/span><\/span><\/span><span style=\"color: #0000cc;\"><span style=\"font-family: Arial, serif;\"><span style=\"font-size: medium;\"><b>trabalho realizado pelo g\u00e1s nesta transforma\u00e7\u00e3o. <\/b><\/span><\/span><\/span><span style=\"color: #c00000;\"><span style=\"font-family: Arial, serif;\"><span style=\"font-size: medium;\"><b>D\u00ea <\/b><\/span><\/span><\/span><span style=\"color: #0000cc;\"><span style=\"font-family: Arial, serif;\"><span style=\"font-size: medium;\"><b>sua resposta em Joule.<\/b><\/span><\/span><\/span><\/p>\n<p><img loading=\"lazy\" decoding=\"async\" src=\"http:\/\/fisicaevestibular.com.br\/novo\/wp-content\/uploads\/universidades-2018\/fps\/FPS1_1__html_3f806d35.png\" alt=\"\" width=\"692\" height=\"26\" name=\"Imagem 46\" align=\"BOTTOM\" border=\"0\" \/><\/p>\n<p><span style=\"color: #0000cc;\"><span style=\"font-family: Arial\\ Black, serif;\"><span style=\"font-size: large;\"><b>06-(Faculdade Pernambucana de Sa\u00fade \u2013 FPS \u2013 PE &#8211; 018)<\/b><\/span><\/span><\/span><\/p>\n<p><img loading=\"lazy\" decoding=\"async\" src=\"http:\/\/fisicaevestibular.com.br\/novo\/wp-content\/uploads\/universidades-2018\/fps\/FPS1_1__html_6302571f.png\" alt=\"\" width=\"361\" height=\"151\" name=\"Imagem 64\" align=\"BOTTOM\" border=\"0\" \/><\/p>\n<p><img loading=\"lazy\" decoding=\"async\" src=\"http:\/\/fisicaevestibular.com.br\/novo\/wp-content\/uploads\/universidades-2018\/fps\/FPS1_1__html_2991b089.png\" alt=\"\" width=\"775\" height=\"193\" name=\"Imagem 42\" align=\"BOTTOM\" border=\"0\" \/><\/p>\n<p><span style=\"color: #0000cc;\"><span style=\"font-family: Arial\\ Black, serif;\"><span style=\"font-size: large;\"><b>07-(Faculdade Pernambucana de Sa\u00fade \u2013 FPS \u2013 PE &#8211; 018)<\/b><\/span><\/span><\/span><\/p>\n<p><img loading=\"lazy\" decoding=\"async\" src=\"http:\/\/fisicaevestibular.com.br\/novo\/wp-content\/uploads\/universidades-2018\/fps\/FPS1_1__html_6bc8a256.png\" alt=\"\" width=\"487\" height=\"163\" name=\"Imagem 65\" align=\"BOTTOM\" border=\"0\" \/><\/p>\n<p><img loading=\"lazy\" decoding=\"async\" src=\"http:\/\/fisicaevestibular.com.br\/novo\/wp-content\/uploads\/universidades-2018\/fps\/FPS1_1__html_822b077f.png\" alt=\"\" width=\"778\" height=\"231\" name=\"Imagem 50\" align=\"BOTTOM\" border=\"0\" \/><\/p>\n<p><span style=\"color: #0000cc;\"><span style=\"font-family: Arial\\ Black, serif;\"><span style=\"font-size: large;\"><b>08-(Faculdade Pernambucana de Sa\u00fade \u2013 FPS \u2013 PE &#8211; 018)<\/b><\/span><\/span><\/span><\/p>\n<p><img loading=\"lazy\" decoding=\"async\" src=\"http:\/\/fisicaevestibular.com.br\/novo\/wp-content\/uploads\/universidades-2018\/fps\/FPS1_1__html_cd72a6ff.png\" alt=\"\" width=\"424\" height=\"173\" name=\"Imagem 66\" align=\"BOTTOM\" border=\"0\" \/><\/p>\n<p><img loading=\"lazy\" decoding=\"async\" src=\"http:\/\/fisicaevestibular.com.br\/novo\/wp-content\/uploads\/universidades-2018\/fps\/FPS1_1__html_3b8f258.png\" alt=\"\" width=\"780\" height=\"299\" name=\"Imagem 32\" align=\"BOTTOM\" border=\"0\" \/><\/p>\n<p align=\"CENTER\"><img decoding=\"async\" src=\"http:\/\/fisicaevestibular.com.br\/novo\/wp-content\/uploads\/universidades-2018\/fps\/FPS1_1__html_934bec7.gif\" alt=\"\" \/><\/p>\n<p><span style=\"color: #0000cc;\"><span style=\"font-family: Arial\\ Black, serif;\"><span style=\"font-size: large;\"><b>09-(Faculdade Pernambucana de Sa\u00fade \u2013 FPS \u2013 PE &#8211; 018)<\/b><\/span><\/span><\/span><\/p>\n<p><img loading=\"lazy\" decoding=\"async\" src=\"http:\/\/fisicaevestibular.com.br\/novo\/wp-content\/uploads\/universidades-2018\/fps\/FPS1_1__html_164c2d1e.png\" alt=\"\" width=\"320\" height=\"143\" name=\"Imagem 67\" align=\"BOTTOM\" border=\"0\" \/><\/p>\n<p><img loading=\"lazy\" decoding=\"async\" src=\"http:\/\/fisicaevestibular.com.br\/novo\/wp-content\/uploads\/universidades-2018\/fps\/FPS1_1__html_42acb075.png\" alt=\"\" width=\"780\" height=\"278\" name=\"Imagem 48\" align=\"BOTTOM\" border=\"0\" \/><\/p>\n<p><span style=\"color: #0000cc;\"><span style=\"font-family: Arial\\ Black, serif;\"><span style=\"font-size: large;\"><b>10-(Faculdade Pernambucana de Sa\u00fade \u2013 FPS \u2013 PE &#8211; 018)<\/b><\/span><\/span><\/span><\/p>\n<p><img loading=\"lazy\" decoding=\"async\" src=\"http:\/\/fisicaevestibular.com.br\/novo\/wp-content\/uploads\/universidades-2018\/fps\/FPS1_1__html_ee016268.png\" alt=\"\" width=\"755\" height=\"173\" name=\"Imagem 68\" align=\"BOTTOM\" border=\"0\" \/><\/p>\n<p><img loading=\"lazy\" decoding=\"async\" src=\"http:\/\/fisicaevestibular.com.br\/novo\/wp-content\/uploads\/universidades-2018\/fps\/FPS1_1__html_6556bfef.png\" alt=\"\" width=\"780\" height=\"207\" name=\"Imagem 55\" align=\"BOTTOM\" border=\"0\" \/><\/p>\n<p>&nbsp;<\/p>\n<h3><a title=\"Resolu\u00e7\u00e3o comentada das quest\u00f5es de F\u00cdSICA da Faculdade Pernambucana de Sa\u00fade \u2013 FPS \u2013 PE \u2013 2018\" href=\"http:\/\/fisicaevestibular.com.br\/novo\/universidades-2018\/faculdade-pernambucana-de-saude-fps-2018\/resolucao-comentada-das-questoes-de-fisica-da-faculdade-pernambucana-de-saude-fps-pe-2018\/\"><span style=\"color: #000080;\">Confira a resolu\u00e7\u00e3o comentada<\/span><\/a><\/h3>\n<p>&nbsp;<\/p>\n<p><a href=\"https:\/\/fisicaevestibular.com.br\/novo\/universidades-2016-a-2012\/\">Clique aqui para ver sobre o tema!<\/a><\/p>\n<p><a href=\"https:\/\/www.youtube.com\/user\/fisicaevestibular\/playlists\">Confira as v\u00eddeo aulas!<\/a><\/p>\n","protected":false},"excerpt":{"rendered":"<p>FPS &#8211; Faculdade Pernambucana de Sa\u00fade &#8211; PE A\u00a0Faculdade Pernambucana de Sa\u00fade\u00a0\u00e9 uma\u00a0institui\u00e7\u00e3o de ensino superior\u00a0sem fins lucrativos\u00a0com sede em\u00a0Recife\u00a0mantida pela Associa\u00e7\u00e3o Educacional de Ci\u00eancias da Sa\u00fade[1]. Foi fundada em 2005 atrav\u00e9s de uma parceria entre o\u00a0Instituto de Medicina Integral Professor Fernando Figueira\u00a0(IMIP) e a Faculdade Boa Viagem (FBV)[2]. Caracteriza-se pelo uso do m\u00e9todo de\u00a0aprendizagem baseada em problemas\u00a0(ABP), sendo uma<\/p>\n","protected":false},"author":1,"featured_media":0,"parent":3353,"menu_order":0,"comment_status":"closed","ping_status":"closed","template":"","meta":{"om_disable_all_campaigns":false,"_monsterinsights_skip_tracking":false,"_monsterinsights_sitenote_active":false,"_monsterinsights_sitenote_note":"","_monsterinsights_sitenote_category":0,"footnotes":""},"class_list":["post-3927","page","type-page","status-publish","hentry"],"aioseo_notices":[],"_links":{"self":[{"href":"https:\/\/fisicaevestibular.com.br\/novo\/wp-json\/wp\/v2\/pages\/3927","targetHints":{"allow":["GET"]}}],"collection":[{"href":"https:\/\/fisicaevestibular.com.br\/novo\/wp-json\/wp\/v2\/pages"}],"about":[{"href":"https:\/\/fisicaevestibular.com.br\/novo\/wp-json\/wp\/v2\/types\/page"}],"author":[{"embeddable":true,"href":"https:\/\/fisicaevestibular.com.br\/novo\/wp-json\/wp\/v2\/users\/1"}],"replies":[{"embeddable":true,"href":"https:\/\/fisicaevestibular.com.br\/novo\/wp-json\/wp\/v2\/comments?post=3927"}],"version-history":[{"count":4,"href":"https:\/\/fisicaevestibular.com.br\/novo\/wp-json\/wp\/v2\/pages\/3927\/revisions"}],"predecessor-version":[{"id":10418,"href":"https:\/\/fisicaevestibular.com.br\/novo\/wp-json\/wp\/v2\/pages\/3927\/revisions\/10418"}],"up":[{"embeddable":true,"href":"https:\/\/fisicaevestibular.com.br\/novo\/wp-json\/wp\/v2\/pages\/3353"}],"wp:attachment":[{"href":"https:\/\/fisicaevestibular.com.br\/novo\/wp-json\/wp\/v2\/media?parent=3927"}],"curies":[{"name":"wp","href":"https:\/\/api.w.org\/{rel}","templated":true}]}}