{"id":3502,"date":"2018-01-19T02:19:26","date_gmt":"2018-01-19T02:19:26","guid":{"rendered":"http:\/\/fisicaevestibular.com.br\/novo\/?page_id=3502"},"modified":"2024-07-15T02:55:09","modified_gmt":"2024-07-15T02:55:09","slug":"unesp-segunda-fase-2018","status":"publish","type":"page","link":"https:\/\/fisicaevestibular.com.br\/novo\/universidades-2018\/unesp-segunda-fase-2018\/","title":{"rendered":"UNESP Segunda fase &#8211; 2018"},"content":{"rendered":"<h3 align=\"CENTER\"><span style=\"color: #c00000;\"><span style=\"font-family: Arial Black, serif;\"><span style=\"font-size: large;\">Conhecimentos espec\u00edficos<\/span><\/span><\/span><\/h3>\n<h3 align=\"CENTER\"><img decoding=\"async\" src=\"http:\/\/fisicaevestibular.com.br\/novo\/wp-content\/uploads\/universidades-2018\/unesp02\/UNESP2fase_html_37ea2597.png\" alt=\"\" width=\"168\" height=\"63\" name=\"Imagem 57\" align=\"BOTTOM\" border=\"0\" \/><\/h3>\n<h3 align=\"CENTER\"><span style=\"color: #0000cc;\"><span style=\"font-family: Viner Hand ITC, serif;\"><span style=\"font-size: large;\"><b>Segunda fase &#8211; 2018<\/b><\/span><\/span><\/span><\/h3>\n<p align=\"CENTER\"><span style=\"color: #0000cc;\"><span style=\"font-family: Viner Hand ITC, serif;\"><span style=\"font-size: large;\"><b>Universidade Estadual Paulista \u201cJ\u00falio de Mesquita Filho\u201d\u00a0(UNESP) \u00e9 uma <a href=\"http:\/\/pt.wikipedia.org\/wiki\/Universidade\">universidade<\/a>\u00a0<a href=\"http:\/\/pt.wikipedia.org\/wiki\/Universidade_p%C3%BAblica\">p\u00fablica<\/a>\u00a0<a href=\"http:\/\/pt.wikipedia.org\/wiki\/Brasil\">brasileira<\/a>, com atua\u00e7\u00e3o no ensino, na\u00a0<a href=\"http:\/\/pt.wikipedia.org\/wiki\/Pesquisa\">pesquisa<\/a>\u00a0e na extens\u00e3o de servi\u00e7os \u00e0 comunidade. A institui\u00e7\u00e3o \u00e9 uma das tr\u00eas universidades mantidas pelo governo do\u00a0<a href=\"http:\/\/pt.wikipedia.org\/wiki\/Unidades_federativas_do_Brasil\">estado<\/a>\u00a0de\u00a0<a href=\"http:\/\/pt.wikipedia.org\/wiki\/S%C3%A3o_Paulo\">S\u00e3o Paulo<\/a>, ao lado da\u00a0<a href=\"http:\/\/pt.wikipedia.org\/wiki\/Universidade_de_S%C3%A3o_Paulo\">Universidade de S\u00e3o Paulo<\/a>\u00a0(USP) e da\u00a0<a href=\"http:\/\/pt.wikipedia.org\/wiki\/Universidade_Estadual_de_Campinas\">Universidade Estadual de Campinas<\/a>\u00a0(Unicamp).<\/b><\/span><\/span><\/span><\/p>\n<p align=\"CENTER\"><span style=\"color: #0000cc;\"><span style=\"font-family: Viner Hand ITC, serif;\"><span style=\"font-size: large;\"><b>A UNESP distingue-se das outras universidades estaduais por sua estrutura multicampi que abrange 24\u00a0<\/b><\/span><\/span><\/span><a href=\"http:\/\/pt.wikipedia.org\/wiki\/Munic%C3%ADpios\"><span style=\"color: #0000cc;\"><span style=\"font-family: Viner Hand ITC, serif;\"><span style=\"font-size: large;\"><span style=\"text-decoration: underline;\"><b>munic\u00edpios<\/b><\/span><\/span><\/span><\/span><\/a><span style=\"color: #0000cc;\"><span style=\"font-family: Viner Hand ITC, serif;\"><span style=\"font-size: large;\"><b>\u00a0do estado \u2013 21\u00a0<\/b><\/span><\/span><\/span><a href=\"http:\/\/pt.wikipedia.org\/wiki\/Campus\"><span style=\"color: #0000cc;\"><span style=\"font-family: Viner Hand ITC, serif;\"><span style=\"font-size: large;\"><i><b>campi<\/b><\/i><\/span><\/span><\/span><\/a><span style=\"color: #0000cc;\"><span style=\"font-family: Viner Hand ITC, serif;\"><span style=\"font-size: large;\"><b>\u00a0no\u00a0<a href=\"http:\/\/pt.wikipedia.org\/wiki\/Interior_de_S%C3%A3o_Paulo\">interior<\/a>, um campus na cidade de\u00a0<a href=\"http:\/\/pt.wikipedia.org\/wiki\/S%C3%A3o_Paulo_%28cidade%29\">S\u00e3o Paulo<\/a>, um campus em\u00a0<a href=\"http:\/\/pt.wikipedia.org\/wiki\/S%C3%A3o_Vicente_%28S%C3%A3o_Paulo%29\">S\u00e3o Vicente<\/a>\u00a0e um campus em\u00a0<a href=\"http:\/\/pt.wikipedia.org\/wiki\/Registro_%28S%C3%A3o_Paulo%29\">Registro<\/a>(estes 2 \u00faltimos campi tendo sido os primeiros de uma universidade p\u00fablica no\u00a0<a href=\"http:\/\/pt.wikipedia.org\/wiki\/Litoral_de_S%C3%A3o_Paulo\">litoral paulista<\/a>).<a href=\"http:\/\/pt.wikipedia.org\/wiki\/Universidade_Estadual_Paulista#cite_note-statunesp-1\">1<\/a><\/b><\/span><\/span><\/span><\/p>\n<p align=\"CENTER\"><span style=\"color: #0000cc;\"><span style=\"font-family: Viner Hand ITC, serif;\"><span style=\"font-size: large;\"><b>Unesp foi a segunda colocada entre as universidades p\u00fablicas no \u201cVIII Pr\u00eamio Melhores Universidades\u201d, presenteado anualmente pela publica\u00e7\u00e3o\u00a0<\/b><\/span><\/span><\/span><a href=\"http:\/\/pt.wikipedia.org\/wiki\/Guia_do_Estudante\"><span style=\"color: #0000cc;\"><span style=\"font-family: Viner Hand ITC, serif;\"><span style=\"font-size: large;\"><i><b>Guia do Estudante<\/b><\/i><\/span><\/span><\/span><\/a><span style=\"color: #0000cc;\"><span style=\"font-family: Viner Hand ITC, serif;\"><span style=\"font-size: large;\"><b>, da\u00a0<a href=\"http:\/\/pt.wikipedia.org\/wiki\/Editora_Abril\">Editora Abril<\/a>.\u00a0\u00a0A\u00a0<a href=\"http:\/\/pt.wikipedia.org\/wiki\/Classifica%C3%A7%C3%A3o_Acad%C3%AAmica_das_Universidades_Mundiais\">Classifica\u00e7\u00e3o Acad\u00eamica das Universidades Mundiais<\/a>(ARWU \u2013 sigla em ingl\u00eas classificou a universidade entre as posi\u00e7\u00f5es 301\u00aa- 400\u00aa no mundo e entre as cinco melhores institui\u00e7\u00f5es de ensino superior do Brasil.<\/b><\/span><\/span><\/span><\/p>\n<p><span style=\"color: #0000cc;\"><span style=\"font-family: Arial Black, serif;\"><span style=\"font-size: large;\"><b>01- (UNESP \u2013 SP \u2013 018)<\/b><\/span><\/span><\/span><\/p>\n<p><img fetchpriority=\"high\" decoding=\"async\" src=\"http:\/\/fisicaevestibular.com.br\/novo\/wp-content\/uploads\/universidades-2018\/unesp02\/UNESP2fase_html_cb1ce0ca.png\" alt=\"\" width=\"774\" height=\"159\" name=\"Imagem 40\" align=\"BOTTOM\" border=\"0\" \/><\/p>\n<p><span style=\"color: #c00000;\"><span style=\"font-family: Arial, serif;\"><span style=\"font-size: medium;\"><b>Uma <\/b><\/span><\/span><\/span><span style=\"color: #0000cc;\"><span style=\"font-family: Arial, serif;\"><span style=\"font-size: medium;\"><b>esfera de massa 50 g<\/b><\/span><\/span><\/span><span style=\"color: #c00000;\"><span style=\"font-family: Arial, serif;\"><span style=\"font-size: medium;\"><b> est\u00e1 <\/b><\/span><\/span><\/span><span style=\"color: #0000cc;\"><span style=\"font-family: Arial, serif;\"><span style=\"font-size: medium;\"><b>totalmente submersa na \u00e1gua <\/b><\/span><\/span><\/span><span style=\"color: #c00000;\"><span style=\"font-family: Arial, serif;\"><span style=\"font-size: medium;\"><b>contida em <\/b><\/span><\/span><\/span><span style=\"color: #0000cc;\"><span style=\"font-family: Arial, serif;\"><span style=\"font-size: medium;\"><b>um tanque <\/b><\/span><\/span><\/span><span style=\"color: #c00000;\"><span style=\"font-family: Arial, serif;\"><span style=\"font-size: medium;\"><b>e <\/b><\/span><\/span><\/span><span style=\"color: #0000cc;\"><span style=\"font-family: Arial, serif;\"><span style=\"font-size: medium;\"><b>presa ao fundo <\/b><\/span><\/span><\/span><span style=\"color: #c00000;\"><span style=\"font-family: Arial, serif;\"><span style=\"font-size: medium;\"><b>por <\/b><\/span><\/span><\/span><span style=\"color: #0000cc;\"><span style=\"font-family: Arial, serif;\"><span style=\"font-size: medium;\"><b>um fio, como mostra a figura 1. <\/b><\/span><\/span><\/span><\/p>\n<p><span style=\"color: #c00000;\"><span style=\"font-family: Arial, serif;\"><span style=\"font-size: medium;\"><b>Em <\/b><\/span><\/span><\/span><span style=\"color: #0000cc;\"><span style=\"font-family: Arial, serif;\"><span style=\"font-size: medium;\"><b>dado instante, o fio se rompe <\/b><\/span><\/span><\/span><span style=\"color: #c00000;\"><span style=\"font-family: Arial, serif;\"><span style=\"font-size: medium;\"><b>e a <\/b><\/span><\/span><\/span><span style=\"color: #0000cc;\"><span style=\"font-family: Arial, serif;\"><span style=\"font-size: medium;\"><b>esfera move-se, a partir do repouso, <\/b><\/span><\/span><\/span><span style=\"color: #c00000;\"><span style=\"font-family: Arial, serif;\"><span style=\"font-size: medium;\"><b>para a <\/b><\/span><\/span><\/span><span style=\"color: #0000cc;\"><span style=\"font-family: Arial, serif;\"><span style=\"font-size: medium;\"><b>superf\u00edcie da \u00e1gua<\/b><\/span><\/span><\/span><span style=\"color: #c00000;\"><span style=\"font-family: Arial, serif;\"><span style=\"font-size: medium;\"><b>, onde <\/b><\/span><\/span><\/span><span style=\"color: #0000cc;\"><span style=\"font-family: Arial, serif;\"><span style=\"font-size: medium;\"><b>chega 0,60 s ap\u00f3s o rompimento do fio,<\/b><\/span><\/span><\/span><span style=\"color: #c00000;\"><span style=\"font-family: Arial, serif;\"><span style=\"font-size: medium;\"><b> como mostra a <\/b><\/span><\/span><\/span><span style=\"color: #0000cc;\"><span style=\"font-family: Arial, serif;\"><span style=\"font-size: medium;\"><b>figura 2. <\/b><\/span><\/span><\/span><\/p>\n<p align=\"CENTER\"><img decoding=\"async\" src=\"http:\/\/fisicaevestibular.com.br\/novo\/wp-content\/uploads\/universidades-2018\/unesp02\/UNESP2fase_html_6dcff067.png\" alt=\"\" width=\"551\" height=\"193\" name=\"Imagem 8\" align=\"BOTTOM\" border=\"0\" \/><\/p>\n<p><span style=\"color: #0000cc;\"><span style=\"font-family: Arial, serif;\"><span style=\"font-size: medium;\"><b>a) Considerando <\/b><\/span><\/span><\/span><span style=\"color: #c00000;\"><span style=\"font-family: Arial, serif;\"><span style=\"font-size: medium;\"><b>que, <\/b><\/span><\/span><\/span><span style=\"color: #0000cc;\"><span style=\"font-family: Arial, serif;\"><span style=\"font-size: medium;\"><b>enquanto a esfera est\u00e1 se movendo no interior da \u00e1gua, <\/b><\/span><\/span><\/span><span style=\"color: #c00000;\"><span style=\"font-family: Arial, serif;\"><span style=\"font-size: medium;\"><b>a <\/b><\/span><\/span><\/span><span style=\"color: #0000cc;\"><span style=\"font-family: Arial, serif;\"><span style=\"font-size: medium;\"><b>for\u00e7a resultante sobre ela \u00e9 constante, tem intensidade 0,30 N, dire\u00e7\u00e3o vertical e sentido para cima, calcule,<\/b><\/span><\/span><\/span><span style=\"color: #c00000;\"><span style=\"font-family: Arial, serif;\"><span style=\"font-size: medium;\"><b> em <\/b><\/span><\/span><\/span><span style=\"color: #0000cc;\"><span style=\"font-family: Arial, serif;\"><span style=\"font-size: medium;\"><b>m\/s, <\/b><\/span><\/span><\/span><span style=\"color: #c00000;\"><span style=\"font-family: Arial, serif;\"><span style=\"font-size: medium;\"><b>a <\/b><\/span><\/span><\/span><span style=\"color: #0000cc;\"><span style=\"font-family: Arial, serif;\"><span style=\"font-size: medium;\"><b>velocidade<\/b><\/span><\/span><\/span><span style=\"color: #c00000;\"><span style=\"font-family: Arial, serif;\"><span style=\"font-size: medium;\"><b> com que a <\/b><\/span><\/span><\/span><span style=\"color: #0000cc;\"><span style=\"font-family: Arial, serif;\"><span style=\"font-size: medium;\"><b>esfera chega \u00e0 superf\u00edcie da \u00e1gua. <\/b><\/span><\/span><\/span><\/p>\n<p><span style=\"color: #0000cc;\"><span style=\"font-family: Arial, serif;\"><span style=\"font-size: medium;\"><b>b) Considerando que apenas as for\u00e7as peso e empuxo atuam sobre a esfera <\/b><\/span><\/span><\/span><span style=\"color: #c00000;\"><span style=\"font-family: Arial, serif;\"><span style=\"font-size: medium;\"><b>quando <\/b><\/span><\/span><\/span><span style=\"color: #0000cc;\"><span style=\"font-family: Arial, serif;\"><span style=\"font-size: medium;\"><b>submersa, <\/b><\/span><\/span><\/span><span style=\"color: #c00000;\"><span style=\"font-family: Arial, serif;\"><span style=\"font-size: medium;\"><b>que a <\/b><\/span><\/span><\/span><span style=\"color: #0000cc;\"><span style=\"font-family: Arial, serif;\"><span style=\"font-size: medium;\"><b>acelera\u00e7\u00e3o gravitacional <\/b><\/span><\/span><\/span><span style=\"color: #c00000;\"><span style=\"font-family: Arial, serif;\"><span style=\"font-size: medium;\"><b>seja <\/b><\/span><\/span><\/span><span style=\"color: #0000cc;\"><span style=\"font-family: Arial, serif;\"><span style=\"font-size: medium;\"><b>10 m\/s<\/b><\/span><\/span><\/span><span style=\"color: #0000cc;\"><sup><span style=\"font-family: Arial, serif;\"><span style=\"font-size: medium;\"><b>2<\/b><\/span><\/span><\/sup><\/span><b> <\/b><span style=\"color: #c00000;\"><span style=\"font-family: Arial, serif;\"><span style=\"font-size: medium;\"><b>e que a <\/b><\/span><\/span><\/span><span style=\"color: #0000cc;\"><span style=\"font-family: Arial, serif;\"><span style=\"font-size: medium;\"><b>massa espec\u00edfica da \u00e1gua seja 1,0.10<\/b><\/span><\/span><\/span><span style=\"color: #0000cc;\"><sup><span style=\"font-family: Arial, serif;\"><span style=\"font-size: medium;\"><b>3<\/b><\/span><\/span><\/sup><\/span><span style=\"color: #0000cc;\"><span style=\"font-family: Arial, serif;\"><span style=\"font-size: medium;\"><b> kg\/m<\/b><\/span><\/span><\/span><span style=\"color: #0000cc;\"><sup><span style=\"font-family: Arial, serif;\"><span style=\"font-size: medium;\"><b>3<\/b><\/span><\/span><\/sup><\/span><b> <\/b><span style=\"color: #c00000;\"><span style=\"font-family: Arial, serif;\"><span style=\"font-size: medium;\"><b>, <\/b><\/span><\/span><\/span><span style=\"color: #0000cc;\"><span style=\"font-family: Arial, serif;\"><span style=\"font-size: medium;\"><b>calcule<\/b><\/span><\/span><\/span><span style=\"color: #c00000;\"><span style=\"font-family: Arial, serif;\"><span style=\"font-size: medium;\"><b> a <\/b><\/span><\/span><\/span><span style=\"color: #0000cc;\"><span style=\"font-family: Arial, serif;\"><span style=\"font-size: medium;\"><b>densidade<\/b><\/span><\/span><\/span><span style=\"color: #c00000;\"><span style=\"font-family: Arial, serif;\"><span style=\"font-size: medium;\"><b> da esfera, <\/b><\/span><\/span><\/span><span style=\"color: #0000cc;\"><span style=\"font-family: Arial, serif;\"><span style=\"font-size: medium;\"><b>em kg\/m<\/b><\/span><\/span><\/span><span style=\"color: #0000cc;\"><sup><span style=\"font-family: Arial, serif;\"><span style=\"font-size: medium;\"><b>3<\/b><\/span><\/span><\/sup><\/span><span style=\"color: #0000cc;\"><span style=\"font-family: Arial, serif;\"><span style=\"font-size: medium;\"><b> .<\/b><\/span><\/span><\/span><\/p>\n<p><span style=\"color: #0000cc;\"><span style=\"font-family: Arial Black, serif;\"><span style=\"font-size: large;\"><b>02- (UNESP \u2013 SP \u2013 018)<\/b><\/span><\/span><\/span><\/p>\n<p><img loading=\"lazy\" decoding=\"async\" src=\"http:\/\/fisicaevestibular.com.br\/novo\/wp-content\/uploads\/universidades-2018\/unesp02\/UNESP2fase_html_2ddef255.png\" alt=\"\" width=\"775\" height=\"171\" name=\"Imagem 41\" align=\"BOTTOM\" border=\"0\" \/><\/p>\n<p><span style=\"color: #c00000;\"><span style=\"font-family: Arial, serif;\"><span style=\"font-size: medium;\"><b>A <\/b><\/span><\/span><\/span><span style=\"color: #0000cc;\"><span style=\"font-family: Arial, serif;\"><span style=\"font-size: medium;\"><b>figura mostra uma m\u00e1quina t\u00e9rmica <\/b><\/span><\/span><\/span><span style=\"color: #c00000;\"><span style=\"font-family: Arial, serif;\"><span style=\"font-size: medium;\"><b>em que a <\/b><\/span><\/span><\/span><span style=\"color: #0000cc;\"><span style=\"font-family: Arial, serif;\"><span style=\"font-size: medium;\"><b>caldeira funciona como a fonte quente <\/b><\/span><\/span><\/span><span style=\"color: #c00000;\"><span style=\"font-family: Arial, serif;\"><span style=\"font-size: medium;\"><b>e o <\/b><\/span><\/span><\/span><span style=\"color: #0000cc;\"><span style=\"font-family: Arial, serif;\"><span style=\"font-size: medium;\"><b>condensador como a fonte fria.<\/b><\/span><\/span><\/span><\/p>\n<p><img loading=\"lazy\" decoding=\"async\" src=\"http:\/\/fisicaevestibular.com.br\/novo\/wp-content\/uploads\/universidades-2018\/unesp02\/UNESP2fase_html_b0bc7411.png\" alt=\"\" width=\"775\" height=\"285\" name=\"Imagem 24\" align=\"BOTTOM\" border=\"0\" \/><\/p>\n<p><span style=\"color: #0000cc;\"><span style=\"font-family: Arial, serif;\"><span style=\"font-size: medium;\"><b>a) <\/b><\/span><\/span><\/span><span style=\"color: #c00000;\"><span style=\"font-family: Arial, serif;\"><span style=\"font-size: medium;\"><b>Considerando que, a <\/b><\/span><\/span><\/span><span style=\"color: #0000cc;\"><span style=\"font-family: Arial, serif;\"><span style=\"font-size: medium;\"><b>cada minuto, a caldeira fornece, <\/b><\/span><\/span><\/span><span style=\"color: #c00000;\"><span style=\"font-family: Arial, serif;\"><span style=\"font-size: medium;\"><b>por <\/b><\/span><\/span><\/span><span style=\"color: #0000cc;\"><span style=\"font-family: Arial, serif;\"><span style=\"font-size: medium;\"><b>meio do vapor, <\/b><\/span><\/span><\/span><span style=\"color: #c00000;\"><span style=\"font-family: Arial, serif;\"><span style=\"font-size: medium;\"><b>uma <\/b><\/span><\/span><\/span><span style=\"color: #0000cc;\"><span style=\"font-family: Arial, serif;\"><span style=\"font-size: medium;\"><b>quantidade de calor <\/b><\/span><\/span><\/span><span style=\"color: #c00000;\"><span style=\"font-family: Arial, serif;\"><span style=\"font-size: medium;\"><b>igual a <\/b><\/span><\/span><\/span><span style=\"color: #0000cc;\"><span style=\"font-family: Arial, serif;\"><span style=\"font-size: medium;\"><b>1,6.10<\/b><\/span><\/span><\/span><span style=\"color: #0000cc;\"><sup><span style=\"font-family: Arial, serif;\"><span style=\"font-size: medium;\"><b>9<\/b><\/span><\/span><\/sup><\/span><span style=\"color: #0000cc;\"><span style=\"font-family: Arial, serif;\"><span style=\"font-size: medium;\"><b> J <\/b><\/span><\/span><\/span><span style=\"color: #c00000;\"><span style=\"font-family: Arial, serif;\"><span style=\"font-size: medium;\"><b>e que o <\/b><\/span><\/span><\/span><span style=\"color: #0000cc;\"><span style=\"font-family: Arial, serif;\"><span style=\"font-size: medium;\"><b>condensador recebe uma quantidade de calor igual a 1,2.10<\/b><\/span><\/span><\/span><span style=\"color: #0000cc;\"><sup><span style=\"font-family: Arial, serif;\"><span style=\"font-size: medium;\"><b>9<\/b><\/span><\/span><\/sup><\/span><span style=\"color: #0000cc;\"><span style=\"font-family: Arial, serif;\"><span style=\"font-size: medium;\"><b> J, calcule<\/b><\/span><\/span><\/span><span style=\"color: #c00000;\"><span style=\"font-family: Arial, serif;\"><span style=\"font-size: medium;\"><b> o <\/b><\/span><\/span><\/span><span style=\"color: #0000cc;\"><span style=\"font-family: Arial, serif;\"><span style=\"font-size: medium;\"><b>rendimento dessa m\u00e1quina t\u00e9rmica. <\/b><\/span><\/span><\/span><\/p>\n<p><span style=\"color: #0000cc;\"><span style=\"font-family: Arial, serif;\"><span style=\"font-size: medium;\"><b>b) <\/b><\/span><\/span><\/span><span style=\"color: #c00000;\"><span style=\"font-family: Arial, serif;\"><span style=\"font-size: medium;\"><b>Considerando que <\/b><\/span><\/span><\/span><span style=\"color: #0000cc;\"><span style=\"font-family: Arial, serif;\"><span style=\"font-size: medium;\"><b>6,0 \u00d7 10<\/b><\/span><\/span><\/span><span style=\"color: #0000cc;\"><sup><span style=\"font-family: Arial, serif;\"><span style=\"font-size: medium;\"><b>3<\/b><\/span><\/span><\/sup><\/span><span style=\"color: #0000cc;\"><span style=\"font-family: Arial, serif;\"><span style=\"font-size: medium;\"><b> kg de \u00e1gua de refrigera\u00e7\u00e3o fluem <\/b><\/span><\/span><\/span><span style=\"color: #c00000;\"><span style=\"font-family: Arial, serif;\"><span style=\"font-size: medium;\"><b>pelo <\/b><\/span><\/span><\/span><span style=\"color: #0000cc;\"><span style=\"font-family: Arial, serif;\"><span style=\"font-size: medium;\"><b>condensador a cada minuto, <\/b><\/span><\/span><\/span><span style=\"color: #c00000;\"><span style=\"font-family: Arial, serif;\"><span style=\"font-size: medium;\"><b>que <\/b><\/span><\/span><\/span><span style=\"color: #0000cc;\"><span style=\"font-family: Arial, serif;\"><span style=\"font-size: medium;\"><b>essa \u00e1gua sai do condensador <\/b><\/span><\/span><\/span><span style=\"color: #c00000;\"><span style=\"font-family: Arial, serif;\"><span style=\"font-size: medium;\"><b>com <\/b><\/span><\/span><\/span><span style=\"color: #0000cc;\"><span style=\"font-family: Arial, serif;\"><span style=\"font-size: medium;\"><b>temperatura 20 \u00baC acima da temperatura de entrada <\/b><\/span><\/span><\/span><span style=\"color: #c00000;\"><span style=\"font-family: Arial, serif;\"><span style=\"font-size: medium;\"><b>e que o <\/b><\/span><\/span><\/span><span style=\"color: #0000cc;\"><span style=\"font-family: Arial, serif;\"><span style=\"font-size: medium;\"><b>calor espec\u00edfico da \u00e1gua \u00e9 igual a 4,0.10<\/b><\/span><\/span><\/span><span style=\"color: #0000cc;\"><sup><span style=\"font-family: Arial, serif;\"><span style=\"font-size: medium;\"><b>3<\/b><\/span><\/span><\/sup><\/span><span style=\"color: #0000cc;\"><span style=\"font-family: Arial, serif;\"><span style=\"font-size: medium;\"><b> J\/(kg<\/b><\/span><\/span><\/span><span style=\"color: #0000cc;\"><span style=\"font-family: Cambria Math, serif;\"><span style=\"font-size: medium;\"><b>\u22c5<\/b><\/span><\/span><\/span><span style=\"color: #0000cc;\"><span style=\"font-family: Arial, serif;\"><span style=\"font-size: medium;\"><b>\u00baC), calcule <\/b><\/span><\/span><\/span><span style=\"color: #c00000;\"><span style=\"font-family: Arial, serif;\"><span style=\"font-size: medium;\"><b>a <\/b><\/span><\/span><\/span><span style=\"color: #0000cc;\"><span style=\"font-family: Arial, serif;\"><span style=\"font-size: medium;\"><b>raz\u00e3o entre a quantidade de calor retirada pela \u00e1gua de refrigera\u00e7\u00e3o <\/b><\/span><\/span><\/span><span style=\"color: #c00000;\"><span style=\"font-family: Arial, serif;\"><span style=\"font-size: medium;\"><b>e a <\/b><\/span><\/span><\/span><span style=\"color: #0000cc;\"><span style=\"font-family: Arial, serif;\"><span style=\"font-size: medium;\"><b>quantidade de calor recebida pelo condensador.<\/b><\/span><\/span><\/span><\/p>\n<p><span style=\"color: #0000cc;\"><span style=\"font-family: Arial Black, serif;\"><span style=\"font-size: large;\"><b>03- (UNESP \u2013 SP \u2013 018)<\/b><\/span><\/span><\/span><\/p>\n<p><img loading=\"lazy\" decoding=\"async\" src=\"http:\/\/fisicaevestibular.com.br\/novo\/wp-content\/uploads\/universidades-2018\/unesp02\/UNESP2fase_html_7906fa13.png\" alt=\"\" width=\"775\" height=\"149\" name=\"Imagem 42\" align=\"BOTTOM\" border=\"0\" \/><\/p>\n<p><span style=\"color: #c00000;\"><span style=\"font-family: Arial, serif;\"><span style=\"font-size: medium;\"><b>Em <\/b><\/span><\/span><\/span><span style=\"color: #0000cc;\"><span style=\"font-family: Arial, serif;\"><span style=\"font-size: medium;\"><b>uma sala est\u00e3o ligados<\/b><\/span><\/span><\/span><span style=\"color: #c00000;\"><span style=\"font-family: Arial, serif;\"><span style=\"font-size: medium;\"><b> um <\/b><\/span><\/span><\/span><span style=\"color: #0000cc;\"><span style=\"font-family: Arial, serif;\"><span style=\"font-size: medium;\"><b>aparelho de ar-condicionado, <\/b><\/span><\/span><\/span><span style=\"color: #c00000;\"><span style=\"font-family: Arial, serif;\"><span style=\"font-size: medium;\"><b>um <\/b><\/span><\/span><\/span><span style=\"color: #0000cc;\"><span style=\"font-family: Arial, serif;\"><span style=\"font-size: medium;\"><b>televisor <\/b><\/span><\/span><\/span><span style=\"color: #c00000;\"><span style=\"font-family: Arial, serif;\"><span style=\"font-size: medium;\"><b>e <\/b><\/span><\/span><\/span><span style=\"color: #0000cc;\"><span style=\"font-family: Arial, serif;\"><span style=\"font-size: medium;\"><b>duas l\u00e2mpadas id\u00eanticas, <\/b><\/span><\/span><\/span><span style=\"color: #c00000;\"><span style=\"font-family: Arial, serif;\"><span style=\"font-size: medium;\"><b>como mostra a <\/b><\/span><\/span><\/span><span style=\"color: #0000cc;\"><span style=\"font-family: Arial, serif;\"><span style=\"font-size: medium;\"><b>figura.<\/b><\/span><\/span><\/span><\/p>\n<p><img loading=\"lazy\" decoding=\"async\" class=\"alignnone\" src=\"http:\/\/fisicaevestibular.com.br\/novo\/wp-content\/uploads\/universidades-2018\/unesp02\/UNESP2fase_html_a58e9c15.png\" alt=\"UNESP\" width=\"774\" height=\"260\" name=\"Imagem 4\" align=\"BOTTOM\" border=\"0\" \/><\/p>\n<p><span style=\"color: #c00000;\"><span style=\"font-family: Arial, serif;\"><span style=\"font-size: medium;\"><b>A <\/b><\/span><\/span><\/span><span style=\"color: #0000cc;\"><span style=\"font-family: Arial, serif;\"><span style=\"font-size: medium;\"><b>tabela acima informa<\/b><\/span><\/span><\/span><span style=\"color: #c00000;\"><span style=\"font-family: Arial, serif;\"><span style=\"font-size: medium;\"><b> a <\/b><\/span><\/span><\/span><span style=\"color: #0000cc;\"><span style=\"font-family: Arial, serif;\"><span style=\"font-size: medium;\"><b>pot\u00eancia e a diferen\u00e7a de potencial <\/b><\/span><\/span><\/span><span style=\"color: #c00000;\"><span style=\"font-family: Arial, serif;\"><span style=\"font-size: medium;\"><b>de funcionamento <\/b><\/span><\/span><\/span><span style=\"color: #0000cc;\"><span style=\"font-family: Arial, serif;\"><span style=\"font-size: medium;\"><b>desses dispositivos. <\/b><\/span><\/span><\/span><\/p>\n<p><span style=\"color: #0000cc;\"><span style=\"font-family: Arial, serif;\"><span style=\"font-size: medium;\"><b>a) Considerando o custo de 1 kWh <\/b><\/span><\/span><\/span><span style=\"color: #c00000;\"><span style=\"font-family: Arial, serif;\"><span style=\"font-size: medium;\"><b>igual a <\/b><\/span><\/span><\/span><span style=\"color: #0000cc;\"><span style=\"font-family: Arial, serif;\"><span style=\"font-size: medium;\"><b>R$ 0,30 <\/b><\/span><\/span><\/span><span style=\"color: #c00000;\"><span style=\"font-family: Arial, serif;\"><span style=\"font-size: medium;\"><b>e os <\/b><\/span><\/span><\/span><span style=\"color: #0000cc;\"><span style=\"font-family: Arial, serif;\"><span style=\"font-size: medium;\"><b>dados da tabela, <\/b><\/span><\/span><\/span><span style=\"color: #c00000;\"><span style=\"font-family: Arial, serif;\"><span style=\"font-size: medium;\"><b>calcule, em <\/b><\/span><\/span><\/span><span style=\"color: #0000cc;\"><span style=\"font-family: Arial, serif;\"><span style=\"font-size: medium;\"><b>reais,<\/b><\/span><\/span><\/span><span style=\"color: #c00000;\"><span style=\"font-family: Arial, serif;\"><span style=\"font-size: medium;\"><b> o <\/b><\/span><\/span><\/span><span style=\"color: #0000cc;\"><span style=\"font-family: Arial, serif;\"><span style=\"font-size: medium;\"><b>custo total da energia el\u00e9trica <\/b><\/span><\/span><\/span><span style=\"color: #c00000;\"><span style=\"font-family: Arial, serif;\"><span style=\"font-size: medium;\"><b>consumida pelos <\/b><\/span><\/span><\/span><span style=\"color: #0000cc;\"><span style=\"font-family: Arial, serif;\"><span style=\"font-size: medium;\"><b>quatro dispositivos em um per\u00edodo de 5,0 horas. <\/b><\/span><\/span><\/span><\/p>\n<p><span style=\"color: #0000cc;\"><span style=\"font-family: Arial, serif;\"><span style=\"font-size: medium;\"><b>b) Considerando <\/b><\/span><\/span><\/span><span style=\"color: #c00000;\"><span style=\"font-family: Arial, serif;\"><span style=\"font-size: medium;\"><b>que os <\/b><\/span><\/span><\/span><span style=\"color: #0000cc;\"><span style=\"font-family: Arial, serif;\"><span style=\"font-size: medium;\"><b>dispositivos <\/b><\/span><\/span><\/span><span style=\"color: #c00000;\"><span style=\"font-family: Arial, serif;\"><span style=\"font-size: medium;\"><b>estejam <\/b><\/span><\/span><\/span><span style=\"color: #0000cc;\"><span style=\"font-family: Arial, serif;\"><span style=\"font-size: medium;\"><b>associados em paralelo <\/b><\/span><\/span><\/span><span style=\"color: #c00000;\"><span style=\"font-family: Arial, serif;\"><span style=\"font-size: medium;\"><b>e <\/b><\/span><\/span><\/span><span style=\"color: #0000cc;\"><span style=\"font-family: Arial, serif;\"><span style=\"font-size: medium;\"><b>funcionando <\/b><\/span><\/span><\/span><span style=\"color: #c00000;\"><span style=\"font-family: Arial, serif;\"><span style=\"font-size: medium;\"><b>conforme as <\/b><\/span><\/span><\/span><span style=\"color: #0000cc;\"><span style=\"font-family: Arial, serif;\"><span style=\"font-size: medium;\"><b>especifica\u00e7\u00f5es da tabela, calcule a intensidade da corrente el\u00e9trica total <\/b><\/span><\/span><\/span><span style=\"color: #c00000;\"><span style=\"font-family: Arial, serif;\"><span style=\"font-size: medium;\"><b>para esse conjunto<\/b><\/span><\/span><\/span><span style=\"color: #0000cc;\"><span style=\"font-family: Arial, serif;\"><span style=\"font-size: medium;\"><b>, em amp\u00e8res.<\/b><\/span><\/span><\/span><\/p>\n<p>&nbsp;<\/p>\n<h3><a title=\"Resolu\u00e7\u00e3o comentada das quest\u00f5es de F\u00cdSICA da UNESP \u2013 2018\" href=\"http:\/\/fisicaevestibular.com.br\/novo\/universidades-2018\/unesp-segunda-fase-2018\/resolucao-comentada-das-questoes-de-fisica-da-unesp-2018\/\"><span style=\"color: #000080;\">Confira a resolu\u00e7\u00e3o comentada<\/span><\/a><\/h3>\n<p>&nbsp;<\/p>\n<p><a href=\"https:\/\/fisicaevestibular.com.br\/novo\/universidades-2016-a-2012\/\">Clique aqui para ver sobre o tema!<\/a><\/p>\n<p><a href=\"https:\/\/www.youtube.com\/user\/fisicaevestibular\/playlists\">Confira as v\u00eddeo aulas!<\/a><\/p>\n","protected":false},"excerpt":{"rendered":"<p>Conhecimentos espec\u00edficos Segunda fase &#8211; 2018 Universidade Estadual Paulista \u201cJ\u00falio de Mesquita Filho\u201d\u00a0(UNESP) \u00e9 uma universidade\u00a0p\u00fablica\u00a0brasileira, com atua\u00e7\u00e3o no ensino, na\u00a0pesquisa\u00a0e na extens\u00e3o de servi\u00e7os \u00e0 comunidade. A institui\u00e7\u00e3o \u00e9 uma das tr\u00eas universidades mantidas pelo governo do\u00a0estado\u00a0de\u00a0S\u00e3o Paulo, ao lado da\u00a0Universidade de S\u00e3o Paulo\u00a0(USP) e da\u00a0Universidade Estadual de Campinas\u00a0(Unicamp). A UNESP distingue-se das outras universidades estaduais por sua estrutura<\/p>\n","protected":false},"author":1,"featured_media":0,"parent":3353,"menu_order":0,"comment_status":"closed","ping_status":"closed","template":"","meta":{"om_disable_all_campaigns":false,"_monsterinsights_skip_tracking":false,"_monsterinsights_sitenote_active":false,"_monsterinsights_sitenote_note":"","_monsterinsights_sitenote_category":0,"footnotes":""},"class_list":["post-3502","page","type-page","status-publish","hentry"],"aioseo_notices":[],"_links":{"self":[{"href":"https:\/\/fisicaevestibular.com.br\/novo\/wp-json\/wp\/v2\/pages\/3502","targetHints":{"allow":["GET"]}}],"collection":[{"href":"https:\/\/fisicaevestibular.com.br\/novo\/wp-json\/wp\/v2\/pages"}],"about":[{"href":"https:\/\/fisicaevestibular.com.br\/novo\/wp-json\/wp\/v2\/types\/page"}],"author":[{"embeddable":true,"href":"https:\/\/fisicaevestibular.com.br\/novo\/wp-json\/wp\/v2\/users\/1"}],"replies":[{"embeddable":true,"href":"https:\/\/fisicaevestibular.com.br\/novo\/wp-json\/wp\/v2\/comments?post=3502"}],"version-history":[{"count":4,"href":"https:\/\/fisicaevestibular.com.br\/novo\/wp-json\/wp\/v2\/pages\/3502\/revisions"}],"predecessor-version":[{"id":10376,"href":"https:\/\/fisicaevestibular.com.br\/novo\/wp-json\/wp\/v2\/pages\/3502\/revisions\/10376"}],"up":[{"embeddable":true,"href":"https:\/\/fisicaevestibular.com.br\/novo\/wp-json\/wp\/v2\/pages\/3353"}],"wp:attachment":[{"href":"https:\/\/fisicaevestibular.com.br\/novo\/wp-json\/wp\/v2\/media?parent=3502"}],"curies":[{"name":"wp","href":"https:\/\/api.w.org\/{rel}","templated":true}]}}