{"id":3345,"date":"2017-10-01T23:15:58","date_gmt":"2017-10-01T23:15:58","guid":{"rendered":"http:\/\/fisicaevestibular.com.br\/novo\/?page_id=3345"},"modified":"2024-07-15T15:35:23","modified_gmt":"2024-07-15T15:35:23","slug":"unesp-2017-meio-do-ano","status":"publish","type":"page","link":"https:\/\/fisicaevestibular.com.br\/novo\/universidades-2017\/unesp-2017-meio-do-ano\/","title":{"rendered":"UNESP-2017 Meio do ano"},"content":{"rendered":"<p align=\"CENTER\"><span style=\"font-family: Times New Roman,serif;\"><span style=\"font-size: medium;\"><span style=\"color: #0000cc;\"><span style=\"font-family: Arial Black,serif;\"><span style=\"font-size: x-large;\"><b>UNESP-2017-Meio do ano<\/b><\/span><\/span><\/span><\/span><\/span><\/p>\n<p align=\"CENTER\"><img decoding=\"async\" class=\"alignnone\" src=\"http:\/\/fisicaevestibular.com.br\/novo\/wp-content\/uploads\/universidades-2017\/unesp-verao\/Resoluc_a_o_UNESP_de_vera_o_2017_html_37ea2597.png\" alt=\"UNESP\" width=\"173\" height=\"65\" name=\"Imagem 1\" align=\"BOTTOM\" border=\"0\" \/><\/p>\n<p align=\"CENTER\"><span style=\"font-family: Times New Roman,serif;\"><span style=\"font-size: medium;\"><span style=\"color: #0000cc;\"><span style=\"font-family: Viner Hand ITC,serif;\"><span style=\"font-size: x-large;\"><b>Universidade Estadual Paulista \u201cJ\u00falio de Mesquita Filho\u201d\u00a0(UNESP) \u00e9 uma <a href=\"http:\/\/pt.wikipedia.org\/wiki\/Universidade\">universidade<\/a>\u00a0<a href=\"http:\/\/pt.wikipedia.org\/wiki\/Universidade_p%C3%BAblica\">p\u00fablica<\/a>\u00a0<a href=\"http:\/\/pt.wikipedia.org\/wiki\/Brasil\">brasileira<\/a>, com atua\u00e7\u00e3o no ensino, na\u00a0<a href=\"http:\/\/pt.wikipedia.org\/wiki\/Pesquisa\">pesquisa<\/a>\u00a0e na extens\u00e3o de servi\u00e7os \u00e0 comunidade. A institui\u00e7\u00e3o \u00e9 uma das tr\u00eas universidades mantidas pelo governo do\u00a0<a href=\"http:\/\/pt.wikipedia.org\/wiki\/Unidades_federativas_do_Brasil\">estado<\/a>\u00a0de\u00a0<a href=\"http:\/\/pt.wikipedia.org\/wiki\/S%C3%A3o_Paulo\">S\u00e3o Paulo<\/a>, ao lado da\u00a0<a href=\"http:\/\/pt.wikipedia.org\/wiki\/Universidade_de_S%C3%A3o_Paulo\">Universidade de S\u00e3o Paulo<\/a>\u00a0(USP) e da <a href=\"http:\/\/pt.wikipedia.org\/wiki\/Universidade_Estadual_de_Campinas\">Universidade Estadual de Campinas<\/a>\u00a0(Unicamp).<\/b><\/span><\/span><\/span><\/span><\/span><\/p>\n<p align=\"CENTER\"><span style=\"font-family: Times New Roman,serif;\"><span style=\"font-size: medium;\"><span style=\"color: #0000cc;\"><span style=\"font-family: Viner Hand ITC,serif;\"><span style=\"font-size: x-large;\"><b>A UNESP distingue-se das outras universidades estaduais por sua estrutura multicampi que abrange 24\u00a0<a href=\"http:\/\/pt.wikipedia.org\/wiki\/Munic%C3%ADpios\">munic\u00edpios<\/a>\u00a0do estado \u2013 21\u00a0<\/b><\/span><\/span><\/span><a href=\"http:\/\/pt.wikipedia.org\/wiki\/Campus\"><span style=\"color: #0000cc;\"><span style=\"font-family: Viner Hand ITC,serif;\"><span style=\"font-size: x-large;\"><i><b>campi<\/b><\/i><\/span><\/span><\/span><\/a><span style=\"color: #0000cc;\"><span style=\"font-family: Viner Hand ITC,serif;\"><span style=\"font-size: x-large;\"><b>\u00a0no\u00a0<a href=\"http:\/\/pt.wikipedia.org\/wiki\/Interior_de_S%C3%A3o_Paulo\">interior<\/a>, um campus na cidade de\u00a0<a href=\"http:\/\/pt.wikipedia.org\/wiki\/S%C3%A3o_Paulo_%28cidade%29\">S\u00e3o Paulo<\/a>, um campus em\u00a0<a href=\"http:\/\/pt.wikipedia.org\/wiki\/S%C3%A3o_Vicente_%28S%C3%A3o_Paulo%29\">S\u00e3o Vicente<\/a>\u00a0e um campus em\u00a0<a href=\"http:\/\/pt.wikipedia.org\/wiki\/Registro_%28S%C3%A3o_Paulo%29\">Registro<\/a>(estes 2 \u00faltimos campi tendo sido os primeiros de uma universidade p\u00fablica no\u00a0<a href=\"http:\/\/pt.wikipedia.org\/wiki\/Litoral_de_S%C3%A3o_Paulo\">litoral paulista<\/a>).<a href=\"http:\/\/pt.wikipedia.org\/wiki\/Universidade_Estadual_Paulista#cite_note-statunesp-1\">1<\/a><\/b><\/span><\/span><\/span><\/span><\/span><\/p>\n<p align=\"CENTER\"><span style=\"font-family: Times New Roman,serif;\"><span style=\"font-size: medium;\"><span style=\"color: #0000cc;\"><span style=\"font-family: Viner Hand ITC,serif;\"><span style=\"font-size: x-large;\"><b>Unesp foi a segunda colocada entre as universidades p\u00fablicas no \u201cVIII Pr\u00eamio Melhores Universidades\u201d, presenteado anualmente pela publica\u00e7\u00e3o\u00a0<\/b><\/span><\/span><\/span><a href=\"http:\/\/pt.wikipedia.org\/wiki\/Guia_do_Estudante\"><span style=\"color: #0000cc;\"><span style=\"font-family: Viner Hand ITC,serif;\"><span style=\"font-size: x-large;\"><i><b>Guia do Estudante<\/b><\/i><\/span><\/span><\/span><\/a><span style=\"color: #0000cc;\"><span style=\"font-family: Viner Hand ITC,serif;\"><span style=\"font-size: x-large;\"><b>, da\u00a0<a href=\"http:\/\/pt.wikipedia.org\/wiki\/Editora_Abril\">Editora Abril<\/a>.\u00a0\u00a0A\u00a0<a href=\"http:\/\/pt.wikipedia.org\/wiki\/Classifica%C3%A7%C3%A3o_Acad%C3%AAmica_das_Universidades_Mundiais\">Classifica\u00e7\u00e3o Acad\u00eamica das Universidades Mundiais<\/a><\/b><\/span><\/span><\/span><b> <\/b><span style=\"color: #0000cc;\"><span style=\"font-family: Viner Hand ITC,serif;\"><span style=\"font-size: x-large;\"><b>(ARWU \u2013 sigla em ingl\u00eas classificou a universidade entre as posi\u00e7\u00f5es 301\u00aa-400\u00aa no mundo e entre as cinco melhores institui\u00e7\u00f5es de ensino superior do Brasil<\/b><\/span><\/span><\/span><\/span><\/span><\/p>\n<p><span style=\"color: #0000ff;\"><span style=\"font-family: Arial Black,serif;\"><span style=\"font-size: medium;\"><b>01 \u2013 (UNESP-SP-017-Meio do ano)<\/b><\/span><\/span><\/span><\/p>\n<p><img fetchpriority=\"high\" decoding=\"async\" src=\"http:\/\/fisicaevestibular.com.br\/novo\/wp-content\/uploads\/universidades-2017\/unesp-verao\/Resoluc_a_o_UNESP_de_vera_o_2017_html_694b4244.png\" alt=\"\" width=\"770\" height=\"162\" name=\"Imagem 2\" align=\"BOTTOM\" border=\"0\" \/><\/p>\n<p><span style=\"color: #0000ff;\"><span style=\"font-family: Arial,serif;\"><span style=\"font-size: medium;\"><b>Considere as seguintes caracter\u00edsticas da moeda de R$ 0,10:<\/b><\/span><\/span><\/span><\/p>\n<p><span style=\"color: #ff0000;\"><span style=\"font-family: Arial,serif;\"><span style=\"font-size: medium;\"><b>massa = 4,8 g; di\u00e2metro = 20,0 mm; espessura = 2,2 mm.<\/b><\/span><\/span><\/span><\/p>\n<p align=\"CENTER\"><img decoding=\"async\" src=\"http:\/\/fisicaevestibular.com.br\/novo\/wp-content\/uploads\/universidades-2017\/unesp-verao\/Resoluc_a_o_UNESP_de_vera_o_2017_html_997bed9c.gif\" alt=\"\" width=\"199\" height=\"93\" name=\"Imagem 3\" align=\"BOTTOM\" border=\"0\" \/><\/p>\n<p align=\"CENTER\"><span style=\"color: #0000ff;\"><span style=\"font-family: Arial,serif;\"><span style=\"font-size: medium;\"><b>(www.bcb.gov.br)<\/b><\/span><\/span><\/span><\/p>\n<p><span style=\"color: #0000ff;\"><span style=\"font-family: Arial,serif;\"><span style=\"font-size: medium;\"><b>Admitindo como <\/b><\/span><\/span><\/span><span style=\"color: #ff0000;\"><span style=\"font-family: Arial,serif;\"><span style=\"font-size: medium;\"><b>desprez\u00edvel o efeito das varia\u00e7\u00f5es de relevo sobre o volume total da moeda<\/b><\/span><\/span><\/span><span style=\"color: #0000ff;\"><span style=\"font-family: Arial,serif;\"><span style=\"font-size: medium;\"><b> e sabendo que <\/b><\/span><\/span><\/span><span style=\"color: #ff0000;\"><span style=\"font-family: Arial,serif;\"><span style=\"font-size: medium;\"><b>o volume de um cilindro circular reto \u00e9 igual ao produto da \u00e1rea da base pela altura e que a \u00e1rea de um c\u00edrculo \u00e9 calculada pela f\u00f3rmula \u03c0r\u00b2, a densidade do material <\/b><\/span><\/span><\/span><span style=\"color: #0000ff;\"><span style=\"font-family: Arial,serif;\"><span style=\"font-size: medium;\"><b>com que \u00e9 confeccionada a moeda de R$ 0,10 <\/b><\/span><\/span><\/span><span style=\"color: #ff0000;\"><span style=\"font-family: Arial,serif;\"><span style=\"font-size: medium;\"><b>\u00e9 de aproximadamente<\/b><\/span><\/span><\/span><\/p>\n<p><span style=\"color: #0000ff;\"><span style=\"font-family: Arial,serif;\"><span style=\"font-size: medium;\"><b>(A) 9 g\/cm<\/b><\/span><\/span><\/span><span style=\"color: #0000ff;\"><sup><span style=\"font-family: Arial,serif;\"><span style=\"font-size: medium;\"><b>3<\/b><\/span><\/span><\/sup><\/span><span style=\"color: #0000ff;\"><span style=\"font-family: Arial,serif;\"><span style=\"font-size: medium;\"><b>.<\/b><\/span><\/span><\/span><\/p>\n<p><span style=\"color: #0000ff;\"><span style=\"font-family: Arial,serif;\"><span style=\"font-size: medium;\"><b>(B) 18 g\/cm<\/b><\/span><\/span><\/span><span style=\"color: #0000ff;\"><sup><span style=\"font-family: Arial,serif;\"><span style=\"font-size: medium;\"><b>3<\/b><\/span><\/span><\/sup><\/span><span style=\"color: #0000ff;\"><span style=\"font-family: Arial,serif;\"><span style=\"font-size: medium;\"><b>.<\/b><\/span><\/span><\/span><\/p>\n<p><span style=\"color: #0000ff;\"><span style=\"font-family: Arial,serif;\"><span style=\"font-size: medium;\"><b>(C) 14 g\/cm<\/b><\/span><\/span><\/span><span style=\"color: #0000ff;\"><sup><span style=\"font-family: Arial,serif;\"><span style=\"font-size: medium;\"><b>3<\/b><\/span><\/span><\/sup><\/span><span style=\"color: #0000ff;\"><span style=\"font-family: Arial,serif;\"><span style=\"font-size: medium;\"><b>.<\/b><\/span><\/span><\/span><\/p>\n<p><span style=\"color: #0000ff;\"><span style=\"font-family: Arial,serif;\"><span style=\"font-size: medium;\"><b>(D) 7 g\/cm<\/b><\/span><\/span><\/span><span style=\"color: #0000ff;\"><sup><span style=\"font-family: Arial,serif;\"><span style=\"font-size: medium;\"><b>3<\/b><\/span><\/span><\/sup><\/span><span style=\"color: #0000ff;\"><span style=\"font-family: Arial,serif;\"><span style=\"font-size: medium;\"><b>.<\/b><\/span><\/span><\/span><\/p>\n<p><span style=\"color: #0000ff;\"><span style=\"font-family: Arial,serif;\"><span style=\"font-size: medium;\"><b>(E) 21 g\/cm<\/b><\/span><\/span><\/span><span style=\"color: #0000ff;\"><sup><span style=\"font-family: Arial,serif;\"><span style=\"font-size: medium;\"><b>3<\/b><\/span><\/span><\/sup><\/span><span style=\"color: #0000ff;\"><span style=\"font-family: Arial,serif;\"><span style=\"font-size: medium;\"><b>.<\/b><\/span><\/span><\/span><\/p>\n<p><span style=\"color: #0000ff;\"><span style=\"font-family: Arial Black,serif;\"><span style=\"font-size: medium;\"><b>02 \u2013 (UNESP-SP-017-Meio do ano)<\/b><\/span><\/span><\/span><\/p>\n<p align=\"CENTER\"><img loading=\"lazy\" decoding=\"async\" src=\"http:\/\/fisicaevestibular.com.br\/novo\/wp-content\/uploads\/universidades-2017\/unesp-verao\/Resoluc_a_o_UNESP_de_vera_o_2017_html_332e7a00.jpg\" alt=\"\" width=\"743\" height=\"147\" name=\"Imagem 6\" align=\"BOTTOM\" border=\"0\" \/><\/p>\n<p><span style=\"color: #0000ff;\"><span style=\"font-family: Arial,serif;\"><span style=\"font-size: medium;\"><b>Um gerador port\u00e1til de eletricidade movido a gasolina comum tem um tanque com <\/b><\/span><\/span><\/span><span style=\"color: #ff0000;\"><span style=\"font-family: Arial,serif;\"><span style=\"font-size: medium;\"><b>capacidade de 5,0 L de combust\u00edvel,<\/b><\/span><\/span><\/span><span style=\"color: #0000ff;\"><span style=\"font-family: Arial,serif;\"><span style=\"font-size: medium;\"><b> o que garante uma <\/b><\/span><\/span><\/span><span style=\"color: #ff0000;\"><span style=\"font-family: Arial,serif;\"><span style=\"font-size: medium;\"><b>autonomia de 8,6 horas de trabalho <\/b><\/span><\/span><\/span><span style=\"color: #0000ff;\"><span style=\"font-family: Arial,serif;\"><span style=\"font-size: medium;\"><b>abastecendo de energia el\u00e9trica equipamentos com <\/b><\/span><\/span><\/span><span style=\"color: #ff0000;\"><span style=\"font-family: Arial,serif;\"><span style=\"font-size: medium;\"><b>pot\u00eancia total de 1 kW<\/b><\/span><\/span><\/span><span style=\"color: #0000ff;\"><span style=\"font-family: Arial,serif;\"><span style=\"font-size: medium;\"><b>, ou seja, que consomem, nesse tempo de funcionamento, o <\/b><\/span><\/span><\/span><span style=\"color: #ff0000;\"><span style=\"font-family: Arial,serif;\"><span style=\"font-size: medium;\"><b>total de 8,6 kWh de energia el\u00e9trica. <\/b><\/span><\/span><\/span><span style=\"color: #0000ff;\"><span style=\"font-family: Arial,serif;\"><span style=\"font-size: medium;\"><b>Sabendo que <\/b><\/span><\/span><\/span><span style=\"color: #ff0000;\"><span style=\"font-family: Arial,serif;\"><span style=\"font-size: medium;\"><b>a combust\u00e3o da gasolina comum libera cerca 3,2 \u00d7 10<\/b><\/span><\/span><\/span><span style=\"color: #ff0000;\"><sup><span style=\"font-family: Arial,serif;\"><span style=\"font-size: medium;\"><b>4<\/b><\/span><\/span><\/sup><\/span><span style=\"color: #ff0000;\"><span style=\"font-family: Arial,serif;\"><span style=\"font-size: medium;\"><b> kJ\/L e que 1 kWh = 3,6 \u00d7 10\u00b3 kJ, a porcentagem da energia liberada na combust\u00e3o da gasolina que ser\u00e1 convertida em energia el\u00e9trica \u00e9 pr\u00f3xima de<\/b><\/span><\/span><\/span><\/p>\n<p><span style=\"color: #0000ff;\"><span style=\"font-family: Arial,serif;\"><span style=\"font-size: medium;\"><b>(A) 30%.<\/b><\/span><\/span><\/span><\/p>\n<p><span style=\"color: #0000ff;\"><span style=\"font-family: Arial,serif;\"><span style=\"font-size: medium;\"><b>(B) 40%.<\/b><\/span><\/span><\/span><\/p>\n<p><span style=\"color: #0000ff;\"><span style=\"font-family: Arial,serif;\"><span style=\"font-size: medium;\"><b>(C) 20%.<\/b><\/span><\/span><\/span><\/p>\n<p><span style=\"color: #0000ff;\"><span style=\"font-family: Arial,serif;\"><span style=\"font-size: medium;\"><b>(D) 50%.<\/b><\/span><\/span><\/span><\/p>\n<p><span style=\"color: #0000ff;\"><span style=\"font-family: Arial,serif;\"><span style=\"font-size: medium;\"><b>(E) 10%.<\/b><\/span><\/span><\/span><\/p>\n<p><span style=\"color: #0000ff;\"><span style=\"font-family: Arial Black,serif;\"><span style=\"font-size: medium;\"><b>03 \u2013 (UNESP-SP-017-Meio do ano)<\/b><\/span><\/span><\/span><\/p>\n<p align=\"CENTER\"><img loading=\"lazy\" decoding=\"async\" src=\"http:\/\/fisicaevestibular.com.br\/novo\/wp-content\/uploads\/universidades-2017\/unesp-verao\/Resoluc_a_o_UNESP_de_vera_o_2017_html_bb45e2b8.jpg\" alt=\"\" width=\"770\" height=\"162\" name=\"Imagem 11\" align=\"BOTTOM\" border=\"0\" \/><\/p>\n<p><span style=\"color: #0000ff;\"><span style=\"font-family: Arial,serif;\"><span style=\"font-size: medium;\"><b>No per\u00edodo de estiagem, uma pequena pedra foi <\/b><\/span><\/span><\/span><span style=\"color: #ff0000;\"><span style=\"font-family: Arial,serif;\"><span style=\"font-size: medium;\"><b>abandonada, a partir do repouso<\/b><\/span><\/span><\/span><span style=\"color: #0000ff;\"><span style=\"font-family: Arial,serif;\"><span style=\"font-size: medium;\"><b>, do alto de uma ponte sobre uma represa e verificou-se que <\/b><\/span><\/span><\/span><span style=\"color: #ff0000;\"><span style=\"font-family: Arial,serif;\"><span style=\"font-size: medium;\"><b>demorou 2,0 s para atingir a superf\u00edcie da \u00e1gua. <\/b><\/span><\/span><\/span><span style=\"color: #0000ff;\"><span style=\"font-family: Arial,serif;\"><span style=\"font-size: medium;\"><b>Ap\u00f3s um per\u00edodo de chuvas, outra pedra id\u00eantica <\/b><\/span><\/span><\/span><span style=\"color: #ff0000;\"><span style=\"font-family: Arial,serif;\"><span style=\"font-size: medium;\"><b>foi abandonada do mesmo local, tamb\u00e9m a partir do repouso<\/b><\/span><\/span><\/span><span style=\"color: #0000ff;\"><span style=\"font-family: Arial,serif;\"><span style=\"font-size: medium;\"><b> e, desta vez, a pedra <\/b><\/span><\/span><\/span><span style=\"color: #ff0000;\"><span style=\"font-family: Arial,serif;\"><span style=\"font-size: medium;\"><b>demorou 1,6 s para atingir a superf\u00edcie da \u00e1gua.<\/b><\/span><\/span><\/span><\/p>\n<p align=\"CENTER\"><img loading=\"lazy\" decoding=\"async\" src=\"http:\/\/fisicaevestibular.com.br\/novo\/wp-content\/uploads\/universidades-2017\/unesp-verao\/Resoluc_a_o_UNESP_de_vera_o_2017_html_129a49dd.gif\" alt=\"\" width=\"500\" height=\"124\" name=\"Imagem 12\" align=\"BOTTOM\" border=\"0\" \/><\/p>\n<p align=\"CENTER\"><span style=\"color: #0000ff;\"><span style=\"font-family: Arial,serif;\"><span style=\"font-size: medium;\"><b>(www.folharibeiraopires.com.br. Adaptado.)<\/b><\/span><\/span><\/span><\/p>\n<p><span style=\"color: #0000ff;\"><span style=\"font-family: Arial,serif;\"><span style=\"font-size: medium;\"><b>Considerando <\/b><\/span><\/span><\/span><span style=\"color: #ff0000;\"><span style=\"font-family: Arial,serif;\"><span style=\"font-size: medium;\"><b>a acelera\u00e7\u00e3o gravitacional igual a 10 m\/s\u00b2<\/b><\/span><\/span><\/span><span style=\"color: #0000ff;\"><span style=\"font-family: Arial,serif;\"><span style=\"font-size: medium;\"><b> e <\/b><\/span><\/span><\/span><span style=\"color: #ff0000;\"><span style=\"font-family: Arial,serif;\"><span style=\"font-size: medium;\"><b>desprezando a exist\u00eancia de correntes de ar e a sua resist\u00eancia<\/b><\/span><\/span><\/span><span style=\"color: #0000ff;\"><span style=\"font-family: Arial,serif;\"><span style=\"font-size: medium;\"><b>, \u00e9 correto afirmar que, entre as duas medidas, <\/b><\/span><\/span><\/span><span style=\"color: #ff0000;\"><span style=\"font-family: Arial,serif;\"><span style=\"font-size: medium;\"><b>o n\u00edvel da \u00e1gua da represa elevou-se<\/b><\/span><\/span><\/span><\/p>\n<p><span style=\"color: #0000ff;\"><span style=\"font-family: Arial,serif;\"><span style=\"font-size: medium;\"><b>(A) 5,4 m.<\/b><\/span><\/span><\/span><\/p>\n<p><span style=\"color: #0000ff;\"><span style=\"font-family: Arial,serif;\"><span style=\"font-size: medium;\"><b>(B) 7,2 m.<\/b><\/span><\/span><\/span><\/p>\n<p><span style=\"color: #0000ff;\"><span style=\"font-family: Arial,serif;\"><span style=\"font-size: medium;\"><b>(C) 1,2 m.<\/b><\/span><\/span><\/span><\/p>\n<p><span style=\"color: #0000ff;\"><span style=\"font-family: Arial,serif;\"><span style=\"font-size: medium;\"><b>(D) 0,8 m.<\/b><\/span><\/span><\/span><\/p>\n<p><span style=\"color: #0000ff;\"><span style=\"font-family: Arial,serif;\"><span style=\"font-size: medium;\"><b>(E) 4,6 m.<\/b><\/span><\/span><\/span><\/p>\n<p><span style=\"color: #0000ff;\"><span style=\"font-family: Arial Black,serif;\"><span style=\"font-size: medium;\"><b>04 \u2013 (UNESP-SP-017-Meio do ano)<\/b><\/span><\/span><\/span><\/p>\n<p><img loading=\"lazy\" decoding=\"async\" src=\"http:\/\/fisicaevestibular.com.br\/novo\/wp-content\/uploads\/universidades-2017\/unesp-verao\/Resoluc_a_o_UNESP_de_vera_o_2017_html_6f6ba745.jpg\" alt=\"\" width=\"759\" height=\"163\" name=\"Imagem 18\" align=\"BOTTOM\" border=\"0\" \/><\/p>\n<p><span style=\"color: #0000ff;\"><span style=\"font-family: Arial,serif;\"><span style=\"font-size: medium;\"><b>Um homem sustenta uma <\/b><\/span><\/span><\/span><span style=\"color: #ff0000;\"><span style=\"font-family: Arial,serif;\"><span style=\"font-size: medium;\"><b>caixa de peso 1000 N,<\/b><\/span><\/span><\/span><span style=\"color: #0000ff;\"><span style=\"font-family: Arial,serif;\"><span style=\"font-size: medium;\"><b> que est\u00e1 apoiada em uma <\/b><\/span><\/span><\/span><span style=\"color: #ff0000;\"><span style=\"font-family: Arial,serif;\"><span style=\"font-size: medium;\"><b>rampa com atrito<\/b><\/span><\/span><\/span><span style=\"color: #0000ff;\"><span style=\"font-family: Arial,serif;\"><span style=\"font-size: medium;\"><b>, a fim de coloc\u00e1-la em um caminh\u00e3o, como mostra a figura 1. <\/b><\/span><\/span><\/span><span style=\"color: #ff0000;\"><span style=\"font-family: Arial,serif;\"><span style=\"font-size: medium;\"><b>O \u00e2ngulo de inclina\u00e7\u00e3o da rampa <\/b><\/span><\/span><\/span><span style=\"color: #0000ff;\"><span style=\"font-family: Arial,serif;\"><span style=\"font-size: medium;\"><b>em rela\u00e7\u00e3o \u00e0 horizontal \u00e9 igual a <img decoding=\"async\" src=\"http:\/\/fisicaevestibular.com.br\/novo\/wp-content\/uploads\/universidades-2017\/unesp-verao\/Resoluc_a_o_UNESP_de_vera_o_2017_html_13d79ac.gif\" alt=\"\" align=\"ABSMIDDLE\" hspace=\"8\" \/> e a <\/b><\/span><\/span><\/span><span style=\"color: #ff0000;\"><span style=\"font-family: Arial,serif;\"><span style=\"font-size: medium;\"><b>for\u00e7a de sustenta\u00e7\u00e3o aplicada pelo homem <\/b><\/span><\/span><\/span><span style=\"color: #0000ff;\"><span style=\"font-family: Arial,serif;\"><span style=\"font-size: medium;\"><b>para que a caixa n\u00e3o deslize sobre a superf\u00edcie inclinada <\/b><\/span><\/span><\/span><span style=\"color: #ff0000;\"><span style=\"font-family: Arial,serif;\"><span style=\"font-size: medium;\"><b>\u00e9 <img decoding=\"async\" src=\"http:\/\/fisicaevestibular.com.br\/novo\/wp-content\/uploads\/universidades-2017\/unesp-verao\/Resoluc_a_o_UNESP_de_vera_o_2017_html_1211ceac.gif\" alt=\"\" align=\"ABSMIDDLE\" hspace=\"8\" \/><\/b><\/span><\/span><\/span><span style=\"color: #0000ff;\"><span style=\"font-family: Arial,serif;\"><span style=\"font-size: medium;\"><b>, sendo aplicada \u00e0 caixa paralelamente \u00e0 superf\u00edcie inclinada, como mostra a figura 2. <\/b><\/span><\/span><\/span><\/p>\n<p align=\"CENTER\"><span style=\"color: #0000ff;\"><span style=\"font-family: Arial,serif;\"><span style=\"font-size: medium;\"><b>FIGURA1 FIGURA 2<\/b><\/span><\/span><\/span><\/p>\n<p align=\"CENTER\"><img loading=\"lazy\" decoding=\"async\" src=\"http:\/\/fisicaevestibular.com.br\/novo\/wp-content\/uploads\/universidades-2017\/unesp-verao\/Resoluc_a_o_UNESP_de_vera_o_2017_html_159e7406.gif\" alt=\"\" width=\"223\" height=\"117\" name=\"Imagem 19\" align=\"BOTTOM\" border=\"0\" \/><span style=\"color: #0000ff;\"> <img loading=\"lazy\" decoding=\"async\" src=\"http:\/\/fisicaevestibular.com.br\/novo\/wp-content\/uploads\/universidades-2017\/unesp-verao\/Resoluc_a_o_UNESP_de_vera_o_2017_html_1aea462b.png\" alt=\"\" width=\"218\" height=\"137\" name=\"Imagem 20\" align=\"BOTTOM\" border=\"0\" \/><\/span><\/p>\n<p align=\"CENTER\"><span style=\"color: #0000ff;\"><span style=\"font-family: Arial,serif;\"><span style=\"font-size: medium;\"><b>(http:\/\/portaldoprofessor.mec.gov.br)<\/b><\/span><\/span><\/span><\/p>\n<p><span style=\"color: #ff0000;\"><span style=\"font-family: Arial,serif;\"><span style=\"font-size: medium;\"><b>Quando o \u00e2ngulo <img decoding=\"async\" src=\"http:\/\/fisicaevestibular.com.br\/novo\/wp-content\/uploads\/universidades-2017\/unesp-verao\/Resoluc_a_o_UNESP_de_vera_o_2017_html_13d79ac.gif\" alt=\"\" align=\"ABSMIDDLE\" hspace=\"8\" \/> \u00e9 tal que sen <img decoding=\"async\" src=\"http:\/\/fisicaevestibular.com.br\/novo\/wp-content\/uploads\/universidades-2017\/unesp-verao\/Resoluc_a_o_UNESP_de_vera_o_2017_html_13d79ac.gif\" alt=\"\" align=\"ABSMIDDLE\" hspace=\"8\" \/> = 0,60 e cos <img decoding=\"async\" src=\"http:\/\/fisicaevestibular.com.br\/novo\/wp-content\/uploads\/universidades-2017\/unesp-verao\/Resoluc_a_o_UNESP_de_vera_o_2017_html_13d79ac.gif\" alt=\"\" align=\"ABSMIDDLE\" hspace=\"8\" \/> = 0,80, o valor m\u00ednimo da intensidade da for\u00e7a F \u00e9 200 N.<\/b><\/span><\/span><\/span><span style=\"color: #0000ff;\"><span style=\"font-family: Arial,serif;\"><span style=\"font-size: medium;\"><b> Se o <\/b><\/span><\/span><\/span><span style=\"color: #ff0000;\"><span style=\"font-family: Arial,serif;\"><span style=\"font-size: medium;\"><b>\u00e2ngulo for aumentado<\/b><\/span><\/span><\/span><span style=\"color: #0000ff;\"><span style=\"font-family: Arial,serif;\"><span style=\"font-size: medium;\"><b> para um valor <img decoding=\"async\" src=\"http:\/\/fisicaevestibular.com.br\/novo\/wp-content\/uploads\/universidades-2017\/unesp-verao\/Resoluc_a_o_UNESP_de_vera_o_2017_html_35be4fad.gif\" alt=\"\" align=\"ABSMIDDLE\" hspace=\"8\" \/>, de modo que <\/b><\/span><\/span><\/span><span style=\"color: #ff0000;\"><span style=\"font-family: Arial,serif;\"><span style=\"font-size: medium;\"><b>sen <img decoding=\"async\" src=\"http:\/\/fisicaevestibular.com.br\/novo\/wp-content\/uploads\/universidades-2017\/unesp-verao\/Resoluc_a_o_UNESP_de_vera_o_2017_html_35be4fad.gif\" alt=\"\" align=\"ABSMIDDLE\" hspace=\"8\" \/> = 0,80 e cos <img decoding=\"async\" src=\"http:\/\/fisicaevestibular.com.br\/novo\/wp-content\/uploads\/universidades-2017\/unesp-verao\/Resoluc_a_o_UNESP_de_vera_o_2017_html_35be4fad.gif\" alt=\"\" align=\"ABSMIDDLE\" hspace=\"8\" \/> = 0,60, o valor m\u00ednimo da intensidade da for\u00e7a <img decoding=\"async\" src=\"http:\/\/fisicaevestibular.com.br\/novo\/wp-content\/uploads\/universidades-2017\/unesp-verao\/Resoluc_a_o_UNESP_de_vera_o_2017_html_1211ceac.gif\" alt=\"\" align=\"ABSMIDDLE\" hspace=\"8\" \/> passa a ser de<\/b><\/span><\/span><\/span><\/p>\n<p><span style=\"color: #0000ff;\"><span style=\"font-family: Arial,serif;\"><span style=\"font-size: medium;\"><b>(A) 400 N.<\/b><\/span><\/span><\/span><\/p>\n<p><span style=\"color: #0000ff;\"><span style=\"font-family: Arial,serif;\"><span style=\"font-size: medium;\"><b>(B) 350 N.<\/b><\/span><\/span><\/span><\/p>\n<p><span style=\"color: #0000ff;\"><span style=\"font-family: Arial,serif;\"><span style=\"font-size: medium;\"><b>(C) 800 N.<\/b><\/span><\/span><\/span><\/p>\n<p><span style=\"color: #0000ff;\"><span style=\"font-family: Arial,serif;\"><span style=\"font-size: medium;\"><b>(D) 270 N.<\/b><\/span><\/span><\/span><\/p>\n<p><span style=\"color: #0000ff;\"><span style=\"font-family: Arial,serif;\"><span style=\"font-size: medium;\"><b>(E) 500 N.<\/b><\/span><\/span><\/span><\/p>\n<p><span style=\"color: #0000ff;\"><span style=\"font-family: Arial Black,serif;\"><span style=\"font-size: medium;\"><b>05 \u2013 (UNESP-SP-017-Meio do ano)<\/b><\/span><\/span><\/span><\/p>\n<p><img loading=\"lazy\" decoding=\"async\" src=\"http:\/\/fisicaevestibular.com.br\/novo\/wp-content\/uploads\/universidades-2017\/unesp-verao\/Resoluc_a_o_UNESP_de_vera_o_2017_html_3cd8e2c9.jpg\" alt=\"\" width=\"766\" height=\"178\" name=\"Imagem 31\" align=\"BOTTOM\" border=\"0\" \/><\/p>\n<p><span style=\"color: #0000ff;\"><span style=\"font-family: Arial,serif;\"><span style=\"font-size: medium;\"><b>Observe o poema visual de E. M. de Melo e Castro.<\/b><\/span><\/span><\/span><\/p>\n<p align=\"CENTER\"><img loading=\"lazy\" decoding=\"async\" src=\"http:\/\/fisicaevestibular.com.br\/novo\/wp-content\/uploads\/universidades-2017\/unesp-verao\/Resoluc_a_o_UNESP_de_vera_o_2017_html_56b3ee21.png\" alt=\"\" width=\"333\" height=\"279\" name=\"Imagem 32\" align=\"BOTTOM\" border=\"0\" \/><\/p>\n<p align=\"CENTER\"><span style=\"color: #0000ff;\"><span style=\"font-family: Arial,serif;\"><span style=\"font-size: medium;\"><b>(www.antoniomiranda.com.br. Adaptado.)<\/b><\/span><\/span><\/span><\/p>\n<p><span style=\"color: #0000ff;\"><span style=\"font-family: Arial,serif;\"><span style=\"font-size: medium;\"><b>Suponha que o <\/b><\/span><\/span><\/span><span style=\"color: #ff0000;\"><span style=\"font-family: Arial,serif;\"><span style=\"font-size: medium;\"><b>poema representa as posi\u00e7\u00f5es de um p\u00eandulo simples em movimento, dadas pelas sequ\u00eancias de letras iguais.<\/b><\/span><\/span><\/span><span style=\"color: #0000ff;\"><span style=\"font-family: Arial,serif;\"><span style=\"font-size: medium;\"><b> Na linha em que est\u00e1 escrita a palavra p\u00eandulo, indicada pelo tra\u00e7o vermelho, <\/b><\/span><\/span><\/span><span style=\"color: #ff0000;\"><span style=\"font-family: Arial,serif;\"><span style=\"font-size: medium;\"><b>cada letra corresponde a uma localiza\u00e7\u00e3o da massa do p\u00eandulo durante a oscila\u00e7\u00e3o, e a letra P indica a posi\u00e7\u00e3o mais baixa do movimento, <\/b><\/span><\/span><\/span><span style=\"color: #0000ff;\"><span style=\"font-family: Arial,serif;\"><span style=\"font-size: medium;\"><b>tomada como ponto de refer\u00eancia da energia potencial. Considerando as letras da linha da palavra p\u00eandulo, <\/b><\/span><\/span><\/span><span style=\"color: #ff0000;\"><span style=\"font-family: Arial,serif;\"><span style=\"font-size: medium;\"><b>\u00e9 correto afirmar que<\/b><\/span><\/span><\/span><\/p>\n<p><span style=\"color: #0000ff;\"><span style=\"font-family: Arial,serif;\"><span style=\"font-size: medium;\"><b>(A) a energia cin\u00e9tica do p\u00eandulo \u00e9 m\u00e1xima em P.<\/b><\/span><\/span><\/span><\/p>\n<p><span style=\"color: #0000ff;\"><span style=\"font-family: Arial,serif;\"><span style=\"font-size: medium;\"><b>(B) a energia potencial do p\u00eandulo \u00e9 maior em \u00ca que em D.<\/b><\/span><\/span><\/span><\/p>\n<p><span style=\"color: #0000ff;\"><span style=\"font-family: Arial,serif;\"><span style=\"font-size: medium;\"><b>(C) a energia cin\u00e9tica do p\u00eandulo \u00e9 maior em L que em N.<\/b><\/span><\/span><\/span><\/p>\n<p><span style=\"color: #0000ff;\"><span style=\"font-family: Arial,serif;\"><span style=\"font-size: medium;\"><b>(D) a energia cin\u00e9tica do p\u00eandulo \u00e9 m\u00e1xima em O.<\/b><\/span><\/span><\/span><\/p>\n<p><span style=\"color: #0000ff;\"><span style=\"font-family: Arial,serif;\"><span style=\"font-size: medium;\"><b>(E) a energia potencial do p\u00eandulo \u00e9 m\u00e1xima em P.<\/b><\/span><\/span><\/span><b> <\/b><\/p>\n<p><span style=\"color: #0000ff;\"><span style=\"font-family: Arial Black,serif;\"><span style=\"font-size: medium;\"><b>06 \u2013 (UNESP-SP-017-Meio do ano)<\/b><\/span><\/span><\/span><\/p>\n<p><img loading=\"lazy\" decoding=\"async\" src=\"http:\/\/fisicaevestibular.com.br\/novo\/wp-content\/uploads\/universidades-2017\/unesp-verao\/Resoluc_a_o_UNESP_de_vera_o_2017_html_324b8547.png\" alt=\"\" width=\"770\" height=\"185\" name=\"Imagem 33\" align=\"BOTTOM\" border=\"0\" \/><\/p>\n<p><span style=\"color: #0000ff;\"><span style=\"font-family: Arial,serif;\"><span style=\"font-size: medium;\"><b>No sistema auditivo humano, as ondas sonoras s\u00e3o captadas pela membrana timp\u00e2nica, que as transmite para um sistema de alavancas formado por tr\u00eas ossos (martelo, bigorna e estribo). Esse sistema transporta as ondas at\u00e9 a membrana da janela oval, de onde s\u00e3o transferidas para o interior da c\u00f3clea. Para melhorar a efici\u00eancia desse processo, o sistema de alavancas aumenta a intensidade da for\u00e7a aplicada, o que, somado \u00e0 diferen\u00e7a entre as \u00e1reas das janelas timp\u00e2nica e oval, resulta em eleva\u00e7\u00e3o do valor da press\u00e3o. <\/b><\/span><\/span><\/span><\/p>\n<p><span style=\"color: #0000ff;\"><span style=\"font-family: Arial,serif;\"><span style=\"font-size: medium;\"><b>(www.anatomiadocorpo.com. Adaptado.)<\/b><\/span><\/span><\/span><\/p>\n<p><span style=\"color: #0000ff;\"><span style=\"font-family: Arial,serif;\"><span style=\"font-size: medium;\"><b>Considere que <\/b><\/span><\/span><\/span><span style=\"color: #ff0000;\"><span style=\"font-family: Arial,serif;\"><span style=\"font-size: medium;\"><b>a for\u00e7a aplicada pelo estribo sobre a janela oval seja 1,5 vezes maior do que a aplicada pela membrana timp\u00e2nica sobre o martelo<\/b><\/span><\/span><\/span><span style=\"color: #0000ff;\"><span style=\"font-family: Arial,serif;\"><span style=\"font-size: medium;\"><b> e que <\/b><\/span><\/span><\/span><span style=\"color: #ff0000;\"><span style=\"font-family: Arial,serif;\"><span style=\"font-size: medium;\"><b>as \u00e1reas da membrana timp\u00e2nica e da janela oval sejam 42,0 mm\u00b2 e 3,0 mm\u00b2, respectivamente. Quando uma onda sonora exerce sobre a membrana timp\u00e2nica uma press\u00e3o de valor P<\/b><\/span><\/span><\/span><span style=\"color: #ff0000;\"><sub><span style=\"font-family: Arial,serif;\"><span style=\"font-size: medium;\"><b>T<\/b><\/span><\/span><\/sub><\/span><span style=\"color: #ff0000;\"><span style=\"font-family: Arial,serif;\"><span style=\"font-size: medium;\"><b>, a correspondente press\u00e3o exercida sobre a janela oval vale<\/b><\/span><\/span><\/span><\/p>\n<p><span style=\"color: #0000ff;\"><span style=\"font-family: Arial,serif;\"><span style=\"font-size: medium;\"><b>(A) 42 P<\/b><\/span><\/span><\/span><span style=\"color: #0000ff;\"><sub><span style=\"font-family: Arial,serif;\"><span style=\"font-size: medium;\"><b>T<\/b><\/span><\/span><\/sub><\/span><\/p>\n<p><span style=\"color: #0000ff;\"><span style=\"font-family: Arial,serif;\"><span style=\"font-size: medium;\"><b>(B) 14 P<\/b><\/span><\/span><\/span><span style=\"color: #0000ff;\"><sub><span style=\"font-family: Arial,serif;\"><span style=\"font-size: medium;\"><b>T<\/b><\/span><\/span><\/sub><\/span><\/p>\n<p><span style=\"color: #0000ff;\"><span style=\"font-family: Arial,serif;\"><span style=\"font-size: medium;\"><b>(C) 63 P<\/b><\/span><\/span><\/span><span style=\"color: #0000ff;\"><sub><span style=\"font-family: Arial,serif;\"><span style=\"font-size: medium;\"><b>T<\/b><\/span><\/span><\/sub><\/span><\/p>\n<p><span style=\"color: #0000ff;\"><span style=\"font-family: Arial,serif;\"><span style=\"font-size: medium;\"><b>(D) 21 P<\/b><\/span><\/span><\/span><span style=\"color: #0000ff;\"><sub><span style=\"font-family: Arial,serif;\"><span style=\"font-size: medium;\"><b>T<\/b><\/span><\/span><\/sub><\/span><\/p>\n<p><span style=\"color: #0000ff;\"><span style=\"font-family: Arial,serif;\"><span style=\"font-size: medium;\"><b>(E) 7 P<\/b><\/span><\/span><\/span><span style=\"color: #0000ff;\"><sub><span style=\"font-family: Arial,serif;\"><span style=\"font-size: medium;\"><b>T<\/b><\/span><\/span><\/sub><\/span><\/p>\n<p><span style=\"color: #0000ff;\"><span style=\"font-family: Arial Black,serif;\"><span style=\"font-size: medium;\"><b>07 \u2013 (UNESP-SP-017-Meio do ano)<\/b><\/span><\/span><\/span><\/p>\n<p align=\"CENTER\"><img loading=\"lazy\" decoding=\"async\" src=\"http:\/\/fisicaevestibular.com.br\/novo\/wp-content\/uploads\/universidades-2017\/unesp-verao\/Resoluc_a_o_UNESP_de_vera_o_2017_html_7b8ab8a0.png\" alt=\"\" width=\"770\" height=\"191\" name=\"Imagem 35\" align=\"BOTTOM\" border=\"0\" \/><\/p>\n<p><span style=\"color: #0000ff;\"><span style=\"font-family: Arial Black,serif;\"><span style=\"font-size: medium;\"><b>No centro de uma placa de madeira, h\u00e1 um orif\u00edcio no qual est\u00e1 encaixada uma lente delgada convergente de dist\u00e2ncia focal igual a 30 cm. Esta placa \u00e9 colocada na vertical e um objeto luminoso \u00e9 colocado frontalmente \u00e0 lente, \u00e0 dist\u00e2ncia de 40 cm. No lado oposto, um espelho plano, tamb\u00e9m vertical e paralelo \u00e0 placa de madeira, \u00e9 disposto de modo a refletir a imagem n\u00edtida do objeto sobre a placa de madeira. A figura ilustra a montagem.<\/b><\/span><\/span><\/span><\/p>\n<p align=\"CENTER\"><img loading=\"lazy\" decoding=\"async\" src=\"http:\/\/fisicaevestibular.com.br\/novo\/wp-content\/uploads\/universidades-2017\/unesp-verao\/Resoluc_a_o_UNESP_de_vera_o_2017_html_982a934a.png\" alt=\"\" width=\"367\" height=\"235\" name=\"Imagem 36\" align=\"BOTTOM\" border=\"0\" \/><\/p>\n<p><span style=\"color: #0000ff;\"><span style=\"font-family: Arial Black,serif;\"><span style=\"font-size: medium;\"><b>Nessa situa\u00e7\u00e3o, o espelho plano se encontra em rela\u00e7\u00e3o \u00e0 placa de madeira a uma dist\u00e2ncia de<\/b><\/span><\/span><\/span><\/p>\n<p><span style=\"color: #0000ff;\"><span style=\"font-family: Arial Black,serif;\"><span style=\"font-size: medium;\"><b>(A) 70 cm.<\/b><\/span><\/span><\/span><\/p>\n<p><span style=\"color: #0000ff;\"><span style=\"font-family: Arial Black,serif;\"><span style=\"font-size: medium;\"><b>(B) 10 cm.<\/b><\/span><\/span><\/span><\/p>\n<p><span style=\"color: #0000ff;\"><span style=\"font-family: Arial Black,serif;\"><span style=\"font-size: medium;\"><b>(C) 60 cm.<\/b><\/span><\/span><\/span><\/p>\n<p><span style=\"color: #0000ff;\"><span style=\"font-family: Arial Black,serif;\"><span style=\"font-size: medium;\"><b>(D) 30 cm.<\/b><\/span><\/span><\/span><\/p>\n<p><span style=\"color: #0000ff;\"><span style=\"font-family: Arial Black,serif;\"><span style=\"font-size: medium;\"><b>(E) 40 cm.<\/b><\/span><\/span><\/span><\/p>\n<p><span style=\"color: #0000ff;\"><span style=\"font-family: Arial Black,serif;\"><span style=\"font-size: medium;\"><b>08 \u2013 (UNESP-SP-017-Meio do ano)<\/b><\/span><\/span><\/span><\/p>\n<p><span style=\"color: #0000ff;\"><span style=\"font-family: Arial Black,serif;\"><span style=\"font-size: medium;\"><b>Um <\/b><\/span><\/span><\/span><span style=\"color: #ff0000;\"><span style=\"font-family: Arial Black,serif;\"><span style=\"font-size: medium;\"><b>resistor \u00f4hmico foi ligado a uma fonte de tens\u00e3o vari\u00e1vel,<\/b><\/span><\/span><\/span><span style=\"color: #0000ff;\"><span style=\"font-family: Arial Black,serif;\"><span style=\"font-size: medium;\"><b> como mostra a figura.<\/b><\/span><\/span><\/span><\/p>\n<p align=\"CENTER\"><img loading=\"lazy\" decoding=\"async\" src=\"http:\/\/fisicaevestibular.com.br\/novo\/wp-content\/uploads\/universidades-2017\/unesp-verao\/Resoluc_a_o_UNESP_de_vera_o_2017_html_33434d1d.png\" alt=\"\" width=\"363\" height=\"188\" name=\"Imagem 38\" align=\"BOTTOM\" border=\"0\" \/><\/p>\n<p><span style=\"color: #0000ff;\"><span style=\"font-family: Arial Black,serif;\"><span style=\"font-size: medium;\"><b>Suponha que <\/b><\/span><\/span><\/span><span style=\"color: #ff0000;\"><span style=\"font-family: Arial Black,serif;\"><span style=\"font-size: medium;\"><b>a temperatura do resistor n\u00e3o se altere significativamente<\/b><\/span><\/span><\/span><span style=\"color: #0000ff;\"><span style=\"font-family: Arial Black,serif;\"><span style=\"font-size: medium;\"><b> com a pot\u00eancia dissipada, de modo que <\/b><\/span><\/span><\/span><span style=\"color: #ff0000;\"><span style=\"font-family: Arial Black,serif;\"><span style=\"font-size: medium;\"><b>sua resist\u00eancia n\u00e3o varie. <\/b><\/span><\/span><\/span><span style=\"color: #0000ff;\"><span style=\"font-family: Arial Black,serif;\"><span style=\"font-size: medium;\"><b>Ao se <\/b><\/span><\/span><\/span><span style=\"color: #ff0000;\"><span style=\"font-family: Arial Black,serif;\"><span style=\"font-size: medium;\"><b>construir o gr\u00e1fico da pot\u00eancia dissipada pelo resistor em fun\u00e7\u00e3o da diferen\u00e7a de potencial U aplicada a seus terminais, obteve-se a curva representada em:<\/b><\/span><\/span><\/span><\/p>\n<p><span style=\"color: #0000ff;\"><span style=\"font-family: Arial Black,serif;\"><span style=\"font-size: medium;\"><b>(A) (B) (C)<\/b><\/span><\/span><\/span><img loading=\"lazy\" decoding=\"async\" src=\"http:\/\/fisicaevestibular.com.br\/novo\/wp-content\/uploads\/universidades-2017\/unesp-verao\/Resoluc_a_o_UNESP_de_vera_o_2017_html_15d4648d.png\" alt=\"\" width=\"205\" height=\"171\" name=\"Imagem 39\" align=\"LEFT\" border=\"0\" hspace=\"12\" \/><img loading=\"lazy\" decoding=\"async\" src=\"http:\/\/fisicaevestibular.com.br\/novo\/wp-content\/uploads\/universidades-2017\/unesp-verao\/Resoluc_a_o_UNESP_de_vera_o_2017_html_cc1bbc1c.png\" alt=\"\" width=\"200\" height=\"173\" name=\"Imagem 40\" align=\"LEFT\" border=\"0\" hspace=\"12\" \/><span class=\"sd-abs-pos\"><img loading=\"lazy\" decoding=\"async\" src=\"http:\/\/fisicaevestibular.com.br\/novo\/wp-content\/uploads\/universidades-2017\/unesp-verao\/Resoluc_a_o_UNESP_de_vera_o_2017_html_a3798b5f.png\" alt=\"\" width=\"200\" height=\"166\" name=\"Imagem 42\" border=\"0\" \/><\/span><\/p>\n<p>&nbsp;<\/p>\n<p>&nbsp;<\/p>\n<p>&nbsp;<\/p>\n<p>&nbsp;<\/p>\n<p><span style=\"color: #0000ff;\"> <span style=\"font-family: Arial Black,serif;\"><span style=\"font-size: medium;\"><b>(D) (E)<\/b><\/span><\/span><\/span><img loading=\"lazy\" decoding=\"async\" src=\"http:\/\/fisicaevestibular.com.br\/novo\/wp-content\/uploads\/universidades-2017\/unesp-verao\/Resoluc_a_o_UNESP_de_vera_o_2017_html_d43d1f95.png\" alt=\"\" width=\"206\" height=\"167\" name=\"Imagem 43\" align=\"LEFT\" border=\"0\" hspace=\"12\" \/><img loading=\"lazy\" decoding=\"async\" src=\"http:\/\/fisicaevestibular.com.br\/novo\/wp-content\/uploads\/universidades-2017\/unesp-verao\/Resoluc_a_o_UNESP_de_vera_o_2017_html_e519cd5b.png\" alt=\"\" width=\"199\" height=\"176\" name=\"Imagem 41\" align=\"LEFT\" border=\"0\" hspace=\"12\" \/><\/p>\n<p>&nbsp;<\/p>\n<p>&nbsp;<\/p>\n<p>&nbsp;<\/p>\n<p>&nbsp;<\/p>\n<p><span style=\"color: #0000ff;\"><span style=\"font-family: Arial Black,serif;\"><span style=\"font-size: medium;\"><b>09 \u2013 (UNESP-SP-017-Meio do ano)<\/b><\/span><\/span><\/span><\/p>\n<p><img loading=\"lazy\" decoding=\"async\" src=\"http:\/\/fisicaevestibular.com.br\/novo\/wp-content\/uploads\/universidades-2017\/unesp-verao\/Resoluc_a_o_UNESP_de_vera_o_2017_html_61ffa8b2.png\" alt=\"\" width=\"770\" height=\"149\" name=\"Imagem 45\" align=\"BOTTOM\" border=\"0\" \/><\/p>\n<p><span style=\"color: #0000ff;\"><span style=\"font-family: Arial Black,serif;\"><span style=\"font-size: medium;\"><b>O limite m\u00e1ximo de velocidade para ve\u00edculos leves na pista expressa da Av. das Na\u00e7\u00f5es Unidas, em S\u00e3o Paulo, foi recentemente <\/b><\/span><\/span><\/span><span style=\"color: #ff0000;\"><span style=\"font-family: Arial Black,serif;\"><span style=\"font-size: medium;\"><b>ampliado de 70 km\/h para 90 km\/h. <\/b><\/span><\/span><\/span><span style=\"color: #0000ff;\"><span style=\"font-family: Arial Black,serif;\"><span style=\"font-size: medium;\"><b>O trecho dessa avenida conhecido como Marginal Pinheiros possui <\/b><\/span><\/span><\/span><span style=\"color: #ff0000;\"><span style=\"font-family: Arial Black,serif;\"><span style=\"font-size: medium;\"><b>extens\u00e3o de 22,5 km. Comparando os limites antigo e novo de velocidades, a redu\u00e7\u00e3o m\u00e1xima de tempo<\/b><\/span><\/span><\/span><span style=\"color: #0000ff;\"><span style=\"font-family: Arial Black,serif;\"><span style=\"font-size: medium;\"><b> que um motorista de ve\u00edculo leve poder\u00e1 conseguir ao percorrer toda a extens\u00e3o da Marginal Pinheiros pela pista expressa, nas velocidades m\u00e1ximas permitidas, <\/b><\/span><\/span><\/span><span style=\"color: #ff0000;\"><span style=\"font-family: Arial Black,serif;\"><span style=\"font-size: medium;\"><b>ser\u00e1 de, aproximadamente,<\/b><\/span><\/span><\/span><\/p>\n<p><span style=\"color: #0000ff;\"><span style=\"font-family: Arial Black,serif;\"><span style=\"font-size: medium;\"><b>(A) 1 minuto e 7 segundos.<\/b><\/span><\/span><\/span><\/p>\n<p><span style=\"color: #0000ff;\"><span style=\"font-family: Arial Black,serif;\"><span style=\"font-size: medium;\"><b>(B) 4 minutos e 33 segundos.<\/b><\/span><\/span><\/span><\/p>\n<p><span style=\"color: #0000ff;\"><span style=\"font-family: Arial Black,serif;\"><span style=\"font-size: medium;\"><b>(C) 3 minutos e 45 segundos.<\/b><\/span><\/span><\/span><\/p>\n<p><span style=\"color: #0000ff;\"><span style=\"font-family: Arial Black,serif;\"><span style=\"font-size: medium;\"><b>(D) 3 minutos e 33 segundos.<\/b><\/span><\/span><\/span><\/p>\n<p><span style=\"color: #0000ff;\"><span style=\"font-family: Arial Black,serif;\"><span style=\"font-size: medium;\"><b>(E) 4 minutos e 17 segundos.<\/b><\/span><\/span><\/span><\/p>\n<p><span style=\"color: #0000ff;\"><span style=\"font-family: Arial Black,serif;\"><span style=\"font-size: medium;\"><b>10 \u2013 (UNESP-SP-017-Meio do ano)<\/b><\/span><\/span><\/span><\/p>\n<p><img loading=\"lazy\" decoding=\"async\" src=\"http:\/\/fisicaevestibular.com.br\/novo\/wp-content\/uploads\/universidades-2017\/unesp-verao\/Resoluc_a_o_UNESP_de_vera_o_2017_html_6f6ba745.jpg\" alt=\"\" width=\"706\" height=\"125\" name=\"Imagem 14\" align=\"BOTTOM\" border=\"0\" \/><\/p>\n<p><span style=\"color: #0000ff;\"><span style=\"font-family: Arial Black,serif;\"><span style=\"font-size: medium;\"><b>As p\u00e1s de um gerador e\u00f3lico de pequeno porte realizam <\/b><\/span><\/span><\/span><span style=\"color: #ff0000;\"><span style=\"font-family: Arial Black,serif;\"><span style=\"font-size: medium;\"><b>300 rota\u00e7\u00f5es por minuto. <\/b><\/span><\/span><\/span><span style=\"color: #0000ff;\"><span style=\"font-family: Arial Black,serif;\"><span style=\"font-size: medium;\"><b>A transforma\u00e7\u00e3o da energia cin\u00e9tica das p\u00e1s em energia el\u00e9trica pelo gerador tem <\/b><\/span><\/span><\/span><span style=\"color: #ff0000;\"><span style=\"font-family: Arial Black,serif;\"><span style=\"font-size: medium;\"><b>rendimento de 60%, <\/b><\/span><\/span><\/span><span style=\"color: #0000ff;\"><span style=\"font-family: Arial Black,serif;\"><span style=\"font-size: medium;\"><b>o que resulta na <\/b><\/span><\/span><\/span><span style=\"color: #ff0000;\"><span style=\"font-family: Arial Black,serif;\"><span style=\"font-size: medium;\"><b>obten\u00e7\u00e3o de 1 500 W de pot\u00eancia el\u00e9trica.<\/b><\/span><\/span><\/span><\/p>\n<p align=\"CENTER\"><img loading=\"lazy\" decoding=\"async\" src=\"http:\/\/fisicaevestibular.com.br\/novo\/wp-content\/uploads\/universidades-2017\/unesp-verao\/Resoluc_a_o_UNESP_de_vera_o_2017_html_8129a661.png\" alt=\"\" width=\"399\" height=\"259\" name=\"Imagem 4\" align=\"BOTTOM\" border=\"0\" \/><\/p>\n<p align=\"CENTER\"><span style=\"color: #0000ff;\"><span style=\"font-family: Arial Black,serif;\"><span style=\"font-size: medium;\"><b>(http:\/\/ambiente.hsw.uol.com.br. Adaptado.)<\/b><\/span><\/span><\/span><\/p>\n<p><span style=\"color: #0000ff;\"><span style=\"font-family: Arial Black,serif;\"><span style=\"font-size: medium;\"><b>Considerando <\/b><\/span><\/span><\/span><span style=\"color: #ff0000;\"><span style=\"font-family: Arial Black,serif;\"><span style=\"font-size: medium;\"><b>\u03c0 = 3, calcule o m\u00f3dulo da velocidade angular, em rad\/s, e da velocidade escalar, em m\/s,<\/b><\/span><\/span><\/span><span style=\"color: #0000ff;\"><span style=\"font-family: Arial Black,serif;\"><span style=\"font-size: medium;\"><b> de um ponto P situado na extremidade de uma das p\u00e1s, a 1,2 m do centro de rota\u00e7\u00e3o. <\/b><\/span><\/span><\/span><span style=\"color: #ff0000;\"><span style=\"font-family: Arial Black,serif;\"><span style=\"font-size: medium;\"><b>Determine a quantidade de energia cin\u00e9tica, em joules, transferida do vento para as p\u00e1s do gerador em um minuto.<\/b><\/span><\/span><\/span><span style=\"color: #0000ff;\"><span style=\"font-family: Arial Black,serif;\"><span style=\"font-size: medium;\"><b> Apresente os c\u00e1lculos.<\/b><\/span><\/span><\/span><\/p>\n<p><span style=\"color: #0000ff;\"><span style=\"font-family: Arial Black,serif;\"><span style=\"font-size: medium;\"><b>11 \u2013 (UNESP-SP-017-Meio do ano)<\/b><\/span><\/span><\/span><\/p>\n<p><img loading=\"lazy\" decoding=\"async\" src=\"http:\/\/fisicaevestibular.com.br\/novo\/wp-content\/uploads\/universidades-2017\/unesp-verao\/Resoluc_a_o_UNESP_de_vera_o_2017_html_bb45e2b8.jpg\" alt=\"\" width=\"703\" height=\"124\" name=\"Imagem 15\" align=\"BOTTOM\" border=\"0\" \/><\/p>\n<p><span style=\"color: #0000ff;\"><span style=\"font-family: Arial Black,serif;\"><span style=\"font-size: medium;\"><b>A figura 1 mostra um <\/b><\/span><\/span><\/span><span style=\"color: #ff0000;\"><span style=\"font-family: Arial Black,serif;\"><span style=\"font-size: medium;\"><b>cilindro reto de base circular provido de um pist\u00e3o, que desliza sem atrito.<\/b><\/span><\/span><\/span><span style=\"color: #0000ff;\"><span style=\"font-family: Arial Black,serif;\"><span style=\"font-size: medium;\"><b> O cilindro <\/b><\/span><\/span><\/span><span style=\"color: #ff0000;\"><span style=\"font-family: Arial Black,serif;\"><span style=\"font-size: medium;\"><b>cont\u00e9m um g\u00e1s ideal \u00e0 temperatura de 300 K,<\/b><\/span><\/span><\/span><span style=\"color: #0000ff;\"><span style=\"font-family: Arial Black,serif;\"><span style=\"font-size: medium;\"><b> que <\/b><\/span><\/span><\/span><span style=\"color: #ff0000;\"><span style=\"font-family: Arial Black,serif;\"><span style=\"font-size: medium;\"><b>inicialmente ocupa um volume de 6,0 \u00d7 10<\/b><\/span><\/span><\/span><span style=\"color: #ff0000;\"><sup><span style=\"font-family: Arial Black,serif;\"><span style=\"font-size: medium;\"><b>-3<\/b><\/span><\/span><\/sup><\/span><span style=\"color: #ff0000;\"><span style=\"font-family: Arial Black,serif;\"><span style=\"font-size: medium;\"><b> m\u00b3 <\/b><\/span><\/span><\/span><span style=\"color: #0000ff;\"><span style=\"font-family: Arial Black,serif;\"><span style=\"font-size: medium;\"><b>e est\u00e1 a <\/b><\/span><\/span><\/span><span style=\"color: #ff0000;\"><span style=\"font-family: Arial Black,serif;\"><span style=\"font-size: medium;\"><b>uma press\u00e3o de 2,0 \u00d7 10<\/b><\/span><\/span><\/span><span style=\"color: #ff0000;\"><sup><span style=\"font-family: Arial Black,serif;\"><span style=\"font-size: medium;\"><b>5<\/b><\/span><\/span><\/sup><\/span><span style=\"color: #ff0000;\"><span style=\"font-family: Arial Black,serif;\"><span style=\"font-size: medium;\"><b> Pa.<\/b><\/span><\/span><\/span><\/p>\n<p align=\"CENTER\"><img loading=\"lazy\" decoding=\"async\" src=\"http:\/\/fisicaevestibular.com.br\/novo\/wp-content\/uploads\/universidades-2017\/unesp-verao\/Resoluc_a_o_UNESP_de_vera_o_2017_html_70b12f7d.png\" alt=\"\" width=\"401\" height=\"149\" name=\"Imagem 21\" align=\"BOTTOM\" border=\"0\" \/><\/p>\n<p><span style=\"color: #0000ff;\"><span style=\"font-family: Arial Black,serif;\"><span style=\"font-size: medium;\"><b>O g\u00e1s \u00e9 aquecido, <\/b><\/span><\/span><\/span><span style=\"color: #ff0000;\"><span style=\"font-family: Arial Black,serif;\"><span style=\"font-size: medium;\"><b>expandindo-se isobaricamente, <\/b><\/span><\/span><\/span><span style=\"color: #0000ff;\"><span style=\"font-family: Arial Black,serif;\"><span style=\"font-size: medium;\"><b>e <\/b><\/span><\/span><\/span><span style=\"color: #ff0000;\"><span style=\"font-family: Arial Black,serif;\"><span style=\"font-size: medium;\"><b>o \u00eambolo desloca-se 10 cm <\/b><\/span><\/span><\/span><span style=\"color: #0000ff;\"><span style=\"font-family: Arial Black,serif;\"><span style=\"font-size: medium;\"><b>at\u00e9 atingir a posi\u00e7\u00e3o de m\u00e1ximo volume, quando \u00e9 travado, conforme indica a figura 2.<\/b><\/span><\/span><\/span><\/p>\n<p align=\"CENTER\"><img loading=\"lazy\" decoding=\"async\" src=\"http:\/\/fisicaevestibular.com.br\/novo\/wp-content\/uploads\/universidades-2017\/unesp-verao\/Resoluc_a_o_UNESP_de_vera_o_2017_html_fd87a5d6.png\" alt=\"\" width=\"451\" height=\"142\" name=\"Imagem 23\" align=\"BOTTOM\" border=\"0\" \/><\/p>\n<p><span style=\"color: #0000ff;\"><span style=\"font-family: Arial Black,serif;\"><span style=\"font-size: medium;\"><b>Considerando <\/b><\/span><\/span><\/span><span style=\"color: #ff0000;\"><span style=\"font-family: Arial Black,serif;\"><span style=\"font-size: medium;\"><b>a \u00e1rea interna da base do cilindro igual a 2,0 \u00d7 10<\/b><\/span><\/span><\/span><span style=\"color: #ff0000;\"><sup><span style=\"font-family: Arial Black,serif;\"><span style=\"font-size: medium;\"><b>-2<\/b><\/span><\/span><\/sup><\/span><span style=\"color: #ff0000;\"><span style=\"font-family: Arial Black,serif;\"><span style=\"font-size: medium;\"><b> m\u00b2<\/b><\/span><\/span><\/span><span style=\"color: #0000ff;\"><span style=\"font-family: Arial Black,serif;\"><span style=\"font-size: medium;\"><b>, determine <\/b><\/span><\/span><\/span><span style=\"color: #ff0000;\"><span style=\"font-family: Arial Black,serif;\"><span style=\"font-size: medium;\"><b>a temperatura do g\u00e1s,<\/b><\/span><\/span><\/span><span style=\"color: #0000ff;\"><span style=\"font-family: Arial Black,serif;\"><span style=\"font-size: medium;\"><b> em kelvin, <\/b><\/span><\/span><\/span><span style=\"color: #ff0000;\"><span style=\"font-family: Arial Black,serif;\"><span style=\"font-size: medium;\"><b>na situa\u00e7\u00e3o da figura 2. <\/b><\/span><\/span><\/span><span style=\"color: #0000ff;\"><span style=\"font-family: Arial Black,serif;\"><span style=\"font-size: medium;\"><b>Supondo que <\/b><\/span><\/span><\/span><span style=\"color: #ff0000;\"><span style=\"font-family: Arial Black,serif;\"><span style=\"font-size: medium;\"><b>nesse processo a energia interna do g\u00e1s aumentou de 600 J, calcule a quantidade de calor, em joules, recebida pelo g\u00e1s.<\/b><\/span><\/span><\/span><span style=\"color: #0000ff;\"><span style=\"font-family: Arial Black,serif;\"><span style=\"font-size: medium;\"><b> Apresente os c\u00e1lculos.<\/b><\/span><\/span><\/span><\/p>\n<p><span style=\"color: #0000ff;\"><span style=\"font-family: Arial Black,serif;\"><span style=\"font-size: medium;\"><b>12 \u2013 (UNESP-SP-017-Meio do ano)<\/b><\/span><\/span><\/span><\/p>\n<p><img loading=\"lazy\" decoding=\"async\" src=\"http:\/\/fisicaevestibular.com.br\/novo\/wp-content\/uploads\/universidades-2017\/unesp-verao\/Resoluc_a_o_UNESP_de_vera_o_2017_html_4af372a7.jpg\" alt=\"\" width=\"702\" height=\"136\" name=\"Imagem 29\" align=\"BOTTOM\" border=\"0\" \/><\/p>\n<p><span style=\"color: #0000ff;\"><span style=\"font-family: Arial Black,serif;\"><span style=\"font-size: medium;\"><b>O mecanismo de forma\u00e7\u00e3o das nuvens de tempestade provoca a separa\u00e7\u00e3o de cargas el\u00e9tricas no interior da nuvem, criando uma diferen\u00e7a de potencial el\u00e9trico U entre a base da nuvem e o solo. Ao se atingir certo valor de potencial el\u00e9trico, ocorre uma descarga el\u00e9trica, o raio.<\/b><\/span><\/span><\/span><\/p>\n<p align=\"CENTER\"><img loading=\"lazy\" decoding=\"async\" src=\"http:\/\/fisicaevestibular.com.br\/novo\/wp-content\/uploads\/universidades-2017\/unesp-verao\/Resoluc_a_o_UNESP_de_vera_o_2017_html_a6a4fce4.gif\" alt=\"\" width=\"231\" height=\"245\" name=\"Imagem 30\" align=\"BOTTOM\" border=\"0\" \/><\/p>\n<p align=\"CENTER\"><span style=\"color: #0000ff;\"><span style=\"font-family: Arial Black,serif;\"><span style=\"font-size: medium;\"><b>(http:\/\/pt.wikipedia.org. Adaptado.)<\/b><\/span><\/span><\/span><\/p>\n<p><span style=\"color: #0000ff;\"><span style=\"font-family: Arial Black,serif;\"><span style=\"font-size: medium;\"><b>Suponha que, quando <\/b><\/span><\/span><\/span><span style=\"color: #ff0000;\"><span style=\"font-family: Arial Black,serif;\"><span style=\"font-size: medium;\"><b>a diferen\u00e7a de potencial entre a nuvem e o solo atingiu o valor de 1,8 \u00d7 10<\/b><\/span><\/span><\/span><span style=\"color: #ff0000;\"><sup><span style=\"font-family: Arial Black,serif;\"><span style=\"font-size: medium;\"><b>8<\/b><\/span><\/span><\/sup><\/span><span style=\"color: #ff0000;\"><span style=\"font-family: Arial Black,serif;\"><span style=\"font-size: medium;\"><b> V,<\/b><\/span><\/span><\/span><span style=\"color: #0000ff;\"><span style=\"font-family: Arial Black,serif;\"><span style=\"font-size: medium;\"><b> ocorreu um raio que <\/b><\/span><\/span><\/span><span style=\"color: #ff0000;\"><span style=\"font-family: Arial Black,serif;\"><span style=\"font-size: medium;\"><b>transferiu uma carga el\u00e9trica de 30 C, <\/b><\/span><\/span><\/span><span style=\"color: #0000ff;\"><span style=\"font-family: Arial Black,serif;\"><span style=\"font-size: medium;\"><b>em m\u00f3dulo, da nuvem para o solo, <\/b><\/span><\/span><\/span><span style=\"color: #ff0000;\"><span style=\"font-family: Arial Black,serif;\"><span style=\"font-size: medium;\"><b>no intervalo de 200 ms. Calcule a intensidade m\u00e9dia da corrente el\u00e9trica, em amp\u00e8res, estabelecida pelo raio. <\/b><\/span><\/span><\/span><span style=\"color: #0000ff;\"><span style=\"font-family: Arial Black,serif;\"><span style=\"font-size: medium;\"><b>Considerando que <\/b><\/span><\/span><\/span><span style=\"color: #ff0000;\"><span style=\"font-family: Arial Black,serif;\"><span style=\"font-size: medium;\"><b>uma bateria de capacidade 50 A \u00b7 h<\/b><\/span><\/span><\/span><span style=\"color: #0000ff;\"><span style=\"font-family: Arial Black,serif;\"><span style=\"font-size: medium;\"><b> acumula energia para fornecer uma corrente de 50 A durante uma hora, <\/b><\/span><\/span><\/span><span style=\"color: #ff0000;\"><span style=\"font-family: Arial Black,serif;\"><span style=\"font-size: medium;\"><b>calcule quantas baterias de 10 V e capacidade 50 A \u00b7 h poderiam ser totalmente carregadas supondo que toda a quantidade de energia desse raio pudesse ser transferida a elas.<\/b><\/span><\/span><\/span><span style=\"color: #0000ff;\"><span style=\"font-family: Arial Black,serif;\"><span style=\"font-size: medium;\"><b> Apresente os c\u00e1lculos.<\/b><\/span><\/span><\/span><\/p>\n<p>&nbsp;<\/p>\n<h3><a title=\"Unesp 2017 \u2013 Meio do Ano \u2013 Resolu\u00e7\u00f5es\" href=\"http:\/\/fisicaevestibular.com.br\/novo\/universidades-2017\/unesp-2017-meio-do-ano\/unesp-2017-meio-do-ano-resolucoes\/\"><span style=\"color: #000080;\">Confira a resolu\u00e7\u00e3o comentada dos exerc\u00edcios<\/span><\/a><\/h3>\n<p>&nbsp;<\/p>\n<p><a href=\"https:\/\/fisicaevestibular.com.br\/novo\/universidades-2016-a-2012\/\">Clique aqui para ver sobre o tema!<\/a><\/p>\n<p><a href=\"https:\/\/www.youtube.com\/user\/fisicaevestibular\/playlists\">Confira as v\u00eddeo aulas!<\/a><\/p>\n","protected":false},"excerpt":{"rendered":"<p>UNESP-2017-Meio do ano Universidade Estadual Paulista \u201cJ\u00falio de Mesquita Filho\u201d\u00a0(UNESP) \u00e9 uma universidade\u00a0p\u00fablica\u00a0brasileira, com atua\u00e7\u00e3o no ensino, na\u00a0pesquisa\u00a0e na extens\u00e3o de servi\u00e7os \u00e0 comunidade. A institui\u00e7\u00e3o \u00e9 uma das tr\u00eas universidades mantidas pelo governo do\u00a0estado\u00a0de\u00a0S\u00e3o Paulo, ao lado da\u00a0Universidade de S\u00e3o Paulo\u00a0(USP) e da Universidade Estadual de Campinas\u00a0(Unicamp). A UNESP distingue-se das outras universidades estaduais por sua estrutura multicampi que<\/p>\n","protected":false},"author":1,"featured_media":0,"parent":2648,"menu_order":0,"comment_status":"closed","ping_status":"closed","template":"","meta":{"om_disable_all_campaigns":false,"_monsterinsights_skip_tracking":false,"_monsterinsights_sitenote_active":false,"_monsterinsights_sitenote_note":"","_monsterinsights_sitenote_category":0,"footnotes":""},"class_list":["post-3345","page","type-page","status-publish","hentry"],"aioseo_notices":[],"_links":{"self":[{"href":"https:\/\/fisicaevestibular.com.br\/novo\/wp-json\/wp\/v2\/pages\/3345","targetHints":{"allow":["GET"]}}],"collection":[{"href":"https:\/\/fisicaevestibular.com.br\/novo\/wp-json\/wp\/v2\/pages"}],"about":[{"href":"https:\/\/fisicaevestibular.com.br\/novo\/wp-json\/wp\/v2\/types\/page"}],"author":[{"embeddable":true,"href":"https:\/\/fisicaevestibular.com.br\/novo\/wp-json\/wp\/v2\/users\/1"}],"replies":[{"embeddable":true,"href":"https:\/\/fisicaevestibular.com.br\/novo\/wp-json\/wp\/v2\/comments?post=3345"}],"version-history":[{"count":4,"href":"https:\/\/fisicaevestibular.com.br\/novo\/wp-json\/wp\/v2\/pages\/3345\/revisions"}],"predecessor-version":[{"id":10462,"href":"https:\/\/fisicaevestibular.com.br\/novo\/wp-json\/wp\/v2\/pages\/3345\/revisions\/10462"}],"up":[{"embeddable":true,"href":"https:\/\/fisicaevestibular.com.br\/novo\/wp-json\/wp\/v2\/pages\/2648"}],"wp:attachment":[{"href":"https:\/\/fisicaevestibular.com.br\/novo\/wp-json\/wp\/v2\/media?parent=3345"}],"curies":[{"name":"wp","href":"https:\/\/api.w.org\/{rel}","templated":true}]}}