{"id":2671,"date":"2017-02-07T02:54:30","date_gmt":"2017-02-07T02:54:30","guid":{"rendered":"http:\/\/fisicaevestibular.com.br\/novo\/?page_id=2671"},"modified":"2024-07-15T15:20:28","modified_gmt":"2024-07-15T15:20:28","slug":"exercicios-da-fatec-20162017","status":"publish","type":"page","link":"https:\/\/fisicaevestibular.com.br\/novo\/universidades-2017\/exercicios-da-fatec-20162017\/","title":{"rendered":"EXERC\u00cdCIOS DA FATEC 2016\/2017"},"content":{"rendered":"<p align=\"CENTER\"><span style=\"font-family: Arial,serif;\"><span style=\"font-size: medium;\"><b>EXERC\u00cdCIOS DA FATEC 2016\/2017<\/b><\/span><\/span><\/p>\n<p align=\"CENTER\"><img decoding=\"async\" class=\"alignnone\" src=\"http:\/\/fisicaevestibular.com.br\/novo\/wp-content\/uploads\/universidades-2017\/fatec\/i_7460de5b5d33a7e0_html_6767b916.png\" alt=\"FATEC\" width=\"277\" height=\"158\" name=\"Imagem 6\" align=\"BOTTOM\" border=\"0\" \/><\/p>\n<p align=\"CENTER\"><span style=\"color: #0000cc;\"><span style=\"font-family: Viner Hand ITC,serif;\"><span style=\"font-size: large;\"><b>As\u00a0Faculdades de Tecnologia do Estado de S\u00e3o Paulo\u00a0(FATECs) s\u00e3o institui\u00e7\u00f5es p\u00fablicas de\u00a0ensino superior\u00a0pertencente ao\u00a0Centro Estadual de Educa\u00e7\u00e3o Tecnol\u00f3gica Paula Souza\u00a0(CEETEPS), autarquia do Governo do Estado de S\u00e3o Paulo vinculada \u00e0 Secretaria de Desenvolvimento Econ\u00f4mico, Ci\u00eancia e Tecnologia. \u00c9 uma das quatro\u00a0institui\u00e7\u00f5es estaduais de educa\u00e7\u00e3o superior\u00a0mantidas pelo governo do\u00a0estado\u00a0de\u00a0S\u00e3o Paulo\u00a0no\u00a0Brasil, junto com a Universidade de S\u00e3o Paulo\u00a0(USP), a\u00a0Universidade Estadual de Campinas(Unicamp) e a\u00a0Universidade Estadual Paulista\u00a0(Unesp).<\/b><\/span><\/span><\/span><\/p>\n<p align=\"CENTER\"><span style=\"color: #0000cc;\"><span style=\"font-family: Viner Hand ITC,serif;\"><span style=\"font-size: large;\"><b>As FATECs s\u00e3o importantes institui\u00e7\u00f5es brasileiras de ensino superior, sendo pioneiras na gradua\u00e7\u00e3o de\u00a0tecn\u00f3logos. Elas est\u00e3o localizadas em diversas cidades paulistas, com cinco campi na capital\u00a0 e v\u00e1rias outras unidades na\u00a0Grande S\u00e3o Paulo, interior e litoral.<\/b><\/span><\/span><\/span><\/p>\n<p align=\"CENTER\"><span style=\"color: #0000cc;\"><span style=\"font-family: Viner Hand ITC,serif;\"><span style=\"font-size: large;\"><b>As 52 Faculdades de Tecnologia, sediadas em 48 munic\u00edpios paulistas, oferecem cursos superiores de gradua\u00e7\u00e3o em praticamente todas as \u00e1reas do conhecimento, devidamente reconhecidos, estruturados e desenvolvidos para atender aos segmentos atuais e aos emergentes da atividade industrial e do setor de servi\u00e7os, tendo em vista a constante evolu\u00e7\u00e3o tecnol\u00f3gica.<\/b><\/span><\/span><\/span><\/p>\n<p align=\"CENTER\"><span style=\"color: #0000cc;\"><span style=\"font-family: Viner Hand ITC,serif;\"><span style=\"font-size: large;\"><b>Unidades<\/b><\/span><\/span><\/span><\/p>\n<p align=\"CENTER\"><a href=\"http:\/\/pt.wikipedia.org\/wiki\/Faculdade_de_Tecnologia_de_Americana\"><span style=\"color: #e84747;\"><span style=\"font-family: Viner Hand ITC,serif;\"><span style=\"font-size: large;\"><b>Americana<\/b><\/span><\/span><\/span><\/a><span style=\"color: #17365d;\"><span style=\"font-family: Viner Hand ITC,serif;\"><span style=\"font-size: large;\"><b>\u00a0\u2022\u00a0<\/b><\/span><\/span><\/span><a href=\"http:\/\/pt.wikipedia.org\/wiki\/Faculdade_de_Tecnologia_de_Ara%C3%A7atuba\"><span style=\"color: #e84747;\"><span style=\"font-family: Viner Hand ITC,serif;\"><span style=\"font-size: large;\"><b>Ara\u00e7atuba<\/b><\/span><\/span><\/span><\/a><span style=\"color: #17365d;\"><span style=\"font-family: Viner Hand ITC,serif;\"><span style=\"font-size: large;\"><b>\u00a0\u2022\u00a0<\/b><\/span><\/span><\/span><a href=\"http:\/\/pt.wikipedia.org\/wiki\/Faculdade_de_Tecnologia_da_Baixada_Santista\"><span style=\"color: #e84747;\"><span style=\"font-family: Viner Hand ITC,serif;\"><span style=\"font-size: large;\"><b>Baixada Santista(Santos)<\/b><\/span><\/span><\/span><\/a><span style=\"color: #17365d;\"><span style=\"font-family: Viner Hand ITC,serif;\"><span style=\"font-size: large;\"><b>\u00a0\u2022\u00a0<\/b><\/span><\/span><\/span><a href=\"http:\/\/pt.wikipedia.org\/wiki\/Faculdade_de_Tecnologia_de_Barueri\"><span style=\"color: #e84747;\"><span style=\"font-family: Viner Hand ITC,serif;\"><span style=\"font-size: large;\"><b>Barueri<\/b><\/span><\/span><\/span><\/a><span style=\"color: #17365d;\"><span style=\"font-family: Viner Hand ITC,serif;\"><span style=\"font-size: large;\"><b>\u00a0\u2022\u00a0<\/b><\/span><\/span><\/span><a href=\"http:\/\/pt.wikipedia.org\/wiki\/Faculdade_de_Tecnologia_de_Bauru\"><span style=\"color: #e84747;\"><span style=\"font-family: Viner Hand ITC,serif;\"><span style=\"font-size: large;\"><b>Bauru<\/b><\/span><\/span><\/span><\/a><span style=\"color: #17365d;\"><span style=\"font-family: Viner Hand ITC,serif;\"><span style=\"font-size: large;\"><b>\u00a0\u2022\u00a0<\/b><\/span><\/span><\/span><a href=\"http:\/\/pt.wikipedia.org\/wiki\/Faculdade_de_Tecnologia_de_Botucatu\"><span style=\"color: #e84747;\"><span style=\"font-family: Viner Hand ITC,serif;\"><span style=\"font-size: large;\"><b>Botucatu<\/b><\/span><\/span><\/span><\/a><span style=\"color: #17365d;\"><span style=\"font-family: Viner Hand ITC,serif;\"><span style=\"font-size: large;\"><b>\u00a0\u2022\u00a0<\/b><\/span><\/span><\/span><a href=\"http:\/\/pt.wikipedia.org\/wiki\/Faculdade_de_Tecnologia_de_Bragan%C3%A7a_Paulista\"><span style=\"color: #e84747;\"><span style=\"font-family: Viner Hand ITC,serif;\"><span style=\"font-size: large;\"><b>Bragan\u00e7a Paulista<\/b><\/span><\/span><\/span><\/a><span style=\"color: #17365d;\"><span style=\"font-family: Viner Hand ITC,serif;\"><span style=\"font-size: large;\"><b>\u00a0\u2022\u00a0<\/b><\/span><\/span><\/span><a href=\"http:\/\/pt.wikipedia.org\/wiki\/Faculdade_de_Tecnologia_de_Cap%C3%A3o_Bonito\"><span style=\"color: #e84747;\"><span style=\"font-family: Viner Hand ITC,serif;\"><span style=\"font-size: large;\"><b>Cap\u00e3o Bonito<\/b><\/span><\/span><\/span><\/a><span style=\"color: #17365d;\"><span style=\"font-family: Viner Hand ITC,serif;\"><span style=\"font-size: large;\"><b>\u00a0\u2022\u00a0<\/b><\/span><\/span><\/span><a href=\"http:\/\/pt.wikipedia.org\/wiki\/Faculdade_de_Tecnologia_de_Carapicu%C3%ADba\"><span style=\"color: #e84747;\"><span style=\"font-family: Viner Hand ITC,serif;\"><span style=\"font-size: large;\"><b>Carapicu\u00edba<\/b><\/span><\/span><\/span><\/a><span style=\"color: #17365d;\"><span style=\"font-family: Viner Hand ITC,serif;\"><span style=\"font-size: large;\"><b>\u00a0\u2022\u00a0<\/b><\/span><\/span><\/span><a href=\"http:\/\/pt.wikipedia.org\/wiki\/Faculdade_de_Tecnologia_de_Catanduva\"><span style=\"color: #e84747;\"><span style=\"font-family: Viner Hand ITC,serif;\"><span style=\"font-size: large;\"><b>Catanduva<\/b><\/span><\/span><\/span><\/a><span style=\"color: #17365d;\"><span style=\"font-family: Viner Hand ITC,serif;\"><span style=\"font-size: large;\"><b>\u00a0\u2022\u00a0<\/b><\/span><\/span><\/span><a href=\"http:\/\/pt.wikipedia.org\/wiki\/Faculdade_de_Tecnologia_de_Cruzeiro\"><span style=\"color: #e84747;\"><span style=\"font-family: Viner Hand ITC,serif;\"><span style=\"font-size: large;\"><b>Cruzeiro<\/b><\/span><\/span><\/span><\/a><span style=\"color: #17365d;\"><span style=\"font-family: Viner Hand ITC,serif;\"><span style=\"font-size: large;\"><b>\u00a0\u2022<\/b><\/span><\/span><\/span><a href=\"http:\/\/pt.wikipedia.org\/wiki\/Faculdade_de_Tecnologia_de_Franca\"><span style=\"color: #e84747;\"><span style=\"font-family: Viner Hand ITC,serif;\"><span style=\"font-size: large;\"><b>Franca<\/b><\/span><\/span><\/span><\/a><span style=\"color: #17365d;\"><span style=\"font-family: Viner Hand ITC,serif;\"><span style=\"font-size: large;\"><b>\u00a0\u2022\u00a0<\/b><\/span><\/span><\/span><a href=\"http:\/\/pt.wikipedia.org\/wiki\/Faculdade_de_Tecnologia_de_Gar%C3%A7a\"><span style=\"color: #e84747;\"><span style=\"font-family: Viner Hand ITC,serif;\"><span style=\"font-size: large;\"><b>Gar\u00e7a<\/b><\/span><\/span><\/span><\/a><span style=\"color: #17365d;\"><span style=\"font-family: Viner Hand ITC,serif;\"><span style=\"font-size: large;\"><b>\u00a0\u2022\u00a0<\/b><\/span><\/span><\/span><a href=\"http:\/\/pt.wikipedia.org\/wiki\/Faculdade_de_Tecnologia_de_Guaratinguet%C3%A1\"><span style=\"color: #e84747;\"><span style=\"font-family: Viner Hand ITC,serif;\"><span style=\"font-size: large;\"><b>Guaratinguet\u00e1<\/b><\/span><\/span><\/span><\/a><span style=\"color: #17365d;\"><span style=\"font-family: Viner Hand ITC,serif;\"><span style=\"font-size: large;\"><b>\u00a0\u2022\u00a0<\/b><\/span><\/span><\/span><a href=\"http:\/\/pt.wikipedia.org\/wiki\/Faculdade_de_Tecnologia_de_Guarulhos\"><span style=\"color: #e84747;\"><span style=\"font-family: Viner Hand ITC,serif;\"><span style=\"font-size: large;\"><b>Guarulhos<\/b><\/span><\/span><\/span><\/a><span style=\"color: #17365d;\"><span style=\"font-family: Viner Hand ITC,serif;\"><span style=\"font-size: large;\"><b>\u00a0\u2022<\/b><\/span><\/span><\/span><a href=\"http:\/\/pt.wikipedia.org\/wiki\/Faculdade_de_Tecnologia_de_Indaiatuba\"><span style=\"color: #e84747;\"><span style=\"font-family: Viner Hand ITC,serif;\"><span style=\"font-size: large;\"><b>Indaiatuba<\/b><\/span><\/span><\/span><\/a><span style=\"color: #17365d;\"><span style=\"font-family: Viner Hand ITC,serif;\"><span style=\"font-size: large;\"><b>\u00a0\u2022\u00a0<\/b><\/span><\/span><\/span><a href=\"http:\/\/pt.wikipedia.org\/wiki\/Faculdade_de_Tecnologia_de_Itapetininga\"><span style=\"color: #e84747;\"><span style=\"font-family: Viner Hand ITC,serif;\"><span style=\"font-size: large;\"><b>Itapetininga<\/b><\/span><\/span><\/span><\/a><span style=\"color: #17365d;\"><span style=\"font-family: Viner Hand ITC,serif;\"><span style=\"font-size: large;\"><b>\u00a0\u2022\u00a0<\/b><\/span><\/span><\/span><a href=\"http:\/\/pt.wikipedia.org\/wiki\/Faculdade_de_Tecnologia_de_Itaquaquecetuba\"><span style=\"color: #e84747;\"><span style=\"font-family: Viner Hand ITC,serif;\"><span style=\"font-size: large;\"><b>Itaquaquecetuba<\/b><\/span><\/span><\/span><\/a><span style=\"color: #17365d;\"><span style=\"font-family: Viner Hand ITC,serif;\"><span style=\"font-size: large;\"><b>\u00a0\u2022\u00a0<\/b><\/span><\/span><\/span><a href=\"http:\/\/pt.wikipedia.org\/wiki\/Faculdade_de_Tecnologia_de_Itu\"><span style=\"color: #e84747;\"><span style=\"font-family: Viner Hand ITC,serif;\"><span style=\"font-size: large;\"><b>Itu<\/b><\/span><\/span><\/span><\/a><span style=\"color: #17365d;\"><span style=\"font-family: Viner Hand ITC,serif;\"><span style=\"font-size: large;\"><b><br \/>\n\u2022\u00a0\u00a0<\/b><\/span><\/span><\/span><a href=\"http:\/\/pt.wikipedia.org\/wiki\/Faculdade_de_Tecnologia_de_Jaboticabal\"><span style=\"color: #e84747;\"><span style=\"font-family: Viner Hand ITC,serif;\"><span style=\"font-size: large;\"><b>Jaboticabal<\/b><\/span><\/span><\/span><\/a><span style=\"color: #17365d;\"><span style=\"font-family: Viner Hand ITC,serif;\"><span style=\"font-size: large;\"><b>\u00a0\u2022<\/b><\/span><\/span><\/span><a href=\"http:\/\/pt.wikipedia.org\/wiki\/Faculdade_de_Tecnologia_de_Jales\"><span style=\"color: #e84747;\"><span style=\"font-family: Viner Hand ITC,serif;\"><span style=\"font-size: large;\"><b>Jales<\/b><\/span><\/span><\/span><\/a><span style=\"color: #17365d;\"><span style=\"font-family: Viner Hand ITC,serif;\"><span style=\"font-size: large;\"><b>\u00a0\u2022\u00a0<\/b><\/span><\/span><\/span><a href=\"http:\/\/pt.wikipedia.org\/wiki\/Faculdade_de_Tecnologia_de_Ja%C3%BA\"><span style=\"color: #e84747;\"><span style=\"font-family: Viner Hand ITC,serif;\"><span style=\"font-size: large;\"><b>Ja\u00fa<\/b><\/span><\/span><\/span><\/a><span style=\"color: #17365d;\"><span style=\"font-family: Viner Hand ITC,serif;\"><span style=\"font-size: large;\"><b>\u00a0\u2022\u00a0<\/b><\/span><\/span><\/span><a href=\"http:\/\/pt.wikipedia.org\/wiki\/Faculdade_de_Tecnologia_de_Jundia%C3%AD\"><span style=\"color: #e84747;\"><span style=\"font-family: Viner Hand ITC,serif;\"><span style=\"font-size: large;\"><b>Jundia\u00ed<\/b><\/span><\/span><\/span><\/a><span style=\"color: #17365d;\"><span style=\"font-family: Viner Hand ITC,serif;\"><span style=\"font-size: large;\"><b>\u00a0\u2022\u00a0<\/b><\/span><\/span><\/span><a href=\"http:\/\/pt.wikipedia.org\/wiki\/Faculdade_de_Tecnologia_de_Lins\"><span style=\"color: #e84747;\"><span style=\"font-family: Viner Hand ITC,serif;\"><span style=\"font-size: large;\"><b>Lins<\/b><\/span><\/span><\/span><\/a><span style=\"color: #17365d;\"><span style=\"font-family: Viner Hand ITC,serif;\"><span style=\"font-size: large;\"><b>\u00a0\u2022<\/b><\/span><\/span><\/span><a href=\"http:\/\/pt.wikipedia.org\/wiki\/Faculdade_de_Tecnologia_de_Mar%C3%ADlia\"><span style=\"color: #e84747;\"><span style=\"font-family: Viner Hand ITC,serif;\"><span style=\"font-size: large;\"><b>Mar\u00edlia<\/b><\/span><\/span><\/span><\/a><span style=\"color: #17365d;\"><span style=\"font-family: Viner Hand ITC,serif;\"><span style=\"font-size: large;\"><b>\u00a0\u2022\u00a0<\/b><\/span><\/span><\/span><a href=\"http:\/\/pt.wikipedia.org\/wiki\/Faculdade_de_Tecnologia_de_Mau%C3%A1\"><span style=\"color: #e84747;\"><span style=\"font-family: Viner Hand ITC,serif;\"><span style=\"font-size: large;\"><b>Mau\u00e1<\/b><\/span><\/span><\/span><\/a><span style=\"color: #17365d;\"><span style=\"font-family: Viner Hand ITC,serif;\"><span style=\"font-size: large;\"><b>\u00a0\u2022\u00a0<\/b><\/span><\/span><\/span><a href=\"http:\/\/pt.wikipedia.org\/wiki\/Faculdade_de_Tecnologia_de_Mococa\"><span style=\"color: #e84747;\"><span style=\"font-family: Viner Hand ITC,serif;\"><span style=\"font-size: large;\"><b>Mococa<\/b><\/span><\/span><\/span><\/a><span style=\"color: #17365d;\"><span style=\"font-family: Viner Hand ITC,serif;\"><span style=\"font-size: large;\"><b>\u2022\u00a0<\/b><\/span><\/span><\/span><a href=\"http:\/\/pt.wikipedia.org\/wiki\/Faculdade_de_Tecnologia_de_Mogi_das_Cruzes\"><span style=\"color: #e84747;\"><span style=\"font-family: Viner Hand ITC,serif;\"><span style=\"font-size: large;\"><b>Mogi<\/b><\/span><\/span><\/span><\/a><span style=\"color: #17365d;\"><span style=\"font-family: Viner Hand ITC,serif;\"><span style=\"font-size: large;\"><b>\u00a0<\/b><\/span><\/span><\/span><a href=\"http:\/\/pt.wikipedia.org\/wiki\/Faculdade_de_Tecnologia_de_Mogi_das_Cruzes\"><span style=\"color: #e84747;\"><span style=\"font-family: Viner Hand ITC,serif;\"><span style=\"font-size: large;\"><b>dasCruzes<\/b><\/span><\/span><\/span><\/a><span style=\"color: #17365d;\"><span style=\"font-family: Viner Hand ITC,serif;\"><span style=\"font-size: large;\"><b>\u00a0\u2022\u00a0<\/b><\/span><\/span><\/span><a href=\"http:\/\/pt.wikipedia.org\/wiki\/Faculdade_de_Tecnologia_de_Mogi_Mirim\"><span style=\"color: #e84747;\"><span style=\"font-family: Viner Hand ITC,serif;\"><span style=\"font-size: large;\"><b>Mogi<\/b><\/span><\/span><\/span><\/a><span style=\"color: #17365d;\"><span style=\"font-family: Viner Hand ITC,serif;\"><span style=\"font-size: large;\"><b>\u00a0<\/b><\/span><\/span><\/span><a href=\"http:\/\/pt.wikipedia.org\/wiki\/Faculdade_de_Tecnologia_de_Mogi_Mirim\"><span style=\"color: #e84747;\"><span style=\"font-family: Viner Hand ITC,serif;\"><span style=\"font-size: large;\"><b>Mirim<\/b><\/span><\/span><\/span><\/a><span style=\"color: #17365d;\"><span style=\"font-family: Viner Hand ITC,serif;\"><span style=\"font-size: large;\"><b>\u00a0\u2022\u00a0<\/b><\/span><\/span><\/span><a href=\"http:\/\/pt.wikipedia.org\/wiki\/Faculdade_de_Tecnologia_de_Osasco\"><span style=\"color: #e84747;\"><span style=\"font-family: Viner Hand ITC,serif;\"><span style=\"font-size: large;\"><b>Osasco<\/b><\/span><\/span><\/span><\/a><span style=\"color: #17365d;\"><span style=\"font-family: Viner Hand ITC,serif;\"><span style=\"font-size: large;\"><b>\u00a0\u2022\u00a0<\/b><\/span><\/span><\/span><a href=\"http:\/\/pt.wikipedia.org\/wiki\/Faculdade_de_Tecnologia_de_Ourinhos\"><span style=\"color: #e84747;\"><span style=\"font-family: Viner Hand ITC,serif;\"><span style=\"font-size: large;\"><b>Ourinhos<\/b><\/span><\/span><\/span><\/a><span style=\"color: #17365d;\"><span style=\"font-family: Viner Hand ITC,serif;\"><span style=\"font-size: large;\"><b>\u00a0\u2022\u00a0<\/b><\/span><\/span><\/span><a href=\"http:\/\/pt.wikipedia.org\/wiki\/Faculdade_de_Tecnologia_de_Pindamonhangaba\"><span style=\"color: #e84747;\"><span style=\"font-family: Viner Hand ITC,serif;\"><span style=\"font-size: large;\"><b>Pindamonhangaba<\/b><\/span><\/span><\/span><\/a><span style=\"color: #17365d;\"><span style=\"font-family: Viner Hand ITC,serif;\"><span style=\"font-size: large;\"><b>\u00a0\u2022\u00a0<\/b><\/span><\/span><\/span><a href=\"http:\/\/pt.wikipedia.org\/wiki\/Faculdade_de_Tecnologia_de_Piracicaba\"><span style=\"color: #e84747;\"><span style=\"font-family: Viner Hand ITC,serif;\"><span style=\"font-size: large;\"><b>Piracicaba<\/b><\/span><\/span><\/span><\/a><span style=\"color: #17365d;\"><span style=\"font-family: Viner Hand ITC,serif;\"><span style=\"font-size: large;\"><b>\u00a0\u2022\u00a0<\/b><\/span><\/span><\/span><a href=\"http:\/\/pt.wikipedia.org\/wiki\/Faculdade_de_Tecnologia_de_Praia_Grande\"><span style=\"color: #e84747;\"><span style=\"font-family: Viner Hand ITC,serif;\"><span style=\"font-size: large;\"><b>Praia Grande<\/b><\/span><\/span><\/span><\/a><span style=\"color: #17365d;\"><span style=\"font-family: Viner Hand ITC,serif;\"><span style=\"font-size: large;\"><b>\u00a0\u2022\u00a0<\/b><\/span><\/span><\/span><a href=\"http:\/\/pt.wikipedia.org\/wiki\/Faculdade_de_Tecnologia_de_Presidente_Prudente\"><span style=\"color: #e84747;\"><span style=\"font-family: Viner Hand ITC,serif;\"><span style=\"font-size: large;\"><b>Presidente Prudente<\/b><\/span><\/span><\/span><\/a><span style=\"color: #17365d;\"><span style=\"font-family: Viner Hand ITC,serif;\"><span style=\"font-size: large;\"><b>\u00a0\u2022\u00a0<\/b><\/span><\/span><\/span><a href=\"http:\/\/pt.wikipedia.org\/wiki\/Faculdade_de_Tecnologia_de_Santo_Andr%C3%A9\"><span style=\"color: #e84747;\"><span style=\"font-family: Viner Hand ITC,serif;\"><span style=\"font-size: large;\"><b>Santo Andr\u00e9<\/b><\/span><\/span><\/span><\/a><span style=\"color: #17365d;\"><span style=\"font-family: Viner Hand ITC,serif;\"><span style=\"font-size: large;\"><b>\u00a0\u2022\u00a0<\/b><\/span><\/span><\/span><a href=\"http:\/\/pt.wikipedia.org\/wiki\/Faculdade_de_Tecnologia_de_S%C3%A3o_Bernardo_do_Campo\"><span style=\"color: #e84747;\"><span style=\"font-family: Viner Hand ITC,serif;\"><span style=\"font-size: large;\"><b>S\u00e3o Bernardo do Campo<\/b><\/span><\/span><\/span><\/a><span style=\"color: #17365d;\"><span style=\"font-family: Viner Hand ITC,serif;\"><span style=\"font-size: large;\"><b>\u00a0\u2022\u00a0<\/b><\/span><\/span><\/span><a href=\"http:\/\/pt.wikipedia.org\/wiki\/Faculdade_de_Tecnologia_de_S%C3%A3o_Caetano_do_Sul\"><span style=\"color: #e84747;\"><span style=\"font-family: Viner Hand ITC,serif;\"><span style=\"font-size: large;\"><b>S\u00e3o Caetano do Sul<\/b><\/span><\/span><\/span><\/a><span style=\"color: #17365d;\"><span style=\"font-family: Viner Hand ITC,serif;\"><span style=\"font-size: large;\"><b>\u00a0\u2022\u00a0<\/b><\/span><\/span><\/span><a href=\"http:\/\/pt.wikipedia.org\/wiki\/Faculdade_de_Tecnologia_de_S%C3%A3o_Jos%C3%A9_do_Rio_Preto\"><span style=\"color: #e84747;\"><span style=\"font-family: Viner Hand ITC,serif;\"><span style=\"font-size: large;\"><b>S\u00e3o Jos\u00e9 do Rio Preto<\/b><\/span><\/span><\/span><\/a><span style=\"color: #17365d;\"><span style=\"font-family: Viner Hand ITC,serif;\"><span style=\"font-size: large;\"><b>\u00a0\u2022\u00a0<\/b><\/span><\/span><\/span><a href=\"http:\/\/pt.wikipedia.org\/wiki\/Faculdade_de_Tecnologia_de_S%C3%A3o_Jos%C3%A9_dos_Campos\"><span style=\"color: #e84747;\"><span style=\"font-family: Viner Hand ITC,serif;\"><span style=\"font-size: large;\"><b>S\u00e3o Jos\u00e9 dos Campos<\/b><\/span><\/span><\/span><\/a><span style=\"color: #17365d;\"><span style=\"font-family: Viner Hand ITC,serif;\"><span style=\"font-size: large;\"><b>\u00a0\u2022\u00a0<\/b><\/span><\/span><\/span><a href=\"http:\/\/pt.wikipedia.org\/wiki\/Faculdade_de_Tecnologia_de_S%C3%A3o_Paulo\"><span style=\"color: #e84747;\"><span style=\"font-family: Viner Hand ITC,serif;\"><span style=\"font-size: large;\"><b>S\u00e3o Paulo (Bom Retiro)<\/b><\/span><\/span><\/span><\/a><span style=\"color: #17365d;\"><span style=\"font-family: Viner Hand ITC,serif;\"><span style=\"font-size: large;\"><b>\u00a0\u2022\u00a0<\/b><\/span><\/span><\/span><a href=\"http:\/\/pt.wikipedia.org\/wiki\/Faculdade_de_Tecnologia_de_S%C3%A3o_Paulo_%28Ipiranga%29\"><span style=\"color: #e84747;\"><span style=\"font-family: Viner Hand ITC,serif;\"><span style=\"font-size: large;\"><b>S\u00e3o Paulo (Ipiranga)<\/b><\/span><\/span><\/span><\/a><span style=\"color: #17365d;\"><span style=\"font-family: Viner Hand ITC,serif;\"><span style=\"font-size: large;\"><b>\u00a0\u2022\u00a0<\/b><\/span><\/span><\/span><a href=\"http:\/\/pt.wikipedia.org\/wiki\/Faculdade_de_Tecnologia_de_S%C3%A3o_Paulo_%28Tatuap%C3%A9%29\"><span style=\"color: #e84747;\"><span style=\"font-family: Viner Hand ITC,serif;\"><span style=\"font-size: large;\"><b>S\u00e3o Paulo (Tatuap\u00e9)<\/b><\/span><\/span><\/span><\/a><span style=\"color: #17365d;\"><span style=\"font-family: Viner Hand ITC,serif;\"><span style=\"font-size: large;\"><b>\u00a0\u2022\u00a0<\/b><\/span><\/span><\/span><a href=\"http:\/\/pt.wikipedia.org\/wiki\/Faculdade_de_Tecnologia_da_Zona_Leste\"><span style=\"color: #e84747;\"><span style=\"font-family: Viner Hand ITC,serif;\"><span style=\"font-size: large;\"><b>S\u00e3o Paulo (Zona Leste)<\/b><\/span><\/span><\/span><\/a><span style=\"color: #17365d;\"><span style=\"font-family: Viner Hand ITC,serif;\"><span style=\"font-size: large;\"><b>\u00a0\u2022\u00a0<\/b><\/span><\/span><\/span><a href=\"http:\/\/pt.wikipedia.org\/wiki\/Faculdade_de_Tecnologia_da_Zona_Sul\"><span style=\"color: #e84747;\"><span style=\"font-family: Viner Hand ITC,serif;\"><span style=\"font-size: large;\"><b>S\u00e3o Paulo (Zona Sul)<\/b><\/span><\/span><\/span><\/a><span style=\"color: #17365d;\"><span style=\"font-family: Viner Hand ITC,serif;\"><span style=\"font-size: large;\"><b>\u00a0\u2022\u00a0<\/b><\/span><\/span><\/span><a href=\"http:\/\/pt.wikipedia.org\/wiki\/Faculdade_de_Tecnologia_de_S%C3%A3o_Sebasti%C3%A3o\"><span style=\"color: #e84747;\"><span style=\"font-family: Viner Hand ITC,serif;\"><span style=\"font-size: large;\"><b>S\u00e3o Sebasti\u00e3o<\/b><\/span><\/span><\/span><\/a><span style=\"color: #17365d;\"><span style=\"font-family: Viner Hand ITC,serif;\"><span style=\"font-size: large;\"><b>\u00a0\u2022\u00a0<\/b><\/span><\/span><\/span><a href=\"http:\/\/pt.wikipedia.org\/wiki\/Faculdade_de_Tecnologia_de_Sert%C3%A3ozinho\"><span style=\"color: #e84747;\"><span style=\"font-family: Viner Hand ITC,serif;\"><span style=\"font-size: large;\"><b>Sert\u00e3ozinho<\/b><\/span><\/span><\/span><\/a><span style=\"color: #17365d;\"><span style=\"font-family: Viner Hand ITC,serif;\"><span style=\"font-size: large;\"><b>\u00a0\u2022\u00a0<\/b><\/span><\/span><\/span><a href=\"http:\/\/pt.wikipedia.org\/wiki\/Faculdade_de_Tecnologia_de_Sorocaba\"><span style=\"color: #e84747;\"><span style=\"font-family: Viner Hand ITC,serif;\"><span style=\"font-size: large;\"><b>Sorocaba<\/b><\/span><\/span><\/span><\/a><span style=\"color: #17365d;\"><span style=\"font-family: Viner Hand ITC,serif;\"><span style=\"font-size: large;\"><b>\u00a0\u2022\u00a0<\/b><\/span><\/span><\/span><a href=\"http:\/\/pt.wikipedia.org\/wiki\/Faculdade_de_Tecnologia_de_Taquaritinga\"><span style=\"color: #e84747;\"><span style=\"font-family: Viner Hand ITC,serif;\"><span style=\"font-size: large;\"><b>Taquaritinga<\/b><\/span><\/span><\/span><\/a><span style=\"color: #17365d;\"><span style=\"font-family: Viner Hand ITC,serif;\"><span style=\"font-size: large;\"><b>\u00a0\u2022\u00a0<\/b><\/span><\/span><\/span><a href=\"http:\/\/pt.wikipedia.org\/wiki\/Faculdade_de_Tecnologia_de_Tatu%C3%AD\"><span style=\"color: #e84747;\"><span style=\"font-family: Viner Hand ITC,serif;\"><span style=\"font-size: large;\"><b>Tatu\u00ed<\/b><\/span><\/span><\/span><\/a><\/p>\n<p><a name=\"_GoBack\"><\/a><\/p>\n<p><span style=\"color: #0000ff;\"><span style=\"font-family: Arial Black,serif;\"><span style=\"font-size: large;\"><b>01 \u2013 (FATEC \u2013 SP \u2013 16\/17)<\/b><\/span><\/span><\/span><\/p>\n<p><img fetchpriority=\"high\" decoding=\"async\" src=\"http:\/\/fisicaevestibular.com.br\/novo\/wp-content\/uploads\/universidades-2017\/fatec\/i_7460de5b5d33a7e0_html_8e596851.png\" alt=\"\" width=\"745\" height=\"174\" name=\"Imagem 8\" align=\"BOTTOM\" border=\"0\" \/><\/p>\n<p><span style=\"color: #0000ff;\"><span style=\"font-family: Arial,serif;\"><span style=\"font-size: medium;\"><b>O <\/b><\/span><\/span><\/span><span style=\"color: #ff0000;\"><span style=\"font-family: Arial,serif;\"><span style=\"font-size: medium;\"><b>Sistema de Coordenadas Geogr\u00e1ficas <\/b><\/span><\/span><\/span><span style=\"color: #0000ff;\"><span style=\"font-family: Arial,serif;\"><span style=\"font-size: medium;\"><b>\u00e9 definido por <\/b><\/span><\/span><\/span><span style=\"color: #ff0000;\"><span style=\"font-family: Arial,serif;\"><span style=\"font-size: medium;\"><b>linhas imagin\u00e1rias<\/b><\/span><\/span><\/span><span style=\"color: #0000ff;\"><span style=\"font-family: Arial,serif;\"><span style=\"font-size: medium;\"><b>, que t\u00eam como objetivo <\/b><\/span><\/span><\/span><span style=\"color: #ff0000;\"><span style=\"font-family: Arial,serif;\"><span style=\"font-size: medium;\"><b>localizar qualquer ponto sobre a superf\u00edcie terrestre<\/b><\/span><\/span><\/span><span style=\"color: #0000ff;\"><span style=\"font-family: Arial,serif;\"><span style=\"font-size: medium;\"><b>. <\/b><\/span><\/span><\/span><\/p>\n<p><span style=\"color: #0000ff;\"><span style=\"font-family: Arial,serif;\"><span style=\"font-size: medium;\"><b>No <\/b><\/span><\/span><\/span><span style=\"color: #ff0000;\"><span style=\"font-family: Arial,serif;\"><span style=\"font-size: medium;\"><b>Planeta Marte<\/b><\/span><\/span><\/span><span style=\"color: #0000ff;\"><span style=\"font-family: Arial,serif;\"><span style=\"font-size: medium;\"><b>, um sistema <\/b><\/span><\/span><\/span><span style=\"color: #ff0000;\"><span style=\"font-family: Arial,serif;\"><span style=\"font-size: medium;\"><b>semelhante<\/b><\/span><\/span><\/span><span style=\"color: #0000ff;\"><span style=\"font-family: Arial,serif;\"><span style=\"font-size: medium;\"><b> ao descrito<\/b><\/span><\/span><\/span><\/p>\n<p><span style=\"color: #0000ff;\"><span style=\"font-family: Arial,serif;\"><span style=\"font-size: medium;\"><b>(A) <\/b><\/span><\/span><\/span><span style=\"color: #ff0000;\"><span style=\"font-family: Arial,serif;\"><span style=\"font-size: medium;\"><b>pode ser utilizado<\/b><\/span><\/span><\/span><span style=\"color: #0000ff;\"><span style=\"font-family: Arial,serif;\"><span style=\"font-size: medium;\"><b>, uma vez que esse planeta \u00e9 o <\/b><\/span><\/span><\/span><span style=\"color: #ff0000;\"><span style=\"font-family: Arial,serif;\"><span style=\"font-size: medium;\"><b>maior do sistema solar <\/b><\/span><\/span><\/span><span style=\"color: #0000ff;\"><span style=\"font-family: Arial,serif;\"><span style=\"font-size: medium;\"><b>e o que <\/b><\/span><\/span><\/span><span style=\"color: #ff0000;\"><span style=\"font-family: Arial,serif;\"><span style=\"font-size: medium;\"><b>possui a maior massa<\/b><\/span><\/span><\/span><span style=\"color: #0000ff;\"><span style=\"font-family: Arial,serif;\"><span style=\"font-size: medium;\"><b>.<\/b><\/span><\/span><\/span><\/p>\n<p><span style=\"color: #0000ff;\"><span style=\"font-family: Arial,serif;\"><span style=\"font-size: medium;\"><b>(B) <\/b><\/span><\/span><\/span><span style=\"color: #ff0000;\"><span style=\"font-family: Arial,serif;\"><span style=\"font-size: medium;\"><b>pode ser utilizado<\/b><\/span><\/span><\/span><span style=\"color: #0000ff;\"><span style=\"font-family: Arial,serif;\"><span style=\"font-size: medium;\"><b>, pois esse planeta <\/b><\/span><\/span><\/span><span style=\"color: #ff0000;\"><span style=\"font-family: Arial,serif;\"><span style=\"font-size: medium;\"><b>possui formato aproximadamente esf\u00e9rico<\/b><\/span><\/span><\/span><span style=\"color: #0000ff;\"><span style=\"font-family: Arial,serif;\"><span style=\"font-size: medium;\"><b>, assim como a <\/b><\/span><\/span><\/span><span style=\"color: #ff0000;\"><span style=\"font-family: Arial,serif;\"><span style=\"font-size: medium;\"><b>Terra<\/b><\/span><\/span><\/span><span style=\"color: #0000ff;\"><span style=\"font-family: Arial,serif;\"><span style=\"font-size: medium;\"><b>.<\/b><\/span><\/span><\/span><\/p>\n<p><span style=\"color: #0000ff;\"><span style=\"font-family: Arial,serif;\"><span style=\"font-size: medium;\"><b>(C) <\/b><\/span><\/span><\/span><span style=\"color: #ff0000;\"><span style=\"font-family: Arial,serif;\"><span style=\"font-size: medium;\"><b>n\u00e3o pode ser utilizado<\/b><\/span><\/span><\/span><span style=\"color: #0000ff;\"><span style=\"font-family: Arial,serif;\"><span style=\"font-size: medium;\"><b>, por causa da exist\u00eancia de um <\/b><\/span><\/span><\/span><span style=\"color: #ff0000;\"><span style=\"font-family: Arial,serif;\"><span style=\"font-size: medium;\"><b>intenso campo gravitacional ao seu redor<\/b><\/span><\/span><\/span><span style=\"color: #0000ff;\"><span style=\"font-family: Arial,serif;\"><span style=\"font-size: medium;\"><b>.<\/b><\/span><\/span><\/span><\/p>\n<p><span style=\"color: #0000ff;\"><span style=\"font-family: Arial,serif;\"><span style=\"font-size: medium;\"><b>(D) <\/b><\/span><\/span><\/span><span style=\"color: #ff0000;\"><span style=\"font-family: Arial,serif;\"><span style=\"font-size: medium;\"><b>n\u00e3o pode ser utilizado<\/b><\/span><\/span><\/span><span style=\"color: #0000ff;\"><span style=\"font-family: Arial,serif;\"><span style=\"font-size: medium;\"><b>, j\u00e1 que sua <\/b><\/span><\/span><\/span><span style=\"color: #ff0000;\"><span style=\"font-family: Arial,serif;\"><span style=\"font-size: medium;\"><b>composi\u00e7\u00e3o atmosf\u00e9rica \u00e9 diferente <\/b><\/span><\/span><\/span><span style=\"color: #0000ff;\"><span style=\"font-family: Arial,serif;\"><span style=\"font-size: medium;\"><b>da composi\u00e7\u00e3o encontrada na <\/b><\/span><\/span><\/span><span style=\"color: #ff0000;\"><span style=\"font-family: Arial,serif;\"><span style=\"font-size: medium;\"><b>Terra<\/b><\/span><\/span><\/span><span style=\"color: #0000ff;\"><span style=\"font-family: Arial,serif;\"><span style=\"font-size: medium;\"><b>.<\/b><\/span><\/span><\/span><\/p>\n<p><span style=\"color: #0000ff;\"><span style=\"font-family: Arial,serif;\"><span style=\"font-size: medium;\"><b>(E) <\/b><\/span><\/span><\/span><span style=\"color: #ff0000;\"><span style=\"font-family: Arial,serif;\"><span style=\"font-size: medium;\"><b>n\u00e3o pode ser utilizado<\/b><\/span><\/span><\/span><span style=\"color: #0000ff;\"><span style=\"font-family: Arial,serif;\"><span style=\"font-size: medium;\"><b>, haja vista que esse sistema <\/b><\/span><\/span><\/span><span style=\"color: #ff0000;\"><span style=\"font-family: Arial,serif;\"><span style=\"font-size: medium;\"><b>s\u00f3 pode<\/b><\/span><\/span><\/span><span style=\"color: #0000ff;\"><span style=\"font-family: Arial,serif;\"><span style=\"font-size: medium;\"><b> ser aplicado em um planeta que apresente <\/b><\/span><\/span><\/span><span style=\"color: #ff0000;\"><span style=\"font-family: Arial,serif;\"><span style=\"font-size: medium;\"><b>hidrosfera semelhante \u00e0 terrestre<\/b><\/span><\/span><\/span><span style=\"color: #0000ff;\"><span style=\"font-family: Arial,serif;\"><span style=\"font-size: medium;\"><b>.<\/b><\/span><\/span><\/span><\/p>\n<p><img decoding=\"async\" src=\"http:\/\/fisicaevestibular.com.br\/novo\/wp-content\/uploads\/universidades-2017\/fatec\/i_7460de5b5d33a7e0_html_30f93395.jpg\" alt=\"\" width=\"366\" height=\"234\" name=\"Imagem 1\" align=\"BOTTOM\" border=\"0\" \/> <img loading=\"lazy\" decoding=\"async\" src=\"http:\/\/fisicaevestibular.com.br\/novo\/wp-content\/uploads\/universidades-2017\/fatec\/i_7460de5b5d33a7e0_html_fc133668.jpg\" alt=\"\" width=\"345\" height=\"230\" name=\"Imagem 2\" align=\"BOTTOM\" border=\"0\" \/><\/p>\n<p><span style=\"color: #0000ff;\"><span style=\"font-family: Arial,serif;\"><span style=\"font-size: medium;\"><b>Marte <\/b><\/span><\/span><\/span><span style=\"color: #ff0000;\"><span style=\"font-family: Arial,serif;\"><span style=\"font-size: medium;\"><b>n\u00e3o \u00e9 o maior planeta <\/b><\/span><\/span><\/span><span style=\"color: #0000ff;\"><span style=\"font-family: Arial,serif;\"><span style=\"font-size: medium;\"><b>do sistema solar, nem o de <\/b><\/span><\/span><\/span><span style=\"color: #ff0000;\"><span style=\"font-family: Arial,serif;\"><span style=\"font-size: medium;\"><b>maior massa<\/b><\/span><\/span><\/span><span style=\"color: #0000ff;\"><span style=\"font-family: Arial,serif;\"><span style=\"font-size: medium;\"><b>. Ambos os t\u00edtulos s\u00e3o de <\/b><\/span><\/span><\/span><span style=\"color: #ff0000;\"><span style=\"font-family: Arial,serif;\"><span style=\"font-size: medium;\"><b>J\u00fapiter<\/b><\/span><\/span><\/span><span style=\"color: #0000ff;\"><span style=\"font-family: Arial,serif;\"><span style=\"font-size: medium;\"><b> que possui 2,5 vezes a massa de todos outros somados.<\/b><\/span><\/span><\/span><\/p>\n<p><span style=\"color: #0000ff;\"><span style=\"font-family: Arial,serif;\"><span style=\"font-size: medium;\"><b>O fato de o <\/b><\/span><\/span><\/span><span style=\"color: #ff0000;\"><span style=\"font-family: Arial,serif;\"><span style=\"font-size: medium;\"><b>campo gravitacional <\/b><\/span><\/span><\/span><span style=\"color: #0000ff;\"><span style=\"font-family: Arial,serif;\"><span style=\"font-size: medium;\"><b>ser intenso <\/b><\/span><\/span><\/span><span style=\"color: #ff0000;\"><span style=\"font-family: Arial,serif;\"><span style=\"font-size: medium;\"><b>n\u00e3o influencia nesse tipo de coordenada<\/b><\/span><\/span><\/span><span style=\"color: #0000ff;\"><span style=\"font-family: Arial,serif;\"><span style=\"font-size: medium;\"><b>, e mesmo que influenciasse Marte tem um <\/b><\/span><\/span><\/span><span style=\"color: #ff0000;\"><span style=\"font-family: Arial,serif;\"><span style=\"font-size: medium;\"><b>campo gravitacional <\/b><\/span><\/span><\/span><span style=\"color: #0000ff;\"><span style=\"font-family: Arial,serif;\"><span style=\"font-size: medium;\"><b>da ordem de <\/b><\/span><\/span><\/span><span style=\"color: #ff0000;\"><span style=\"font-family: Arial,serif;\"><span style=\"font-size: medium;\"><b>3,711 m\/s\u00b2<\/b><\/span><\/span><\/span><span style=\"color: #0000ff;\"><span style=\"font-family: Arial,serif;\"><span style=\"font-size: medium;\"><b>. Enquanto que o da <\/b><\/span><\/span><\/span><span style=\"color: #ff0000;\"><span style=\"font-family: Arial,serif;\"><span style=\"font-size: medium;\"><b>Terra<\/b><\/span><\/span><\/span><span style=\"color: #0000ff;\"><span style=\"font-family: Arial,serif;\"><span style=\"font-size: medium;\"><b> \u00e9 de <\/b><\/span><\/span><\/span><span style=\"color: #ff0000;\"><span style=\"font-family: Arial,serif;\"><span style=\"font-size: medium;\"><b>9,807 m\/s\u00b2.<\/b><\/span><\/span><\/span><\/p>\n<p><span style=\"color: #0000ff;\"><span style=\"font-family: Arial,serif;\"><span style=\"font-size: medium;\"><b>A <\/b><\/span><\/span><\/span><span style=\"color: #ff0000;\"><span style=\"font-family: Arial,serif;\"><span style=\"font-size: medium;\"><b>composi\u00e7\u00e3o atmosf\u00e9rica <\/b><\/span><\/span><\/span><span style=\"color: #0000ff;\"><span style=\"font-family: Arial,serif;\"><span style=\"font-size: medium;\"><b>tamb\u00e9m <\/b><\/span><\/span><\/span><span style=\"color: #ff0000;\"><span style=\"font-family: Arial,serif;\"><span style=\"font-size: medium;\"><b>n\u00e3o influencia <\/b><\/span><\/span><\/span><span style=\"color: #0000ff;\"><span style=\"font-family: Arial,serif;\"><span style=\"font-size: medium;\"><b>nas coordenadas, por\u00e9m a composi\u00e7\u00e3o atmosf\u00e9rica de Marte realmente \u00e9 bem diferente da Terra, sendo mais rarefeita e com uma porcentagem muito grande de CO<\/b><\/span><\/span><\/span><span style=\"color: #0000ff;\"><sub><span style=\"font-family: Arial,serif;\"><span style=\"font-size: medium;\"><b>2<\/b><\/span><\/span><\/sub><\/span><span style=\"color: #0000ff;\"><span style=\"font-family: Arial,serif;\"><span style=\"font-size: medium;\"><b>.<\/b><\/span><\/span><\/span><\/p>\n<p><span style=\"color: #0000ff;\"><span style=\"font-family: Arial,serif;\"><span style=\"font-size: medium;\"><b>A <\/b><\/span><\/span><\/span><span style=\"color: #ff0000;\"><span style=\"font-family: Arial,serif;\"><span style=\"font-size: medium;\"><b>hidrosfera tampouco influencia nas coordenadas<\/b><\/span><\/span><\/span><span style=\"color: #0000ff;\"><span style=\"font-family: Arial,serif;\"><span style=\"font-size: medium;\"><b>.<\/b><\/span><\/span><\/span><\/p>\n<p><span style=\"color: #0000ff;\"><span style=\"font-family: Arial,serif;\"><span style=\"font-size: medium;\"><b>Sendo assim a <\/b><\/span><\/span><\/span><span style=\"color: #ff0000;\"><span style=\"font-family: Arial,serif;\"><span style=\"font-size: medium;\"><b>alternativa correta \u00e9 a B<\/b><\/span><\/span><\/span><span style=\"color: #0000ff;\"><span style=\"font-family: Arial,serif;\"><span style=\"font-size: medium;\"><b>, como podemos observar na imagem <\/b><\/span><\/span><\/span><span style=\"color: #ff0000;\"><span style=\"font-family: Arial,serif;\"><span style=\"font-size: medium;\"><b>o formato da Terra e de Marte \u00e9 parecido<\/b><\/span><\/span><\/span><span style=\"color: #0000ff;\"><span style=\"font-family: Arial,serif;\"><span style=\"font-size: medium;\"><b>, sendo assim o <\/b><\/span><\/span><\/span><span style=\"color: #ff0000;\"><span style=\"font-family: Arial,serif;\"><span style=\"font-size: medium;\"><b>sistema de coordenadas efetivo para ambos<\/b><\/span><\/span><\/span><span style=\"color: #0000ff;\"><span style=\"font-family: Arial,serif;\"><span style=\"font-size: medium;\"><b>.<\/b><\/span><\/span><\/span><\/p>\n<p><span style=\"color: #0000ff;\"><span style=\"font-family: Arial Black,serif;\"><span style=\"font-size: large;\"><b>02 \u2013 (FATEC \u2013 SP \u2013 16\/17)<\/b><\/span><\/span><\/span><\/p>\n<p><img loading=\"lazy\" decoding=\"async\" src=\"http:\/\/fisicaevestibular.com.br\/novo\/wp-content\/uploads\/universidades-2017\/fatec\/i_7460de5b5d33a7e0_html_fa159053.jpg\" alt=\"\" width=\"710\" height=\"160\" name=\"Imagem 13\" align=\"BOTTOM\" border=\"0\" \/><\/p>\n<p><span style=\"color: #0000ff;\"><span style=\"font-family: Arial,serif;\"><span style=\"font-size: medium;\"><b>Considere que essa viagem da Terra a Marte tem <\/b><\/span><\/span><\/span><span style=\"color: #ff0000;\"><span style=\"font-family: Arial,serif;\"><span style=\"font-size: medium;\"><b>dura\u00e7\u00e3o de 210 dias terrestres<\/b><\/span><\/span><\/span><span style=\"color: #0000ff;\"><span style=\"font-family: Arial,serif;\"><span style=\"font-size: medium;\"><b>. Sabe-se que um ano marciano <\/b><\/span><\/span><\/span><span style=\"color: #ff0000;\"><span style=\"font-family: Arial,serif;\"><span style=\"font-size: medium;\"><b>equivale a 687 dias terrestres<\/b><\/span><\/span><\/span><span style=\"color: #0000ff;\"><span style=\"font-family: Arial,serif;\"><span style=\"font-size: medium;\"><b>. Uma expedi\u00e7\u00e3o a Marte <\/b><\/span><\/span><\/span><span style=\"color: #ff0000;\"><span style=\"font-family: Arial,serif;\"><span style=\"font-size: medium;\"><b>sair\u00e1 da Terra daqui a exatos seis anos terrestres<\/b><\/span><\/span><\/span><span style=\"color: #0000ff;\"><span style=\"font-family: Arial,serif;\"><span style=\"font-size: medium;\"><b>.<\/b><\/span><\/span><\/span><\/p>\n<p><span style=\"color: #0000ff;\"><span style=\"font-family: Arial,serif;\"><span style=\"font-size: medium;\"><b>O <\/b><\/span><\/span><\/span><span style=\"color: #ff0000;\"><span style=\"font-family: Arial,serif;\"><span style=\"font-size: medium;\"><b>total de anos marcianos <\/b><\/span><\/span><\/span><span style=\"color: #0000ff;\"><span style=\"font-family: Arial,serif;\"><span style=\"font-size: medium;\"><b>para que essa expedi\u00e7\u00e3o <\/b><\/span><\/span><\/span><span style=\"color: #ff0000;\"><span style=\"font-family: Arial,serif;\"><span style=\"font-size: medium;\"><b>chegue a Marte \u00e9<\/b><\/span><\/span><\/span><span style=\"color: #0000ff;\"><span style=\"font-family: Arial,serif;\"><span style=\"font-size: medium;\"><b>, aproximadamente, igual a <\/b><\/span><\/span><\/span><\/p>\n<p><span style=\"color: #0000ff;\"><span style=\"font-family: Arial,serif;\"><span style=\"font-size: medium;\"><b>(A) 1,5. <\/b><\/span><\/span><\/span><\/p>\n<p><span style=\"color: #0000ff;\"><span style=\"font-family: Arial,serif;\"><span style=\"font-size: medium;\"><b>(B) 2,0. <\/b><\/span><\/span><\/span><\/p>\n<p><span style=\"color: #0000ff;\"><span style=\"font-family: Arial,serif;\"><span style=\"font-size: medium;\"><b>(C) 2,5. <\/b><\/span><\/span><\/span><\/p>\n<p><span style=\"color: #0000ff;\"><span style=\"font-family: Arial,serif;\"><span style=\"font-size: medium;\"><b>(D) 3,0. <\/b><\/span><\/span><\/span><\/p>\n<p><span style=\"color: #0000ff;\"><span style=\"font-family: Arial,serif;\"><span style=\"font-size: medium;\"><b>(E) 3,5.<\/b><\/span><\/span><\/span><\/p>\n<p><span style=\"color: #0000ff;\"><span style=\"font-family: Arial Black,serif;\"><span style=\"font-size: large;\"><b>03 \u2013 (FATEC \u2013 SP \u2013 16\/17)<\/b><\/span><\/span><\/span><\/p>\n<p><img loading=\"lazy\" decoding=\"async\" src=\"http:\/\/fisicaevestibular.com.br\/novo\/wp-content\/uploads\/universidades-2017\/fatec\/i_7460de5b5d33a7e0_html_faeeff9e.jpg\" alt=\"\" width=\"696\" height=\"145\" name=\"Imagem 20\" align=\"BOTTOM\" border=\"0\" \/><\/p>\n<p><span style=\"color: #0000ff;\"><span style=\"font-family: Arial,serif;\"><span style=\"font-size: medium;\"><b>O texto cita o termo <\/b><\/span><\/span><\/span><span style=\"color: #ff0000;\"><span style=\"font-family: Arial,serif;\"><span style=\"font-size: medium;\"><b>radia\u00e7\u00e3o<\/b><\/span><\/span><\/span><span style=\"color: #0000ff;\"><span style=\"font-family: Arial,serif;\"><span style=\"font-size: medium;\"><b> nos trechos: \u201cradia\u00e7\u00e3o, que engloba os raios c\u00f3smicos gal\u00e1cticos e solares\u201d e \u201cabsor\u00e7\u00e3o de 330 milisierverts de radia\u00e7\u00e3o no organismo\u201d. O texto n\u00e3o est\u00e1 fazendo alus\u00e3o \u00e0s <\/b><\/span><\/span><\/span><span style=\"color: #ff0000;\"><span style=\"font-family: Arial,serif;\"><span style=\"font-size: medium;\"><b>emiss\u00f5es de part\u00edculas<\/b><\/span><\/span><\/span><span style=\"color: #0000ff;\"><span style=\"font-family: Arial,serif;\"><span style=\"font-size: medium;\"><b>, mas sim <\/b><\/span><\/span><\/span><span style=\"color: #ff0000;\"><span style=\"font-family: Arial,serif;\"><span style=\"font-size: medium;\"><b>\u00e0s ondas eletromagn\u00e9ticas<\/b><\/span><\/span><\/span><span style=\"color: #0000ff;\"><span style=\"font-family: Arial,serif;\"><span style=\"font-size: medium;\"><b>.<\/b><\/span><\/span><\/span><b> <\/b><\/p>\n<p><span style=\"color: #0000ff;\"><span style=\"font-family: Arial,serif;\"><span style=\"font-size: medium;\"><b>\u00c9 <\/b><\/span><\/span><\/span><span style=\"color: #ff0000;\"><span style=\"font-family: Arial,serif;\"><span style=\"font-size: medium;\"><b>correto afirmar <\/b><\/span><\/span><\/span><span style=\"color: #0000ff;\"><span style=\"font-family: Arial,serif;\"><span style=\"font-size: medium;\"><b>que essas ondas<\/b><\/span><\/span><\/span><span class=\"sd-abs-pos\"><img loading=\"lazy\" decoding=\"async\" src=\"http:\/\/fisicaevestibular.com.br\/novo\/wp-content\/uploads\/universidades-2017\/fatec\/i_7460de5b5d33a7e0_html_b0e88a09.jpg\" alt=\"\" width=\"497\" height=\"311\" name=\"Imagem 3\" border=\"0\" \/><\/span><\/p>\n<p><span style=\"color: #0000ff;\"><span style=\"font-family: Arial,serif;\"><span style=\"font-size: medium;\"><b>(A) propagam-se, <\/b><\/span><\/span><\/span><span style=\"color: #ff0000;\"><span style=\"font-family: Arial,serif;\"><span style=\"font-size: medium;\"><b>independentemente do meio<\/b><\/span><\/span><\/span><span style=\"color: #0000ff;\"><span style=\"font-family: Arial,serif;\"><span style=\"font-size: medium;\"><b>, de maneira <\/b><\/span><\/span><\/span><span style=\"color: #ff0000;\"><span style=\"font-family: Arial,serif;\"><span style=\"font-size: medium;\"><b>transversal<\/b><\/span><\/span><\/span><span style=\"color: #0000ff;\"><span style=\"font-family: Arial,serif;\"><span style=\"font-size: medium;\"><b> quanto ao modo de vibra\u00e7\u00e3o.<\/b><\/span><\/span><\/span><\/p>\n<p><span style=\"color: #0000ff;\"><span style=\"font-family: Arial,serif;\"><span style=\"font-size: medium;\"><b>(B) propagam-se, <\/b><\/span><\/span><\/span><span style=\"color: #ff0000;\"><span style=\"font-family: Arial,serif;\"><span style=\"font-size: medium;\"><b>dependendo do meio<\/b><\/span><\/span><\/span><span style=\"color: #0000ff;\"><span style=\"font-family: Arial,serif;\"><span style=\"font-size: medium;\"><b>, de maneira <\/b><\/span><\/span><\/span><span style=\"color: #ff0000;\"><span style=\"font-family: Arial,serif;\"><span style=\"font-size: medium;\"><b>longitudinal<\/b><\/span><\/span><\/span><span style=\"color: #0000ff;\"><span style=\"font-family: Arial,serif;\"><span style=\"font-size: medium;\"><b> quanto ao modo de vibra\u00e7\u00e3o.<\/b><\/span><\/span><\/span><\/p>\n<p><span style=\"color: #0000ff;\"><span style=\"font-family: Arial,serif;\"><span style=\"font-size: medium;\"><b>(C) possuem <\/b><\/span><\/span><\/span><span style=\"color: #ff0000;\"><span style=\"font-family: Arial,serif;\"><span style=\"font-size: medium;\"><b>velocidade<\/b><\/span><\/span><\/span><span style=\"color: #0000ff;\"><span style=\"font-family: Arial,serif;\"><span style=\"font-size: medium;\"><b> de propaga\u00e7\u00e3o <\/b><\/span><\/span><\/span><span style=\"color: #ff0000;\"><span style=\"font-family: Arial,serif;\"><span style=\"font-size: medium;\"><b>menor<\/b><\/span><\/span><\/span><span style=\"color: #0000ff;\"><span style=\"font-family: Arial,serif;\"><span style=\"font-size: medium;\"><b> que a <\/b><\/span><\/span><\/span><span style=\"color: #ff0000;\"><span style=\"font-family: Arial,serif;\"><span style=\"font-size: medium;\"><b>velocidade do som no ar<\/b><\/span><\/span><\/span><span style=\"color: #0000ff;\"><span style=\"font-family: Arial,serif;\"><span style=\"font-size: medium;\"><b>.<\/b><\/span><\/span><\/span><\/p>\n<p><span style=\"color: #0000ff;\"><span style=\"font-family: Arial,serif;\"><span style=\"font-size: medium;\"><b>(D) est\u00e3o diretamente <\/b><\/span><\/span><\/span><span style=\"color: #ff0000;\"><span style=\"font-family: Arial,serif;\"><span style=\"font-size: medium;\"><b>relacionadas ao Planeta Vermelho<\/b><\/span><\/span><\/span><span style=\"color: #0000ff;\"><span style=\"font-family: Arial,serif;\"><span style=\"font-size: medium;\"><b>, <\/b><\/span><\/span><\/span><span style=\"color: #ff0000;\"><span style=\"font-family: Arial,serif;\"><span style=\"font-size: medium;\"><b>emissor constante <\/b><\/span><\/span><\/span><span style=\"color: #0000ff;\"><span style=\"font-family: Arial,serif;\"><span style=\"font-size: medium;\"><b>de radia\u00e7\u00e3o danosa.<\/b><\/span><\/span><\/span><\/p>\n<p><span style=\"color: #0000ff;\"><span style=\"font-family: Arial,serif;\"><span style=\"font-size: medium;\"><b>(E) t\u00eam os espectros luminosos, nas <\/b><\/span><\/span><\/span><span style=\"color: #ff0000;\"><span style=\"font-family: Arial,serif;\"><span style=\"font-size: medium;\"><b>faixas ultravioleta e infravermelha<\/b><\/span><\/span><\/span><span style=\"color: #0000ff;\"><span style=\"font-family: Arial,serif;\"><span style=\"font-size: medium;\"><b>, como \u00fanicos <\/b><\/span><\/span><\/span><span style=\"color: #ff0000;\"><span style=\"font-family: Arial,serif;\"><span style=\"font-size: medium;\"><b>respons\u00e1veis<\/b><\/span><\/span><\/span><span style=\"color: #0000ff;\"><span style=\"font-family: Arial,serif;\"><span style=\"font-size: medium;\"><b> por essa radia\u00e7\u00e3o.<\/b><\/span><\/span><\/span><\/p>\n<p><span style=\"color: #0000ff;\"><span style=\"font-family: Arial Black,serif;\"><span style=\"font-size: large;\"><b>04 \u2013 (FATEC \u2013 SP \u2013 16\/17)<\/b><\/span><\/span><\/span><\/p>\n<p><img loading=\"lazy\" decoding=\"async\" src=\"http:\/\/fisicaevestibular.com.br\/novo\/wp-content\/uploads\/universidades-2017\/fatec\/i_7460de5b5d33a7e0_html_1e09810c.jpg\" alt=\"\" width=\"764\" height=\"157\" name=\"Imagem 21\" align=\"BOTTOM\" border=\"0\" \/><\/p>\n<p><span style=\"color: #0000ff;\"><span style=\"font-family: Arial,serif;\"><span style=\"font-size: medium;\"><b>A denominada Zona Econ\u00f4mica Exclusiva (ZEE), cuja <\/b><\/span><\/span><\/span><img loading=\"lazy\" decoding=\"async\" src=\"http:\/\/fisicaevestibular.com.br\/novo\/wp-content\/uploads\/universidades-2017\/fatec\/i_7460de5b5d33a7e0_html_6cb92532.png\" alt=\"\" width=\"230\" height=\"233\" name=\"Imagem 9\" align=\"LEFT\" border=\"0\" hspace=\"12\" \/><\/p>\n<p><span style=\"color: #0000ff;\"><span style=\"font-family: Arial,serif;\"><span style=\"font-size: medium;\"><b>responsabilidade de vigil\u00e2ncia e seguran\u00e7a \u00e9 da Marinha Brasileira, estende-se at\u00e9 as <\/b><\/span><\/span><\/span><span style=\"color: #ff0000;\"><span style=\"font-family: Arial,serif;\"><span style=\"font-size: medium;\"><b>200 milhas mar\u00edtimas<\/b><\/span><\/span><\/span><span style=\"color: #0000ff;\"><span style=\"font-family: Arial,serif;\"><span style=\"font-size: medium;\"><b>.<\/b><\/span><\/span><\/span><b> <\/b><\/p>\n<p><span style=\"color: #0000ff;\"><span style=\"font-family: Arial,serif;\"><span style=\"font-size: medium;\"><b>Suponha que uma embarca\u00e7\u00e3o suspeita entre irregularmente na ZEE dirigindo-se ao continente. No exato momento em que essa embarca\u00e7\u00e3o passa pelo <\/b><\/span><\/span><\/span><span style=\"color: #ff0000;\"><span style=\"font-family: Arial,serif;\"><span style=\"font-size: medium;\"><b>ponto A<\/b><\/span><\/span><\/span><span style=\"color: #0000ff;\"><span style=\"font-family: Arial,serif;\"><span style=\"font-size: medium;\"><b>, com <\/b><\/span><\/span><\/span><span style=\"color: #ff0000;\"><span style=\"font-family: Arial,serif;\"><span style=\"font-size: medium;\"><b>uma velocidade constante de 10 n\u00f3s<\/b><\/span><\/span><\/span><span style=\"color: #0000ff;\"><span style=\"font-family: Arial,serif;\"><span style=\"font-size: medium;\"><b>, uma embarca\u00e7\u00e3o da Marinha Brasileira <\/b><\/span><\/span><\/span><span style=\"color: #ff0000;\"><span style=\"font-family: Arial,serif;\"><span style=\"font-size: medium;\"><b>dirige-se at\u00e9 ela<\/b><\/span><\/span><\/span><span style=\"color: #0000ff;\"><span style=\"font-family: Arial,serif;\"><span style=\"font-size: medium;\"><b>, com uma <\/b><\/span><\/span><\/span><span style=\"color: #ff0000;\"><span style=\"font-family: Arial,serif;\"><span style=\"font-size: medium;\"><b>velocidade constante de 30 n\u00f3s<\/b><\/span><\/span><\/span><span style=\"color: #0000ff;\"><span style=\"font-family: Arial,serif;\"><span style=\"font-size: medium;\"><b>, passando pelo <\/b><\/span><\/span><\/span><span style=\"color: #ff0000;\"><span style=\"font-family: Arial,serif;\"><span style=\"font-size: medium;\"><b>ponto B<\/b><\/span><\/span><\/span><span style=\"color: #0000ff;\"><span style=\"font-family: Arial,serif;\"><span style=\"font-size: medium;\"><b>, localizado sobre a linha de base. <\/b><\/span><\/span><\/span><\/p>\n<p><span style=\"color: #0000ff;\"><span style=\"font-family: Arial,serif;\"><span style=\"font-size: medium;\"><b>Considerando que as embarca\u00e7\u00f5es percorrem a <\/b><\/span><\/span><\/span><span style=\"color: #ff0000;\"><span style=\"font-family: Arial,serif;\"><span style=\"font-size: medium;\"><b>trajet\u00f3ria retil\u00ednea<\/b><\/span><\/span><\/span><span style=\"color: #0000ff;\"><span style=\"font-family: Arial,serif;\"><span style=\"font-size: medium;\"><b>, que \u00e9 mostrada na figura e desprezando quaisquer tipos de resist\u00eancias, podemos afirmar que o encontro se d\u00e1 em <\/b><\/span><\/span><\/span><\/p>\n<p><span style=\"color: #0000ff;\"><span style=\"font-family: Arial,serif;\"><span style=\"font-size: medium;\"><b>(A) 200 minutos. <\/b><\/span><\/span><\/span><\/p>\n<p><span style=\"color: #0000ff;\"><span style=\"font-family: Arial,serif;\"><span style=\"font-size: medium;\"><b>(B) 400 minutos. <\/b><\/span><\/span><\/span><\/p>\n<p><span style=\"color: #0000ff;\"><span style=\"font-family: Arial,serif;\"><span style=\"font-size: medium;\"><b>(C) 10 horas. <\/b><\/span><\/span><\/span><\/p>\n<p><span style=\"color: #0000ff;\"><span style=\"font-family: Arial,serif;\"><span style=\"font-size: medium;\"><b>(D) 5 horas. <\/b><\/span><\/span><\/span><\/p>\n<p><span style=\"color: #0000ff;\"><span style=\"font-family: Arial,serif;\"><span style=\"font-size: medium;\"><b>(E) 1 hora.<\/b><\/span><\/span><\/span><\/p>\n<p><span style=\"color: #0000ff;\"><span style=\"font-family: Arial Black,serif;\"><span style=\"font-size: large;\"><b>05 \u2013 (FATEC \u2013 SP \u2013 16\/17)<\/b><\/span><\/span><\/span><\/p>\n<p><img loading=\"lazy\" decoding=\"async\" src=\"http:\/\/fisicaevestibular.com.br\/novo\/wp-content\/uploads\/universidades-2017\/fatec\/i_7460de5b5d33a7e0_html_1e09810c.jpg\" alt=\"\" width=\"764\" height=\"159\" name=\"Imagem 24\" align=\"BOTTOM\" border=\"0\" \/><span style=\"color: #0000ff;\"><span style=\"font-family: Arial,serif;\"><span style=\"font-size: medium;\"><b>Avi\u00f5es a jato, ao voarem em altitudes aproximadas de <\/b><\/span><\/span><\/span><span style=\"color: #ff0000;\"><span style=\"font-family: Arial,serif;\"><span style=\"font-size: medium;\"><b>25 mil p\u00e9s<\/b><\/span><\/span><\/span><span style=\"color: #0000ff;\"><span style=\"font-family: Arial,serif;\"><span style=\"font-size: medium;\"><b>, geram rastros chamados de <\/b><\/span><\/span><\/span><span style=\"color: #ff0000;\"><span style=\"font-family: Arial,serif;\"><span style=\"font-size: medium;\"><b>contrails<\/b><\/span><\/span><\/span><span style=\"color: #0000ff;\"><span style=\"font-family: Arial,serif;\"><span style=\"font-size: medium;\"><b> (ou trilhas de condensa\u00e7\u00e3o), que nada mais s\u00e3o do que <\/b><\/span><\/span><\/span><span style=\"color: #ff0000;\"><span style=\"font-family: Arial,serif;\"><span style=\"font-size: medium;\"><b>os rastros do ar, ejetados das turbinas das aeronaves. <\/b><\/span><\/span><\/span><\/p>\n<p><span style=\"color: #0000ff;\"><span style=\"font-family: Arial,serif;\"><span style=\"font-size: medium;\"><b>A forma\u00e7\u00e3o desses contrails <\/b><\/span><\/span><\/span><span style=\"color: #ff0000;\"><span style=\"font-family: Arial,serif;\"><span style=\"font-size: medium;\"><b>ocorrem devido<\/b><\/span><\/span><\/span><\/p>\n<p align=\"CENTER\"><img loading=\"lazy\" decoding=\"async\" src=\"http:\/\/fisicaevestibular.com.br\/novo\/wp-content\/uploads\/universidades-2017\/fatec\/i_7460de5b5d33a7e0_html_8bdf2727.png\" alt=\"\" width=\"428\" height=\"165\" name=\"Imagem 23\" align=\"BOTTOM\" border=\"0\" \/><\/p>\n<p><span style=\"color: #0000ff;\"><span style=\"font-family: Arial,serif;\"><span style=\"font-size: medium;\"><b>(A) ao <\/b><\/span><\/span><\/span><span style=\"color: #ff0000;\"><span style=\"font-family: Arial,serif;\"><span style=\"font-size: medium;\"><b>choque t\u00e9rmico <\/b><\/span><\/span><\/span><span style=\"color: #0000ff;\"><span style=\"font-family: Arial,serif;\"><span style=\"font-size: medium;\"><b>entre o <\/b><\/span><\/span><\/span><span style=\"color: #ff0000;\"><span style=\"font-family: Arial,serif;\"><span style=\"font-size: medium;\"><b>ar frio (a cerca de \u201320 \u00b0C), que sai da turbina<\/b><\/span><\/span><\/span><span style=\"color: #0000ff;\"><span style=\"font-family: Arial,serif;\"><span style=\"font-size: medium;\"><b>, e o <\/b><\/span><\/span><\/span><span style=\"color: #ff0000;\"><span style=\"font-family: Arial,serif;\"><span style=\"font-size: medium;\"><b>ar \u00e0 temperatura ambiente (a cerca de 25 \u00b0C), atr\u00e1s da aeronave<\/b><\/span><\/span><\/span><span style=\"color: #0000ff;\"><span style=\"font-family: Arial,serif;\"><span style=\"font-size: medium;\"><b>. <\/b><\/span><\/span><\/span><\/p>\n<p><span style=\"color: #0000ff;\"><span style=\"font-family: Arial,serif;\"><span style=\"font-size: medium;\"><b>(B) \u00e0 r\u00e1pida <\/b><\/span><\/span><\/span><span style=\"color: #ff0000;\"><span style=\"font-family: Arial,serif;\"><span style=\"font-size: medium;\"><b>suc\u00e7\u00e3o das nuvens<\/b><\/span><\/span><\/span><span style=\"color: #0000ff;\"><span style=\"font-family: Arial,serif;\"><span style=\"font-size: medium;\"><b> \u00e0 frente da aeronave, e \u00e0 r\u00e1pida <\/b><\/span><\/span><\/span><span style=\"color: #ff0000;\"><span style=\"font-family: Arial,serif;\"><span style=\"font-size: medium;\"><b>eje\u00e7\u00e3o delas <\/b><\/span><\/span><\/span><span style=\"color: #0000ff;\"><span style=\"font-family: Arial,serif;\"><span style=\"font-size: medium;\"><b>para tr\u00e1s do avi\u00e3o. <\/b><\/span><\/span><\/span><\/p>\n<p><span style=\"color: #0000ff;\"><span style=\"font-family: Arial,serif;\"><span style=\"font-size: medium;\"><b>(C) ao <\/b><\/span><\/span><\/span><span style=\"color: #ff0000;\"><span style=\"font-family: Arial,serif;\"><span style=\"font-size: medium;\"><b>gelo seco<\/b><\/span><\/span><\/span><span style=\"color: #0000ff;\"><span style=\"font-family: Arial,serif;\"><span style=\"font-size: medium;\"><b>, despejado no ar pelo acionamento intencional do piloto. <\/b><\/span><\/span><\/span><\/p>\n<p><span style=\"color: #0000ff;\"><span style=\"font-family: Arial,serif;\"><span style=\"font-size: medium;\"><b>(D) \u00e0 r\u00e1pida <\/b><\/span><\/span><\/span><span style=\"color: #ff0000;\"><span style=\"font-family: Arial,serif;\"><span style=\"font-size: medium;\"><b>suc\u00e7\u00e3o de part\u00edculas de poeira \u00e0 frente <\/b><\/span><\/span><\/span><span style=\"color: #0000ff;\"><span style=\"font-family: Arial,serif;\"><span style=\"font-size: medium;\"><b>da aeronave, e \u00e0 r\u00e1pida <\/b><\/span><\/span><\/span><span style=\"color: #ff0000;\"><span style=\"font-family: Arial,serif;\"><span style=\"font-size: medium;\"><b>eje\u00e7\u00e3o das mesmas para tr\u00e1s do avi\u00e3o<\/b><\/span><\/span><\/span><span style=\"color: #0000ff;\"><span style=\"font-family: Arial,serif;\"><span style=\"font-size: medium;\"><b>. <\/b><\/span><\/span><\/span><\/p>\n<p><span style=\"color: #0000ff;\"><span style=\"font-family: Arial,serif;\"><span style=\"font-size: medium;\"><b>(E) ao <\/b><\/span><\/span><\/span><span style=\"color: #ff0000;\"><span style=\"font-family: Arial,serif;\"><span style=\"font-size: medium;\"><b>choque t\u00e9rmico entre o ar quente <\/b><\/span><\/span><\/span><span style=\"color: #0000ff;\"><span style=\"font-family: Arial,serif;\"><span style=\"font-size: medium;\"><b>(a cerca de 300 \u00b0C), que sai da turbina, <\/b><\/span><\/span><\/span><span style=\"color: #ff0000;\"><span style=\"font-family: Arial,serif;\"><span style=\"font-size: medium;\"><b>e o ar \u00e0 temperatura muito baixa<\/b><\/span><\/span><\/span><span style=\"color: #0000ff;\"><span style=\"font-family: Arial,serif;\"><span style=\"font-size: medium;\"><b> (a cerca de \u201325 \u00b0C) atr\u00e1s da aeronave.<\/b><\/span><\/span><\/span><\/p>\n<p><span style=\"color: #0000ff;\"><span style=\"font-family: Arial,serif;\"><span style=\"font-size: medium;\"><b>.<\/b><\/span><\/span><\/span><\/p>\n<p><span style=\"color: #0000ff;\"><span style=\"font-family: Arial Black,serif;\"><span style=\"font-size: large;\"><b>06 \u2013 (FATEC \u2013 SP \u2013 16\/17)<\/b><\/span><\/span><\/span><\/p>\n<p><span style=\"color: #0000ff;\"><span style=\"font-family: Arial,serif;\"><span style=\"font-size: medium;\"><b>A malha ferrovi\u00e1ria europeia \u00e9 uma das mais antigas e extensas do mundo, com cerca de 260 mil quil\u00f4metros. Apesar de toda tecnologia moderna de seguran\u00e7a implantada em toda rede, as companhias ferrovi\u00e1rias ainda adotam um sistema b\u00e1sico de reflex\u00e3o luminosa nas plataformas. Um <\/b><\/span><\/span><\/span><span style=\"color: #ff0000;\"><span style=\"font-family: Arial,serif;\"><span style=\"font-size: medium;\"><b>espelho \u00e9 colocado no ponto exato onde o operador (maquinista) para a composi\u00e7\u00e3o<\/b><\/span><\/span><\/span><span style=\"color: #0000ff;\"><span style=\"font-family: Arial,serif;\"><span style=\"font-size: medium;\"><b>, de modo que ele possa verificar se todos os passageiros embarcaram e desembarcaram. A fim de tornar isso poss\u00edvel, o espelho deve <\/b><\/span><\/span><\/span><span style=\"color: #ff0000;\"><span style=\"font-family: Arial,serif;\"><span style=\"font-size: medium;\"><b>refletir um amplo \u00e2ngulo de vis\u00e3o<\/b><\/span><\/span><\/span><span style=\"color: #0000ff;\"><span style=\"font-family: Arial,serif;\"><span style=\"font-size: medium;\"><b>, ou seja, maior campo visual.<\/b><\/span><\/span><\/span><span class=\"sd-abs-pos\"><img loading=\"lazy\" decoding=\"async\" src=\"http:\/\/fisicaevestibular.com.br\/novo\/wp-content\/uploads\/universidades-2017\/fatec\/i_7460de5b5d33a7e0_html_891bf58b.jpg\" alt=\"\" width=\"382\" height=\"299\" name=\"Imagem 11\" border=\"0\" \/><\/span><\/p>\n<p><span style=\"color: #0000ff;\"><span style=\"font-family: Arial,serif;\"><span style=\"font-size: medium;\"><b>Para que isso aconte\u00e7a, as companhias devem utilizar um espelho<\/b><\/span><\/span><\/span><\/p>\n<p><span style=\"color: #0000ff;\"><span style=\"font-family: Arial,serif;\"><span style=\"font-size: medium;\"><b>(A) <\/b><\/span><\/span><\/span><span style=\"color: #ff0000;\"><span style=\"font-family: Arial,serif;\"><span style=\"font-size: medium;\"><b>plano<\/b><\/span><\/span><\/span><span style=\"color: #0000ff;\"><span style=\"font-family: Arial,serif;\"><span style=\"font-size: medium;\"><b>, com a <\/b><\/span><\/span><\/span><span style=\"color: #ff0000;\"><span style=\"font-family: Arial,serif;\"><span style=\"font-size: medium;\"><b>mesma altura do vag\u00e3o<\/b><\/span><\/span><\/span><span style=\"color: #0000ff;\"><span style=\"font-family: Arial,serif;\"><span style=\"font-size: medium;\"><b>.<\/b><\/span><\/span><\/span><\/p>\n<p><span style=\"color: #0000ff;\"><span style=\"font-family: Arial,serif;\"><span style=\"font-size: medium;\"><b>(B) <\/b><\/span><\/span><\/span><span style=\"color: #ff0000;\"><span style=\"font-family: Arial,serif;\"><span style=\"font-size: medium;\"><b>convexo<\/b><\/span><\/span><\/span><span style=\"color: #0000ff;\"><span style=\"font-family: Arial,serif;\"><span style=\"font-size: medium;\"><b>, com um <\/b><\/span><\/span><\/span><span style=\"color: #ff0000;\"><span style=\"font-family: Arial,serif;\"><span style=\"font-size: medium;\"><b>valor alto de verg\u00eancia em m\u00f3dulo<\/b><\/span><\/span><\/span><span style=\"color: #0000ff;\"><span style=\"font-family: Arial,serif;\"><span style=\"font-size: medium;\"><b>.<\/b><\/span><\/span><\/span><\/p>\n<p><span style=\"color: #0000ff;\"><span style=\"font-family: Arial,serif;\"><span style=\"font-size: medium;\"><b>(C) <\/b><\/span><\/span><\/span><span style=\"color: #ff0000;\"><span style=\"font-family: Arial,serif;\"><span style=\"font-size: medium;\"><b>c\u00f4ncavo<\/b><\/span><\/span><\/span><span style=\"color: #0000ff;\"><span style=\"font-family: Arial,serif;\"><span style=\"font-size: medium;\"><b>, cuja <\/b><\/span><\/span><\/span><span style=\"color: #ff0000;\"><span style=\"font-family: Arial,serif;\"><span style=\"font-size: medium;\"><b>verg\u00eancia possui um valor baixo em m\u00f3dulo<\/b><\/span><\/span><\/span><span style=\"color: #0000ff;\"><span style=\"font-family: Arial,serif;\"><span style=\"font-size: medium;\"><b>.<\/b><\/span><\/span><\/span><\/p>\n<p><span style=\"color: #0000ff;\"><span style=\"font-family: Arial,serif;\"><span style=\"font-size: medium;\"><b>(D) <\/b><\/span><\/span><\/span><span style=\"color: #ff0000;\"><span style=\"font-family: Arial,serif;\"><span style=\"font-size: medium;\"><b>convergente<\/b><\/span><\/span><\/span><span style=\"color: #0000ff;\"><span style=\"font-family: Arial,serif;\"><span style=\"font-size: medium;\"><b>, cuja <\/b><\/span><\/span><\/span><span style=\"color: #ff0000;\"><span style=\"font-family: Arial,serif;\"><span style=\"font-size: medium;\"><b>verg\u00eancia possui um valor alto e negativo.<\/b><\/span><\/span><\/span><\/p>\n<p><span style=\"color: #0000ff;\"><span style=\"font-family: Arial,serif;\"><span style=\"font-size: medium;\"><b>(E) <\/b><\/span><\/span><\/span><span style=\"color: #ff0000;\"><span style=\"font-family: Arial,serif;\"><span style=\"font-size: medium;\"><b>divergente<\/b><\/span><\/span><\/span><span style=\"color: #0000ff;\"><span style=\"font-family: Arial,serif;\"><span style=\"font-size: medium;\"><b>, cuja<\/b><\/span><\/span><\/span><span style=\"color: #ff0000;\"><span style=\"font-family: Arial,serif;\"><span style=\"font-size: medium;\"><b> verg\u00eancia possui um valor alto e positivo.<\/b><\/span><\/span><\/span><\/p>\n<p><span style=\"color: #0000ff;\"><span style=\"font-family: Arial Black,serif;\"><span style=\"font-size: large;\"><b>07 \u2013 (FATEC \u2013 SP \u2013 16\/17)<\/b><\/span><\/span><\/span><\/p>\n<p><img loading=\"lazy\" decoding=\"async\" src=\"http:\/\/fisicaevestibular.com.br\/novo\/wp-content\/uploads\/universidades-2017\/fatec\/i_7460de5b5d33a7e0_html_481d3a3c.jpg\" alt=\"\" width=\"707\" height=\"157\" name=\"Imagem 25\" align=\"BOTTOM\" border=\"0\" \/><\/p>\n<p><span style=\"color: #0000ff;\"><span style=\"font-family: Arial,serif;\"><span style=\"font-size: medium;\"><b>As bicicletas s\u00e3o meios de transporte alternativos. As pessoas que as utilizam devem seguir algumas normas, tais como uso de capacetes, espelhos retrovisores, campainhas e luzes de sinaliza\u00e7\u00e3o dianteira e traseira (um farol e uma lanterna). Algumas vezes, as <\/b><\/span><\/span><\/span><span style=\"color: #ff0000;\"><span style=\"font-family: Arial,serif;\"><span style=\"font-size: medium;\"><b>luzes dianteiras s\u00e3o acesas utilizando-se o esfor\u00e7o f\u00edsico do ciclista <\/b><\/span><\/span><\/span><span style=\"color: #0000ff;\"><span style=\"font-family: Arial,serif;\"><span style=\"font-size: medium;\"><b>nas pedaladas, um d\u00ednamo e um diodo emissor de luz (LED) o qual sofre <\/b><\/span><\/span><\/span><span style=\"color: #ff0000;\"><span style=\"font-family: Arial,serif;\"><span style=\"font-size: medium;\"><b>aquecimento.<\/b><\/span><\/span><\/span><b> <\/b><\/p>\n<p><span style=\"color: #0000ff;\"><span style=\"font-family: Arial,serif;\"><span style=\"font-size: medium;\"><b>Na sequ\u00eancia descrita, observamos que ocorrem <\/b><\/span><\/span><\/span><span style=\"color: #ff0000;\"><span style=\"font-family: Arial,serif;\"><span style=\"font-size: medium;\"><b>as transforma\u00e7\u00f5es de energias mec\u00e2nica e eletromagn\u00e9tica em luminosa e t\u00e9rmica<\/b><\/span><\/span><\/span><span style=\"color: #0000ff;\"><span style=\"font-family: Arial,serif;\"><span style=\"font-size: medium;\"><b>. <\/b><\/span><\/span><\/span><img loading=\"lazy\" decoding=\"async\" src=\"http:\/\/fisicaevestibular.com.br\/novo\/wp-content\/uploads\/universidades-2017\/fatec\/i_7460de5b5d33a7e0_html_1a5efdc1.png\" alt=\"\" width=\"484\" height=\"180\" name=\"Imagem 12\" align=\"LEFT\" border=\"0\" hspace=\"12\" \/><\/p>\n<p><span style=\"color: #0000ff;\"><span style=\"font-family: Arial,serif;\"><span style=\"font-size: medium;\"><b>Suponha que um conjunto ciclista\/bicicleta tenha <\/b><\/span><\/span><\/span><span style=\"color: #ff0000;\"><span style=\"font-family: Arial,serif;\"><span style=\"font-size: medium;\"><b>massa igual a 100 kg <\/b><\/span><\/span><\/span><span style=\"color: #0000ff;\"><span style=\"font-family: Arial,serif;\"><span style=\"font-size: medium;\"><b>e que esse ciclista desenvolva, de maneira constante, <\/b><\/span><\/span><\/span><span style=\"color: #ff0000;\"><span style=\"font-family: Arial,serif;\"><span style=\"font-size: medium;\"><b>2 pedaladas por segundo<\/b><\/span><\/span><\/span><span style=\"color: #0000ff;\"><span style=\"font-family: Arial,serif;\"><span style=\"font-size: medium;\"><b>, sendo que <\/b><\/span><\/span><\/span><span style=\"color: #ff0000;\"><span style=\"font-family: Arial,serif;\"><span style=\"font-size: medium;\"><b>cada pedalada faz com que o conjunto percorra 2 metros <\/b><\/span><\/span><\/span><span style=\"color: #0000ff;\"><span style=\"font-family: Arial,serif;\"><span style=\"font-size: medium;\"><b>em linha reta. <\/b><\/span><\/span><\/span><\/p>\n<p><span style=\"color: #0000ff;\"><span style=\"font-family: Arial,serif;\"><span style=\"font-size: medium;\"><b>Se ocorre uma <\/b><\/span><\/span><\/span><span style=\"color: #ff0000;\"><span style=\"font-family: Arial,serif;\"><span style=\"font-size: medium;\"><b>perda<\/b><\/span><\/span><\/span><span style=\"color: #0000ff;\"><span style=\"font-family: Arial,serif;\"><span style=\"font-size: medium;\"><b>, na forma de <\/b><\/span><\/span><\/span><span style=\"color: #ff0000;\"><span style=\"font-family: Arial,serif;\"><span style=\"font-size: medium;\"><b>energia t\u00e9rmica<\/b><\/span><\/span><\/span><span style=\"color: #0000ff;\"><span style=\"font-family: Arial,serif;\"><span style=\"font-size: medium;\"><b>, equivalente a <\/b><\/span><\/span><\/span><span style=\"color: #ff0000;\"><span style=\"font-family: Arial,serif;\"><span style=\"font-size: medium;\"><b>10%<\/b><\/span><\/span><\/span><span style=\"color: #0000ff;\"><span style=\"font-family: Arial,serif;\"><span style=\"font-size: medium;\"><b> do total da energia gerada, podemos afirmar que a <\/b><\/span><\/span><\/span><span style=\"color: #ff0000;\"><span style=\"font-family: Arial,serif;\"><span style=\"font-size: medium;\"><b>parcela transformada em energia luminosa \u00e9<\/b><\/span><\/span><\/span><span style=\"color: #0000ff;\"><span style=\"font-family: Arial,serif;\"><span style=\"font-size: medium;\"><b>, em joules, de <\/b><\/span><\/span><\/span><\/p>\n<p><span style=\"color: #0000ff;\"><span style=\"font-family: Arial,serif;\"><span style=\"font-size: medium;\"><b>(A) 2 880. <\/b><\/span><\/span><\/span><\/p>\n<p><span style=\"color: #0000ff;\"><span style=\"font-family: Arial,serif;\"><span style=\"font-size: medium;\"><b>(B) 1 440. <\/b><\/span><\/span><\/span><\/p>\n<p><span style=\"color: #0000ff;\"><span style=\"font-family: Arial,serif;\"><span style=\"font-size: medium;\"><b>(C) 720.<\/b><\/span><\/span><\/span><\/p>\n<p><span style=\"color: #0000ff;\"><span style=\"font-family: Arial,serif;\"><span style=\"font-size: medium;\"><b>(D) 360. <\/b><\/span><\/span><\/span><\/p>\n<p><span style=\"color: #0000ff;\"><span style=\"font-family: Arial,serif;\"><span style=\"font-size: medium;\"><b>(E) zero.<\/b><\/span><\/span><\/span><\/p>\n<p><span style=\"color: #0000ff;\"><span style=\"font-family: Arial Black,serif;\"><span style=\"font-size: large;\"><b>08 \u2013 (FATEC \u2013 SP \u2013 16\/17)<\/b><\/span><\/span><\/span><\/p>\n<p><img loading=\"lazy\" decoding=\"async\" src=\"http:\/\/fisicaevestibular.com.br\/novo\/wp-content\/uploads\/universidades-2017\/fatec\/i_7460de5b5d33a7e0_html_89c8ca5c.jpg\" alt=\"\" width=\"757\" height=\"150\" name=\"Imagem 26\" align=\"BOTTOM\" border=\"0\" \/><\/p>\n<p><span style=\"color: #0000ff;\"><span style=\"font-family: Arial,serif;\"><span style=\"font-size: medium;\"><b>Ao chegar a uma ladeira, um motorista resolve testar os rolamentos do seu carro. Para isso, utiliza uma t\u00e9cnica que n\u00e3o \u00e9 recomendada por especialistas em seguran\u00e7a. Ele deixa o carro descer em ponto morto (ou \u201cbanguela\u201d), isto \u00e9, sem usar quaisquer tipos de freios. Verifica que sua <\/b><\/span><\/span><\/span><span style=\"color: #ff0000;\"><span style=\"font-family: Arial,serif;\"><span style=\"font-size: medium;\"><b>velocidade inicial \u00e9 de 36 km\/h<\/b><\/span><\/span><\/span><span style=\"color: #0000ff;\"><span style=\"font-family: Arial,serif;\"><span style=\"font-size: medium;\"><b>, e que no final da descida, depois de <\/b><\/span><\/span><\/span><span style=\"color: #ff0000;\"><span style=\"font-family: Arial,serif;\"><span style=\"font-size: medium;\"><b>percorridos os 300 m <\/b><\/span><\/span><\/span><span style=\"color: #0000ff;\"><span style=\"font-family: Arial,serif;\"><span style=\"font-size: medium;\"><b>da ladeira, seu carro atinge a <\/b><\/span><\/span><\/span><span style=\"color: #ff0000;\"><span style=\"font-family: Arial,serif;\"><span style=\"font-size: medium;\"><b>velocidade de 72 km\/h<\/b><\/span><\/span><\/span><span style=\"color: #0000ff;\"><span style=\"font-family: Arial,serif;\"><span style=\"font-size: medium;\"><b>. <\/b><\/span><\/span><\/span><\/p>\n<p><span style=\"color: #0000ff;\"><span style=\"font-family: Arial,serif;\"><span style=\"font-size: medium;\"><b>Assinale a alternativa que apresenta a <\/b><\/span><\/span><\/span><span style=\"color: #ff0000;\"><span style=\"font-family: Arial,serif;\"><span style=\"font-size: medium;\"><b>figura que cont\u00e9m os dados descritos, corretamente<\/b><\/span><\/span><\/span><span style=\"color: #0000ff;\"><span style=\"font-family: Arial,serif;\"><span style=\"font-size: medium;\"><b>, de acordo com a situa\u00e7\u00e3o apresentada.<\/b><\/span><\/span><\/span><\/p>\n<p><img loading=\"lazy\" decoding=\"async\" src=\"http:\/\/fisicaevestibular.com.br\/novo\/wp-content\/uploads\/universidades-2017\/fatec\/i_7460de5b5d33a7e0_html_19d5b888.png\" alt=\"\" width=\"347\" height=\"250\" name=\"Imagem 15\" align=\"BOTTOM\" border=\"0\" \/><img loading=\"lazy\" decoding=\"async\" src=\"http:\/\/fisicaevestibular.com.br\/novo\/wp-content\/uploads\/universidades-2017\/fatec\/i_7460de5b5d33a7e0_html_e81d356e.png\" alt=\"\" width=\"346\" height=\"243\" name=\"Imagem 16\" align=\"BOTTOM\" border=\"0\" \/><\/p>\n<p><img loading=\"lazy\" decoding=\"async\" src=\"http:\/\/fisicaevestibular.com.br\/novo\/wp-content\/uploads\/universidades-2017\/fatec\/i_7460de5b5d33a7e0_html_165564fe.png\" alt=\"\" width=\"343\" height=\"248\" name=\"Imagem 17\" align=\"BOTTOM\" border=\"0\" \/><img loading=\"lazy\" decoding=\"async\" src=\"http:\/\/fisicaevestibular.com.br\/novo\/wp-content\/uploads\/universidades-2017\/fatec\/i_7460de5b5d33a7e0_html_b049873c.png\" alt=\"\" width=\"347\" height=\"255\" name=\"Imagem 18\" align=\"BOTTOM\" border=\"0\" \/><\/p>\n<p><img loading=\"lazy\" decoding=\"async\" src=\"http:\/\/fisicaevestibular.com.br\/novo\/wp-content\/uploads\/universidades-2017\/fatec\/i_7460de5b5d33a7e0_html_e20a7597.png\" alt=\"\" width=\"338\" height=\"246\" name=\"Imagem 14\" align=\"BOTTOM\" border=\"0\" \/><img loading=\"lazy\" decoding=\"async\" src=\"http:\/\/fisicaevestibular.com.br\/novo\/wp-content\/uploads\/universidades-2017\/fatec\/i_7460de5b5d33a7e0_html_8f067c66.png\" alt=\"\" width=\"285\" height=\"217\" name=\"Imagem 19\" align=\"BOTTOM\" border=\"0\" \/><\/p>\n<p>&nbsp;<\/p>\n<h3><a title=\"Resolu\u00e7\u00e3o comentada dos exerc\u00edcios de vestibulares da FATEC-SP-016\/017\" href=\"http:\/\/fisicaevestibular.com.br\/novo\/universidades-2017\/exercicios-da-fatec-20162017\/resolucao-comentada-dos-exercicios-de-vestibulares-da-fatec-sp-016017\/\"><span style=\"color: #000080;\">Confira as resolu\u00e7\u00f5es e gabaritos<\/span><\/a><\/h3>\n<p>&nbsp;<\/p>\n<p><a href=\"https:\/\/fisicaevestibular.com.br\/novo\/universidades-2016-a-2012\/\">Clique aqui para ver sobre o tema!<\/a><\/p>\n<p><a href=\"https:\/\/www.youtube.com\/user\/fisicaevestibular\/playlists\">Confira as v\u00eddeo aulas!<\/a><\/p>\n","protected":false},"excerpt":{"rendered":"<p>EXERC\u00cdCIOS DA FATEC 2016\/2017 As\u00a0Faculdades de Tecnologia do Estado de S\u00e3o Paulo\u00a0(FATECs) s\u00e3o institui\u00e7\u00f5es p\u00fablicas de\u00a0ensino superior\u00a0pertencente ao\u00a0Centro Estadual de Educa\u00e7\u00e3o Tecnol\u00f3gica Paula Souza\u00a0(CEETEPS), autarquia do Governo do Estado de S\u00e3o Paulo vinculada \u00e0 Secretaria de Desenvolvimento Econ\u00f4mico, Ci\u00eancia e Tecnologia. \u00c9 uma das quatro\u00a0institui\u00e7\u00f5es estaduais de educa\u00e7\u00e3o superior\u00a0mantidas pelo governo do\u00a0estado\u00a0de\u00a0S\u00e3o Paulo\u00a0no\u00a0Brasil, junto com a Universidade de S\u00e3o Paulo\u00a0(USP),<\/p>\n","protected":false},"author":1,"featured_media":0,"parent":2648,"menu_order":0,"comment_status":"closed","ping_status":"closed","template":"","meta":{"om_disable_all_campaigns":false,"_monsterinsights_skip_tracking":false,"_monsterinsights_sitenote_active":false,"_monsterinsights_sitenote_note":"","_monsterinsights_sitenote_category":0,"footnotes":""},"class_list":["post-2671","page","type-page","status-publish","hentry"],"aioseo_notices":[],"_links":{"self":[{"href":"https:\/\/fisicaevestibular.com.br\/novo\/wp-json\/wp\/v2\/pages\/2671","targetHints":{"allow":["GET"]}}],"collection":[{"href":"https:\/\/fisicaevestibular.com.br\/novo\/wp-json\/wp\/v2\/pages"}],"about":[{"href":"https:\/\/fisicaevestibular.com.br\/novo\/wp-json\/wp\/v2\/types\/page"}],"author":[{"embeddable":true,"href":"https:\/\/fisicaevestibular.com.br\/novo\/wp-json\/wp\/v2\/users\/1"}],"replies":[{"embeddable":true,"href":"https:\/\/fisicaevestibular.com.br\/novo\/wp-json\/wp\/v2\/comments?post=2671"}],"version-history":[{"count":4,"href":"https:\/\/fisicaevestibular.com.br\/novo\/wp-json\/wp\/v2\/pages\/2671\/revisions"}],"predecessor-version":[{"id":10444,"href":"https:\/\/fisicaevestibular.com.br\/novo\/wp-json\/wp\/v2\/pages\/2671\/revisions\/10444"}],"up":[{"embeddable":true,"href":"https:\/\/fisicaevestibular.com.br\/novo\/wp-json\/wp\/v2\/pages\/2648"}],"wp:attachment":[{"href":"https:\/\/fisicaevestibular.com.br\/novo\/wp-json\/wp\/v2\/media?parent=2671"}],"curies":[{"name":"wp","href":"https:\/\/api.w.org\/{rel}","templated":true}]}}