{"id":1799,"date":"2016-01-13T12:37:38","date_gmt":"2016-01-13T12:37:38","guid":{"rendered":"http:\/\/fisicaevestibular.com.br\/novo\/?page_id=1799"},"modified":"2024-09-03T13:52:47","modified_gmt":"2024-09-03T13:52:47","slug":"udesc-2016","status":"publish","type":"page","link":"https:\/\/fisicaevestibular.com.br\/novo\/universidades-2016\/udesc-2016\/","title":{"rendered":"UDESC 2016"},"content":{"rendered":"<p class=\"western\" align=\"CENTER\"><img decoding=\"async\" src=\"http:\/\/fisicaevestibular.com.br\/novo\/wp-content\/uploads\/universidades-2016\/udesc\/i_dd3024ed68f5480b_html_d938c985.png\" alt=\"\" width=\"257\" height=\"110\" name=\"Imagem 33\" align=\"BOTTOM\" border=\"0\" \/><\/p>\n<p align=\"CENTER\"><span style=\"color: #0000cc;\"><span style=\"font-family: 'Viner Hand ITC', serif;\"><span style=\"font-size: large;\"><b>A\u00a0Universidade do Estado de Santa Catarina\u00a0(UDESC), criada em 1965, tem sua sede em Florian\u00f3polis, capital do Estado de Santa Catarina. Institui\u00e7\u00e3o P\u00fablica, oferece ensino gratuito e destaca-se como uma das melhores universidades estaduais do pa\u00eds. Sua miss\u00e3o \u00e9 comprometer a gest\u00e3o do conhecimento com o momento e o futuro de Santa Catarina.<\/b><\/span><\/span><\/span><\/p>\n<p align=\"CENTER\"><span style=\"color: #0000cc;\"><span style=\"font-family: 'Viner Hand ITC', serif;\"><span style=\"font-size: large;\"><b>Ranking\u00a0Webometrics: A Universidade do Estado de Santa Catarina (Udesc) se mant\u00e9m como uma das melhores no Brasil, com a\u00a026\u00aa coloca\u00e7\u00e3o\u00a0\u2013 ao todo, foram analisadas 1.676 institui\u00e7\u00f5es do Pa\u00eds.<br \/>\nA universidade ocupa a\u00a045\u00aa posi\u00e7\u00e3o\u00a0no\u00a0<\/b><\/span><\/span><\/span><span style=\"color: #0000cc;\"><span style=\"font-family: 'Viner Hand ITC', serif;\"><span style=\"font-size: large;\"><i><b>ranking<\/b><\/i><\/span><\/span><\/span><span style=\"color: #0000cc;\"><span style=\"font-family: 'Viner Hand ITC', serif;\"><span style=\"font-size: large;\"><b>\u00a0da Am\u00e9rica Latina, com 3.797 institui\u00e7\u00f5es, e a\u00a0877\u00aa coloca\u00e7\u00e3o\u00a0na lista mundial, composta por 21.250 entidades de 226 pa\u00edses.<\/b><\/span><\/span><\/span><\/p>\n<p align=\"CENTER\"><span style=\"color: #0000cc;\"><span style=\"font-family: 'Viner Hand ITC', serif;\"><span style=\"font-size: large;\"><b>S\u00e3o oferecidas 1.222 vagas em 46 cursos de gradua\u00e7\u00e3o. As oportunidades s\u00e3o para 11 centros distribu\u00eddos nas cidades de Balne\u00e1rio Cambori\u00fa, Chapec\u00f3, Florian\u00f3polis, Ibirama, Joinville, Lages, Laguna, Pinhalzinho e S\u00e3o Bento do Sul.<\/b><\/span><\/span><\/span><\/p>\n<p align=\"CENTER\"><span style=\"color: #0000cc;\"><span style=\"font-family: 'Viner Hand ITC', serif;\"><span style=\"font-size: large;\"><b>A\u00a0Udesc\u00a0conta com o programa de a\u00e7\u00f5es afirmativas. S\u00e3o 30% de vagas reservadas em cada curso, e distribu\u00eddas\u00a0da seguinte forma:<\/b><\/span><\/span><\/span><\/p>\n<p align=\"CENTER\"><span style=\"color: #0000cc;\"><span style=\"font-family: 'Viner Hand ITC', serif;\"><span style=\"font-size: large;\"><b>20% para candidatos que tenham cursado integralmente o ensino fundamental e\u00a0m\u00e9dio em institui\u00e7\u00f5es p\u00fablicas de ensino;<\/b><\/span><\/span><\/span><\/p>\n<p align=\"CENTER\"><span style=\"color: #0000cc;\"><span style=\"font-family: 'Viner Hand ITC', serif;\"><span style=\"font-size: large;\"><b>10% para candidatos negros, entendidos como pessoas que possuem fen\u00f3tipos\u00a0que os caracterizam na sociedade como pertencentes ao grupo racial negro.<\/b><\/span><\/span><\/span><\/p>\n<p class=\"western\" align=\"CENTER\"><img fetchpriority=\"high\" decoding=\"async\" src=\"http:\/\/fisicaevestibular.com.br\/novo\/wp-content\/uploads\/universidades-2016\/udesc\/i_dd3024ed68f5480b_html_f1d712a4.png\" alt=\"\" width=\"774\" height=\"351\" name=\"Imagem 34\" align=\"BOTTOM\" border=\"0\" \/><\/p>\n<p><span style=\"color: #0000cc;\"><span style=\"font-family: 'Arial Black', serif;\"><span style=\"font-size: large;\"><b>01-(UDESC-SC-016)<\/b><\/span><\/span><\/span><\/p>\n<p><span style=\"color: #c00000;\"><span style=\"font-family: Arial, serif;\"><span style=\"font-size: medium;\"><b>Um <\/b><\/span><\/span><\/span><span style=\"color: #0000cc;\"><span style=\"font-family: Arial, serif;\"><span style=\"font-size: medium;\"><b>autom\u00f3vel de passeio<\/b><\/span><\/span><\/span><span style=\"color: #c00000;\"><span style=\"font-family: Arial, serif;\"><span style=\"font-size: medium;\"><b>, em uma <\/b><\/span><\/span><\/span><span style=\"color: #0000cc;\"><span style=\"font-family: Arial, serif;\"><span style=\"font-size: medium;\"><b>reta longa de uma rodovia,<\/b><\/span><\/span><\/span><span style=\"color: #c00000;\"><span style=\"font-family: Arial, serif;\"><span style=\"font-size: medium;\"><b> viaja em <\/b><\/span><\/span><\/span><span style=\"color: #0000cc;\"><span style=\"font-family: Arial, serif;\"><span style=\"font-size: medium;\"><b>velocidade constante<\/b><\/span><\/span><\/span><span style=\"color: #c00000;\"><span style=\"font-family: Arial, serif;\"><span style=\"font-size: medium;\"><b> de <\/b><\/span><\/span><\/span><span style=\"color: #0000cc;\"><span style=\"font-family: Arial, serif;\"><span style=\"font-size: medium;\"><b>100 km\/h e \u00e0 sua frente, \u00e0 dist\u00e2ncia de 1,00 km, est\u00e1 um caminh\u00e3o<\/b><\/span><\/span><\/span><span style=\"color: #c00000;\"><span style=\"font-family: Arial, serif;\"><span style=\"font-size: medium;\"><b> que viaja em<\/b><\/span><\/span><\/span><span style=\"color: #0000cc;\"><span style=\"font-family: Arial, serif;\"><span style=\"font-size: medium;\"><b>velocidade constante<\/b><\/span><\/span><\/span><b> <\/b><span style=\"color: #0000cc;\"><span style=\"font-family: Arial, serif;\"><span style=\"font-size: medium;\"><b>de 80,0 km\/h.<\/b><\/span><\/span><\/span><b><\/b><\/p>\n<p><span style=\"color: #c00000;\"><span style=\"font-family: Arial, serif;\"><span style=\"font-size: medium;\"><b>O <\/b><\/span><\/span><\/span><span style=\"color: #0000cc;\"><span style=\"font-family: Arial, serif;\"><span style=\"font-size: medium;\"><b>autom\u00f3vel tem de comprimento 4,50 m e o caminh\u00e3o 30,0 m.<\/b><\/span><\/span><\/span><span style=\"color: #c00000;\"><span style=\"font-family: Arial, serif;\"><span style=\"font-size: medium;\"><b> A <\/b><\/span><\/span><\/span><span style=\"color: #0000cc;\"><span style=\"font-family: Arial, serif;\"><span style=\"font-size: medium;\"><b>dist\u00e2ncia percorrida pelo carro at\u00e9<\/b><\/span><\/span><\/span><b> <\/b><span style=\"color: #0000cc;\"><span style=\"font-family: Arial, serif;\"><span style=\"font-size: medium;\"><b>ultrapassar completamente o caminh\u00e3o<\/b><\/span><\/span><\/span><span style=\"color: #c00000;\"><span style=\"font-family: Arial, serif;\"><span style=\"font-size: medium;\"><b> \u00e9, <\/b><\/span><\/span><\/span><span style=\"color: #0000cc;\"><span style=\"font-family: Arial, serif;\"><span style=\"font-size: medium;\"><b>aproximadamente, igual a:<\/b><\/span><\/span><\/span><\/p>\n<p><span style=\"color: #0000cc;\"><span style=\"font-family: Arial, serif;\"><span style=\"font-size: medium;\"><b>A. <\/b><\/span><\/span><\/span><span style=\"color: #c00000;\"><span style=\"font-family: Arial, serif;\"><span style=\"font-size: medium;\"><b>( ) 517 m<\/b><\/span><\/span><\/span><span style=\"color: #0000cc;\"><span style=\"font-family: Arial, serif;\"><span style=\"font-size: medium;\"><b> B. <\/b><\/span><\/span><\/span><span style=\"color: #c00000;\"><span style=\"font-family: Arial, serif;\"><span style=\"font-size: medium;\"><b>( ) 20,7 km <\/b><\/span><\/span><\/span><span style=\"color: #0000cc;\"><span style=\"font-family: Arial, serif;\"><span style=\"font-size: medium;\"><b>C. <\/b><\/span><\/span><\/span><span style=\"color: #c00000;\"><span style=\"font-family: Arial, serif;\"><span style=\"font-size: medium;\"><b>( ) 515 m<\/b><\/span><\/span><\/span><span style=\"color: #0000cc;\"><span style=\"font-family: Arial, serif;\"><span style=\"font-size: medium;\"><b> D. <\/b><\/span><\/span><\/span><span style=\"color: #c00000;\"><span style=\"font-family: Arial, serif;\"><span style=\"font-size: medium;\"><b>( ) 5,15 km<\/b><\/span><\/span><\/span><span style=\"color: #0000cc;\"><span style=\"font-family: Arial, serif;\"><span style=\"font-size: medium;\"><b> E. <\/b><\/span><\/span><\/span><span style=\"color: #c00000;\"><span style=\"font-family: Arial, serif;\"><span style=\"font-size: medium;\"><b>( ) 5,17 km<\/b><\/span><\/span><\/span><b><\/b><\/p>\n<p>&nbsp;<\/p>\n<p><span style=\"color: #0000cc;\"><span style=\"font-family: 'Arial Black', serif;\"><span style=\"font-size: large;\"><b>02-(UDESC-SC-016)<\/b><\/span><\/span><\/span><\/p>\n<p class=\"western\" align=\"JUSTIFY\"><span style=\"color: #c00000;\"><span style=\"font-family: Arial, serif;\"><span style=\"font-size: medium;\"><b>O conjunto mostrado na <\/b><\/span><\/span><\/span><span style=\"color: #0000cc;\"><span style=\"font-family: Arial, serif;\"><span style=\"font-size: medium;\"><b>Figura,<\/b><\/span><\/span><\/span><span style=\"color: #c00000;\"><span style=\"font-family: Arial, serif;\"><span style=\"font-size: medium;\"><b> composto por <\/b><\/span><\/span><\/span><span style=\"color: #0000cc;\"><span style=\"font-family: Arial, serif;\"><span style=\"font-size: medium;\"><b>dois blocos A e B,<\/b><\/span><\/span><\/span><span style=\"color: #c00000;\"><span style=\"font-family: Arial, serif;\"><span style=\"font-size: medium;\"><b> est\u00e1 com <\/b><\/span><\/span><\/span><span style=\"color: #0000cc;\"><span style=\"font-family: Arial, serif;\"><span style=\"font-size: medium;\"><b>acelera\u00e7\u00e3o<img decoding=\"async\" src=\"http:\/\/fisicaevestibular.com.br\/novo\/wp-content\/uploads\/universidades-2016\/udesc\/i_dd3024ed68f5480b_html_b3026381.png\" alt=\"\" width=\"14\" height=\"15\" name=\"Imagem 1\" align=\"BOTTOM\" border=\"0\" \/>.<\/b><\/span><\/span><\/span><\/p>\n<p class=\"western\" align=\"CENTER\"><img loading=\"lazy\" decoding=\"async\" src=\"http:\/\/fisicaevestibular.com.br\/novo\/wp-content\/uploads\/universidades-2016\/udesc\/i_dd3024ed68f5480b_html_c5a92c75.png\" alt=\"\" width=\"213\" height=\"142\" name=\"Imagem 2\" align=\"BOTTOM\" border=\"0\" \/><\/p>\n<p class=\"western\" align=\"JUSTIFY\"><span style=\"color: #c00000;\"><span style=\"font-family: Arial, serif;\"><span style=\"font-size: medium;\"><b>O <\/b><\/span><\/span><\/span><span style=\"color: #0000cc;\"><span style=\"font-family: Arial, serif;\"><span style=\"font-size: medium;\"><b>atrito entre os blocos \u00e9 nulo<\/b><\/span><\/span><\/span><span style=\"color: #c00000;\"><span style=\"font-family: Arial, serif;\"><span style=\"font-size: medium;\"><b> e a <\/b><\/span><\/span><\/span><span style=\"color: #0000cc;\"><span style=\"font-family: Arial, serif;\"><span style=\"font-size: medium;\"><b>massa deles \u00e9 m<\/b><\/span><\/span><\/span><span style=\"color: #0000cc;\"><sub><span style=\"font-family: Arial, serif;\"><span style=\"font-size: medium;\"><b>A<\/b><\/span><\/span><\/sub><\/span><span style=\"color: #0000cc;\"><span style=\"font-family: Arial, serif;\"><span style=\"font-size: medium;\"><b> = 5,0 kg e m<\/b><\/span><\/span><\/span><span style=\"color: #0000cc;\"><sub><span style=\"font-family: Arial, serif;\"><span style=\"font-size: medium;\"><b>B<\/b><\/span><\/span><\/sub><\/span><span style=\"color: #0000cc;\"><span style=\"font-family: Arial, serif;\"><span style=\"font-size: medium;\"><b> = 1,0 kg.<\/b><\/span><\/span><\/span><span style=\"color: #c00000;\"><span style=\"font-family: Arial, serif;\"><span style=\"font-size: medium;\"><b> Considerando que o <\/b><\/span><\/span><\/span><span style=\"color: #0000cc;\"><span style=\"font-family: Arial, serif;\"><span style=\"font-size: medium;\"><b>bloco<\/b><\/span><\/span><\/span><b> <\/b><span style=\"color: #0000cc;\"><span style=\"font-family: Arial, serif;\"><span style=\"font-size: medium;\"><b>retangular B n\u00e3o desliza sobre o bloco triangular A<\/b><\/span><\/span><\/span><span style=\"color: #c00000;\"><span style=\"font-family: Arial, serif;\"><span style=\"font-size: medium;\"><b>, a magnitude da <\/b><\/span><\/span><\/span><span style=\"color: #0000cc;\"><span style=\"font-family: Arial, serif;\"><span style=\"font-size: medium;\"><b>acelera\u00e7\u00e3o <\/b><\/span><\/span><\/span><span style=\"color: #0000cc;\"><span style=\"font-family: Arial, serif;\"><span style=\"font-size: medium;\"><i><b>a<\/b><\/i><\/span><\/span><\/span><i><b><\/b><\/i><span style=\"color: #c00000;\"><span style=\"font-family: Arial, serif;\"><span style=\"font-size: medium;\"><b>do <\/b><\/span><\/span><\/span><span style=\"color: #0000cc;\"><span style=\"font-family: Arial, serif;\"><span style=\"font-size: medium;\"><b>conjunto<\/b><\/span><\/span><\/span><span style=\"color: #c00000;\"><span style=\"font-family: Arial, serif;\"><span style=\"font-size: medium;\"><b> e a magnitude da <\/b><\/span><\/span><\/span><span style=\"color: #0000cc;\"><span style=\"font-family: Arial, serif;\"><span style=\"font-size: medium;\"><b>for\u00e7a de contato entre os dois blocos s\u00e3o, respectivamente, iguais a:<\/b><\/span><\/span><\/span><\/p>\n<p><span style=\"font-family: 'Times New Roman', serif;\"><span style=\"font-size: medium;\"><span style=\"color: #0000cc;\"><span style=\"font-family: Arial, serif;\"><b>A. <\/b><\/span><\/span><span style=\"color: #c00000;\"><span style=\"font-family: Arial, serif;\"><b>( ) 10<\/b><\/span><\/span><span style=\"color: #c00000;\"><span style=\"font-family: Symbol, serif;\"><b>\uf0d6<\/b><\/span><\/span><span style=\"color: #c00000;\"><span style=\"font-family: Arial, serif;\"><b>2 m\/s<\/b><\/span><\/span><span style=\"color: #c00000;\"><sup><span style=\"font-family: Arial, serif;\"><b>2 <\/b><\/span><\/sup><\/span><span style=\"color: #c00000;\"><span style=\"font-family: Arial, serif;\"><b>e 10,0 N<\/b><\/span><\/span><\/span><\/span><\/p>\n<p><span style=\"font-family: 'Times New Roman', serif;\"><span style=\"font-size: medium;\"><span style=\"color: #0000cc;\"><span style=\"font-family: Arial, serif;\"><b>B.<\/b><\/span><\/span><span style=\"color: #c00000;\"><span style=\"font-family: Arial, serif;\"><b> ( ) 10,0 m\/s<\/b><\/span><\/span><span style=\"color: #c00000;\"><sup><span style=\"font-family: Arial, serif;\"><b>2<\/b><\/span><\/sup><\/span><span style=\"color: #c00000;\"><span style=\"font-family: Arial, serif;\"><b> e 5<\/b><\/span><\/span><span style=\"color: #c00000;\"><span style=\"font-family: Symbol, serif;\"><b>\uf0d6<\/b><\/span><\/span><span style=\"color: #c00000;\"><span style=\"font-family: Arial, serif;\"><b>2 N<\/b><\/span><\/span><\/span><\/span><\/p>\n<p><span style=\"font-family: 'Times New Roman', serif;\"><span style=\"font-size: medium;\"><span style=\"color: #0000cc;\"><span style=\"font-family: Arial, serif;\"><b>C.<\/b><\/span><\/span><span style=\"color: #c00000;\"><span style=\"font-family: Arial, serif;\"><b> ( ) 10,0 m\/s<\/b><\/span><\/span><span style=\"color: #c00000;\"><sup><span style=\"font-family: Arial, serif;\"><b>2<\/b><\/span><\/sup><\/span><span style=\"color: #c00000;\"><span style=\"font-family: Arial, serif;\"><b> e 10<\/b><\/span><\/span><span style=\"color: #c00000;\"><span style=\"font-family: Symbol, serif;\"><b>\uf0d6<\/b><\/span><\/span><span style=\"color: #c00000;\"><span style=\"font-family: Arial, serif;\"><b> 2 N<\/b><\/span><\/span><\/span><\/span><\/p>\n<p><span style=\"font-family: 'Times New Roman', serif;\"><span style=\"font-size: medium;\"><span style=\"color: #0000cc;\"><span style=\"font-family: Arial, serif;\"><b>D.<\/b><\/span><\/span><span style=\"color: #c00000;\"><span style=\"font-family: Arial, serif;\"><b> ( ) 5<\/b><\/span><\/span><span style=\"color: #c00000;\"><span style=\"font-family: Symbol, serif;\"><b>\uf0d6<\/b><\/span><\/span><span style=\"color: #c00000;\"><span style=\"font-family: Arial, serif;\"><b>2 m\/s<\/b><\/span><\/span><span style=\"color: #c00000;\"><sup><span style=\"font-family: Arial, serif;\"><b>2<\/b><\/span><\/sup><\/span><span style=\"color: #c00000;\"><span style=\"font-family: Arial, serif;\"><b> e 10<\/b><\/span><\/span><span style=\"color: #c00000;\"><span style=\"font-family: Symbol, serif;\"><b>\uf0d6<\/b><\/span><\/span><span style=\"color: #c00000;\"><span style=\"font-family: Arial, serif;\"><b>2N<\/b><\/span><\/span><\/span><\/span><\/p>\n<p><span style=\"font-family: 'Times New Roman', serif;\"><span style=\"font-size: medium;\"><span style=\"color: #0000cc;\"><span style=\"font-family: Arial, serif;\"><b>E.<\/b><\/span><\/span><span style=\"color: #c00000;\"><span style=\"font-family: Arial, serif;\"><b> ( ) 10,0 m\/s<\/b><\/span><\/span><span style=\"color: #c00000;\"><sup><span style=\"font-family: Arial, serif;\"><b>2<\/b><\/span><\/sup><\/span><span style=\"color: #c00000;\"><span style=\"font-family: Arial, serif;\"><b> e 10 N<\/b><\/span><\/span><\/span><\/span><\/p>\n<p>&nbsp;<\/p>\n<p><span style=\"color: #0000cc;\"><span style=\"font-family: 'Arial Black', serif;\"><span style=\"font-size: large;\"><b>03-(UDESC-SC-016)<\/b><\/span><\/span><\/span><\/p>\n<p align=\"JUSTIFY\"><span style=\"color: #000000;\"><span style=\"font-family: Arial, serif;\"><span style=\"font-size: medium;\"><span style=\"color: #c00000;\"><b>Em uma <\/b><\/span><span style=\"color: #0000cc;\"><b>colis\u00e3o el\u00e1stica frontal<\/b><\/span><span style=\"color: #c00000;\"><b> (em uma dimens\u00e3o) <\/b><\/span><span style=\"color: #0000cc;\"><b>entre duas part\u00edculas de massas m<\/b><\/span><span style=\"color: #0000cc;\"><sub><b>1<\/b><\/sub><\/span><span style=\"color: #0000cc;\"><b> e m<\/b><\/span><span style=\"color: #0000cc;\"><sub><b>2<\/b><\/sub><\/span><span style=\"color: #c00000;\"><b>, a <\/b><\/span><span style=\"color: #0000cc;\"><b>part\u00edcula 2 estava em repouso antes da colis\u00e3o.<\/b><\/span><b> <\/b><span style=\"color: #0000cc;\"><b>Analise<\/b><\/span><span style=\"color: #c00000;\"><b> as <\/b><\/span><span style=\"color: #0000cc;\"><b>proposi\u00e7\u00f5es em rela\u00e7\u00e3o \u00e0 colis\u00e3o<\/b><\/span><span style=\"color: #c00000;\"><b>.<\/b><\/span><\/span><\/span><\/span><\/p>\n<p align=\"JUSTIFY\"><span style=\"color: #000000;\"><span style=\"font-family: Arial, serif;\"><span style=\"font-size: medium;\"><span style=\"color: #0000cc;\"><b>I.<\/b><\/span><span style=\"color: #c00000;\"><b> A <\/b><\/span><span style=\"color: #0000cc;\"><b>quantidade de movimento e a energia cin\u00e9tica<\/b><\/span><span style=\"color: #c00000;\"><b> do sistema <\/b><\/span><span style=\"color: #0000cc;\"><b>se conservam<\/b><\/span><span style=\"color: #c00000;\"><b>.<\/b><\/span><\/span><\/span><\/span><\/p>\n<p align=\"JUSTIFY\"><span style=\"color: #000000;\"><span style=\"font-family: Arial, serif;\"><span style=\"font-size: medium;\"><span style=\"color: #0000cc;\"><b>II.<\/b><\/span><span style=\"color: #c00000;\"><b> Se as <\/b><\/span><span style=\"color: #0000cc;\"><b>massas s\u00e3o iguais,<\/b><\/span><span style=\"color: #c00000;\"><b> a magnitude da <\/b><\/span><span style=\"color: #0000cc;\"><b>velocidade adquirida pela part\u00edcula 2, ap\u00f3s a colis\u00e3o<\/b><\/span><span style=\"color: #c00000;\"><b>, \u00e9 <\/b><\/span><span style=\"color: #0000cc;\"><b>igual \u00e0 magnitude da velocidade da part\u00edcula 1, antes da colis\u00e3o.<\/b><\/span><\/span><\/span><\/span><\/p>\n<p align=\"JUSTIFY\"><span style=\"color: #000000;\"><span style=\"font-family: Arial, serif;\"><span style=\"font-size: medium;\"><span style=\"color: #0000cc;\"><b>III.<\/b><\/span><span style=\"color: #c00000;\"><b> Se <\/b><\/span><span style=\"color: #0000cc;\"><b>m<\/b><\/span><span style=\"color: #0000cc;\"><sub><b>1<\/b><\/sub><\/span><span style=\"color: #0000cc;\"><b> \u00e9 maior que m<\/b><\/span><span style=\"color: #0000cc;\"><sub><b>2<\/b><\/sub><\/span><span style=\"color: #c00000;\"><b>, a magnitude da <\/b><\/span><span style=\"color: #0000cc;\"><b>velocidade adquirida pela part\u00edcula 2, ap\u00f3s a colis\u00e3o, ser\u00e1 maior que a magnitude da velocidade da part\u00edcula 1, antes da colis\u00e3o.<\/b><\/span><\/span><\/span><\/span><\/p>\n<p align=\"JUSTIFY\"><span style=\"color: #000000;\"><span style=\"font-family: Arial, serif;\"><span style=\"font-size: medium;\"><span style=\"color: #0000cc;\"><b>IV.<\/b><\/span><span style=\"color: #c00000;\"><b> Se <\/b><\/span><span style=\"color: #0000cc;\"><b>m<\/b><\/span><span style=\"color: #0000cc;\"><sub><b>1<\/b><\/sub><\/span><span style=\"color: #0000cc;\"><b> \u00e9 menor que m<\/b><\/span><span style=\"color: #0000cc;\"><sub><b>2<\/b><\/sub><\/span><span style=\"color: #0000cc;\"><b>,<\/b><\/span><span style=\"color: #c00000;\"><b> o <\/b><\/span><span style=\"color: #0000cc;\"><b>vetor velocidade da part\u00edcula 1, ap\u00f3s a colis\u00e3o, \u00e9 igual ao vetor velocidade que ela tinha antes da colis\u00e3o.<\/b><\/span><\/span><\/span><\/span><\/p>\n<p><span style=\"color: #000000;\"><span style=\"font-family: Arial, serif;\"><span style=\"font-size: medium;\"><span style=\"color: #c00000;\"><b>Assinale a <\/b><\/span><span style=\"color: #0000cc;\"><b>alternativa <\/b><\/span><span style=\"color: #0000cc;\"><b>correta<\/b><\/span><span style=\"color: #0000cc;\"><b>:<\/b><\/span><b><\/b><\/span><\/span><\/span><\/p>\n<p><span style=\"color: #000000;\"><span style=\"font-family: Arial, serif;\"><span style=\"font-size: medium;\"><span style=\"color: #0000cc;\"><b>A.<\/b><\/span><span style=\"color: #c00000;\"><b> ( ) Somente as afirmativas I e III s\u00e3o verdadeiras.<\/b><\/span><\/span><\/span><\/span><\/p>\n<p><span style=\"color: #000000;\"><span style=\"font-family: Arial, serif;\"><span style=\"font-size: medium;\"><span style=\"color: #0000cc;\"><b>B.<\/b><\/span><span style=\"color: #c00000;\"><b> ( ) Somente as afirmativas I, III e IV s\u00e3o verdadeiras.<\/b><\/span><\/span><\/span><\/span><\/p>\n<p><span style=\"color: #000000;\"><span style=\"font-family: Arial, serif;\"><span style=\"font-size: medium;\"><span style=\"color: #0000cc;\"><b>C.<\/b><\/span><span style=\"color: #c00000;\"><b> ( ) Somente as afirmativas I, II e III s\u00e3o verdadeiras.<\/b><\/span><\/span><\/span><\/span><\/p>\n<p><span style=\"color: #000000;\"><span style=\"font-family: Arial, serif;\"><span style=\"font-size: medium;\"><span style=\"color: #0000cc;\"><b>D.<\/b><\/span><span style=\"color: #c00000;\"><b> ( ) Somente a afirmativa II \u00e9 verdadeira.<\/b><\/span><\/span><\/span><\/span><\/p>\n<p><span style=\"color: #000000;\"><span style=\"font-family: Arial, serif;\"><span style=\"font-size: medium;\"><span style=\"color: #0000cc;\"><b>E.<\/b><\/span><span style=\"color: #c00000;\"><b> ( ) Somente a afirmativa IV \u00e9 verdadeira.<\/b><\/span><\/span><\/span><\/span><\/p>\n<p><span style=\"color: #0000cc;\"><span style=\"font-family: 'Arial Black', serif;\"><span style=\"font-size: large;\"><b>04-(UDESC-SC-016)<\/b><\/span><\/span><\/span><\/p>\n<p align=\"JUSTIFY\"><span style=\"color: #000000;\"><span style=\"font-family: Arial, serif;\"><span style=\"font-size: medium;\"><span style=\"color: #c00000;\"><b>Duas <\/b><\/span><span style=\"color: #0000cc;\"><b>pequenas esferas est\u00e3o separadas por uma dist\u00e2ncia de 30 cm<\/b><\/span><span style=\"color: #c00000;\"><b>. As duas esferas <\/b><\/span><span style=\"color: #0000cc;\"><b>repelem-se<\/b><\/span><\/span><\/span><\/span><\/p>\n<p align=\"CENTER\"><span style=\"color: #000000;\"><img loading=\"lazy\" decoding=\"async\" src=\"http:\/\/fisicaevestibular.com.br\/novo\/wp-content\/uploads\/universidades-2016\/udesc\/i_dd3024ed68f5480b_html_cb8d1b63.png\" alt=\"\" width=\"273\" height=\"86\" name=\"Imagem 5\" align=\"BOTTOM\" border=\"0\" \/><\/span><\/p>\n<p align=\"JUSTIFY\"><span style=\"color: #000000;\"><span style=\"font-family: Arial, serif;\"><span style=\"font-size: medium;\"><span style=\"color: #c00000;\"><b>com uma <\/b><\/span><span style=\"color: #0000cc;\"><b>for\u00e7a de 7,5 \u00d7 10<\/b><\/span><span style=\"color: #0000cc;\"><sup><b>-6<\/b><\/sup><\/span><span style=\"color: #0000cc;\"><b> N<\/b><\/span><span style=\"color: #c00000;\"><b>. Considerando que a <\/b><\/span><span style=\"color: #0000cc;\"><b>carga el\u00e9trica das duas esferas \u00e9 20 nC,<\/b><\/span><span style=\"color: #c00000;\"><b> a <\/b><\/span><span style=\"color: #0000cc;\"><b>carga el\u00e9trica de cada esfera<\/b><\/span><span style=\"color: #c00000;\"><b> \u00e9, respectivamente:<\/b><\/span><\/span><\/span><\/span><\/p>\n<p align=\"JUSTIFY\"><span style=\"color: #000000;\"><span style=\"font-family: Arial, serif;\"><span style=\"font-size: medium;\"><span style=\"color: #0000cc;\"><b>A.<\/b><\/span><span style=\"color: #c00000;\"><b> ( ) 10 nC e 10 nC<\/b><\/span><\/span><\/span><\/span><\/p>\n<p align=\"JUSTIFY\"><span style=\"color: #000000;\"><span style=\"font-family: Arial, serif;\"><span style=\"font-size: medium;\"><span style=\"color: #0000cc;\"><b>B.<\/b><\/span><span style=\"color: #c00000;\"><b> ( ) 13 nC e 7 nC<\/b><\/span><\/span><\/span><\/span><\/p>\n<p align=\"JUSTIFY\"><span style=\"color: #000000;\"><span style=\"font-family: Arial, serif;\"><span style=\"font-size: medium;\"><span style=\"color: #0000cc;\"><b>C.<\/b><\/span><span style=\"color: #c00000;\"><b> ( ) 7,5 nC e 10 nC<\/b><\/span><\/span><\/span><\/span><\/p>\n<p align=\"JUSTIFY\"><span style=\"color: #000000;\"><span style=\"font-family: Arial, serif;\"><span style=\"font-size: medium;\"><span style=\"color: #0000cc;\"><b>D.<\/b><\/span><span style=\"color: #c00000;\"><b> ( ) 12 nC e 8 nC<\/b><\/span><\/span><\/span><\/span><\/p>\n<p align=\"JUSTIFY\"><span style=\"color: #000000;\"><span style=\"font-family: Arial, serif;\"><span style=\"font-size: medium;\"><span style=\"color: #0000cc;\"><b>E.<\/b><\/span><span style=\"color: #c00000;\"><b> ( ) 15 nC e 5 nC<\/b><\/span><\/span><\/span><\/span><\/p>\n<p><span style=\"color: #0000cc;\"><span style=\"font-family: 'Arial Black', serif;\"><span style=\"font-size: large;\"><b>05-(UDESC-SC-016)<\/b><\/span><\/span><\/span><\/p>\n<p class=\"western\" align=\"JUSTIFY\"><img loading=\"lazy\" decoding=\"async\" src=\"http:\/\/fisicaevestibular.com.br\/novo\/wp-content\/uploads\/universidades-2016\/udesc\/i_dd3024ed68f5480b_html_b4676fba.png\" alt=\"\" width=\"774\" height=\"236\" name=\"Imagem 17\" align=\"BOTTOM\" border=\"0\" \/><\/p>\n<p><span style=\"color: #0000cc;\"><span style=\"font-family: 'Arial Black', serif;\"><span style=\"font-size: large;\"><b>06-(UDESC-SC-016)<\/b><\/span><\/span><\/span><\/p>\n<p align=\"JUSTIFY\"><span style=\"color: #000000;\"><span style=\"font-family: Arial, serif;\"><span style=\"font-size: medium;\"><span style=\"color: #c00000;\"><b>Com rela\u00e7\u00e3o aos <\/b><\/span><span style=\"color: #0000cc;\"><b>fen\u00f4menos eletromagn\u00e9ticos, analise as proposi\u00e7\u00f5es.<\/b><\/span><b><\/b><\/span><\/span><\/span><\/p>\n<p align=\"JUSTIFY\"><span style=\"color: #000000;\"><span style=\"font-family: Arial, serif;\"><span style=\"font-size: medium;\"><span style=\"color: #0000cc;\"><b>I.<\/b><\/span><b> <\/b><span style=\"color: #0000cc;\"><b>Corrente el\u00e9trica induzida, em um circuito fechado, por um campo magn\u00e9tico vari\u00e1vel no tempo sempre gera um campo magn\u00e9tico que se op\u00f5e \u00e0 mudan\u00e7a desse campo.<\/b><\/span><\/span><\/span><\/span><\/p>\n<p align=\"JUSTIFY\"><span style=\"color: #000000;\"><span style=\"font-family: Arial, serif;\"><span style=\"font-size: medium;\"><span style=\"color: #0000cc;\"><b>II.<\/b><\/span><b> <\/b><span style=\"color: #0000cc;\"><b>Correntes el\u00e9tricas, em circuitos fechados<\/b><\/span><span style=\"color: #c00000;\"><b>, podem <\/b><\/span><span style=\"color: #0000cc;\"><b>formar dipolos magn\u00e9ticos<\/b><\/span><span style=\"color: #c00000;\"><b>, mas nunca <\/b><\/span><span style=\"color: #0000cc;\"><b>monopolos magn\u00e9ticos.<\/b><\/span><\/span><\/span><\/span><\/p>\n<p align=\"JUSTIFY\"><span style=\"color: #000000;\"><span style=\"font-family: Arial, serif;\"><span style=\"font-size: medium;\"><span style=\"color: #0000cc;\"><b>III.<\/b><\/span><span style=\"color: #c00000;\"><b> Ao <\/b><\/span><span style=\"color: #0000cc;\"><b>dividir-se um \u00edm\u00e3 ao meio<\/b><\/span><span style=\"color: #c00000;\"><b>, formam-se dois <\/b><\/span><span style=\"color: #0000cc;\"><b>monopolos magn\u00e9ticos, um polo sul e outro polo norte.<\/b><\/span><\/span><\/span><\/span><\/p>\n<p align=\"JUSTIFY\"><span style=\"color: #000000;\"><span style=\"font-family: Arial, serif;\"><span style=\"font-size: medium;\"><span style=\"color: #0000cc;\"><b>IV.<\/b><\/span><b> <\/b><span style=\"color: #0000cc;\"><b>For\u00e7a magn\u00e9tica<\/b><\/span><span style=\"color: #c00000;\"><b> atua em <\/b><\/span><span style=\"color: #0000cc;\"><b>cargas el\u00e9tricas em repouso e em movimento.<\/b><\/span><\/span><\/span><\/span><\/p>\n<p align=\"JUSTIFY\"><span style=\"color: #000000;\"><span style=\"font-family: Arial, serif;\"><span style=\"font-size: medium;\"><span style=\"color: #0000cc;\"><b>Assinale a alternativa <\/b><\/span><span style=\"color: #0000cc;\"><b>correta<\/b><\/span><span style=\"color: #0000cc;\"><b>:<\/b><\/span><\/span><\/span><\/span><\/p>\n<p align=\"JUSTIFY\"><span style=\"color: #000000;\"><span style=\"font-family: Arial, serif;\"><span style=\"font-size: medium;\"><span style=\"color: #0000cc;\"><b>A.<\/b><\/span><span style=\"color: #c00000;\"><b> ( ) Somente as afirmativas II e III s\u00e3o verdadeiras.<\/b><\/span><\/span><\/span><\/span><\/p>\n<p align=\"JUSTIFY\"><span style=\"color: #000000;\"><span style=\"font-family: Arial, serif;\"><span style=\"font-size: medium;\"><span style=\"color: #0000cc;\"><b>B.<\/b><\/span><span style=\"color: #c00000;\"><b> ( ) Somente as afirmativas I, III e IV s\u00e3o verdadeiras.<\/b><\/span><\/span><\/span><\/span><\/p>\n<p align=\"JUSTIFY\"><span style=\"color: #000000;\"><span style=\"font-family: Arial, serif;\"><span style=\"font-size: medium;\"><span style=\"color: #0000cc;\"><b>C.<\/b><\/span><span style=\"color: #c00000;\"><b> ( ) Somente as afirmativas II e IV s\u00e3o verdadeiras.<\/b><\/span><\/span><\/span><\/span><\/p>\n<p align=\"JUSTIFY\"><span style=\"color: #000000;\"><span style=\"font-family: Arial, serif;\"><span style=\"font-size: medium;\"><span style=\"color: #0000cc;\"><b>D.<\/b><\/span><span style=\"color: #c00000;\"><b> ( ) Somente as afirmativas I e II s\u00e3o verdadeiras.<\/b><\/span><\/span><\/span><\/span><\/p>\n<p align=\"JUSTIFY\"><span style=\"color: #000000;\"><span style=\"font-family: Arial, serif;\"><span style=\"font-size: medium;\"><span style=\"color: #0000cc;\"><b>E.<\/b><\/span><span style=\"color: #c00000;\"><b> ( ) Somente as afirmativas I e IV s\u00e3o verdadeiras.<\/b><\/span><\/span><\/span><\/span><\/p>\n<p>&nbsp;<\/p>\n<p><span style=\"color: #0000cc;\"><span style=\"font-family: 'Arial Black', serif;\"><span style=\"font-size: large;\"><b>07-(UDESC-SC-016)<\/b><\/span><\/span><\/span><\/p>\n<p><span style=\"color: #c00000;\"><span style=\"font-family: Arial, serif;\"><span style=\"font-size: medium;\"><b>Uma <\/b><\/span><\/span><\/span><span style=\"color: #0000cc;\"><span style=\"font-family: Arial, serif;\"><span style=\"font-size: medium;\"><b>m\u00e1quina a vapor<\/b><\/span><\/span><\/span><span style=\"color: #c00000;\"><span style=\"font-family: Arial, serif;\"><span style=\"font-size: medium;\"><b> foi projetada para <\/b><\/span><\/span><\/span><span style=\"color: #0000cc;\"><span style=\"font-family: Arial, serif;\"><span style=\"font-size: medium;\"><b>operar entre duas fontes t\u00e9rmicas<\/b><\/span><\/span><\/span><span style=\"color: #c00000;\"><span style=\"font-family: Arial, serif;\"><span style=\"font-size: medium;\"><b>, a <\/b><\/span><\/span><\/span><span style=\"color: #0000cc;\"><span style=\"font-family: Arial, serif;\"><span style=\"font-size: medium;\"><b>fonte quente e a fonte<\/b><\/span><\/span><\/span><b> <\/b><span style=\"color: #0000cc;\"><span style=\"font-family: Arial, serif;\"><span style=\"font-size: medium;\"><b>fria<\/b><\/span><\/span><\/span><span style=\"color: #c00000;\"><span style=\"font-family: Arial, serif;\"><span style=\"font-size: medium;\"><b>, e para trabalhar <\/b><\/span><\/span><\/span><span style=\"color: #0000cc;\"><span style=\"font-family: Arial, serif;\"><span style=\"font-size: medium;\"><b>segundo o ciclo de Carnot.<\/b><\/span><\/span><\/span><b><\/b><\/p>\n<p><span style=\"color: #c00000;\"><span style=\"font-family: Arial, serif;\"><span style=\"font-size: medium;\"><b>Sabe-se que a temperatura <\/b><\/span><\/span><\/span><span style=\"color: #0000cc;\"><span style=\"font-family: Arial, serif;\"><span style=\"font-size: medium;\"><b>da fonte quente \u00e9 de 127 \u00b0C e que a m\u00e1quina retira, a cada ciclo, 600J<\/b><\/span><\/span><\/span><b> <\/b><span style=\"color: #0000cc;\"><span style=\"font-family: Arial, serif;\"><span style=\"font-size: medium;\"><b>desta fonte,<\/b><\/span><\/span><\/span><span style=\"color: #c00000;\"><span style=\"font-family: Arial, serif;\"><span style=\"font-size: medium;\"><b> alcan\u00e7ando um <\/b><\/span><\/span><\/span><span style=\"color: #0000cc;\"><span style=\"font-family: Arial, serif;\"><span style=\"font-size: medium;\"><b>rendimento m\u00e1ximo igual a 0,25.<\/b><\/span><\/span><\/span><b><\/b><\/p>\n<p><span style=\"color: #c00000;\"><span style=\"font-family: Arial, serif;\"><span style=\"font-size: medium;\"><b>O <\/b><\/span><\/span><\/span><span style=\"color: #0000cc;\"><span style=\"font-family: Arial, serif;\"><span style=\"font-size: medium;\"><b>trabalho realizado pela m\u00e1quina, por ciclo, e a temperatura da fonte fria<\/b><\/span><\/span><\/span><span style=\"color: #c00000;\"><span style=\"font-family: Arial, serif;\"><span style=\"font-size: medium;\"><b> s\u00e3o, respectivamente:<\/b><\/span><\/span><\/span><\/p>\n<p><span style=\"color: #0000cc;\"><span style=\"font-family: Arial, serif;\"><span style=\"font-size: medium;\"><b>A.<\/b><\/span><\/span><\/span><span style=\"color: #c00000;\"><span style=\"font-family: Arial, serif;\"><span style=\"font-size: medium;\"><b> ( ) 240 J e 95 \u00b0C<\/b><\/span><\/span><\/span><\/p>\n<p><span style=\"color: #0000cc;\"><span style=\"font-family: Arial, serif;\"><span style=\"font-size: medium;\"><b>B.<\/b><\/span><\/span><\/span><span style=\"color: #c00000;\"><span style=\"font-family: Arial, serif;\"><span style=\"font-size: medium;\"><b> ( ) 150 J e 27 \u00b0C<\/b><\/span><\/span><\/span><\/p>\n<p><span style=\"color: #0000cc;\"><span style=\"font-family: Arial, serif;\"><span style=\"font-size: medium;\"><b>C.<\/b><\/span><\/span><\/span><span style=\"color: #c00000;\"><span style=\"font-family: Arial, serif;\"><span style=\"font-size: medium;\"><b> ( ) 15 J e 95 \u00b0C<\/b><\/span><\/span><\/span><\/p>\n<p><span style=\"color: #0000cc;\"><span style=\"font-family: Arial, serif;\"><span style=\"font-size: medium;\"><b>D.<\/b><\/span><\/span><\/span><span style=\"color: #c00000;\"><span style=\"font-family: Arial, serif;\"><span style=\"font-size: medium;\"><b> ( ) 90 J e 27 \u00b0C<\/b><\/span><\/span><\/span><\/p>\n<p><span style=\"color: #0000cc;\"><span style=\"font-family: Arial, serif;\"><span style=\"font-size: medium;\"><b>E.<\/b><\/span><\/span><\/span><span style=\"color: #c00000;\"><span style=\"font-family: Arial, serif;\"><span style=\"font-size: medium;\"><b> ( ) 24 J e 0 \u00b0C<\/b><\/span><\/span><\/span><\/p>\n<p><span style=\"color: #0000cc;\"><span style=\"font-family: 'Arial Black', serif;\"><span style=\"font-size: large;\"><b>08-(UDESC-SC-016)<\/b><\/span><\/span><\/span><\/p>\n<p><span style=\"color: #c00000;\"><span style=\"font-family: Arial, serif;\"><span style=\"font-size: medium;\"><b>Para se chegar \u00e0 descri\u00e7\u00e3o atual sobre <\/b><\/span><\/span><\/span><span style=\"color: #0000cc;\"><span style=\"font-family: Arial, serif;\"><span style=\"font-size: medium;\"><b>a natureza da luz, caracterizada pelo comportamento dual<\/b><\/span><\/span><\/span><span style=\"color: #c00000;\"><span style=\"font-family: Arial, serif;\"><span style=\"font-size: medium;\"><b> (onda-part\u00edcula), <\/b><\/span><\/span><\/span><span style=\"color: #0000cc;\"><span style=\"font-family: Arial, serif;\"><span style=\"font-size: medium;\"><b>houve debates \u00e9picos <\/b><\/span><\/span><\/span><span style=\"color: #c00000;\"><span style=\"font-family: Arial, serif;\"><span style=\"font-size: medium;\"><b>entre propositores e defensores de <\/b><\/span><\/span><\/span><span style=\"color: #0000cc;\"><span style=\"font-family: Arial, serif;\"><span style=\"font-size: medium;\"><b>modelos explicativos<\/b><\/span><\/span><\/span><b> <\/b><span style=\"color: #0000cc;\"><span style=\"font-family: Arial, serif;\"><span style=\"font-size: medium;\"><b>divergentes.<\/b><\/span><\/span><\/span><b><\/b><\/p>\n<p align=\"CENTER\"><img loading=\"lazy\" decoding=\"async\" src=\"http:\/\/fisicaevestibular.com.br\/novo\/wp-content\/uploads\/universidades-2016\/udesc\/i_dd3024ed68f5480b_html_a9f9e920.png\" alt=\"\" width=\"275\" height=\"144\" name=\"Imagem 25\" align=\"BOTTOM\" border=\"0\" \/><\/p>\n<p><span style=\"color: #c00000;\"><span style=\"font-family: Arial, serif;\"><span style=\"font-size: medium;\"><b>Sobre a <\/b><\/span><\/span><\/span><span style=\"color: #0000cc;\"><span style=\"font-family: Arial, serif;\"><span style=\"font-size: medium;\"><b>natureza da luz,<\/b><\/span><\/span><\/span><span style=\"color: #c00000;\"><span style=\"font-family: Arial, serif;\"><span style=\"font-size: medium;\"><b> um dos debates que ficou marcado na hist\u00f3ria da Ci\u00eancia envolveu grandes estudiosos, tendo de um <\/b><\/span><\/span><\/span><span style=\"color: #0000cc;\"><span style=\"font-family: Arial, serif;\"><span style=\"font-size: medium;\"><b>lado Isaac Newton e de outro Christiaan Huygens.<\/b><\/span><\/span><\/span><\/p>\n<p><span style=\"color: #c00000;\"><span style=\"font-family: Arial, serif;\"><span style=\"font-size: medium;\"><b>Focado no <\/b><\/span><\/span><\/span><span style=\"color: #0000cc;\"><span style=\"font-family: Arial, serif;\"><span style=\"font-size: medium;\"><b>debate Newton-Huygens, relativo \u00e0 natureza da luz, analise as proposi\u00e7\u00f5es.<\/b><\/span><\/span><\/span><b><\/b><\/p>\n<p><span style=\"color: #0000cc;\"><span style=\"font-family: Arial, serif;\"><span style=\"font-size: medium;\"><b>I.<\/b><\/span><\/span><\/span><span style=\"color: #c00000;\"><span style=\"font-family: Arial, serif;\"><span style=\"font-size: medium;\"><b> Dois <\/b><\/span><\/span><\/span><span style=\"color: #0000cc;\"><span style=\"font-family: Arial, serif;\"><span style=\"font-size: medium;\"><b>aspectos centrais<\/b><\/span><\/span><\/span><span style=\"color: #c00000;\"><span style=\"font-family: Arial, serif;\"><span style=\"font-size: medium;\"><b> alimentavam o debate entre <\/b><\/span><\/span><\/span><span style=\"color: #0000cc;\"><span style=\"font-family: Arial, serif;\"><span style=\"font-size: medium;\"><b>Newton e Huygens<\/b><\/span><\/span><\/span><span style=\"color: #c00000;\"><span style=\"font-family: Arial, serif;\"><span style=\"font-size: medium;\"><b>; o primeiro de <\/b><\/span><\/span><\/span><span style=\"color: #0000cc;\"><span style=\"font-family: Arial, serif;\"><span style=\"font-size: medium;\"><b>natureza metodol\u00f3gica<\/b><\/span><\/span><\/span><span style=\"color: #c00000;\"><span style=\"font-family: Arial, serif;\"><span style=\"font-size: medium;\"><b> e o segundo que envolvia <\/b><\/span><\/span><\/span><span style=\"color: #0000cc;\"><span style=\"font-family: Arial, serif;\"><span style=\"font-size: medium;\"><b>a aceita\u00e7\u00e3o ou n\u00e3o do conceito de v\u00e1cuo e as suas implica\u00e7\u00f5es.<\/b><\/span><\/span><\/span><\/p>\n<p><span style=\"color: #0000cc;\"><span style=\"font-family: Arial, serif;\"><span style=\"font-size: medium;\"><b>II.<\/b><\/span><\/span><\/span><b> <\/b><span style=\"color: #0000cc;\"><span style=\"font-family: Arial, serif;\"><span style=\"font-size: medium;\"><b>Newton e Huygens<\/b><\/span><\/span><\/span><span style=\"color: #c00000;\"><span style=\"font-family: Arial, serif;\"><span style=\"font-size: medium;\"><b> tinham <\/b><\/span><\/span><\/span><span style=\"color: #0000cc;\"><span style=\"font-family: Arial, serif;\"><span style=\"font-size: medium;\"><b>concep\u00e7\u00f5es diferentes<\/b><\/span><\/span><\/span><span style=\"color: #c00000;\"><span style=\"font-family: Arial, serif;\"><span style=\"font-size: medium;\"><b> sobre o espa\u00e7o <\/b><\/span><\/span><\/span><span style=\"color: #0000cc;\"><span style=\"font-family: Arial, serif;\"><span style=\"font-size: medium;\"><b>f\u00edsico e a natureza da luz<\/b><\/span><\/span><\/span><span style=\"color: #c00000;\"><span style=\"font-family: Arial, serif;\"><span style=\"font-size: medium;\"><b>, por\u00e9m, <\/b><\/span><\/span><\/span><span style=\"color: #0000cc;\"><span style=\"font-family: Arial, serif;\"><span style=\"font-size: medium;\"><b>concordavam<\/b><\/span><\/span><\/span><span style=\"color: #c00000;\"><span style=\"font-family: Arial, serif;\"><span style=\"font-size: medium;\"><b> que os <\/b><\/span><\/span><\/span><span style=\"color: #0000cc;\"><span style=\"font-family: Arial, serif;\"><span style=\"font-size: medium;\"><b>modelos explicativos para a propaga\u00e7\u00e3o da luz<\/b><\/span><\/span><\/span><span style=\"color: #c00000;\"><span style=\"font-family: Arial, serif;\"><span style=\"font-size: medium;\"><b> teriam que ser alcan\u00e7ados a partir de um <\/b><\/span><\/span><\/span><span style=\"color: #0000cc;\"><span style=\"font-family: Arial, serif;\"><span style=\"font-size: medium;\"><b>modelo mec\u00e2nico.<\/b><\/span><\/span><\/span><\/p>\n<p><span style=\"color: #0000cc;\"><span style=\"font-family: Arial, serif;\"><span style=\"font-size: medium;\"><b>III.<\/b><\/span><\/span><\/span><span style=\"color: #c00000;\"><span style=\"font-family: Arial, serif;\"><span style=\"font-size: medium;\"><b> O debate <\/b><\/span><\/span><\/span><span style=\"color: #0000cc;\"><span style=\"font-family: Arial, serif;\"><span style=\"font-size: medium;\"><b>Newton-Huygens<\/b><\/span><\/span><\/span><span style=\"color: #c00000;\"><span style=\"font-family: Arial, serif;\"><span style=\"font-size: medium;\"><b> ocorreu exclusivamente devido \u00e0 <\/b><\/span><\/span><\/span><span style=\"color: #0000cc;\"><span style=\"font-family: Arial, serif;\"><span style=\"font-size: medium;\"><b>diverg\u00eancia sobre o conceito de v\u00e1cuo, mas ambos defendiam a natureza ondulat\u00f3ria da luz.<\/b><\/span><\/span><\/span><\/p>\n<p><span style=\"color: #0000cc;\"><span style=\"font-family: Arial, serif;\"><span style=\"font-size: medium;\"><b>IV.<\/b><\/span><\/span><\/span><span style=\"color: #c00000;\"><span style=\"font-family: Arial, serif;\"><span style=\"font-size: medium;\"><b> Assumindo <\/b><\/span><\/span><\/span><span style=\"color: #0000cc;\"><span style=\"font-family: Arial, serif;\"><span style=\"font-size: medium;\"><b>perspectivas te\u00f3ricas e metodol\u00f3gicas diferentes, Newton prop\u00f4s uma explica\u00e7\u00e3o<\/b><\/span><\/span><\/span><b> <\/b><span style=\"color: #0000cc;\"><span style=\"font-family: Arial, serif;\"><span style=\"font-size: medium;\"><b>corpuscular para a luz<\/b><\/span><\/span><\/span><span style=\"color: #c00000;\"><span style=\"font-family: Arial, serif;\"><span style=\"font-size: medium;\"><b>, enquanto <\/b><\/span><\/span><\/span><span style=\"color: #0000cc;\"><span style=\"font-family: Arial, serif;\"><span style=\"font-size: medium;\"><b>Huygens defendia uma vis\u00e3o ondulat\u00f3ria para a luz.<\/b><\/span><\/span><\/span><\/p>\n<p><span style=\"color: #c00000;\"><span style=\"font-family: Arial, serif;\"><span style=\"font-size: medium;\"><b>Assinale a <\/b><\/span><\/span><\/span><span style=\"color: #0000cc;\"><span style=\"font-family: Arial, serif;\"><span style=\"font-size: medium;\"><b>alternativa <\/b><\/span><\/span><\/span><span style=\"color: #0000cc;\"><span style=\"font-family: Arial, serif;\"><span style=\"font-size: medium;\"><b>correta<\/b><\/span><\/span><\/span><span style=\"color: #0000cc;\"><span style=\"font-family: Arial, serif;\"><span style=\"font-size: medium;\"><b>:<\/b><\/span><\/span><\/span><b><\/b><\/p>\n<p><span style=\"color: #0000cc;\"><span style=\"font-family: Arial, serif;\"><span style=\"font-size: medium;\"><b>A.<\/b><\/span><\/span><\/span><span style=\"color: #c00000;\"><span style=\"font-family: Arial, serif;\"><span style=\"font-size: medium;\"><b> ( ) Somente as afirmativas II e IV s\u00e3o verdadeiras.<\/b><\/span><\/span><\/span><\/p>\n<p><span style=\"color: #0000cc;\"><span style=\"font-family: Arial, serif;\"><span style=\"font-size: medium;\"><b>B.<\/b><\/span><\/span><\/span><span style=\"color: #c00000;\"><span style=\"font-family: Arial, serif;\"><span style=\"font-size: medium;\"><b> ( ) Somente a afirmativa III \u00e9 verdadeira.<\/b><\/span><\/span><\/span><\/p>\n<p><span style=\"color: #0000cc;\"><span style=\"font-family: Arial, serif;\"><span style=\"font-size: medium;\"><b>C.<\/b><\/span><\/span><\/span><span style=\"color: #c00000;\"><span style=\"font-family: Arial, serif;\"><span style=\"font-size: medium;\"><b> ( ) Somente as afirmativas I e II s\u00e3o verdadeiras.<\/b><\/span><\/span><\/span><\/p>\n<p><span style=\"color: #0000cc;\"><span style=\"font-family: Arial, serif;\"><span style=\"font-size: medium;\"><b>D.<\/b><\/span><\/span><\/span><span style=\"color: #c00000;\"><span style=\"font-family: Arial, serif;\"><span style=\"font-size: medium;\"><b> ( ) Somente as afirmativas I, II e IV s\u00e3o verdadeiras.<\/b><\/span><\/span><\/span><\/p>\n<p><span style=\"color: #0000cc;\"><span style=\"font-family: Arial, serif;\"><span style=\"font-size: medium;\"><b>E.<\/b><\/span><\/span><\/span><span style=\"color: #c00000;\"><span style=\"font-family: Arial, serif;\"><span style=\"font-size: medium;\"><b> ( ) Somente a afirmativa IV \u00e9 verdadeira.<\/b><\/span><\/span><\/span><\/p>\n<p><span style=\"color: #0000cc;\"><span style=\"font-family: 'Arial Black', serif;\"><span style=\"font-size: large;\"><b>09-(UDESC-SC-016)<\/b><\/span><\/span><\/span><\/p>\n<p><span style=\"color: #c00000;\"><span style=\"font-family: Arial, serif;\"><span style=\"font-size: medium;\"><b>No <\/b><\/span><\/span><\/span><span style=\"color: #0000cc;\"><span style=\"font-family: Arial, serif;\"><span style=\"font-size: medium;\"><b>contexto hist\u00f3rico da virada do s\u00e9culo XIX para o s\u00e9culo XX<\/b><\/span><\/span><\/span><span style=\"color: #c00000;\"><span style=\"font-family: Arial, serif;\"><span style=\"font-size: medium;\"><b>, <\/b><\/span><\/span><\/span><span style=\"color: #0000cc;\"><span style=\"font-family: Arial, serif;\"><span style=\"font-size: medium;\"><b>Lord Kelvin<\/b><\/span><\/span><\/span><span style=\"color: #c00000;\"><span style=\"font-family: Arial, serif;\"><span style=\"font-size: medium;\"><b> proferiu uma palestra e afirmou que n\u00e3o havia mais <\/b><\/span><\/span><\/span><span style=\"color: #0000cc;\"><span style=\"font-family: Arial, serif;\"><span style=\"font-size: medium;\"><b>muitos pontos obscuros para serem resolvidos pela F\u00edsica<\/b><\/span><\/span><\/span><span style=\"color: #c00000;\"><span style=\"font-family: Arial, serif;\"><span style=\"font-size: medium;\"><b>.<\/b><\/span><\/span><\/span><\/p>\n<p><span style=\"color: #c00000;\"><span style=\"font-family: Arial, serif;\"><span style=\"font-size: medium;\"><b>Destacou que existiam <\/b><\/span><\/span><\/span><span style=\"color: #0000cc;\"><span style=\"font-family: Arial, serif;\"><span style=\"font-size: medium;\"><b>apenas dois problemas:<\/b><\/span><\/span><\/span><span style=\"color: #c00000;\"><span style=\"font-family: Arial, serif;\"><span style=\"font-size: medium;\"><b> o primeiro referente <\/b><\/span><\/span><\/span><span style=\"color: #0000cc;\"><span style=\"font-family: Arial, serif;\"><span style=\"font-size: medium;\"><b>\u00e0 n\u00e3o detec\u00e7\u00e3o do vento de \u00e9ter<\/b><\/span><\/span><\/span><span style=\"color: #c00000;\"><span style=\"font-family: Arial, serif;\"><span style=\"font-size: medium;\"><b> (resultado nulo do experimento de Michelson-Morley), e o segundo, relacionado \u00e0<\/b><\/span><\/span><\/span><span style=\"color: #0000cc;\"><span style=\"font-family: Arial, serif;\"><span style=\"font-size: medium;\"><b>parti\u00e7\u00e3o de energia (emiss\u00e3o e absor\u00e7\u00e3o da radia\u00e7\u00e3o de corpo negro).<\/b><\/span><\/span><\/span><\/p>\n<p align=\"CENTER\"><img loading=\"lazy\" decoding=\"async\" src=\"http:\/\/fisicaevestibular.com.br\/novo\/wp-content\/uploads\/universidades-2016\/udesc\/i_dd3024ed68f5480b_html_dfd377a7.png\" alt=\"\" width=\"379\" height=\"165\" name=\"Imagem 27\" align=\"BOTTOM\" border=\"0\" \/><\/p>\n<p><span style=\"color: #c00000;\"><span style=\"font-family: Arial, serif;\"><span style=\"font-size: medium;\"><b>Em rela\u00e7\u00e3o ao <\/b><\/span><\/span><\/span><span style=\"color: #0000cc;\"><span style=\"font-family: Arial, serif;\"><span style=\"font-size: medium;\"><b>avan\u00e7o na constru\u00e7\u00e3o de conhecimento em F\u00edsica<\/b><\/span><\/span><\/span><span style=\"color: #c00000;\"><span style=\"font-family: Arial, serif;\"><span style=\"font-size: medium;\"><b>, decorrente dos <\/b><\/span><\/span><\/span><span style=\"color: #0000cc;\"><span style=\"font-family: Arial, serif;\"><span style=\"font-size: medium;\"><b>dois problemas apontados por Lord Kelvin, assinale a alternativa <\/b><\/span><\/span><\/span><span style=\"color: #0000cc;\"><span style=\"font-family: Arial, serif;\"><span style=\"font-size: medium;\"><b>correta<\/b><\/span><\/span><\/span><span style=\"color: #0000cc;\"><span style=\"font-family: Arial, serif;\"><span style=\"font-size: medium;\"><b>.<\/b><\/span><\/span><\/span><\/p>\n<p><span style=\"color: #0000cc;\"><span style=\"font-family: Arial, serif;\"><span style=\"font-size: medium;\"><b>A.<\/b><\/span><\/span><\/span><span style=\"color: #c00000;\"><span style=\"font-family: Arial, serif;\"><span style=\"font-size: medium;\"><b> ( ) Os <\/b><\/span><\/span><\/span><span style=\"color: #0000cc;\"><span style=\"font-family: Arial, serif;\"><span style=\"font-size: medium;\"><b>pontos obscuros apontados por Lord Kelvin<\/b><\/span><\/span><\/span><span style=\"color: #c00000;\"><span style=\"font-family: Arial, serif;\"><span style=\"font-size: medium;\"><b> n\u00e3o se configuraram em <\/b><\/span><\/span><\/span><span style=\"color: #0000cc;\"><span style=\"font-family: Arial, serif;\"><span style=\"font-size: medium;\"><b>problemas cient\u00edficos, e foram ignorados pela Ci\u00eancia.<\/b><\/span><\/span><\/span><\/p>\n<p><span style=\"color: #0000cc;\"><span style=\"font-family: Arial, serif;\"><span style=\"font-size: medium;\"><b>B.<\/b><\/span><\/span><\/span><span style=\"color: #c00000;\"><span style=\"font-family: Arial, serif;\"><span style=\"font-size: medium;\"><b> ( ) Os <\/b><\/span><\/span><\/span><span style=\"color: #0000cc;\"><span style=\"font-family: Arial, serif;\"><span style=\"font-size: medium;\"><b>problemas sinalizados por Lord Kelvin foram solucionados pela mec\u00e2nica newtoniana<\/b><\/span><\/span><\/span><span style=\"color: #c00000;\"><span style=\"font-family: Arial, serif;\"><span style=\"font-size: medium;\"><b>, sendo necess\u00e1rio apenas um <\/b><\/span><\/span><\/span><span style=\"color: #0000cc;\"><span style=\"font-family: Arial, serif;\"><span style=\"font-size: medium;\"><b>refinamento experimental.<\/b><\/span><\/span><\/span><\/p>\n<p><span style=\"color: #0000cc;\"><span style=\"font-family: Arial, serif;\"><span style=\"font-size: medium;\"><b>C.<\/b><\/span><\/span><\/span><span style=\"color: #c00000;\"><span style=\"font-family: Arial, serif;\"><span style=\"font-size: medium;\"><b> ( ) A <\/b><\/span><\/span><\/span><span style=\"color: #0000cc;\"><span style=\"font-family: Arial, serif;\"><span style=\"font-size: medium;\"><b>Ci\u00eancia, em particular a F\u00edsica<\/b><\/span><\/span><\/span><span style=\"color: #c00000;\"><span style=\"font-family: Arial, serif;\"><span style=\"font-size: medium;\"><b>, <\/b><\/span><\/span><\/span><span style=\"color: #0000cc;\"><span style=\"font-family: Arial, serif;\"><span style=\"font-size: medium;\"><b>n\u00e3o avan\u00e7ou<\/b><\/span><\/span><\/span><span style=\"color: #c00000;\"><span style=\"font-family: Arial, serif;\"><span style=\"font-size: medium;\"><b> mediante a resolu\u00e7\u00e3o de problemas e aos pontos obscuros apontados por Lord Kelvin, que <\/b><\/span><\/span><\/span><span style=\"color: #0000cc;\"><span style=\"font-family: Arial, serif;\"><span style=\"font-size: medium;\"><b>retratavam apenas d\u00favidas pessoais dele pr\u00f3prio.<\/b><\/span><\/span><\/span><b><\/b><\/p>\n<p><span style=\"color: #0000cc;\"><span style=\"font-family: Arial, serif;\"><span style=\"font-size: medium;\"><b>D.<\/b><\/span><\/span><\/span><span style=\"color: #c00000;\"><span style=\"font-family: Arial, serif;\"><span style=\"font-size: medium;\"><b> ( ) <\/b><\/span><\/span><\/span><span style=\"color: #0000cc;\"><span style=\"font-family: Arial, serif;\"><span style=\"font-size: medium;\"><b>Max Planck<\/b><\/span><\/span><\/span><span style=\"color: #c00000;\"><span style=\"font-family: Arial, serif;\"><span style=\"font-size: medium;\"><b> foi o <\/b><\/span><\/span><\/span><span style=\"color: #0000cc;\"><span style=\"font-family: Arial, serif;\"><span style=\"font-size: medium;\"><b>\u00fanico a solucionar os dois problemas apontados por Lord Kelvin<\/b><\/span><\/span><\/span><span style=\"color: #c00000;\"><span style=\"font-family: Arial, serif;\"><span style=\"font-size: medium;\"><b> e, por isso, <\/b><\/span><\/span><\/span><span style=\"color: #0000cc;\"><span style=\"font-family: Arial, serif;\"><span style=\"font-size: medium;\"><b>Planck <\/b><\/span><\/span><\/span><span style=\"color: #c00000;\"><span style=\"font-family: Arial, serif;\"><span style=\"font-size: medium;\"><b>\u00e9 considerado por muitos <\/b><\/span><\/span><\/span><span style=\"color: #0000cc;\"><span style=\"font-family: Arial, serif;\"><span style=\"font-size: medium;\"><b>o \u201cPai da Mec\u00e2nica Qu\u00e2ntica\u201d.<\/b><\/span><\/span><\/span><\/p>\n<p><span style=\"color: #0000cc;\"><span style=\"font-family: Arial, serif;\"><span style=\"font-size: medium;\"><b>E.<\/b><\/span><\/span><\/span><span style=\"color: #c00000;\"><span style=\"font-family: Arial, serif;\"><span style=\"font-size: medium;\"><b> ( ) Os <\/b><\/span><\/span><\/span><span style=\"color: #0000cc;\"><span style=\"font-family: Arial, serif;\"><span style=\"font-size: medium;\"><b>pontos obscuros<\/b><\/span><\/span><\/span><span style=\"color: #c00000;\"><span style=\"font-family: Arial, serif;\"><span style=\"font-size: medium;\"><b> destacados por Lord Kelvin foram determinantes na <\/b><\/span><\/span><\/span><span style=\"color: #0000cc;\"><span style=\"font-family: Arial, serif;\"><span style=\"font-size: medium;\"><b>condu\u00e7\u00e3o de<\/b><\/span><\/span><\/span><b> <\/b><span style=\"color: #0000cc;\"><span style=\"font-family: Arial, serif;\"><span style=\"font-size: medium;\"><b>mudan\u00e7as radicais na F\u00edsica, culminando na constru\u00e7\u00e3o das teorias qu\u00e2nticas e relativ\u00edsticas<\/b><\/span><\/span><\/span><span style=\"color: #c00000;\"><span style=\"font-family: Arial, serif;\"><span style=\"font-size: medium;\"><b>.<\/b><\/span><\/span><\/span><\/p>\n<p><span style=\"color: #0000cc;\"><span style=\"font-family: 'Arial Black', serif;\"><span style=\"font-size: large;\"><b>10-(UDESC-SC-016)<\/b><\/span><\/span><\/span><\/p>\n<p><span style=\"color: #c00000;\"><span style=\"font-family: Arial, serif;\"><span style=\"font-size: medium;\"><b>Em uma <\/b><\/span><\/span><\/span><span style=\"color: #0000cc;\"><span style=\"font-family: Arial, serif;\"><span style=\"font-size: medium;\"><b>resid\u00eancia unifamiliar moram quatro pessoas.<\/b><\/span><\/span><\/span><span style=\"color: #c00000;\"><span style=\"font-family: Arial, serif;\"><span style=\"font-size: medium;\"><b> A Tabela fornece a <\/b><\/span><\/span><\/span><span style=\"color: #0000cc;\"><span style=\"font-family: Arial, serif;\"><span style=\"font-size: medium;\"><b>pot\u00eancia e o tempo efetivo de funcionamento dos principais aparelhos dom\u00e9sticos presentes na casa dessa fam\u00edlia.<\/b><\/span><\/span><\/span><b><\/b><\/p>\n<p align=\"CENTER\"><img loading=\"lazy\" decoding=\"async\" src=\"http:\/\/fisicaevestibular.com.br\/novo\/wp-content\/uploads\/universidades-2016\/udesc\/i_dd3024ed68f5480b_html_6e4ffd19.png\" alt=\"\" width=\"719\" height=\"175\" name=\"Imagem 28\" align=\"BOTTOM\" border=\"0\" \/><\/p>\n<p><span style=\"color: #c00000;\"><span style=\"font-family: Arial, serif;\"><span style=\"font-size: medium;\"><b>Sabendo-se que o <\/b><\/span><\/span><\/span><span style=\"color: #0000cc;\"><span style=\"font-family: Arial, serif;\"><span style=\"font-size: medium;\"><b>pre\u00e7o de energia el\u00e9trica por kWh custa R$ 0,40;<\/b><\/span><\/span><\/span><span style=\"color: #c00000;\"><span style=\"font-family: Arial, serif;\"><span style=\"font-size: medium;\"><b> que o <\/b><\/span><\/span><\/span><span style=\"color: #0000cc;\"><span style=\"font-family: Arial, serif;\"><span style=\"font-size: medium;\"><b>per\u00edodo <\/b><\/span><\/span><\/span><span style=\"color: #c00000;\"><span style=\"font-family: Arial, serif;\"><span style=\"font-size: medium;\"><b>para o c\u00e1lculo da conta de <\/b><\/span><\/span><\/span><span style=\"color: #0000cc;\"><span style=\"font-family: Arial, serif;\"><span style=\"font-size: medium;\"><b>energia el\u00e9trica mensal \u00e9 de 30 dias<\/b><\/span><\/span><\/span><span style=\"color: #c00000;\"><span style=\"font-family: Arial, serif;\"><span style=\"font-size: medium;\"><b> e que a fam\u00edlia <\/b><\/span><\/span><\/span><span style=\"color: #0000cc;\"><span style=\"font-family: Arial, serif;\"><span style=\"font-size: medium;\"><b>gasta mensalmente R$ 200,00<\/b><\/span><\/span><\/span><span style=\"color: #c00000;\"><span style=\"font-family: Arial, serif;\"><span style=\"font-size: medium;\"><b> com a <\/b><\/span><\/span><\/span><span style=\"color: #0000cc;\"><span style=\"font-family: Arial, serif;\"><span style=\"font-size: medium;\"><b>conta de energia el\u00e9trica,<\/b><\/span><\/span><\/span><span style=\"color: #c00000;\"><span style=\"font-family: Arial, serif;\"><span style=\"font-size: medium;\"><b> assinale a <\/b><\/span><\/span><\/span><span style=\"color: #0000cc;\"><span style=\"font-family: Arial, serif;\"><span style=\"font-size: medium;\"><b>alternativa que apresenta, respectivamente, o nome do aparelho com maior consumo mensal, o impacto percentual na conta mensal do aparelho de maior consumo e o valor pago mensalmente, devido ao consumo dos equipamentos el\u00e9tricos da fam\u00edlia que n\u00e3o est\u00e3o relacionados na Tabela .<\/b><\/span><\/span><\/span><\/p>\n<p><span style=\"color: #c00000;\"><span style=\"font-family: Arial, serif;\"><span style=\"font-size: medium;\"><b>A. ( ) chuveiro; corresponde a 21% do custo mensal total; R$ 37,40<\/b><\/span><\/span><\/span><\/p>\n<p><span style=\"color: #c00000;\"><span style=\"font-family: Arial, serif;\"><span style=\"font-size: medium;\"><b>B. ( ) geladeira, corresponde a 18% do custo mensal total; R$ 46,40<\/b><\/span><\/span><\/span><\/p>\n<p><span style=\"color: #c00000;\"><span style=\"font-family: Arial, serif;\"><span style=\"font-size: medium;\"><b>C. ( ) chuveiro, corresponde a 18% do custo mensal total; R$ 53,60<\/b><\/span><\/span><\/span><\/p>\n<p><span style=\"color: #c00000;\"><span style=\"font-family: Arial, serif;\"><span style=\"font-size: medium;\"><b>D. ( ) geladeira, corresponde a 21% do custo mensal total; R$ 71,60<\/b><\/span><\/span><\/span><\/p>\n<p><span style=\"color: #c00000;\"><span style=\"font-family: Arial, serif;\"><span style=\"font-size: medium;\"><b>E. ( ) chuveiro, corresponde a 42% do custo mensal total; R$ 29,60<\/b><\/span><\/span><\/span><\/p>\n<p>&nbsp;<\/p>\n<h3><span style=\"color: #000080;\"><a style=\"color: #000080;\" title=\"Resolu\u00e7\u00e3o comentada das quest\u00f5es de F\u00edsica do vestibular da UDESC \u2013 2016\" href=\"http:\/\/fisicaevestibular.com.br\/novo\/universidades-2016\/udesc-2016\/resolucao-comentada-das-questoes-de-fisica-do-vestibular-da-udesc-2016\/\">Confira o gabarito e as resolu\u00e7\u00f5es comentadas<\/a><\/span><\/h3>\n","protected":false},"excerpt":{"rendered":"<p>A\u00a0Universidade do Estado de Santa Catarina\u00a0(UDESC), criada em 1965, tem sua sede em Florian\u00f3polis, capital do Estado de Santa Catarina. Institui\u00e7\u00e3o P\u00fablica, oferece ensino gratuito e destaca-se como uma das melhores universidades estaduais do pa\u00eds. Sua miss\u00e3o \u00e9 comprometer a gest\u00e3o do conhecimento com o momento e o futuro de Santa Catarina. Ranking\u00a0Webometrics: A Universidade do Estado de Santa Catarina<\/p>\n","protected":false},"author":1,"featured_media":0,"parent":1419,"menu_order":0,"comment_status":"closed","ping_status":"closed","template":"","meta":{"om_disable_all_campaigns":false,"_monsterinsights_skip_tracking":false,"_monsterinsights_sitenote_active":false,"_monsterinsights_sitenote_note":"","_monsterinsights_sitenote_category":0,"footnotes":""},"class_list":["post-1799","page","type-page","status-publish","hentry"],"aioseo_notices":[],"_links":{"self":[{"href":"https:\/\/fisicaevestibular.com.br\/novo\/wp-json\/wp\/v2\/pages\/1799","targetHints":{"allow":["GET"]}}],"collection":[{"href":"https:\/\/fisicaevestibular.com.br\/novo\/wp-json\/wp\/v2\/pages"}],"about":[{"href":"https:\/\/fisicaevestibular.com.br\/novo\/wp-json\/wp\/v2\/types\/page"}],"author":[{"embeddable":true,"href":"https:\/\/fisicaevestibular.com.br\/novo\/wp-json\/wp\/v2\/users\/1"}],"replies":[{"embeddable":true,"href":"https:\/\/fisicaevestibular.com.br\/novo\/wp-json\/wp\/v2\/comments?post=1799"}],"version-history":[{"count":2,"href":"https:\/\/fisicaevestibular.com.br\/novo\/wp-json\/wp\/v2\/pages\/1799\/revisions"}],"predecessor-version":[{"id":1804,"href":"https:\/\/fisicaevestibular.com.br\/novo\/wp-json\/wp\/v2\/pages\/1799\/revisions\/1804"}],"up":[{"embeddable":true,"href":"https:\/\/fisicaevestibular.com.br\/novo\/wp-json\/wp\/v2\/pages\/1419"}],"wp:attachment":[{"href":"https:\/\/fisicaevestibular.com.br\/novo\/wp-json\/wp\/v2\/media?parent=1799"}],"curies":[{"name":"wp","href":"https:\/\/api.w.org\/{rel}","templated":true}]}}