{"id":1602,"date":"2015-12-02T14:33:28","date_gmt":"2015-12-02T14:33:28","guid":{"rendered":"http:\/\/fisicaevestibular.com.br\/novo\/?page_id=1602"},"modified":"2024-08-20T10:54:08","modified_gmt":"2024-08-20T10:54:08","slug":"exercicios-de-vestibulares-com-resolucao-comentada-sobre-forca-eletrica-lei-de-coulomb","status":"publish","type":"page","link":"https:\/\/fisicaevestibular.com.br\/novo\/eletricidade\/eletrostatica\/forca-eletrica-lei-de-coulomb\/exercicios-de-vestibulares-com-resolucao-comentada-sobre-forca-eletrica-lei-de-coulomb\/","title":{"rendered":"For\u00e7a El\u00e9trica \u2013 Lei de Coulomb"},"content":{"rendered":"<p align=\"CENTER\"><span style=\"color: #c00000;\"><span style=\"font-family: 'Arial Black', serif;\"><span style=\"font-size: large;\"><b>Exerc\u00edcios de vestibulares com resolu\u00e7\u00e3o comentada sobre<\/b><\/span><\/span><\/span><\/p>\n<p align=\"CENTER\"><span style=\"color: #0000cc;\"><span style=\"font-family: 'Arial Black', serif;\"><span style=\"font-size: large;\"><b>FOR\u00c7A EL\u00c9TRICA \u2013 LEI DE COULOMB<\/b><\/span><\/span><\/span><\/p>\n<p><span style=\"color: #0000cc;\"><span style=\"font-family: 'Arial Black', serif;\"><span style=\"font-size: large;\"><b>01- <\/b><\/span><\/span><\/span><span style=\"color: #0000cc;\"><span style=\"font-family: 'Arial Black', serif;\"><span style=\"font-size: large;\"><b>(UNIFESP-SP)<\/b><\/span><\/span><\/span><span style=\"font-family: Arial, serif;\"><span style=\"font-size: medium;\"><b> Duas part\u00edculas de cargas el\u00e9tricas<\/b><\/span><\/span><\/p>\n<p><span style=\"font-family: Arial, serif;\"><span style=\"font-size: medium;\"><b>Q<\/b><\/span><\/span><sub><span style=\"font-family: Arial, serif;\"><span style=\"font-size: medium;\"><b>1<\/b><\/span><\/span><\/sub><span style=\"font-family: Arial, serif;\"><span style=\"font-size: medium;\"><b>\u00a0= 4,0 \u00d7 10<\/b><\/span><\/span><sup><span style=\"font-family: Arial, serif;\"><span style=\"font-size: medium;\"><b>-16<\/b><\/span><\/span><\/sup><span style=\"font-family: Arial, serif;\"><span style=\"font-size: medium;\"><b>\u00a0C\u00a0e q\u201a = 6,0 \u00d7 10<\/b><\/span><\/span><sup><span style=\"font-family: Arial, serif;\"><span style=\"font-size: medium;\"><b>-16<\/b><\/span><\/span><\/sup><span style=\"font-family: Arial, serif;\"><span style=\"font-size: medium;\"><b>\u00a0C<\/b><\/span><\/span><\/p>\n<p><span style=\"font-family: Arial, serif;\"><span style=\"font-size: medium;\"><b>est\u00e3o separadas no v\u00e1cuo por uma dist\u00e2ncia de 3,0.10<\/b><\/span><\/span><sup><span style=\"font-family: Arial, serif;\"><span style=\"font-size: medium;\"><b>-9<\/b><\/span><\/span><\/sup><span style=\"font-family: Arial, serif;\"><span style=\"font-size: medium;\"><b>m. Sendo k = 9,0.10<\/b><\/span><\/span><sup><span style=\"font-family: Arial, serif;\"><span style=\"font-size: medium;\"><b>9<\/b><\/span><\/span><\/sup><span style=\"font-family: Arial, serif;\"><span style=\"font-size: medium;\"><b>\u00a0N.m<\/b><\/span><\/span><sup><span style=\"font-family: Arial, serif;\"><span style=\"font-size: medium;\"><b>2<\/b><\/span><\/span><\/sup><span style=\"font-family: Arial, serif;\"><span style=\"font-size: medium;\"><b>\/C<\/b><\/span><\/span><sup><span style=\"font-family: Arial, serif;\"><span style=\"font-size: medium;\"><b>2<\/b><\/span><\/span><\/sup><span style=\"font-family: Arial, serif;\"><span style=\"font-size: medium;\"><b>, a intensidade da for\u00e7a de intera\u00e7\u00e3o entre elas, em newtons, \u00e9 de<\/b><\/span><\/span><\/p>\n<p><img decoding=\"async\" src=\"http:\/\/fisicaevestibular.com.br\/novo\/wp-content\/uploads\/migracao\/eletrcidade\/forcaele\/i_e70e3a1931b54500_html_cd80db64.png\" alt=\"\" width=\"774\" height=\"21\" name=\"Imagem 242\" align=\"BOTTOM\" border=\"0\" \/><\/p>\n<p><span style=\"color: #0000cc;\"><span style=\"font-family: 'Arial Black', serif;\"><span style=\"font-size: large;\"><b>02-(UEL-PR)<\/b><\/span><\/span><\/span><span style=\"font-family: Arial, serif;\"><span style=\"font-size: medium;\"><b> Duas cargas iguais de 2.10<\/b><\/span><\/span><sup><span style=\"font-family: Arial, serif;\"><span style=\"font-size: medium;\"><b>-6<\/b><\/span><\/span><\/sup><span style=\"font-family: Arial, serif;\"><span style=\"font-size: medium;\"><b>C, se repelem no v\u00e1cuo com uma for\u00e7a de 0,1N. Sabendo-se que a constante el\u00e9trica do v\u00e1cuo \u00e9 9.10<\/b><\/span><\/span><sup><span style=\"font-family: Arial, serif;\"><span style=\"font-size: medium;\"><b>9<\/b><\/span><\/span><\/sup><span style=\"font-family: Arial, serif;\"><span style=\"font-size: medium;\"><b>Nm<\/b><\/span><\/span><sup><span style=\"font-family: Arial, serif;\"><span style=\"font-size: medium;\"><b>2<\/b><\/span><\/span><\/sup><span style=\"font-family: Arial, serif;\"><span style=\"font-size: medium;\"><b>\/C<\/b><\/span><\/span><sup><span style=\"font-family: Arial, serif;\"><span style=\"font-size: medium;\"><b>2<\/b><\/span><\/span><\/sup><span style=\"font-family: Arial, serif;\"><span style=\"font-size: medium;\"><b>, a dist\u00e2ncia entre as cargas, em metros, \u00e9 de:<\/b><\/span><\/span><\/p>\n<p><img decoding=\"async\" src=\"http:\/\/fisicaevestibular.com.br\/novo\/wp-content\/uploads\/migracao\/eletrcidade\/forcaele\/i_e70e3a1931b54500_html_d31445e6.png\" alt=\"\" width=\"774\" height=\"21\" name=\"Imagem 243\" align=\"BOTTOM\" border=\"0\" \/><\/p>\n<p><span style=\"color: #0000cc;\"><span style=\"font-family: 'Arial Black', serif;\"><span style=\"font-size: large;\"><b>03-(UNESP-SP)<\/b><\/span><\/span><\/span><span style=\"font-family: Arial, serif;\"><span style=\"font-size: medium;\"><b> Qual dos gr\u00e1ficos representa a maneira como varia a for\u00e7a el\u00e9trica entre duas cargas pontuais em fun\u00e7\u00e3o da dist\u00e2ncia que as separa, quando s\u00e3o aproximadas ou afastadas uma da outra?<\/b><\/span><\/span><\/p>\n<p><img fetchpriority=\"high\" decoding=\"async\" src=\"http:\/\/fisicaevestibular.com.br\/novo\/wp-content\/uploads\/migracao\/eletrcidade\/forcaele\/i_e70e3a1931b54500_html_ccdb0cca.jpg\" alt=\"\" width=\"768\" height=\"152\" name=\"Imagem 132\" align=\"BOTTOM\" border=\"0\" \/><\/p>\n<p>&nbsp;<\/p>\n<p><span style=\"color: #0000cc;\"><span style=\"font-family: 'Arial Black', serif;\"><span style=\"font-size: large;\"><b>04-(MACKENZIE-SP)<\/b><\/span><\/span><\/span><span style=\"font-family: Arial, serif;\"><span style=\"font-size: medium;\"><b> Dois corp\u00fasculos eletrizados com cargas el\u00e9tricas id\u00eanticas est\u00e3o situados no v\u00e1cuo (K<\/b><\/span><\/span><sub><span style=\"font-family: Arial, serif;\"><span style=\"font-size: medium;\"><b>o<\/b><\/span><\/span><\/sub><span style=\"font-family: Arial, serif;\"><span style=\"font-size: medium;\"><b>=9.0.10<\/b><\/span><\/span><sup><span style=\"font-family: Arial, serif;\"><span style=\"font-size: medium;\"><b>9<\/b><\/span><\/span><\/sup><span style=\"font-family: Arial, serif;\"><span style=\"font-size: medium;\"><b>N.m<\/b><\/span><\/span><sup><span style=\"font-family: Arial, serif;\"><span style=\"font-size: medium;\"><b>2<\/b><\/span><\/span><\/sup><span style=\"font-family: Arial, serif;\"><span style=\"font-size: medium;\"><b>\/C<\/b><\/span><\/span><sup><span style=\"font-family: Arial, serif;\"><span style=\"font-size: medium;\"><b>2<\/b><\/span><\/span><\/sup><span style=\"font-family: Arial, serif;\"><span style=\"font-size: medium;\"><b>) e<\/b><\/span><\/span><\/p>\n<p align=\"CENTER\"><img loading=\"lazy\" decoding=\"async\" src=\"http:\/\/fisicaevestibular.com.br\/novo\/wp-content\/uploads\/migracao\/eletrcidade\/forcaele\/i_e70e3a1931b54500_html_1e7a72ca.jpg\" alt=\"\" width=\"361\" height=\"77\" name=\"Imagem 133\" align=\"BOTTOM\" border=\"0\" \/><\/p>\n<p><span style=\"font-family: Arial, serif;\"><span style=\"font-size: medium;\"><b>distantes 1m um do outro. A intensidade da for\u00e7a de intera\u00e7\u00e3o eletrost\u00e1tica entre eles \u00e9 3,6.10<\/b><\/span><\/span><sup><span style=\"font-family: Arial, serif;\"><span style=\"font-size: medium;\"><b>-2<\/b><\/span><\/span><\/sup><span style=\"font-family: Arial, serif;\"><span style=\"font-size: medium;\"><b>\u00a0N. A carga el\u00e9trica de cada um desses corp\u00fasculos pode ser (em \u03bcC):<\/b><\/span><\/span><\/p>\n<p><img loading=\"lazy\" decoding=\"async\" src=\"http:\/\/fisicaevestibular.com.br\/novo\/wp-content\/uploads\/migracao\/eletrcidade\/forcaele\/i_e70e3a1931b54500_html_db1cec5c.png\" alt=\"\" width=\"774\" height=\"17\" name=\"Imagem 246\" align=\"BOTTOM\" border=\"0\" \/><\/p>\n<p><span style=\"color: #0000cc;\"><span style=\"font-family: 'Arial Black', serif;\"><span style=\"font-size: large;\"><b>05-(PUC-MG)<\/b><\/span><\/span><\/span><span style=\"font-family: Arial, serif;\"><span style=\"font-size: medium;\"><b> Duas cargas el\u00e9tricas puntiformes s\u00e3o separadas por uma dist\u00e2ncia de 4,0 cm e se repelem mutuamente com uma for\u00e7a de 3,6 \u00d7 10<\/b><\/span><\/span><sup><span style=\"font-family: Arial, serif;\"><span style=\"font-size: medium;\"><b>-5<\/b><\/span><\/span><\/sup><span style=\"font-family: Arial, serif;\"><span style=\"font-size: medium;\"><b>\u00a0N. Se a dist\u00e2ncia entre as cargas for aumentada para 12,0 cm, a for\u00e7a entre as cargas passar\u00e1 a ser de:<\/b><\/span><\/span><\/p>\n<p><img loading=\"lazy\" decoding=\"async\" src=\"http:\/\/fisicaevestibular.com.br\/novo\/wp-content\/uploads\/migracao\/eletrcidade\/forcaele\/i_e70e3a1931b54500_html_dd739605.png\" alt=\"\" width=\"774\" height=\"16\" name=\"Imagem 247\" align=\"BOTTOM\" border=\"0\" \/><\/p>\n<p><span style=\"color: #0000cc;\"><span style=\"font-family: 'Arial Black', serif;\"><span style=\"font-size: large;\"><b>06-(UNESP-SP)<\/b><\/span><\/span><\/span><span style=\"font-family: Arial, serif;\"><span style=\"font-size: medium;\"><b> Dois corpos pontuais em repouso, separados por certa dist\u00e2ncia e carregados eletricamente com cargas de sinais iguais, repelem-se de acordo com a Lei de Coulomb.<\/b><\/span><\/span><\/p>\n<p><span style=\"font-family: Arial, serif;\"><span style=\"font-size: medium;\"><b>a) Se a quantidade de carga de um dos corpos for triplicada, a for\u00e7a de repuls\u00e3o el\u00e9trica permanecer\u00e1 constante, aumentar\u00e1 (quantas vezes?) ou diminuir\u00e1 (quantas vezes?)?<\/b><\/span><\/span><\/p>\n<p><span style=\"font-family: Arial, serif;\"><span style=\"font-size: medium;\"><b>b) Se forem mantidas as cargas iniciais, mas a dist\u00e2ncia entre os corpos for duplicada, a for\u00e7a de repuls\u00e3o el\u00e9trica permanecer\u00e1 constante, aumentar\u00e1 (quantas vezes?) ou diminuir\u00e1 (quantas vezes?)?<\/b><\/span><\/span><\/p>\n<p>&nbsp;<\/p>\n<p><span style=\"color: #0000cc;\"><span style=\"font-family: 'Arial Black', serif;\"><span style=\"font-size: large;\"><b>07-(UFRN-RN)<\/b><\/span><\/span><\/span><span style=\"font-family: Arial, serif;\"><span style=\"font-size: medium;\"><b> Se q<\/b><\/span><\/span><sub><span style=\"font-family: Arial, serif;\"><span style=\"font-size: medium;\"><b>1<\/b><\/span><\/span><\/sub><span style=\"font-family: Arial, serif;\"><span style=\"font-size: medium;\"><b>\u00a0e q<\/b><\/span><\/span><sub><span style=\"font-family: Arial, serif;\"><span style=\"font-size: medium;\"><b>2<\/b><\/span><\/span><\/sub><span style=\"font-family: Arial, serif;\"><span style=\"font-size: medium;\"><b>\u00a0forem duas cargas el\u00e9tricas, para a situa\u00e7\u00e3o esquematizada necessariamente ter-se-\u00e1:<\/b><\/span><\/span><\/p>\n<p align=\"CENTER\"><img loading=\"lazy\" decoding=\"async\" src=\"http:\/\/fisicaevestibular.com.br\/novo\/wp-content\/uploads\/migracao\/eletrcidade\/forcaele\/i_e70e3a1931b54500_html_cf143629.jpg\" alt=\"\" width=\"486\" height=\"80\" name=\"Imagem 134\" align=\"BOTTOM\" border=\"0\" \/><\/p>\n<p><img loading=\"lazy\" decoding=\"async\" src=\"http:\/\/fisicaevestibular.com.br\/novo\/wp-content\/uploads\/migracao\/eletrcidade\/forcaele\/i_e70e3a1931b54500_html_d5118294.png\" alt=\"\" width=\"774\" height=\"21\" name=\"Imagem 248\" align=\"BOTTOM\" border=\"0\" \/><\/p>\n<p><span style=\"color: #0000cc;\"><span style=\"font-family: 'Arial Black', serif;\"><span style=\"font-size: large;\"><b>08-(UEPG-PR)<\/b><\/span><\/span><\/span><span style=\"font-family: Arial, serif;\"><span style=\"font-size: medium;\"><b> A intera\u00e7\u00e3o eletrost\u00e1tica entre duas cargas el\u00e9tricas q<\/b><\/span><\/span><sub><span style=\"font-family: Arial, serif;\"><span style=\"font-size: medium;\"><b>1<\/b><\/span><\/span><\/sub><span style=\"font-family: Arial, serif;\"><span style=\"font-size: medium;\"><b>\u00a0e q<\/b><\/span><\/span><sub><span style=\"font-family: Arial, serif;\"><span style=\"font-size: medium;\"><b>2<\/b><\/span><\/span><\/sub><span style=\"font-family: Arial, serif;\"><span style=\"font-size: medium;\"><b>, separadas uma da outra por uma dist\u00e2ncia r, \u00e9 F<\/b><\/span><\/span><sub><span style=\"font-family: Arial, serif;\"><span style=\"font-size: medium;\"><b>1<\/b><\/span><\/span><\/sub><span style=\"font-family: Arial, serif;\"><span style=\"font-size: medium;\"><b>. A carga q<\/b><\/span><\/span><sub><span style=\"font-family: Arial, serif;\"><span style=\"font-size: medium;\"><b>2<\/b><\/span><\/span><\/sub><span style=\"font-family: Arial, serif;\"><span style=\"font-size: medium;\"><b>\u00a0\u00e9 removida e, a uma dist\u00e2ncia 2r da carga q<\/b><\/span><\/span><sub><span style=\"font-family: Arial, serif;\"><span style=\"font-size: medium;\"><b>1<\/b><\/span><\/span><\/sub><span style=\"font-family: Arial, serif;\"><span style=\"font-size: medium;\"><b>, \u00e9 colocada uma carga q<\/b><\/span><\/span><sub><span style=\"font-family: Arial, serif;\"><span style=\"font-size: medium;\"><b>3<\/b><\/span><\/span><\/sub><span style=\"font-family: Arial, serif;\"><span style=\"font-size: medium;\"><b>\u00a0cuja intensidade \u00e9 a ter\u00e7a parte de q<\/b><\/span><\/span><sub><span style=\"font-family: Arial, serif;\"><span style=\"font-size: medium;\"><b>2<\/b><\/span><\/span><\/sub><span style=\"font-family: Arial, serif;\"><span style=\"font-size: medium;\"><b>. Nesta nova configura\u00e7\u00e3o, a intera\u00e7\u00e3o eletrost\u00e1tica entre q<\/b><\/span><\/span><sub><span style=\"font-family: Arial, serif;\"><span style=\"font-size: medium;\"><b>1<\/b><\/span><\/span><\/sub><span style=\"font-family: Arial, serif;\"><span style=\"font-size: medium;\"><b>\u00a0e q<\/b><\/span><\/span><sub><span style=\"font-family: Arial, serif;\"><span style=\"font-size: medium;\"><b>3<\/b><\/span><\/span><\/sub><span style=\"font-family: Arial, serif;\"><span style=\"font-size: medium;\"><b>\u00a0\u00e9 \u2013 F<\/b><\/span><\/span><sub><span style=\"font-family: Arial, serif;\"><span style=\"font-size: medium;\"><b>2<\/b><\/span><\/span><\/sub><span style=\"font-family: Arial, serif;\"><span style=\"font-size: medium;\"><b>. Com base nestes dados, assinale o que for correto.<\/b><\/span><\/span><\/p>\n<p><span style=\"font-family: Arial, serif;\"><span style=\"font-size: medium;\"><b>(01) As cargas q1 e q<\/b><\/span><\/span><sub><span style=\"font-family: Arial, serif;\"><span style=\"font-size: medium;\"><b>2<\/b><\/span><\/span><\/sub><span style=\"font-family: Arial, serif;\"><span style=\"font-size: medium;\"><b>\u00a0t\u00eam sinais opostos.<\/b><\/span><\/span><\/p>\n<p><span style=\"font-family: Arial, serif;\"><span style=\"font-size: medium;\"><b>(02) As cargas q<\/b><\/span><\/span><sub><span style=\"font-family: Arial, serif;\"><span style=\"font-size: medium;\"><b>2<\/b><\/span><\/span><\/sub><span style=\"font-family: Arial, serif;\"><span style=\"font-size: medium;\"><b>\u00a0e q<\/b><\/span><\/span><sub><span style=\"font-family: Arial, serif;\"><span style=\"font-size: medium;\"><b>3<\/b><\/span><\/span><\/sub><span style=\"font-family: Arial, serif;\"><span style=\"font-size: medium;\"><b>\u00a0t\u00eam sinais opostos.<\/b><\/span><\/span><\/p>\n<p><span style=\"font-family: Arial, serif;\"><span style=\"font-size: medium;\"><b>(04) As cargas q<\/b><\/span><\/span><sub><span style=\"font-family: Arial, serif;\"><span style=\"font-size: medium;\"><b>1<\/b><\/span><\/span><\/sub><span style=\"font-family: Arial, serif;\"><span style=\"font-size: medium;\"><b>\u00a0e q<\/b><\/span><\/span><sub><span style=\"font-family: Arial, serif;\"><span style=\"font-size: medium;\"><b>3<\/b><\/span><\/span><\/sub><span style=\"font-family: Arial, serif;\"><span style=\"font-size: medium;\"><b>\u00a0t\u00eam o mesmo sinal.<\/b><\/span><\/span><\/p>\n<p><span style=\"font-family: Arial, serif;\"><span style=\"font-size: medium;\"><b>(08) A for\u00e7a F<\/b><\/span><\/span><sub><span style=\"font-family: Arial, serif;\"><span style=\"font-size: medium;\"><b>2<\/b><\/span><\/span><\/sub><span style=\"font-family: Arial, serif;\"><span style=\"font-size: medium;\"><b>\u00a0\u00e9 repulsiva e a for\u00e7a F<\/b><\/span><\/span><sub><span style=\"font-family: Arial, serif;\"><span style=\"font-size: medium;\"><b>1<\/b><\/span><\/span><\/sub><span style=\"font-family: Arial, serif;\"><span style=\"font-size: medium;\"><b>\u00a0\u00e9 atrativa.<\/b><\/span><\/span><\/p>\n<p><span style=\"font-family: Arial, serif;\"><span style=\"font-size: medium;\"><b>(16) A intensidade de F<\/b><\/span><\/span><sub><span style=\"font-family: Arial, serif;\"><span style=\"font-size: medium;\"><b>2<\/b><\/span><\/span><\/sub><span style=\"font-family: Arial, serif;\"><span style=\"font-size: medium;\"><b>\u00a0= F<\/b><\/span><\/span><sub><span style=\"font-family: Arial, serif;\"><span style=\"font-size: medium;\"><b>1<\/b><\/span><\/span><\/sub><span style=\"font-family: Arial, serif;\"><span style=\"font-size: medium;\"><b>\/12<\/b><\/span><\/span><\/p>\n<p>&nbsp;<\/p>\n<p><span style=\"color: #0000cc;\"><span style=\"font-family: 'Arial Black', serif;\"><span style=\"font-size: large;\"><b>09- (UERJ-RJ)<\/b><\/span><\/span><\/span><span style=\"font-family: Arial, serif;\"><span style=\"font-size: medium;\"><b> Seja f a for\u00e7a de repuls\u00e3o entre duas part\u00edculas de mesma carga q, separadas por uma dist\u00e2ncia r. Assim , qual das duas figuras abaixo melhor ilustra as for\u00e7as de repuls\u00e3o entre duas part\u00edculas de cargas 2q e 3q, separadas pela mesma dist\u00e2ncia r ?<\/b><\/span><\/span><\/p>\n<p><img loading=\"lazy\" decoding=\"async\" src=\"http:\/\/fisicaevestibular.com.br\/novo\/wp-content\/uploads\/migracao\/eletrcidade\/forcaele\/i_e70e3a1931b54500_html_390e6919.jpg\" alt=\"\" width=\"471\" height=\"206\" name=\"Imagem 135\" align=\"BOTTOM\" border=\"0\" \/><\/p>\n<p>&nbsp;<\/p>\n<p><span style=\"color: #0000cc;\"><span style=\"font-family: 'Arial Black', serif;\"><span style=\"font-size: large;\"><b>10-(PUC-RJ)<\/b><\/span><\/span><\/span><span style=\"font-family: Arial, serif;\"><span style=\"font-size: medium;\"><b> Duas esferas carregadas, afastadas de 1 m, se atraem com uma for\u00e7a de 720 N. Se uma esfera tem o dobro da carga da segunda, qual \u00e9 a carga das duas esferas?<\/b><\/span><\/span><\/p>\n<p><span style=\"font-family: Arial, serif;\"><span style=\"font-size: medium;\"><b>(Considere k = 9 . 10<\/b><\/span><\/span><sup><span style=\"font-family: Arial, serif;\"><span style=\"font-size: medium;\"><b>9<\/b><\/span><\/span><\/sup><span style=\"font-family: Arial, serif;\"><span style=\"font-size: medium;\"><b>\u00a0Nm<\/b><\/span><\/span><sup><span style=\"font-family: Arial, serif;\"><span style=\"font-size: medium;\"><b>2<\/b><\/span><\/span><\/sup><span style=\"font-family: Arial, serif;\"><span style=\"font-size: medium;\"><b>\/C<\/b><\/span><\/span><sup><span style=\"font-family: Arial, serif;\"><span style=\"font-size: medium;\"><b>2<\/b><\/span><\/span><\/sup><span style=\"font-family: Arial, serif;\"><span style=\"font-size: medium;\"><b>)<\/b><\/span><\/span><\/p>\n<p>&nbsp;<\/p>\n<p><span style=\"color: #0000cc;\"><span style=\"font-family: 'Arial Black', serif;\"><span style=\"font-size: large;\"><b>11-(FGV-SP)<\/b><\/span><\/span><\/span><span style=\"font-family: Arial, serif;\"><span style=\"font-size: medium;\"><b> Sendo k a constante eletrost\u00e1tica e G a constante de gravita\u00e7\u00e3o universal, um sistema de dois corpos id\u00eanticos, de<\/b><\/span><\/span><\/p>\n<p align=\"CENTER\"><img loading=\"lazy\" decoding=\"async\" src=\"http:\/\/fisicaevestibular.com.br\/novo\/wp-content\/uploads\/migracao\/eletrcidade\/forcaele\/i_e70e3a1931b54500_html_f30cf970.jpg\" alt=\"\" width=\"305\" height=\"91\" name=\"Imagem 136\" align=\"BOTTOM\" border=\"0\" \/><img loading=\"lazy\" decoding=\"async\" src=\"http:\/\/fisicaevestibular.com.br\/novo\/wp-content\/uploads\/migracao\/eletrcidade\/forcaele\/i_e70e3a1931b54500_html_f66112db.jpg\" alt=\"\" width=\"218\" height=\"91\" name=\"Imagem 137\" align=\"BOTTOM\" border=\"0\" \/><\/p>\n<p><span style=\"font-family: Arial, serif;\"><span style=\"font-size: medium;\"><b>mesma massa M e cargas de mesma intensidade +Q, estar\u00e3o sujeitos a uma for\u00e7a resultante nula quando a rela\u00e7\u00e3o M\/Q for igual a<\/b><\/span><\/span><\/p>\n<p><img loading=\"lazy\" decoding=\"async\" src=\"http:\/\/fisicaevestibular.com.br\/novo\/wp-content\/uploads\/migracao\/eletrcidade\/forcaele\/i_e70e3a1931b54500_html_a325438f.png\" alt=\"\" width=\"774\" height=\"21\" name=\"Imagem 249\" align=\"BOTTOM\" border=\"0\" \/><\/p>\n<p>&nbsp;<\/p>\n<p><span style=\"color: #0000cc;\"><span style=\"font-family: 'Arial Black', serif;\"><span style=\"font-size: medium;\"><b>12-(FUVEST-SP) <\/b><\/span><\/span><\/span><span style=\"font-family: Arial, serif;\"><span style=\"font-size: medium;\"><b>A uma dist\u00e2ncia d uma da outra, enc=ontram-se duas esferinhas met\u00e1licas id\u00eanticas, de dimens\u00f5es desprez\u00edveis, com cargas -Q e +9Q. Elas s\u00e3o postas em contacto e, em seguida, colocadas \u00e0 dist\u00e2ncia 2d. A raz\u00e3o entre os m\u00f3dulos das for\u00e7as que<\/b><\/span><\/span><\/p>\n<p><span style=\"font-family: Arial, serif;\"><span style=\"font-size: medium;\"><b>atuam ap\u00f3s o contacto e antes do contacto \u00e9<\/b><\/span><\/span><\/p>\n<p><img loading=\"lazy\" decoding=\"async\" src=\"http:\/\/fisicaevestibular.com.br\/novo\/wp-content\/uploads\/migracao\/eletrcidade\/forcaele\/i_e70e3a1931b54500_html_928114fd.png\" alt=\"\" width=\"775\" height=\"20\" name=\"Imagem 250\" align=\"BOTTOM\" border=\"0\" \/><\/p>\n<p>&nbsp;<\/p>\n<p><span style=\"color: #0000cc;\"><span style=\"font-family: 'Arial Black', serif;\"><span style=\"font-size: large;\"><b>13-(UFPE)<\/b><\/span><\/span><\/span><span style=\"font-family: Arial, serif;\"><span style=\"font-size: medium;\"><b> O gr\u00e1fico a seguir representa a for\u00e7a F entre duas cargas puntiformes positivas de<\/b><\/span><\/span><\/p>\n<p align=\"CENTER\"><img loading=\"lazy\" decoding=\"async\" src=\"http:\/\/fisicaevestibular.com.br\/novo\/wp-content\/uploads\/migracao\/eletrcidade\/forcaele\/i_e70e3a1931b54500_html_fe0d2ef7.jpg\" alt=\"\" width=\"588\" height=\"223\" name=\"Imagem 138\" align=\"BOTTOM\" border=\"0\" \/><\/p>\n<p><span style=\"font-family: Arial, serif;\"><span style=\"font-size: medium;\"><b>mesmo valor, separadas pela dist\u00e2ncia r. Considere K=9.10<\/b><\/span><\/span><sup><span style=\"font-family: Arial, serif;\"><span style=\"font-size: medium;\"><b>9<\/b><\/span><\/span><\/sup><span style=\"font-family: Arial, serif;\"><span style=\"font-size: medium;\"><b>\u00a0N.m<\/b><\/span><\/span><sup><span style=\"font-family: Arial, serif;\"><span style=\"font-size: medium;\"><b>2<\/b><\/span><\/span><\/sup><span style=\"font-family: Arial, serif;\"><span style=\"font-size: medium;\"><b>C<\/b><\/span><\/span><sup><span style=\"font-family: Arial, serif;\"><span style=\"font-size: medium;\"><b>2<\/b><\/span><\/span><\/sup><span style=\"font-family: Arial, serif;\"><span style=\"font-size: medium;\"><b>\u00a0e determine o valor das cargas, em unidades de 10<\/b><\/span><\/span><sup><span style=\"font-family: Arial, serif;\"><span style=\"font-size: medium;\"><b>-7<\/b><\/span><\/span><\/sup><span style=\"font-family: Arial, serif;\"><span style=\"font-size: medium;\"><b>C.<\/b><\/span><\/span><\/p>\n<p><img loading=\"lazy\" decoding=\"async\" src=\"http:\/\/fisicaevestibular.com.br\/novo\/wp-content\/uploads\/migracao\/eletrcidade\/forcaele\/i_e70e3a1931b54500_html_ecddd9d8.png\" alt=\"\" width=\"774\" height=\"19\" name=\"Imagem 251\" align=\"BOTTOM\" border=\"0\" \/><\/p>\n<p>&nbsp;<\/p>\n<p><span style=\"color: #0000cc;\"><span style=\"font-family: 'Arial Black', serif;\"><span style=\"font-size: large;\"><b>14-(UFRGS)<\/b><\/span><\/span><\/span><span style=\"font-family: Arial, serif;\"><span style=\"font-size: medium;\"><b> Deposita-se, uniformemente, carga el\u00e9trica no valor de +5.10-5 C sobre uma pequena esfera n\u00e3o condutora. Uma part\u00edcula com carga -3.10<\/b><\/span><\/span><sup><span style=\"font-family: Arial, serif;\"><span style=\"font-size: medium;\"><b>-6<\/b><\/span><\/span><\/sup><span style=\"font-family: Arial, serif;\"><span style=\"font-size: medium;\"><b>\u00a0C, colocada a 30 cm da esfera, sofre uma for\u00e7a atrativa de m\u00f3dulo 15 N. Outra part\u00edcula, com carga<\/b><\/span><\/span><\/p>\n<p><span style=\"font-family: Arial, serif;\"><span style=\"font-size: medium;\"><b>-6.10<\/b><\/span><\/span><sup><span style=\"font-family: Arial, serif;\"><span style=\"font-size: medium;\"><b>-6<\/b><\/span><\/span><\/sup><span style=\"font-family: Arial, serif;\"><span style=\"font-size: medium;\"><b>\u00a0C, colocada a 60 cm da esfera, sofrer\u00e1 uma for\u00e7a atrativa de m\u00f3dulo, em N:<\/b><\/span><\/span><\/p>\n<p><img loading=\"lazy\" decoding=\"async\" src=\"http:\/\/fisicaevestibular.com.br\/novo\/wp-content\/uploads\/migracao\/eletrcidade\/forcaele\/i_e70e3a1931b54500_html_9f31ad72.png\" alt=\"\" width=\"774\" height=\"19\" name=\"Imagem 252\" align=\"BOTTOM\" border=\"0\" \/><\/p>\n<p><span style=\"color: #0000cc;\"><span style=\"font-family: 'Arial Black', serif;\"><span style=\"font-size: large;\"><b>15-(FATEC-SP)<\/b><\/span><\/span><\/span><span style=\"font-family: Arial, serif;\"><span style=\"font-size: medium;\"><b> Duas pequenas esferas est\u00e3o, inicialmente, neutras eletricamente. De uma das<\/b><\/span><\/span><\/p>\n<p align=\"CENTER\"><img loading=\"lazy\" decoding=\"async\" src=\"http:\/\/fisicaevestibular.com.br\/novo\/wp-content\/uploads\/migracao\/eletrcidade\/forcaele\/i_e70e3a1931b54500_html_c5361df9.jpg\" alt=\"\" width=\"317\" height=\"113\" name=\"Imagem 139\" align=\"BOTTOM\" border=\"0\" \/><\/p>\n<p><span style=\"font-family: Arial, serif;\"><span style=\"font-size: medium;\"><b>esferas s\u00e3o retirados 5,0 \u00d7 10<\/b><\/span><\/span><sup><span style=\"font-family: Arial, serif;\"><span style=\"font-size: medium;\"><b>14<\/b><\/span><\/span><\/sup><span style=\"font-family: Arial, serif;\"><span style=\"font-size: medium;\"><b>el\u00e9trons que s\u00e3o transferidos para a outra esfera. Ap\u00f3s essa opera\u00e7\u00e3o, as duas esferas s\u00e3o afastadas de 8,0 cm, no v\u00e1cuo<\/b><\/span><\/span><\/p>\n<p><span style=\"font-family: Arial, serif;\"><span style=\"font-size: medium;\"><b>Dados: carga elementar e = 1,6 \u00d7 10<\/b><\/span><\/span><sup><span style=\"font-family: Arial, serif;\"><span style=\"font-size: medium;\"><b>-19<\/b><\/span><\/span><\/sup><span style=\"font-family: Arial, serif;\"><span style=\"font-size: medium;\"><b>C\u00a0 &#8212;\u00a0 constante eletrost\u00e1tica no v\u00e1cuo k<\/b><\/span><\/span><sub><span style=\"font-family: Arial, serif;\"><span style=\"font-size: medium;\"><b>o<\/b><\/span><\/span><\/sub><span style=\"font-family: Arial, serif;\"><span style=\"font-size: medium;\"><b>\u00a0= 9,0 \u00d7 10<\/b><\/span><\/span><sup><span style=\"font-family: Arial, serif;\"><span style=\"font-size: medium;\"><b>9<\/b><\/span><\/span><\/sup><span style=\"font-family: Arial, serif;\"><span style=\"font-size: medium;\"><b>N.m<\/b><\/span><\/span><sup><span style=\"font-family: Arial, serif;\"><span style=\"font-size: medium;\"><b>2<\/b><\/span><\/span><\/sup><span style=\"font-family: Arial, serif;\"><span style=\"font-size: medium;\"><b>\/C<\/b><\/span><\/span><sup><span style=\"font-family: Arial, serif;\"><span style=\"font-size: medium;\"><b>2<\/b><\/span><\/span><\/sup><\/p>\n<p><span style=\"font-family: Arial, serif;\"><span style=\"font-size: medium;\"><b>A for\u00e7a de intera\u00e7\u00e3o el\u00e9trica entre as esferas ser\u00e1 de<\/b><\/span><\/span><\/p>\n<p><span style=\"font-family: Arial, serif;\"><span style=\"font-size: medium;\"><b>a) atra\u00e7\u00e3o e intensidade 7,2 \u00d710<\/b><\/span><\/span><sup><span style=\"font-family: Arial, serif;\"><span style=\"font-size: medium;\"><b>5<\/b><\/span><\/span><\/sup><span style=\"font-family: Arial, serif;\"><span style=\"font-size: medium;\"><b>N.\u00a0\u00a0\u00a0\u00a0\u00a0\u00a0\u00a0\u00a0\u00a0\u00a0\u00a0\u00a0\u00a0\u00a0\u00a0<\/b><\/span><\/span><\/p>\n<p><span style=\"font-family: Arial, serif;\"><span style=\"font-size: medium;\"><b>b) atra\u00e7\u00e3o e intensidade 9,0 \u00d7 10<\/b><\/span><\/span><sup><span style=\"font-family: Arial, serif;\"><span style=\"font-size: medium;\"><b>3<\/b><\/span><\/span><\/sup><span style=\"font-family: Arial, serif;\"><span style=\"font-size: medium;\"><b>N.\u00a0\u00a0\u00a0\u00a0\u00a0\u00a0\u00a0\u00a0\u00a0\u00a0\u00a0\u00a0\u00a0\u00a0<\/b><\/span><\/span><\/p>\n<p><span style=\"font-family: Arial, serif;\"><span style=\"font-size: medium;\"><b>c) atra\u00e7\u00e3o e intensidade 6,4 \u00d7 10<\/b><\/span><\/span><sup><span style=\"font-family: Arial, serif;\"><span style=\"font-size: medium;\"><b>3<\/b><\/span><\/span><\/sup><span style=\"font-family: Arial, serif;\"><span style=\"font-size: medium;\"><b>N.<\/b><\/span><\/span><\/p>\n<p><span style=\"font-family: Arial, serif;\"><span style=\"font-size: medium;\"><b>d) repuls\u00e3o e intensidade 7,2 \u00d7 10<\/b><\/span><\/span><sup><span style=\"font-family: Arial, serif;\"><span style=\"font-size: medium;\"><b>3<\/b><\/span><\/span><\/sup><span style=\"font-family: Arial, serif;\"><span style=\"font-size: medium;\"><b>N.\u00a0\u00a0\u00a0\u00a0\u00a0\u00a0\u00a0\u00a0\u00a0\u00a0\u00a0\u00a0<\/b><\/span><\/span><\/p>\n<p><span style=\"font-family: Arial, serif;\"><span style=\"font-size: medium;\"><b>e) repuls\u00e3o e intensidade 9,0 \u00d7 10<\/b><\/span><\/span><sup><span style=\"font-family: Arial, serif;\"><span style=\"font-size: medium;\"><b>3<\/b><\/span><\/span><\/sup><span style=\"font-family: Arial, serif;\"><span style=\"font-size: medium;\"><b>N.<\/b><\/span><\/span><\/p>\n<p>&nbsp;<\/p>\n<p><span style=\"color: #0000cc;\"><span style=\"font-family: 'Arial Black', serif;\"><span style=\"font-size: large;\"><b>16-(UFGO)<\/b><\/span><\/span><\/span><span style=\"font-family: Arial, serif;\"><span style=\"font-size: medium;\"><b> Em quatro v\u00e9rtices de um pent\u00e1gono regular s\u00e3o colocadas cargas de mesmo valor Q,<\/b><\/span><\/span><\/p>\n<p align=\"CENTER\"><img loading=\"lazy\" decoding=\"async\" src=\"http:\/\/fisicaevestibular.com.br\/novo\/wp-content\/uploads\/migracao\/eletrcidade\/forcaele\/i_e70e3a1931b54500_html_1dee00b4.jpg\" alt=\"\" width=\"305\" height=\"176\" name=\"Imagem 140\" align=\"BOTTOM\" border=\"0\" \/><\/p>\n<p><span style=\"font-family: Arial, serif;\"><span style=\"font-size: medium;\"><b>mas de sinais alternados,conforme\u00a0 a figura.\u00a0 No 5\u00ba e \u00faltimo v\u00e9rtice do pent\u00e1gono \u00e9 colocada uma carga de prova q0 &gt; 0, que ficar\u00e1 sob a a\u00e7\u00e3o de todas as outras. Qual dos vetores ,\u00a0<img loading=\"lazy\" decoding=\"async\" src=\"http:\/\/fisicaevestibular.com.br\/novo\/wp-content\/uploads\/migracao\/eletrcidade\/forcaele\/i_e70e3a1931b54500_html_ef3ffe56.jpg\" alt=\"\" width=\"15\" height=\"21\" name=\"Imagem 141\" align=\"BOTTOM\" border=\"0\" \/>,\u00a0<img loading=\"lazy\" decoding=\"async\" src=\"http:\/\/fisicaevestibular.com.br\/novo\/wp-content\/uploads\/migracao\/eletrcidade\/forcaele\/i_e70e3a1931b54500_html_258445d8.jpg\" alt=\"\" width=\"16\" height=\"21\" name=\"Imagem 142\" align=\"BOTTOM\" border=\"0\" \/>,\u00a0<img loading=\"lazy\" decoding=\"async\" src=\"http:\/\/fisicaevestibular.com.br\/novo\/wp-content\/uploads\/migracao\/eletrcidade\/forcaele\/i_e70e3a1931b54500_html_c6817789.jpg\" alt=\"\" width=\"20\" height=\"21\" name=\"Imagem 143\" align=\"BOTTOM\" border=\"0\" \/>ou\u00a0<img loading=\"lazy\" decoding=\"async\" src=\"http:\/\/fisicaevestibular.com.br\/novo\/wp-content\/uploads\/migracao\/eletrcidade\/forcaele\/i_e70e3a1931b54500_html_fedad0ea.jpg\" alt=\"\" width=\"15\" height=\"21\" name=\"Imagem 144\" align=\"BOTTOM\" border=\"0\" \/>representa a resultante das a\u00e7\u00f5es das cargas + Q e \u2013 Q sobre q<\/b><\/span><\/span><sub><span style=\"font-family: Arial, serif;\"><span style=\"font-size: medium;\"><b>o<\/b><\/span><\/span><\/sub><span style=\"font-family: Arial, serif;\"><span style=\"font-size: medium;\"><b>?<\/b><\/span><\/span><\/p>\n<p><img loading=\"lazy\" decoding=\"async\" src=\"http:\/\/fisicaevestibular.com.br\/novo\/wp-content\/uploads\/migracao\/eletrcidade\/forcaele\/i_e70e3a1931b54500_html_7f436a32.png\" alt=\"\" width=\"775\" height=\"21\" name=\"Imagem 259\" align=\"BOTTOM\" border=\"0\" \/><\/p>\n<p>&nbsp;<\/p>\n<p><span style=\"color: #0000cc;\"><span style=\"font-family: 'Arial Black', serif;\"><span style=\"font-size: large;\"><b>17- (UNESP-SP)<\/b><\/span><\/span><\/span><span style=\"font-family: Arial, serif;\"><span style=\"font-size: medium;\"><b> Considere uma experi\u00eancia em que tr\u00eas cargas pontuais de igual m\u00f3dulo estejam alinhadas e igualmente espa\u00e7adas, que as cargas A e C sejam fixas, e que os sinais das cargas A, B e C obede\u00e7am a uma das tr\u00eas configura\u00e7\u00f5es seguintes:<\/b><\/span><\/span><\/p>\n<p align=\"CENTER\"><img loading=\"lazy\" decoding=\"async\" src=\"http:\/\/fisicaevestibular.com.br\/novo\/wp-content\/uploads\/migracao\/eletrcidade\/forcaele\/i_e70e3a1931b54500_html_64b3f14c.jpg\" alt=\"\" width=\"449\" height=\"201\" name=\"Imagem 149\" align=\"BOTTOM\" border=\"0\" \/><\/p>\n<p>&nbsp;<\/p>\n<p><span style=\"font-family: Arial, serif;\"><span style=\"font-size: medium;\"><b>Considere, ainda, que se deseja que a carga B esteja solta e em equil\u00edbrio.\u00a0 Para tanto, das configura\u00e7\u00f5es apresentadas, pode-se usar<\/b><\/span><\/span><\/p>\n<p><span style=\"font-family: Arial, serif;\"><span style=\"font-size: medium;\"><b>a) somente a 1.\u00a0\u00a0\u00a0\u00a0\u00a0\u00a0\u00a0\u00a0\u00a0\u00a0\u00a0\u00a0\u00a0\u00a0<\/b><\/span><\/span><\/p>\n<p><span style=\"font-family: Arial, serif;\"><span style=\"font-size: medium;\"><b>b)somente a 2.\u00a0\u00a0\u00a0\u00a0\u00a0\u00a0\u00a0\u00a0\u00a0\u00a0\u00a0\u00a0<\/b><\/span><\/span><\/p>\n<p><span style=\"font-family: Arial, serif;\"><span style=\"font-size: medium;\"><b>c) somente a 3.\u00a0\u00a0\u00a0\u00a0\u00a0\u00a0\u00a0\u00a0\u00a0\u00a0\u00a0\u00a0\u00a0\u00a0\u00a0<\/b><\/span><\/span><\/p>\n<p><span style=\"font-family: Arial, serif;\"><span style=\"font-size: medium;\"><b>d)tanto a 1 quanto a 3.\u00a0\u00a0\u00a0\u00a0\u00a0\u00a0\u00a0\u00a0\u00a0\u00a0\u00a0<\/b><\/span><\/span><\/p>\n<p><span style=\"font-family: Arial, serif;\"><span style=\"font-size: medium;\"><b>e)tanto a 1 quanto a 2.<\/b><\/span><\/span><\/p>\n<p>&nbsp;<\/p>\n<p>&nbsp;<\/p>\n<p><span style=\"color: #0000cc;\"><span style=\"font-family: 'Arial Black', serif;\"><span style=\"font-size: large;\"><b>18-(PUCCAMP-SP)<\/b><\/span><\/span><\/span><span style=\"font-family: Arial, serif;\"><span style=\"font-size: medium;\"><b> Nos pontos de abscissa x=2 e x=5 s\u00e3o fixadas as cargas Q e 4Q, respectivamente, conforme mostra o esquema a<\/b><\/span><\/span><\/p>\n<p align=\"CENTER\"><img loading=\"lazy\" decoding=\"async\" src=\"http:\/\/fisicaevestibular.com.br\/novo\/wp-content\/uploads\/migracao\/eletrcidade\/forcaele\/i_e70e3a1931b54500_html_71edfbbe.jpg\" alt=\"\" width=\"535\" height=\"89\" name=\"Imagem 150\" align=\"BOTTOM\" border=\"0\" \/><\/p>\n<p><span style=\"font-family: Arial, serif;\"><span style=\"font-size: medium;\"><b>seguir: Uma terceira carga \u2013Q, ficar\u00e1 em equil\u00edbrio, sob a\u00e7\u00e3o somente das for\u00e7as el\u00e9tricas exercidas por Q e 4Q, quando colocada no ponto de abscissa igual a:<\/b><\/span><\/span><\/p>\n<p><img loading=\"lazy\" decoding=\"async\" src=\"http:\/\/fisicaevestibular.com.br\/novo\/wp-content\/uploads\/migracao\/eletrcidade\/forcaele\/i_e70e3a1931b54500_html_c48cb8c3.png\" alt=\"\" width=\"774\" height=\"20\" name=\"graphics5\" align=\"BOTTOM\" border=\"0\" \/><\/p>\n<p><span style=\"color: #0000cc;\"><span style=\"font-family: 'Arial Black', serif;\"><span style=\"font-size: large;\"><b>19-(UFC-CE)<\/b><\/span><\/span><\/span><span style=\"font-family: Arial, serif;\"><span style=\"font-size: medium;\"><b> Uma part\u00edcula com carga positiva +q \u00e9 fixada em um ponto, atraindo uma outra part\u00edcula com carga negativa -q e massa m, que se move em uma trajet\u00f3ria circular de raio R, em torno da carga positiva, com velocidade de m\u00f3dulo constante (veja a figura a seguir). Considere que n\u00e3o h\u00e1 qualquer forma de dissipa\u00e7\u00e3o de energia, de modo que a conserva\u00e7\u00e3o da energia mec\u00e2nica \u00e9 observada no sistema de cargas. Despreze qualquer efeito da gravidade. A constante eletrost\u00e1tica \u00e9 igual a k.<\/b><\/span><\/span><\/p>\n<p align=\"CENTER\"><img loading=\"lazy\" decoding=\"async\" src=\"http:\/\/fisicaevestibular.com.br\/novo\/wp-content\/uploads\/migracao\/eletrcidade\/forcaele\/i_e70e3a1931b54500_html_ff357fcc.jpg\" alt=\"\" width=\"201\" height=\"171\" name=\"Imagem 151\" align=\"BOTTOM\" border=\"0\" \/><\/p>\n<p><span style=\"font-family: Arial, serif;\"><span style=\"font-size: medium;\"><b>a) Determine o m\u00f3dulo da velocidade v com que a carga negativa se move em torno da carga positiva.<\/b><\/span><\/span><\/p>\n<p><span style=\"font-family: Arial, serif;\"><span style=\"font-size: medium;\"><b>b) Determine o per\u00edodo do movimento circular da carga negativa em torno da carga positiva.<\/b><\/span><\/span><\/p>\n<p><span style=\"color: #0000cc;\">\u00a0<\/span><\/p>\n<p><span style=\"color: #0000cc;\"><span style=\"font-family: 'Arial Black', serif;\"><span style=\"font-size: large;\"><b>20-(UNESP-SP)<\/b><\/span><\/span><\/span><span style=\"font-family: Arial, serif;\"><span style=\"font-size: medium;\"><b> Tr\u00eas pequenas esferas est\u00e3o carregadas eletricamente com cargas q<\/b><\/span><\/span><sub><span style=\"font-family: Arial, serif;\"><span style=\"font-size: medium;\"><b>1<\/b><\/span><\/span><\/sub><span style=\"font-family: Arial, serif;\"><span style=\"font-size: medium;\"><b>, q<\/b><\/span><\/span><sub><span style=\"font-family: Arial, serif;\"><span style=\"font-size: medium;\"><b>2<\/b><\/span><\/span><\/sub><span style=\"font-family: Arial, serif;\"><span style=\"font-size: medium;\"><b>\u00a0e q<\/b><\/span><\/span><sub><span style=\"font-family: Arial, serif;\"><span style=\"font-size: medium;\"><b>3<\/b><\/span><\/span><\/sub><span style=\"font-family: Arial, serif;\"><span style=\"font-size: medium;\"><b>\u00a0e alinhadas sobre um plano horizontal sem atrito (no v\u00e1cuo), conforme a figura.<\/b><\/span><\/span><\/p>\n<p align=\"CENTER\"><img loading=\"lazy\" decoding=\"async\" src=\"http:\/\/fisicaevestibular.com.br\/novo\/wp-content\/uploads\/migracao\/eletrcidade\/forcaele\/i_e70e3a1931b54500_html_9d617ca5.jpg\" alt=\"\" width=\"620\" height=\"92\" name=\"Imagem 152\" align=\"BOTTOM\" border=\"0\" \/><\/p>\n<p><span style=\"font-family: Arial, serif;\"><span style=\"font-size: medium;\"><b>Nessa situa\u00e7\u00e3o elas se encontram em equil\u00edbrio. A carga da esfera q<\/b><\/span><\/span><sub><span style=\"font-family: Arial, serif;\"><span style=\"font-size: medium;\"><b>2<\/b><\/span><\/span><\/sub><span style=\"font-family: Arial, serif;\"><span style=\"font-size: medium;\"><b>\u00a0\u00e9 positiva e vale 2,7.10<\/b><\/span><\/span><sup><span style=\"font-family: Arial, serif;\"><span style=\"font-size: medium;\"><b>-4<\/b><\/span><\/span><\/sup><span style=\"font-family: Arial, serif;\"><span style=\"font-size: medium;\"><b>C.<\/b><\/span><\/span><\/p>\n<p><span style=\"font-family: Arial, serif;\"><span style=\"font-size: medium;\"><b>Pede-se:<\/b><\/span><\/span><\/p>\n<p><span style=\"font-family: Arial, serif;\"><span style=\"font-size: medium;\"><b>a) Determinar os sinais das cargas q<\/b><\/span><\/span><sub><span style=\"font-family: Arial, serif;\"><span style=\"font-size: medium;\"><b>1<\/b><\/span><\/span><\/sub><span style=\"font-family: Arial, serif;\"><span style=\"font-size: medium;\"><b>\u00a0e q<\/b><\/span><\/span><sub><span style=\"font-family: Arial, serif;\"><span style=\"font-size: medium;\"><b>3.<\/b><\/span><\/span><\/sub><span style=\"font-family: Arial, serif;\"><span style=\"font-size: medium;\"><b>\u00a0Justificar.<\/b><\/span><\/span><\/p>\n<p><span style=\"font-family: Arial, serif;\"><span style=\"font-size: medium;\"><b>b) Calcular os valores das cargas q<\/b><\/span><\/span><sub><span style=\"font-family: Arial, serif;\"><span style=\"font-size: medium;\"><b>1<\/b><\/span><\/span><\/sub><span style=\"font-family: Arial, serif;\"><span style=\"font-size: medium;\"><b>\u00a0e q<\/b><\/span><\/span><sub><span style=\"font-family: Arial, serif;\"><span style=\"font-size: medium;\"><b>3<\/b><\/span><\/span><\/sub><span style=\"font-family: Arial, serif;\"><span style=\"font-size: medium;\"><b>.<\/b><\/span><\/span><\/p>\n<p><span style=\"font-family: Arial, serif;\"><span style=\"font-size: medium;\"><b>c) Se forem fixada as posi\u00e7\u00f5es de q<\/b><\/span><\/span><sub><span style=\"font-family: Arial, serif;\"><span style=\"font-size: medium;\"><b>1<\/b><\/span><\/span><\/sub><span style=\"font-family: Arial, serif;\"><span style=\"font-size: medium;\"><b>\u00a0e de q<\/b><\/span><\/span><sub><span style=\"font-family: Arial, serif;\"><span style=\"font-size: medium;\"><b>3<\/b><\/span><\/span><\/sub><span style=\"font-family: Arial, serif;\"><span style=\"font-size: medium;\"><b>, qual ser\u00e1 o tipo de equil\u00edbrio (est\u00e1vel, inst\u00e1vel ou indiferente) da esfera de carga q<\/b><\/span><\/span><sub><span style=\"font-family: Arial, serif;\"><span style=\"font-size: medium;\"><b>2<\/b><\/span><\/span><\/sub><span style=\"font-family: Arial, serif;\"><span style=\"font-size: medium;\"><b>?<\/b><\/span><\/span><\/p>\n<p>&nbsp;<\/p>\n<p><span style=\"color: #0000cc;\"><span style=\"font-family: 'Arial Black', serif;\"><span style=\"font-size: large;\"><b>21-(UFRS-RS)<\/b><\/span><\/span><\/span><span style=\"font-family: Arial, serif;\"><span style=\"font-size: medium;\"><b> Tr\u00eas cargas el\u00e9tricas puntiformes id\u00eanticas, Q<\/b><\/span><\/span><sub><span style=\"font-family: Arial, serif;\"><span style=\"font-size: medium;\"><b>1<\/b><\/span><\/span><\/sub><span style=\"font-family: Arial, serif;\"><span style=\"font-size: medium;\"><b>, Q<\/b><\/span><\/span><sub><span style=\"font-family: Arial, serif;\"><span style=\"font-size: medium;\"><b>2<\/b><\/span><\/span><\/sub><span style=\"font-family: Arial, serif;\"><span style=\"font-size: medium;\"><b>\u00a0e Q<\/b><\/span><\/span><sub><span style=\"font-family: Arial, serif;\"><span style=\"font-size: medium;\"><b>3<\/b><\/span><\/span><\/sub><span style=\"font-family: Arial, serif;\"><span style=\"font-size: medium;\"><b>, s\u00e3o mantidas fixas em suas posi\u00e7\u00f5es sobre uma linha reta,<\/b><\/span><\/span><\/p>\n<p align=\"CENTER\"><img loading=\"lazy\" decoding=\"async\" src=\"http:\/\/fisicaevestibular.com.br\/novo\/wp-content\/uploads\/migracao\/eletrcidade\/forcaele\/i_e70e3a1931b54500_html_f3fa3325.jpg\" alt=\"\" width=\"465\" height=\"101\" name=\"Imagem 153\" align=\"BOTTOM\" border=\"0\" \/><\/p>\n<p><span style=\"font-family: Arial, serif;\"><span style=\"font-size: medium;\"><b>conforme indica a figura a seguir. Sabendo-se que o m\u00f3dulo da for\u00e7a el\u00e9trica exercida por Q<\/b><\/span><\/span><sub><span style=\"font-family: Arial, serif;\"><span style=\"font-size: medium;\"><b>1<\/b><\/span><\/span><\/sub><span style=\"font-family: Arial, serif;\"><span style=\"font-size: medium;\"><b>sobre Q<\/b><\/span><\/span><sub><span style=\"font-family: Arial, serif;\"><span style=\"font-size: medium;\"><b>2<\/b><\/span><\/span><\/sub><span style=\"font-family: Arial, serif;\"><span style=\"font-size: medium;\"><b>\u00a0\u00e9 de 4,0.10<\/b><\/span><\/span><sup><span style=\"font-family: Arial, serif;\"><span style=\"font-size: medium;\"><b>-5\u00a0<\/b><\/span><\/span><\/sup><span style=\"font-family: Arial, serif;\"><span style=\"font-size: medium;\"><b>N, qual \u00e9 o m\u00f3dulo da for\u00e7a el\u00e9trica resultante sobre Q<\/b><\/span><\/span><sub><span style=\"font-family: Arial, serif;\"><span style=\"font-size: medium;\"><b>2<\/b><\/span><\/span><\/sub><span style=\"font-family: Arial, serif;\"><span style=\"font-size: medium;\"><b>?<\/b><\/span><\/span><\/p>\n<p><img loading=\"lazy\" decoding=\"async\" src=\"http:\/\/fisicaevestibular.com.br\/novo\/wp-content\/uploads\/migracao\/eletrcidade\/forcaele\/i_e70e3a1931b54500_html_9dd7b62b.png\" alt=\"\" width=\"774\" height=\"20\" name=\"Imagem 7\" align=\"BOTTOM\" border=\"0\" \/><\/p>\n<p>&nbsp;<\/p>\n<p><span style=\"color: #0000cc;\"><span style=\"font-family: 'Arial Black', serif;\"><span style=\"font-size: large;\"><b>22-(UFRS-RS)<\/b><\/span><\/span><\/span><span style=\"font-family: Arial, serif;\"><span style=\"font-size: medium;\"><b> A figura a seguir representa duas cargas el\u00e9tricas puntiformes positivas, +q e +4q,<\/b><\/span><\/span><\/p>\n<p align=\"CENTER\"><img loading=\"lazy\" decoding=\"async\" src=\"http:\/\/fisicaevestibular.com.br\/novo\/wp-content\/uploads\/migracao\/eletrcidade\/forcaele\/i_e70e3a1931b54500_html_deda5fd9.jpg\" alt=\"\" width=\"462\" height=\"108\" name=\"Imagem 154\" align=\"BOTTOM\" border=\"0\" \/><\/p>\n<p><span style=\"font-family: Arial, serif;\"><span style=\"font-size: medium;\"><b>mantidas fixas em suas posi\u00e7\u00f5es.Para que seja nula a for\u00e7a eletrost\u00e1tica resultante sobre uma terceira carga puntiforme, esta carga deve ser colocada no ponto<\/b><\/span><\/span><\/p>\n<p><img loading=\"lazy\" decoding=\"async\" src=\"http:\/\/fisicaevestibular.com.br\/novo\/wp-content\/uploads\/migracao\/eletrcidade\/forcaele\/i_e70e3a1931b54500_html_adecbe18.png\" alt=\"\" width=\"774\" height=\"20\" name=\"Imagem 9\" align=\"BOTTOM\" border=\"0\" \/><\/p>\n<p>&nbsp;<\/p>\n<p><span style=\"color: #0000cc;\"><span style=\"font-family: 'Arial Black', serif;\"><span style=\"font-size: large;\"><b>23-(UFMG-MG)<\/b><\/span><\/span><\/span><span style=\"font-family: Arial, serif;\"><span style=\"font-size: medium;\"><b> Duas pequenas esferas isolantes &#8211; I e II -, eletricamente carregadas com cargas de sinais contr\u00e1rios, est\u00e3o fixas nas posi\u00e7\u00f5es representadas nesta figura:<\/b><\/span><\/span><\/p>\n<p align=\"CENTER\"><img loading=\"lazy\" decoding=\"async\" src=\"http:\/\/fisicaevestibular.com.br\/novo\/wp-content\/uploads\/migracao\/eletrcidade\/forcaele\/i_e70e3a1931b54500_html_ae431b65.jpg\" alt=\"\" width=\"343\" height=\"85\" name=\"Imagem 155\" align=\"BOTTOM\" border=\"0\" \/><\/p>\n<p><span style=\"font-family: Arial, serif;\"><span style=\"font-size: medium;\"><b>A carga da esfera I \u00e9 positiva e seu m\u00f3dulo \u00e9 maior que o da esfera II.<\/b><\/span><\/span><\/p>\n<p><span style=\"font-family: Arial, serif;\"><span style=\"font-size: medium;\"><b>Guilherme posiciona uma carga pontual positiva, de peso desprez\u00edvel, ao longo da linha que une essas duas esferas, de forma que ela fique em equil\u00edbrio.<\/b><\/span><\/span><\/p>\n<p><span style=\"font-family: Arial, serif;\"><span style=\"font-size: medium;\"><b>Considerando-se essas informa\u00e7\u00f5es, \u00e9 CORRETO afirmar que o ponto que melhor representa a posi\u00e7\u00e3o de equil\u00edbrio da carga pontual, na situa\u00e7\u00e3o descrita, \u00e9 o<\/b><\/span><\/span><\/p>\n<p><img loading=\"lazy\" decoding=\"async\" src=\"http:\/\/fisicaevestibular.com.br\/novo\/wp-content\/uploads\/migracao\/eletrcidade\/forcaele\/i_e70e3a1931b54500_html_c33ca5af.png\" alt=\"\" width=\"774\" height=\"21\" name=\"Imagem 10\" align=\"BOTTOM\" border=\"0\" \/><\/p>\n<p><span style=\"color: #0000cc;\"><span style=\"font-family: 'Arial Black', serif;\"><span style=\"font-size: medium;\"><b>24-(FUVEST-SP)<\/b><\/span><\/span><\/span><span style=\"font-family: Arial, serif;\"><span style=\"font-size: medium;\"><b> Tr\u00eas objetos com cargas el\u00e9tricas id\u00eanticas est\u00e3o alinhados como mostra a figura. O objeto C exerce sobre B uma for\u00e7a igual a 3,0.10<\/b><\/span><\/span><sup><span style=\"font-family: Arial, serif;\"><span style=\"font-size: medium;\"><b>-6<\/b><\/span><\/span><\/sup><span style=\"font-family: Arial, serif;\"><span style=\"font-size: medium;\"><b>\u00a0N. A for\u00e7a el\u00e9trica resultante dos efeitos de A e C sobre B \u00e9:<\/b><\/span><\/span><\/p>\n<p align=\"CENTER\"><img loading=\"lazy\" decoding=\"async\" src=\"http:\/\/fisicaevestibular.com.br\/novo\/wp-content\/uploads\/migracao\/eletrcidade\/forcaele\/i_e70e3a1931b54500_html_c9e77d5a.jpg\" alt=\"\" width=\"324\" height=\"83\" name=\"Imagem 156\" align=\"BOTTOM\" border=\"0\" \/><\/p>\n<p><span style=\"font-family: Arial, serif;\"><span style=\"font-size: medium;\"><b>a) 2,0.10<\/b><\/span><\/span><sup><span style=\"font-family: Arial, serif;\"><span style=\"font-size: medium;\"><b>-6<\/b><\/span><\/span><\/sup><span style=\"font-family: Arial, serif;\"><span style=\"font-size: medium;\"><b>\u00a0N.\u00a0\u00a0\u00a0\u00a0\u00a0\u00a0\u00a0\u00a0\u00a0\u00a0\u00a0\u00a0\u00a0\u00a0\u00a0\u00a0\u00a0\u00a0\u00a0\u00a0\u00a0\u00a0\u00a0<\/b><\/span><\/span><\/p>\n<p><span style=\"font-family: Arial, serif;\"><span style=\"font-size: medium;\"><b>b) 6,0.10<\/b><\/span><\/span><sup><span style=\"font-family: Arial, serif;\"><span style=\"font-size: medium;\"><b>-6<\/b><\/span><\/span><\/sup><span style=\"font-family: Arial, serif;\"><span style=\"font-size: medium;\"><b>\u00a0N.\u00a0\u00a0\u00a0\u00a0\u00a0\u00a0\u00a0\u00a0\u00a0\u00a0\u00a0\u00a0\u00a0\u00a0\u00a0\u00a0\u00a0\u00a0\u00a0\u00a0\u00a0\u00a0\u00a0\u00a0\u00a0\u00a0<\/b><\/span><\/span><\/p>\n<p><span style=\"font-family: Arial, serif;\"><span style=\"font-size: medium;\"><b>c) 12.10<\/b><\/span><\/span><sup><span style=\"font-family: Arial, serif;\"><span style=\"font-size: medium;\"><b>-6<\/b><\/span><\/span><\/sup><span style=\"font-family: Arial, serif;\"><span style=\"font-size: medium;\"><b>\u00a0N.\u00a0\u00a0\u00a0\u00a0\u00a0\u00a0\u00a0\u00a0\u00a0\u00a0\u00a0\u00a0\u00a0\u00a0\u00a0\u00a0\u00a0\u00a0\u00a0<\/b><\/span><\/span><\/p>\n<p><span style=\"font-family: Arial, serif;\"><span style=\"font-size: medium;\"><b>d) 24.10<\/b><\/span><\/span><sup><span style=\"font-family: Arial, serif;\"><span style=\"font-size: medium;\"><b>-6<\/b><\/span><\/span><\/sup><span style=\"font-family: Arial, serif;\"><span style=\"font-size: medium;\"><b>\u00a0N.\u00a0\u00a0\u00a0\u00a0\u00a0\u00a0\u00a0\u00a0\u00a0\u00a0\u00a0\u00a0\u00a0\u00a0\u00a0\u00a0\u00a0\u00a0\u00a0\u00a0\u00a0<\/b><\/span><\/span><\/p>\n<p><span style=\"font-family: Arial, serif;\"><span style=\"font-size: medium;\"><b>e) 30.10<\/b><\/span><\/span><sup><span style=\"font-family: Arial, serif;\"><span style=\"font-size: medium;\"><b>-6<\/b><\/span><\/span><\/sup><span style=\"font-family: Arial, serif;\"><span style=\"font-size: medium;\"><b>\u00a0N.<\/b><\/span><\/span><\/p>\n<p>&nbsp;<\/p>\n<p><span style=\"color: #0000cc;\"><span style=\"font-family: 'Arial Black', serif;\"><span style=\"font-size: large;\"><b>25-(FUVESP-SP)<\/b><\/span><\/span><\/span><span style=\"font-family: Arial, serif;\"><span style=\"font-size: medium;\"><b> Duas barras isolantes, A e B, iguais, colocadas sobre uma mesa, t\u00eam em suas extremidades, esferas com cargas el\u00e9tricas de m\u00f3dulos iguais e sinais opostos. A barra A \u00e9 fixa, mas a barra B pode girar livremente em torno de seu centro O, que permanece fixo. Nas situa\u00e7\u00f5es I e II, a barra B foi colocada em equil\u00edbrio, em posi\u00e7\u00f5es opostas. Para cada uma dessas duas situa\u00e7\u00f5es, o equil\u00edbrio da barra B pode ser considerado como sendo, respectivamente,<\/b><\/span><\/span><\/p>\n<p><img loading=\"lazy\" decoding=\"async\" src=\"http:\/\/fisicaevestibular.com.br\/novo\/wp-content\/uploads\/migracao\/eletrcidade\/forcaele\/i_e70e3a1931b54500_html_f02700fd.jpg\" alt=\"\" width=\"778\" height=\"218\" name=\"Imagem 157\" align=\"BOTTOM\" border=\"0\" \/><\/p>\n<p><span style=\"font-family: Arial, serif;\"><span style=\"font-size: medium;\"><b>a) indiferente e inst\u00e1vel.\u00a0\u00a0\u00a0\u00a0\u00a0<\/b><\/span><\/span><\/p>\n<p><span style=\"font-family: Arial, serif;\"><span style=\"font-size: medium;\"><b>b) inst\u00e1vel e inst\u00e1vel.\u00a0\u00a0\u00a0\u00a0\u00a0<\/b><\/span><\/span><\/p>\n<p><span style=\"font-family: Arial, serif;\"><span style=\"font-size: medium;\"><b>c) est\u00e1vel e indiferente.\u00a0\u00a0\u00a0\u00a0<\/b><\/span><\/span><\/p>\n<p><span style=\"font-family: Arial, serif;\"><span style=\"font-size: medium;\"><b>d) est\u00e1vel e est\u00e1vel.\u00a0\u00a0\u00a0\u00a0\u00a0\u00a0\u00a0\u00a0\u00a0\u00a0\u00a0\u00a0<\/b><\/span><\/span><\/p>\n<p><span style=\"font-family: Arial, serif;\"><span style=\"font-size: medium;\"><b>e) est\u00e1vel e inst\u00e1vel.<\/b><\/span><\/span><\/p>\n<p>&nbsp;<\/p>\n<p><span style=\"color: #0000cc;\"><span style=\"font-family: 'Arial Black', serif;\"><span style=\"font-size: large;\"><b>26-(PUC-RJ)<\/b><\/span><\/span><\/span><span style=\"font-family: Arial, serif;\"><span style=\"font-size: medium;\"><b> Antes da primeira viagem \u00e0 Lua, v\u00e1rios cientistas da NASA estavam preocupados com a possibilidade de a nave lunar se deparar com uma nuvem de poeira carregada sobre a superf\u00edcie da Lua.<\/b><\/span><\/span><\/p>\n<p><span style=\"font-family: Arial, serif;\"><span style=\"font-size: medium;\"><b>Suponha que a Lua tenha uma carga negativa. Ent\u00e3o ela exerceria uma for\u00e7a repulsiva sobre as part\u00edculas de poeira carregadas tamb\u00e9m negativamente. Por outro lado, a for\u00e7a gravitacional da Lua exerceria uma for\u00e7a atrativa sobre estas part\u00edculas de poeira.<\/b><\/span><\/span><\/p>\n<p align=\"CENTER\"><img loading=\"lazy\" decoding=\"async\" src=\"http:\/\/fisicaevestibular.com.br\/novo\/wp-content\/uploads\/migracao\/eletrcidade\/forcaele\/i_e70e3a1931b54500_html_31e698f4.jpg\" alt=\"\" width=\"396\" height=\"154\" name=\"Imagem 158\" align=\"BOTTOM\" border=\"0\" \/><\/p>\n<p><span style=\"font-family: Arial, serif;\"><span style=\"font-size: medium;\"><b>Suponha que a 2 km da superf\u00edcie da Lua a atra\u00e7\u00e3o gravitacional equilibre exatamente a repuls\u00e3o el\u00e9trica, de tal forma que as part\u00edculas de poeira flutuem.<br \/>\nSe a mesma nuvem de poeira estivesse a 5 km da superf\u00edcie da Lua:<\/b><\/span><\/span><\/p>\n<p><span style=\"font-family: Arial, serif;\"><span style=\"font-size: medium;\"><b>a) a gravidade ainda equilibraria a for\u00e7a eletrost\u00e1tica, mas apenas se a poeira perdesse carga.<br \/>\nb) a gravidade ainda equilibraria a for\u00e7a eletrost\u00e1tica, e as part\u00edculas de poeira tamb\u00e9m flutuariam.<br \/>\nc) a gravidade ainda equilibraria a for\u00e7a eletrost\u00e1tica, mas apenas se a poeira perdesse massa.<br \/>\nd) a gravidade seria maior que a for\u00e7a eletrost\u00e1tica, e a poeira cairia.<br \/>\ne) a gravidade seria menor que a for\u00e7a eletrost\u00e1tica, e a poeira se perderia no espa\u00e7o.<\/b><\/span><\/span><\/p>\n<p>&nbsp;<\/p>\n<p><span style=\"color: #0000cc;\"><span style=\"font-family: 'Arial Black', serif;\"><span style=\"font-size: large;\"><b>27-(UFMG-MG)<\/b><\/span><\/span><\/span><span style=\"font-family: Arial, serif;\"><span style=\"font-size: medium;\"><b> Observe a figura que representa um tri\u00e2ngulo eq\u00fcil\u00e1tero. Nesse tri\u00e2ngulo, tr\u00eas cargas el\u00e9tricas pontuais de mesmo valor absoluto est\u00e3o nos seus v\u00e9rtices. O vetor que melhor representa a for\u00e7a el\u00e9trica resultante sobre a carga do v\u00e9rtice 1 \u00e9<\/b><\/span><\/span><\/p>\n<p align=\"CENTER\"><img loading=\"lazy\" decoding=\"async\" src=\"http:\/\/fisicaevestibular.com.br\/novo\/wp-content\/uploads\/migracao\/eletrcidade\/forcaele\/i_e70e3a1931b54500_html_7c4b716e.jpg\" alt=\"\" width=\"739\" height=\"144\" name=\"Imagem 159\" align=\"BOTTOM\" border=\"0\" \/><\/p>\n<p>&nbsp;<\/p>\n<p><span style=\"color: #0000cc;\"><span style=\"font-family: 'Arial Black', serif;\"><span style=\"font-size: large;\"><b>28-(UFMG-MG)<\/b><\/span><\/span><\/span><span style=\"font-family: Arial, serif;\"><span style=\"font-size: medium;\"><b> Na figura est\u00e3o representadas tr\u00eas part\u00edculas com cargas id\u00eanticas tais<\/b><\/span><\/span><\/p>\n<p><img loading=\"lazy\" decoding=\"async\" src=\"http:\/\/fisicaevestibular.com.br\/novo\/wp-content\/uploads\/migracao\/eletrcidade\/forcaele\/i_e70e3a1931b54500_html_84f2869a.jpg\" alt=\"\" width=\"247\" height=\"196\" name=\"Imagem 160\" align=\"BOTTOM\" border=\"0\" \/><\/p>\n<p><span style=\"font-family: Arial, serif;\"><span style=\"font-size: medium;\"><b>que\u2502q<\/b><\/span><\/span><sub><span style=\"font-family: Arial, serif;\"><span style=\"font-size: medium;\"><b>1<\/b><\/span><\/span><\/sub><span style=\"font-family: Arial, serif;\"><span style=\"font-size: medium;\"><b>\u2502tais que\u2502q<\/b><\/span><\/span><sub><span style=\"font-family: Arial, serif;\"><span style=\"font-size: medium;\"><b>1<\/b><\/span><\/span><\/sub><span style=\"font-family: Arial, serif;\"><span style=\"font-size: medium;\"><b>\u2502=\u2502q<\/b><\/span><\/span><sub><span style=\"font-family: Arial, serif;\"><span style=\"font-size: medium;\"><b>2<\/b><\/span><\/span><\/sub><span style=\"font-family: Arial, serif;\"><span style=\"font-size: medium;\"><b>\u2502=\u2502q<\/b><\/span><\/span><sub><span style=\"font-family: Arial, serif;\"><span style=\"font-size: medium;\"><b>3<\/b><\/span><\/span><\/sub><span style=\"font-family: Arial, serif;\"><span style=\"font-size: medium;\"><b>\u2502= 1\u03bcC,ocupando os v\u00e9rtices de um tri\u00e2ngulo equil\u00e1tero ABC de 3m de lado. Determine a intensidade, dire\u00e7\u00e3o e sentido da for\u00e7a resultante el\u00e9trica que atua sobre a carga situada no v\u00e9rtice A. Considere K=9.10<\/b><\/span><\/span><sup><span style=\"font-family: Arial, serif;\"><span style=\"font-size: medium;\"><b>9<\/b><\/span><\/span><\/sup><span style=\"font-family: Arial, serif;\"><span style=\"font-size: medium;\"><b>N.m<\/b><\/span><\/span><sup><span style=\"font-family: Arial, serif;\"><span style=\"font-size: medium;\"><b>2<\/b><\/span><\/span><\/sup><span style=\"font-family: Arial, serif;\"><span style=\"font-size: medium;\"><b>\/C<\/b><\/span><\/span><sup><span style=\"font-family: Arial, serif;\"><span style=\"font-size: medium;\"><b>2<\/b><\/span><\/span><\/sup><\/p>\n<p>&nbsp;<\/p>\n<p><span style=\"color: #0000cc;\"><span style=\"font-family: 'Arial Black', serif;\"><span style=\"font-size: large;\"><b>29-(UNIFESP-SP)<\/b><\/span><\/span><\/span><span style=\"font-family: Arial, serif;\"><span style=\"font-size: medium;\"><b> Na figura, est\u00e3o representadas duas pequenas esferas de mesma massa, m=0,048kg, eletrizadas com cargas de mesmo sinal, repelindo-se, no ar. Elas est\u00e3o penduradas por fios isolantes muito leves, inextens\u00edveis, de mesmo comprimento L=0,090m. Observa-se que, com o tempo, essas esferas se aproximam e os fios tendem a tornarem-se verticais.<\/b><\/span><\/span><\/p>\n<p align=\"CENTER\"><img loading=\"lazy\" decoding=\"async\" src=\"http:\/\/fisicaevestibular.com.br\/novo\/wp-content\/uploads\/migracao\/eletrcidade\/forcaele\/i_e70e3a1931b54500_html_246b1384.jpg\" alt=\"\" width=\"300\" height=\"171\" name=\"Imagem 161\" align=\"BOTTOM\" border=\"0\" \/><\/p>\n<p><span style=\"font-family: Arial, serif;\"><span style=\"font-size: medium;\"><b>a) O que causa a aproxima\u00e7\u00e3o dessas esferas? Durante essa aproxima\u00e7\u00e3o, os \u00e2ngulos que os fios formam com a vertical s\u00e3o sempre iguais ou podem tornar-se diferentes um do outro?<\/b><\/span><\/span><\/p>\n<p><span style=\"font-family: Arial, serif;\"><span style=\"font-size: medium;\"><b>b) Suponha que, na situa\u00e7\u00e3o da figura, o \u00e2ngulo \u03b1 \u00e9 tal que sen\u03b1=0,60; cos\u03b1=0,80 e tg\u03b1=0,75 e as esferas t\u00eam cargas iguais. Qual \u00e9, nesse caso, a carga el\u00e9trica de cada esfera? (Admitir g=10m\/s<\/b><\/span><\/span><sup><span style=\"font-family: Arial, serif;\"><span style=\"font-size: medium;\"><b>2<\/b><\/span><\/span><\/sup><span style=\"font-family: Arial, serif;\"><span style=\"font-size: medium;\"><b>\u00a0e K=9,0.10<\/b><\/span><\/span><sup><span style=\"font-family: Arial, serif;\"><span style=\"font-size: medium;\"><b>9<\/b><\/span><\/span><\/sup><span style=\"font-family: Arial, serif;\"><span style=\"font-size: medium;\"><b>N.m<\/b><\/span><\/span><sup><span style=\"font-family: Arial, serif;\"><span style=\"font-size: medium;\"><b>2<\/b><\/span><\/span><\/sup><span style=\"font-family: Arial, serif;\"><span style=\"font-size: medium;\"><b>\/C<\/b><\/span><\/span><sup><span style=\"font-family: Arial, serif;\"><span style=\"font-size: medium;\"><b>2<\/b><\/span><\/span><\/sup><span style=\"font-family: Arial, serif;\"><span style=\"font-size: medium;\"><b>).<\/b><\/span><\/span><\/p>\n<p>&nbsp;<\/p>\n<p><span style=\"color: #0000cc;\"><span style=\"font-family: 'Arial Black', serif;\"><span style=\"font-size: large;\"><b>30-(UFPE)<\/b><\/span><\/span><\/span><span style=\"font-family: Arial, serif;\"><span style=\"font-size: medium;\"><b> Quatro cargas el\u00e9tricas puntiformes, de intensidades Q e q, est\u00e3o fixas nos v\u00e9rtices de um quadrado, conforme indicado na figura. Determine a raz\u00e3o Q\/q para que a for\u00e7a sobre cada uma das cargas Q seja nula.<\/b><\/span><\/span><\/p>\n<p align=\"CENTER\"><img loading=\"lazy\" decoding=\"async\" src=\"http:\/\/fisicaevestibular.com.br\/novo\/wp-content\/uploads\/migracao\/eletrcidade\/forcaele\/i_e70e3a1931b54500_html_9fb0d926.jpg\" alt=\"\" width=\"241\" height=\"151\" name=\"Imagem 162\" align=\"BOTTOM\" border=\"0\" \/><\/p>\n<p align=\"CENTER\"><img loading=\"lazy\" decoding=\"async\" src=\"http:\/\/fisicaevestibular.com.br\/novo\/wp-content\/uploads\/migracao\/eletrcidade\/forcaele\/i_e70e3a1931b54500_html_dde10ee4.png\" alt=\"\" width=\"774\" height=\"17\" name=\"Imagem 11\" align=\"BOTTOM\" border=\"0\" \/><\/p>\n<p><span style=\"color: #0000cc;\"><span style=\"font-family: 'Arial Black', serif;\"><span style=\"font-size: large;\"><b>31-(UFRJ-RJ)<\/b><\/span><\/span><\/span><span style=\"font-family: Arial, serif;\"><span style=\"font-size: medium;\"><b> Duas cargas, q e -q s\u00e3o mantidas fixas a uma dist\u00e2ncia d uma da outra. Uma terceira carga q<\/b><\/span><\/span><sub><span style=\"font-family: Arial, serif;\"><span style=\"font-size: medium;\"><b>o<\/b><\/span><\/span><\/sub><span style=\"font-family: Arial, serif;\"><span style=\"font-size: medium;\"><b>\u00a0\u00e9 colocada no ponto m\u00e9dio entre as duas primeiras, como ilustra a figura A. Nessa situa\u00e7\u00e3o, o m\u00f3dulo da for\u00e7a eletrost\u00e1tica resultante sobre a carga q<\/b><\/span><\/span><sub><span style=\"font-family: Arial, serif;\"><span style=\"font-size: medium;\"><b>o<\/b><\/span><\/span><\/sub><span style=\"font-family: Arial, serif;\"><span style=\"font-size: medium;\"><b>\u00a0vale F<\/b><\/span><\/span><sub><span style=\"font-family: Arial, serif;\"><span style=\"font-size: medium;\"><b>A<\/b><\/span><\/span><\/sub><span style=\"font-family: Arial, serif;\"><span style=\"font-size: medium;\"><b>.<\/b><\/span><\/span><\/p>\n<p><span style=\"font-family: Arial, serif;\"><span style=\"font-size: medium;\"><b>A carga q<\/b><\/span><\/span><sub><span style=\"font-family: Arial, serif;\"><span style=\"font-size: medium;\"><b>o<\/b><\/span><\/span><\/sub><span style=\"font-family: Arial, serif;\"><span style=\"font-size: medium;\"><b>\u00a0\u00e9 ent\u00e3o afastada dessa posi\u00e7\u00e3o ao longo da mediatriz entre as duas outras at\u00e9 atingir o ponto P, onde \u00e9 fixada, como ilustra a figura B. Agora, as tr\u00eas cargas est\u00e3o nos v\u00e9rtices de um tri\u00e2ngulo equil\u00e1tero. Nessa situa\u00e7\u00e3o, o m\u00f3dulo da for\u00e7a eletrost\u00e1tica resultante sobre a carga q<\/b><\/span><\/span><sub><span style=\"font-family: Arial, serif;\"><span style=\"font-size: medium;\"><b>o<\/b><\/span><\/span><\/sub><span style=\"font-family: Arial, serif;\"><span style=\"font-size: medium;\"><b>\u00a0vale F<\/b><\/span><\/span><sub><span style=\"font-family: Arial, serif;\"><span style=\"font-size: medium;\"><b>B<\/b><\/span><\/span><\/sub><span style=\"font-family: Arial, serif;\"><span style=\"font-size: medium;\"><b>.<\/b><\/span><\/span><\/p>\n<p align=\"CENTER\"><img loading=\"lazy\" decoding=\"async\" src=\"http:\/\/fisicaevestibular.com.br\/novo\/wp-content\/uploads\/migracao\/eletrcidade\/forcaele\/i_e70e3a1931b54500_html_d512d68d.jpg\" alt=\"\" width=\"601\" height=\"156\" name=\"Imagem 163\" align=\"BOTTOM\" border=\"0\" \/><\/p>\n<p><span style=\"font-family: Arial, serif;\"><span style=\"font-size: medium;\"><b>Calcule a raz\u00e3o F<\/b><\/span><\/span><sub><span style=\"font-family: Arial, serif;\"><span style=\"font-size: medium;\"><b>A<\/b><\/span><\/span><\/sub><span style=\"font-family: Arial, serif;\"><span style=\"font-size: medium;\"><b>\/F<\/b><\/span><\/span><sub><span style=\"font-family: Arial, serif;\"><span style=\"font-size: medium;\"><b>B<\/b><\/span><\/span><\/sub><span style=\"font-family: Arial, serif;\"><span style=\"font-size: medium;\"><b>.<\/b><\/span><\/span><\/p>\n<p><span style=\"color: #0000cc;\"><span style=\"font-family: 'Arial Black', serif;\"><span style=\"font-size: large;\"><b>32-(PUC-RJ)<\/b><\/span><\/span><\/span><span style=\"font-family: Arial, serif;\"><span style=\"font-size: medium;\"><b> Dois objetos met\u00e1licos esf\u00e9ricos id\u00eanticos, contendo cargas el\u00e9tricas de 1 C e de 5 C, s\u00e3o colocados em contato e depois afastados a uma dist\u00e2ncia de 3 m. Considerando a Constante de Coulomb k = 9.10<\/b><\/span><\/span><sup><span style=\"font-family: Arial, serif;\"><span style=\"font-size: medium;\"><b>9<\/b><\/span><\/span><\/sup><span style=\"font-family: Arial, serif;\"><span style=\"font-size: medium;\"><b>\u00a0N m<\/b><\/span><\/span><sup><span style=\"font-family: Arial, serif;\"><span style=\"font-size: medium;\"><b>2<\/b><\/span><\/span><\/sup><span style=\"font-family: Arial, serif;\"><span style=\"font-size: medium;\"><b>\/C<\/b><\/span><\/span><sup><span style=\"font-family: Arial, serif;\"><span style=\"font-size: medium;\"><b>2<\/b><\/span><\/span><\/sup><span style=\"font-family: Arial, serif;\"><span style=\"font-size: medium;\"><b>, podemos dizer que a for\u00e7a que atua entre as cargas ap\u00f3s o contato \u00e9:<\/b><\/span><\/span><\/p>\n<p><span style=\"font-family: Arial, serif;\"><span style=\"font-size: medium;\"><b>a) atrativa e tem m\u00f3dulo 3.10<\/b><\/span><\/span><sup><span style=\"font-family: Arial, serif;\"><span style=\"font-size: medium;\"><b>9<\/b><\/span><\/span><\/sup><span style=\"font-family: Arial, serif;\"><span style=\"font-size: medium;\"><b>\u00a0N.\u00a0 \u00a0\u00a0\u00a0\u00a0\u00a0\u00a0\u00a0\u00a0<\/b><\/span><\/span><\/p>\n<p><span style=\"font-family: Arial, serif;\"><span style=\"font-size: medium;\"><b>b) atrativa e tem m\u00f3dulo 9.10<\/b><\/span><\/span><sup><span style=\"font-family: Arial, serif;\"><span style=\"font-size: medium;\"><b>9<\/b><\/span><\/span><\/sup><span style=\"font-family: Arial, serif;\"><span style=\"font-size: medium;\"><b>\u00a0N. \u00a0\u00a0\u00a0\u00a0\u00a0\u00a0\u00a0\u00a0\u00a0\u00a0\u00a0<\/b><\/span><\/span><\/p>\n<p><span style=\"font-family: Arial, serif;\"><span style=\"font-size: medium;\"><b>c) repulsiva e tem m\u00f3dulo 3.10<\/b><\/span><\/span><sup><span style=\"font-family: Arial, serif;\"><span style=\"font-size: medium;\"><b>9<\/b><\/span><\/span><\/sup><span style=\"font-family: Arial, serif;\"><span style=\"font-size: medium;\"><b>\u00a0N.\u00a0<\/b><\/span><\/span><\/p>\n<p><span style=\"font-family: Arial, serif;\"><span style=\"font-size: medium;\"><b>d) repulsiva e tem m\u00f3dulo 9.10<\/b><\/span><\/span><sup><span style=\"font-family: Arial, serif;\"><span style=\"font-size: medium;\"><b>9<\/b><\/span><\/span><\/sup><span style=\"font-family: Arial, serif;\"><span style=\"font-size: medium;\"><b>\u00a0N.\u00a0 \u00a0\u00a0\u00a0\u00a0\u00a0\u00a0\u00a0<\/b><\/span><\/span><\/p>\n<p><span style=\"font-family: Arial, serif;\"><span style=\"font-size: medium;\"><b>e) zero.\u00a0<\/b><\/span><\/span><\/p>\n<p>&nbsp;<\/p>\n<p><span style=\"color: #0000cc;\"><span style=\"font-family: 'Arial Black', serif;\"><span style=\"font-size: medium;\"><b>33-<\/b><\/span><\/span><\/span><span style=\"color: #0000cc;\"><span style=\"font-family: 'Arial Black', serif;\"><span style=\"font-size: medium;\"><b>(PUC-RJ)<\/b><\/span><\/span><\/span><span style=\"font-family: Arial, serif;\"><span style=\"font-size: medium;\"><b> Duas esferas id\u00eanticas, carregadas com cargas Q = 30 \u03bc C, est\u00e3o suspensas a partir de um mesmo ponto por dois<\/b><\/span><\/span><\/p>\n<p align=\"CENTER\"><img loading=\"lazy\" decoding=\"async\" src=\"http:\/\/fisicaevestibular.com.br\/novo\/wp-content\/uploads\/migracao\/eletrcidade\/forcaele\/i_e70e3a1931b54500_html_c437089e.jpg\" alt=\"\" width=\"198\" height=\"147\" name=\"Imagem 164\" align=\"BOTTOM\" border=\"0\" \/><\/p>\n<p><span style=\"font-family: Arial, serif;\"><span style=\"font-size: medium;\"><b>fios isolantes de mesmo comprimento como mostra a figura.<\/b><\/span><\/span><\/p>\n<p><span style=\"font-family: Arial, serif;\"><span style=\"font-size: medium;\"><b>Em equil\u00edbrio, o \u00e2ngulo \u03b8, formado pelos dois fios isolantes com a vertical, \u00e9 45\u00b0. Sabendo que a massa de cada esfera \u00e9 de 1 kg, que a Constante de Coulomb \u00e9 k = 9.10<\/b><\/span><\/span><sup><span style=\"font-family: Arial, serif;\"><span style=\"font-size: medium;\"><b>9<\/b><\/span><\/span><\/sup><span style=\"font-family: Arial, serif;\"><span style=\"font-size: medium;\"><b>\u00a0N m<\/b><\/span><\/span><sup><span style=\"font-family: Arial, serif;\"><span style=\"font-size: medium;\"><b>2<\/b><\/span><\/span><\/sup><span style=\"font-family: Arial, serif;\"><span style=\"font-size: medium;\"><b>\/C<\/b><\/span><\/span><sup><span style=\"font-family: Arial, serif;\"><span style=\"font-size: medium;\"><b>2<\/b><\/span><\/span><\/sup><span style=\"font-family: Arial, serif;\"><span style=\"font-size: medium;\"><b>\u00a0e que a acelera\u00e7\u00e3o da gravidade \u00e9 g = 10 m\/s<\/b><\/span><\/span><sup><span style=\"font-family: Arial, serif;\"><span style=\"font-size: medium;\"><b>2<\/b><\/span><\/span><\/sup><span style=\"font-family: Arial, serif;\"><span style=\"font-size: medium;\"><b>, determine a dist\u00e2ncia entre as duas esferas quando em equil\u00edbrio.<\/b><\/span><\/span><\/p>\n<p><span style=\"font-family: Arial, serif;\"><span style=\"font-size: medium;\"><b>Lembre-se de que \u03bc = 10<\/b><\/span><\/span><sup><span style=\"font-family: Arial, serif;\"><span style=\"font-size: medium;\"><b>-6<\/b><\/span><\/span><\/sup><span style=\"font-family: Arial, serif;\"><span style=\"font-size: medium;\"><b>.<\/b><\/span><\/span><\/p>\n<p><img loading=\"lazy\" decoding=\"async\" src=\"http:\/\/fisicaevestibular.com.br\/novo\/wp-content\/uploads\/migracao\/eletrcidade\/forcaele\/i_e70e3a1931b54500_html_1d45d045.png\" alt=\"\" width=\"774\" height=\"19\" name=\"Imagem 12\" align=\"BOTTOM\" border=\"0\" \/><\/p>\n<p><span style=\"color: #0000cc;\">\u00a0<span style=\"font-family: 'Arial Black', serif;\"><span style=\"font-size: large;\"><b>34-(UNICAMP-SP)<\/b><\/span><\/span><\/span><span style=\"font-family: Arial, serif;\"><span style=\"font-size: medium;\"><b> O fato de os n\u00facleos at\u00f4micos serem formados por pr\u00f3tons e n\u00eautrons<\/b><\/span><\/span><\/p>\n<p align=\"CENTER\"><img loading=\"lazy\" decoding=\"async\" src=\"http:\/\/fisicaevestibular.com.br\/novo\/wp-content\/uploads\/migracao\/eletrcidade\/forcaele\/i_e70e3a1931b54500_html_3da87a56.jpg\" alt=\"\" width=\"155\" height=\"140\" name=\"Imagem 165\" align=\"BOTTOM\" border=\"0\" \/><\/p>\n<p><span style=\"font-family: Arial, serif;\"><span style=\"font-size: medium;\"><b>suscita a quest\u00e3o da coes\u00e3o nuclear, uma vez que os pr\u00f3tons, que t\u00eam carga positiva q = 1,6.10<\/b><\/span><\/span><sup><span style=\"font-family: Arial, serif;\"><span style=\"font-size: medium;\"><b>-19<\/b><\/span><\/span><\/sup><span style=\"font-family: Arial, serif;\"><span style=\"font-size: medium;\"><b>\u00a0C , se repelem atrav\u00e9s da for\u00e7a eletrost\u00e1tica. Em 1935, H. Yukawa prop\u00f4s uma teoria para a for\u00e7a nuclear forte, que age a curtas dist\u00e2ncias e mant\u00e9m os n\u00facleos coesos.<\/b><\/span><\/span><\/p>\n<p><span style=\"font-family: Arial, serif;\"><span style=\"font-size: medium;\"><b>a) Considere que o m\u00f3dulo da for\u00e7a nuclear forte entre dois pr\u00f3tons F<\/b><\/span><\/span><sub><span style=\"font-family: Arial, serif;\"><span style=\"font-size: medium;\"><b>N<\/b><\/span><\/span><\/sub><span style=\"font-family: Arial, serif;\"><span style=\"font-size: medium;\"><b>\u00a0\u00e9 igual a vinte vezes o m\u00f3dulo da for\u00e7a eletrost\u00e1tica entre eles F<\/b><\/span><\/span><sub><span style=\"font-family: Arial, serif;\"><span style=\"font-size: medium;\"><b>E<\/b><\/span><\/span><\/sub><span style=\"font-family: Arial, serif;\"><span style=\"font-size: medium;\"><b>\u00a0, ou seja, F<\/b><\/span><\/span><sub><span style=\"font-family: Arial, serif;\"><span style=\"font-size: medium;\"><b>N<\/b><\/span><\/span><\/sub><span style=\"font-family: Arial, serif;\"><span style=\"font-size: medium;\"><b>\u00a0= 20 F<\/b><\/span><\/span><sub><span style=\"font-family: Arial, serif;\"><span style=\"font-size: medium;\"><b>E<\/b><\/span><\/span><\/sub><span style=\"font-family: Arial, serif;\"><span style=\"font-size: medium;\"><b>. O m\u00f3dulo da for\u00e7a eletrost\u00e1tica entre dois pr\u00f3tons separados por uma dist\u00e2ncia d \u00e9 dado por F<\/b><\/span><\/span><sub><span style=\"font-family: Arial, serif;\"><span style=\"font-size: medium;\"><b>E<\/b><\/span><\/span><\/sub><span style=\"font-family: Arial, serif;\"><span style=\"font-size: medium;\"><b>\u00a0= K(q<\/b><\/span><\/span><sup><span style=\"font-family: Arial, serif;\"><span style=\"font-size: medium;\"><b>2<\/b><\/span><\/span><\/sup><span style=\"font-family: Arial, serif;\"><span style=\"font-size: medium;\"><b>\/d<\/b><\/span><\/span><sup><span style=\"font-family: Arial, serif;\"><span style=\"font-size: medium;\"><b>2<\/b><\/span><\/span><\/sup><span style=\"font-family: Arial, serif;\"><span style=\"font-size: medium;\"><b>), onde K = 9,0.10<\/b><\/span><\/span><sup><span style=\"font-family: Arial, serif;\"><span style=\"font-size: medium;\"><b>9<\/b><\/span><\/span><\/sup><span style=\"font-family: Arial, serif;\"><span style=\"font-size: medium;\"><b>Nm<\/b><\/span><\/span><sup><span style=\"font-family: Arial, serif;\"><span style=\"font-size: medium;\"><b>2<\/b><\/span><\/span><\/sup><span style=\"font-family: Arial, serif;\"><span style=\"font-size: medium;\"><b>\/C<\/b><\/span><\/span><sup><span style=\"font-family: Arial, serif;\"><span style=\"font-size: medium;\"><b>2<\/b><\/span><\/span><\/sup><span style=\"font-family: Arial, serif;\"><span style=\"font-size: medium;\"><b>. Obtenha o m\u00f3dulo da for\u00e7a nuclear forte F<\/b><\/span><\/span><sub><span style=\"font-family: Arial, serif;\"><span style=\"font-size: medium;\"><b>N<\/b><\/span><\/span><\/sub><span style=\"font-family: Arial, serif;\"><span style=\"font-size: medium;\"><b>\u00a0entre os dois pr\u00f3tons, quando separados por uma dist\u00e2ncia = 1,6.10<\/b><\/span><\/span><sup><span style=\"font-family: Arial, serif;\"><span style=\"font-size: medium;\"><b>-15<\/b><\/span><\/span><\/sup><span style=\"font-family: Arial, serif;\"><span style=\"font-size: medium;\"><b>\u00a0m, que \u00e9 uma dist\u00e2ncia t\u00edpica entre pr\u00f3tons no n\u00facleo.<\/b><\/span><\/span><\/p>\n<p><span style=\"font-family: Arial, serif;\"><span style=\"font-size: medium;\"><b>b) As for\u00e7as nucleares s\u00e3o muito maiores que as for\u00e7as que aceleram as part\u00edculas em grandes aceleradores como o LHC. Num<\/b><\/span><\/span><\/p>\n<p align=\"CENTER\"><img loading=\"lazy\" decoding=\"async\" src=\"http:\/\/fisicaevestibular.com.br\/novo\/wp-content\/uploads\/migracao\/eletrcidade\/forcaele\/i_e70e3a1931b54500_html_24ea5e7d.jpg\" alt=\"\" width=\"186\" height=\"133\" name=\"Imagem 166\" align=\"BOTTOM\" border=\"0\" \/><\/p>\n<p>\u00a0<span style=\"font-family: Arial, serif;\"><span style=\"font-size: medium;\"><b>primeiro est\u00e1gio de acelerador, part\u00edculas carregadas deslocam-se sob a a\u00e7\u00e3o de um campo el\u00e9trico aplicado na dire\u00e7\u00e3o do movimento. Sabendo que um campo el\u00e9trico de m\u00f3dulo<\/b><\/span><\/span><\/p>\n<p><span style=\"font-family: Arial, serif;\"><span style=\"font-size: medium;\"><b>E = 2,0.10<\/b><\/span><\/span><sup><span style=\"font-family: Arial, serif;\"><span style=\"font-size: medium;\"><b>5<\/b><\/span><\/span><\/sup><span style=\"font-family: Arial, serif;\"><span style=\"font-size: medium;\"><b>\u00a0N\/C age sobre um pr\u00f3ton num acelerador, calcule a for\u00e7a eletrost\u00e1tica que atua no pr\u00f3ton.<\/b><\/span><\/span><\/p>\n<p>&nbsp;<\/p>\n<p><span style=\"color: #0000cc;\"><span style=\"font-family: 'Arial Black', serif;\"><span style=\"font-size: large;\"><b>35-(UNIFESP-SP)<\/b><\/span><\/span><\/span><span style=\"font-family: Arial, serif;\"><span style=\"font-size: medium;\"><b>\u00a0 Considere a seguinte &#8220;unidade&#8221; de medida: a intensidade da for\u00e7a el\u00e9trica entre duas cargas q, quando separadas por uma dist\u00e2ncia d, \u00e9 F. Suponha em seguida que uma carga q<\/b><\/span><\/span><sub><span style=\"font-family: Arial, serif;\"><span style=\"font-size: medium;\"><b>1<\/b><\/span><\/span><\/sub><span style=\"font-family: Arial, serif;\"><span style=\"font-size: medium;\"><b>\u00a0= q seja colocada frente a duas outras cargas, q<\/b><\/span><\/span><sub><span style=\"font-family: Arial, serif;\"><span style=\"font-size: medium;\"><b>2<\/b><\/span><\/span><\/sub><span style=\"font-family: Arial, serif;\"><span style=\"font-size: medium;\"><b>\u00a0= 3q e<\/b><\/span><\/span><\/p>\n<p align=\"CENTER\"><img loading=\"lazy\" decoding=\"async\" src=\"http:\/\/fisicaevestibular.com.br\/novo\/wp-content\/uploads\/migracao\/eletrcidade\/forcaele\/i_e70e3a1931b54500_html_e25c9fa9.jpg\" alt=\"\" width=\"234\" height=\"163\" name=\"Imagem 167\" align=\"BOTTOM\" border=\"0\" \/><\/p>\n<p><span style=\"font-family: Arial, serif;\"><span style=\"font-size: medium;\"><b>q<\/b><\/span><\/span><sub><span style=\"font-family: Arial, serif;\"><span style=\"font-size: medium;\"><b>3<\/b><\/span><\/span><\/sub><span style=\"font-family: Arial, serif;\"><span style=\"font-size: medium;\"><b>\u00a0= 4q, segundo a disposi\u00e7\u00e3o mostrada na figura. A intensidade da for\u00e7a el\u00e9trica resultante sobre a carga q<\/b><\/span><\/span><sub><span style=\"font-family: Arial, serif;\"><span style=\"font-size: medium;\"><b>1<\/b><\/span><\/span><\/sub><span style=\"font-family: Arial, serif;\"><span style=\"font-size: medium;\"><b>, devido \u00e0s cargas q<\/b><\/span><\/span><sub><span style=\"font-family: Arial, serif;\"><span style=\"font-size: medium;\"><b>2<\/b><\/span><\/span><\/sub><span style=\"font-family: Arial, serif;\"><span style=\"font-size: medium;\"><b>\u00a0e q<\/b><\/span><\/span><sub><span style=\"font-family: Arial, serif;\"><span style=\"font-size: medium;\"><b>3<\/b><\/span><\/span><\/sub><span style=\"font-family: Arial, serif;\"><span style=\"font-size: medium;\"><b>, ser\u00e1<\/b><\/span><\/span><\/p>\n<p><img loading=\"lazy\" decoding=\"async\" src=\"http:\/\/fisicaevestibular.com.br\/novo\/wp-content\/uploads\/migracao\/eletrcidade\/forcaele\/i_e70e3a1931b54500_html_dce3c602.png\" alt=\"\" width=\"774\" height=\"16\" name=\"Imagem 13\" align=\"BOTTOM\" border=\"0\" \/><\/p>\n<p>&nbsp;<\/p>\n<p><span style=\"color: #0000cc;\"><span style=\"font-family: 'Arial Black', serif;\"><span style=\"font-size: large;\"><b>36-(FGV-SP)<\/b><\/span><\/span><\/span><span style=\"font-family: Arial, serif;\"><span style=\"font-size: medium;\"><b> Posicionadas rigidamente sobre os v\u00e9rtices de um cubo de aresta 1 m, encontram-<\/b><\/span><\/span><\/p>\n<p align=\"CENTER\"><img loading=\"lazy\" decoding=\"async\" src=\"http:\/\/fisicaevestibular.com.br\/novo\/wp-content\/uploads\/migracao\/eletrcidade\/forcaele\/i_e70e3a1931b54500_html_56647fa2.jpg\" alt=\"\" width=\"204\" height=\"142\" name=\"Imagem 168\" align=\"BOTTOM\" border=\"0\" \/><\/p>\n<p><span style=\"font-family: Arial, serif;\"><span style=\"font-size: medium;\"><b>se oito cargas el\u00e9tricas positivas de mesmo m\u00f3dulo. Sendo k o valor da constante eletrost\u00e1tica do meio que envolve as cargas, a for\u00e7a resultante sobre uma nona carga el\u00e9trica tamb\u00e9m positiva e de m\u00f3dulo igual ao das oito primeiras, abandonada em repouso no centro do cubo, ter\u00e1 intensidade:<\/b><\/span><\/span><\/p>\n<p><span style=\"font-family: Arial, serif;\"><span style=\"font-size: medium;\"><b>a) zero. \u00a0\u00a0\u00a0\u00a0\u00a0\u00a0\u00a0\u00a0\u00a0\u00a0\u00a0\u00a0\u00a0\u00a0\u00a0\u00a0<\/b><\/span><\/span><\/p>\n<p><span style=\"font-family: Arial, serif;\"><span style=\"font-size: medium;\"><b>b) k.Q<\/b><\/span><\/span><sup><span style=\"font-family: Arial, serif;\"><span style=\"font-size: medium;\"><b>2<\/b><\/span><\/span><\/sup><span style=\"font-family: Arial, serif;\"><span style=\"font-size: medium;\"><b>.\u00a0 \u00a0\u00a0\u00a0\u00a0\u00a0\u00a0\u00a0\u00a0\u00a0\u00a0\u00a0\u00a0\u00a0\u00a0\u00a0\u00a0\u00a0\u00a0\u00a0<\/b><\/span><\/span><\/p>\n<p><span style=\"font-family: Arial, serif;\"><span style=\"font-size: medium;\"><b>c)\u00a0<img loading=\"lazy\" decoding=\"async\" src=\"http:\/\/fisicaevestibular.com.br\/novo\/wp-content\/uploads\/migracao\/eletrcidade\/forcaele\/i_e70e3a1931b54500_html_52527b66.gif\" alt=\"\" width=\"23\" height=\"20\" name=\"Imagem 169\" align=\"BOTTOM\" border=\"0\" \/>k.Q<\/b><\/span><\/span><sup><span style=\"font-family: Arial, serif;\"><span style=\"font-size: medium;\"><b>2<\/b><\/span><\/span><\/sup><span style=\"font-family: Arial, serif;\"><span style=\"font-size: medium;\"><b>.\u00a0 \u00a0\u00a0\u00a0\u00a0\u00a0\u00a0\u00a0\u00a0\u00a0\u00a0\u00a0\u00a0\u00a0\u00a0\u00a0\u00a0\u00a0\u00a0\u00a0\u00a0\u00a0\u00a0\u00a0\u00a0<\/b><\/span><\/span><\/p>\n<p><span style=\"font-family: Arial, serif;\"><span style=\"font-size: medium;\"><b>d) 4k.Q<\/b><\/span><\/span><sup><span style=\"font-family: Arial, serif;\"><span style=\"font-size: medium;\"><b>4<\/b><\/span><\/span><\/sup><span style=\"font-family: Arial, serif;\"><span style=\"font-size: medium;\"><b>.\u00a0 \u00a0\u00a0\u00a0\u00a0\u00a0\u00a0\u00a0\u00a0\u00a0\u00a0\u00a0\u00a0\u00a0\u00a0\u00a0\u00a0\u00a0\u00a0\u00a0\u00a0\u00a0\u00a0<\/b><\/span><\/span><\/p>\n<p><span style=\"font-family: Arial, serif;\"><span style=\"font-size: medium;\"><b>e) 8k.Q<\/b><\/span><\/span><sup><span style=\"font-family: Arial, serif;\"><span style=\"font-size: medium;\"><b>2<\/b><\/span><\/span><\/sup><span style=\"font-family: Arial, serif;\"><span style=\"font-size: medium;\"><b>.\u00a0<\/b><\/span><\/span><\/p>\n<p>&nbsp;<\/p>\n<p><span style=\"color: #0000cc;\"><span style=\"font-family: 'Arial Black', serif;\"><span style=\"font-size: large;\"><b>37- (PUC-RJ)<\/b><\/span><\/span><\/span><span style=\"font-family: Arial, serif;\"><span style=\"font-size: medium;\"><b> Tr\u00eas cargas el\u00e9tricas est\u00e3o em equil\u00edbrio ao longo de uma linha reta de modo que<\/b><\/span><\/span><\/p>\n<p align=\"CENTER\"><img loading=\"lazy\" decoding=\"async\" src=\"http:\/\/fisicaevestibular.com.br\/novo\/wp-content\/uploads\/migracao\/eletrcidade\/forcaele\/i_e70e3a1931b54500_html_c9835a5c.jpg\" alt=\"\" width=\"483\" height=\"105\" name=\"Imagem 170\" align=\"BOTTOM\" border=\"0\" \/><\/p>\n<p>\u00a0<span style=\"font-family: Arial, serif;\"><span style=\"font-size: medium;\"><b>uma carga positiva (+Q) est\u00e1 no centro e duas cargas negativas (\u2013q) e (\u2013q) est\u00e3o colocadas em lados opostos e \u00e0 mesma dist\u00e2ncia (d) da carga Q. Se aproximamos as duas cargas negativas para d\/2 de dist\u00e2ncia da carga positiva, para quanto temos que aumentar o valor de Q (o valor final ser\u00e1 Q\u2019), de modo que o equil\u00edbrio de for\u00e7as se mantenha?<\/b><\/span><\/span><\/p>\n<p><span style=\"font-family: Arial, serif;\"><span style=\"font-size: medium;\"><b>a) Q\u2019 = 1 Q\u00a0 \u00a0\u00a0\u00a0\u00a0\u00a0\u00a0\u00a0\u00a0\u00a0\u00a0\u00a0\u00a0\u00a0\u00a0\u00a0\u00a0\u00a0<\/b><\/span><\/span><\/p>\n<p><span style=\"font-family: Arial, serif;\"><span style=\"font-size: medium;\"><b>b) Q\u2019 = 2 Q\u00a0 \u00a0\u00a0\u00a0\u00a0\u00a0\u00a0\u00a0\u00a0\u00a0\u00a0\u00a0\u00a0\u00a0\u00a0\u00a0\u00a0\u00a0\u00a0<\/b><\/span><\/span><\/p>\n<p><span style=\"font-family: Arial, serif;\"><span style=\"font-size: medium;\"><b>c) Q\u2019 = 4 Q\u00a0 \u00a0\u00a0\u00a0\u00a0\u00a0\u00a0\u00a0\u00a0\u00a0\u00a0\u00a0\u00a0\u00a0\u00a0\u00a0\u00a0\u00a0\u00a0\u00a0\u00a0\u00a0<\/b><\/span><\/span><\/p>\n<p><span style=\"font-family: Arial, serif;\"><span style=\"font-size: medium;\"><b>d) Q\u2019 = Q \/ 2\u00a0 \u00a0\u00a0\u00a0\u00a0\u00a0\u00a0\u00a0\u00a0\u00a0\u00a0\u00a0\u00a0\u00a0\u00a0\u00a0\u00a0\u00a0\u00a0\u00a0<\/b><\/span><\/span><\/p>\n<p><span style=\"font-family: Arial, serif;\"><span style=\"font-size: medium;\"><b>e) Q\u2019 = Q \/ 4\u00a0<\/b><\/span><\/span><\/p>\n<p>&nbsp;<\/p>\n<p><span style=\"color: #0000cc;\"><span style=\"font-family: 'Arial Black', serif;\"><span style=\"font-size: large;\"><b>38-(PUC-RJ)<\/b><\/span><\/span><\/span><span style=\"font-family: Arial, serif;\"><span style=\"font-size: medium;\"><b>\u00a0 O que acontece com a for\u00e7a entre duas cargas el\u00e9tricas (+Q) e (\u2013q) colocadas a uma dist\u00e2ncia (d) se mudarmos a carga (+ Q) por (+ 4Q), a carga (\u2013q) por (+3q) e a dist\u00e2ncia (d) por (2d)?<\/b><\/span><\/span><\/p>\n<p><span style=\"font-family: Arial, serif;\"><span style=\"font-size: medium;\"><b>a) Mant\u00e9m seu m\u00f3dulo e passa a ser atrativa.\u00a0<\/b><\/span><\/span><\/p>\n<p><span style=\"font-family: Arial, serif;\"><span style=\"font-size: medium;\"><b>b) Mant\u00e9m seu m\u00f3dulo e passa a ser repulsiva.\u00a0<\/b><\/span><\/span><\/p>\n<p><span style=\"font-family: Arial, serif;\"><span style=\"font-size: medium;\"><b>c) Tem seu m\u00f3dulo dobrado e passa a ser repulsiva.\u00a0<\/b><\/span><\/span><\/p>\n<p><span style=\"font-family: Arial, serif;\"><span style=\"font-size: medium;\"><b>d) Tem seu m\u00f3dulo triplicado e passa a ser repulsiva.\u00a0<\/b><\/span><\/span><\/p>\n<p><span style=\"font-family: Arial, serif;\"><span style=\"font-size: medium;\"><b>e) Tem seu m\u00f3dulo triplicado e passa a ser atrativa.\u00a0<\/b><\/span><\/span><\/p>\n<p>&nbsp;<\/p>\n<p><span style=\"color: #0000cc;\"><span style=\"font-family: 'Arial Black', serif;\"><span style=\"font-size: large;\"><b>39-(ITA-SP)\u00a0<\/b><\/span><\/span><\/span><\/p>\n<p><img loading=\"lazy\" decoding=\"async\" src=\"http:\/\/fisicaevestibular.com.br\/novo\/wp-content\/uploads\/migracao\/eletrcidade\/forcaele\/i_e70e3a1931b54500_html_93c74bc5.jpg\" alt=\"\" width=\"392\" height=\"126\" name=\"Imagem 171\" align=\"BOTTOM\" border=\"0\" \/><\/p>\n<p><span style=\"font-family: Arial, serif;\"><span style=\"font-size: medium;\"><b>Considere uma balan\u00e7a de bra\u00e7os desiguais, de comprimentos \u2113<\/b><\/span><\/span><sub><span style=\"font-family: Arial, serif;\"><span style=\"font-size: medium;\"><b>1<\/b><\/span><\/span><\/sub><span style=\"font-family: Arial, serif;\"><span style=\"font-size: medium;\"><b>\u00a0e \u2113<\/b><\/span><\/span><sub><span style=\"font-family: Arial, serif;\"><span style=\"font-size: medium;\"><b>2<\/b><\/span><\/span><\/sub><span style=\"font-family: Arial, serif;\"><span style=\"font-size: medium;\"><b>, conforme mostra a figura. No lado esquerdo encontra-se pendurada uma carga de magnitude Q e massa desprez\u00edvel, situada a uma certa dist\u00e2ncia de outra carga, q. No lado direito encontra-se uma massa m sobre um prato de massa desprez\u00edvel. Considerando as cargas como puntuais e desprez\u00edvel a massa do prato da direita, o valor de q para equilibrar a massa m \u00e9 dado por<\/b><\/span><\/span><\/p>\n<p align=\"CENTER\"><img loading=\"lazy\" decoding=\"async\" src=\"http:\/\/fisicaevestibular.com.br\/novo\/wp-content\/uploads\/migracao\/eletrcidade\/forcaele\/i_e70e3a1931b54500_html_40394f07.jpg\" alt=\"\" width=\"398\" height=\"138\" name=\"Imagem 172\" align=\"BOTTOM\" border=\"0\" \/><\/p>\n<p><img loading=\"lazy\" decoding=\"async\" src=\"http:\/\/fisicaevestibular.com.br\/novo\/wp-content\/uploads\/migracao\/eletrcidade\/forcaele\/i_e70e3a1931b54500_html_df44d30c.jpg\" alt=\"\" width=\"767\" height=\"67\" name=\"Imagem 173\" align=\"BOTTOM\" border=\"0\" \/><\/p>\n<p><span style=\"color: #0000cc;\"><span style=\"font-family: 'Arial Black', serif;\"><span style=\"font-size: large;\"><b>40-(UFU-MG)<\/b><\/span><\/span><\/span><\/p>\n<p><img loading=\"lazy\" decoding=\"async\" src=\"http:\/\/fisicaevestibular.com.br\/novo\/wp-content\/uploads\/migracao\/eletrcidade\/forcaele\/i_e70e3a1931b54500_html_485b8f91.jpg\" alt=\"\" width=\"342\" height=\"126\" name=\"Imagem 174\" align=\"BOTTOM\" border=\"0\" \/><\/p>\n<p><span style=\"font-family: Arial, serif;\"><span style=\"font-size: medium;\"><b>Duas cargas +q est\u00e3o fixas sobre uma barra isolante e distam entre si uma dist\u00e2ncia 2d. Uma outra barra isolante \u00e9 fixada perpendicularmente \u00e0 primeira no ponto m\u00e9dio entre essas duas cargas. O sistema \u00e9 colocado de modo que esta \u00faltima haste fica apontada para cima. Uma terceira pequena esfera de massa m e carga +3q furada \u00e9 atravessada pela haste vertical de maneira a poder deslizar sem atrito ao longo desta, como mostra a figura a seguir. A dist\u00e2ncia de equil\u00edbrio da massa m ao longo do eixo vertical \u00e9 z.<\/b><\/span><\/span><\/p>\n<p align=\"CENTER\"><img loading=\"lazy\" decoding=\"async\" src=\"http:\/\/fisicaevestibular.com.br\/novo\/wp-content\/uploads\/migracao\/eletrcidade\/forcaele\/i_e70e3a1931b54500_html_579a36d8.jpg\" alt=\"\" width=\"307\" height=\"153\" name=\"Imagem 175\" align=\"BOTTOM\" border=\"0\" \/><\/p>\n<p><span style=\"font-family: Arial, serif;\"><span style=\"font-size: medium;\"><b>Com base nessas informa\u00e7\u00f5es, o valor da massa m em quest\u00e3o pode ser escrito em fun\u00e7\u00e3o de d, z, g e k, onde g \u00e9 a acelera\u00e7\u00e3o gravitacional e k a constante eletrost\u00e1tica.<\/b><\/span><\/span><\/p>\n<p><span style=\"font-family: Arial, serif;\"><span style=\"font-size: medium;\"><b>A express\u00e3o para a massa m ser\u00e1 dada por:<\/b><\/span><\/span><\/p>\n<p><img loading=\"lazy\" decoding=\"async\" src=\"http:\/\/fisicaevestibular.com.br\/novo\/wp-content\/uploads\/migracao\/eletrcidade\/forcaele\/i_e70e3a1931b54500_html_fd7903bd.jpg\" alt=\"\" width=\"770\" height=\"61\" name=\"Imagem 176\" align=\"BOTTOM\" border=\"0\" \/><\/p>\n<p>&nbsp;<\/p>\n<p><span style=\"color: #0000cc;\"><span style=\"font-family: 'Arial Black', serif;\"><span style=\"font-size: large;\"><b>41-(MACKENZIE-SP)<\/b><\/span><\/span><\/span><\/p>\n<p><img loading=\"lazy\" decoding=\"async\" src=\"http:\/\/fisicaevestibular.com.br\/novo\/wp-content\/uploads\/migracao\/eletrcidade\/forcaele\/i_e70e3a1931b54500_html_ef7f50db.jpg\" alt=\"\" width=\"767\" height=\"103\" name=\"Imagem 177\" align=\"BOTTOM\" border=\"0\" \/><\/p>\n<p><span style=\"font-family: Arial, serif;\"><span style=\"font-size: medium;\"><b>Duas cargas el\u00e9tricas puntiformes, quando separadas pela dist\u00e2ncia d, se repelem com uma<\/b><\/span><\/span><\/p>\n<p align=\"CENTER\"><img loading=\"lazy\" decoding=\"async\" src=\"http:\/\/fisicaevestibular.com.br\/novo\/wp-content\/uploads\/migracao\/eletrcidade\/forcaele\/i_e70e3a1931b54500_html_8ddf4c56.jpg\" alt=\"\" width=\"399\" height=\"64\" name=\"Imagem 178\" align=\"BOTTOM\" border=\"0\" \/><\/p>\n<p><span style=\"font-family: Arial, serif;\"><span style=\"font-size: medium;\"><b>for\u00e7a de intensidade F. Afastando-se essas cargas, de forma a duplicar a dist\u00e2ncia entre elas, a intensidade da for\u00e7a de repuls\u00e3o ser\u00e1 igual a<\/b><\/span><\/span><\/p>\n<p><img loading=\"lazy\" decoding=\"async\" src=\"http:\/\/fisicaevestibular.com.br\/novo\/wp-content\/uploads\/migracao\/eletrcidade\/forcaele\/i_e70e3a1931b54500_html_7fe39691.png\" alt=\"\" width=\"774\" height=\"16\" name=\"Imagem 15\" align=\"BOTTOM\" border=\"0\" \/><\/p>\n<p>&nbsp;<\/p>\n<p><span style=\"color: #0000cc;\"><span style=\"font-family: 'Arial Black', serif;\"><span style=\"font-size: large;\"><b>42-(IME-RJ)<\/b><\/span><\/span><\/span><\/p>\n<p><img loading=\"lazy\" decoding=\"async\" src=\"http:\/\/fisicaevestibular.com.br\/novo\/wp-content\/uploads\/migracao\/eletrcidade\/forcaele\/i_e70e3a1931b54500_html_ad0743dd.jpg\" alt=\"\" width=\"320\" height=\"128\" name=\"Imagem 179\" align=\"BOTTOM\" border=\"0\" \/><\/p>\n<p><span style=\"font-family: Arial, serif;\"><span style=\"font-size: medium;\"><b>Uma carga positiva est\u00e1 presa a um espelho plano. O espelho aproxima-se, sem rota\u00e7\u00e3o, com velocidade constante paralela ao eixo x, de uma carga negativa, pendurada ao teto por um fio inextens\u00edvel. No instante ilustrado na figura, a carga<\/b><\/span><\/span><\/p>\n<p align=\"CENTER\"><img loading=\"lazy\" decoding=\"async\" src=\"http:\/\/fisicaevestibular.com.br\/novo\/wp-content\/uploads\/migracao\/eletrcidade\/forcaele\/i_e70e3a1931b54500_html_79c3925c.jpg\" alt=\"\" width=\"380\" height=\"193\" name=\"Imagem 180\" align=\"BOTTOM\" border=\"0\" \/><\/p>\n<p><span style=\"font-family: Arial, serif;\"><span style=\"font-size: medium;\"><b>negativa se move no sentido oposto ao da carga positiva, com a mesma velocidade escalar do espelho. Determine, para esse instante:<\/b><\/span><\/span><\/p>\n<p><span style=\"font-family: Arial, serif;\"><span style=\"font-size: medium;\"><b>a) as componentes x e y do vetor velocidade da imagem da carga negativa refletida no espelho;<\/b><\/span><\/span><\/p>\n<p><span style=\"font-family: Arial, serif;\"><span style=\"font-size: medium;\"><b>b) as acelera\u00e7\u00f5es tangencial e centr\u00edpeta da carga negativa;<\/b><\/span><\/span><\/p>\n<p><span style=\"font-family: Arial, serif;\"><span style=\"font-size: medium;\"><b>Dados:<\/b><\/span><\/span><\/p>\n<p><span style=\"font-family: Arial, serif;\"><span style=\"font-size: medium;\"><b>\u00e2ngulo entre o eixo x e o espelho: \u03b1;<\/b><\/span><\/span><\/p>\n<p><span style=\"font-family: Arial, serif;\"><span style=\"font-size: medium;\"><b>\u00e2ngulo entre o eixo x e o segmento de reta formado pelas cargas: \u03b2;<\/b><\/span><\/span><\/p>\n<p><span style=\"font-family: Arial, serif;\"><span style=\"font-size: medium;\"><b>m\u00f3dulo das cargas el\u00e9tricas; Q;<\/b><\/span><\/span><\/p>\n<p><span style=\"font-family: Arial, serif;\"><span style=\"font-size: medium;\"><b>diferen\u00e7a entre as coordenadas y das cargas: d;<\/b><\/span><\/span><\/p>\n<p><span style=\"font-family: Arial, serif;\"><span style=\"font-size: medium;\"><b>comprimento do fio: L;<\/b><\/span><\/span><\/p>\n<p><span style=\"font-family: Arial, serif;\"><span style=\"font-size: medium;\"><b>velocidade escalar do espelho: V;<\/b><\/span><\/span><\/p>\n<p><span style=\"font-family: Arial, serif;\"><span style=\"font-size: medium;\"><b>massa da carga negativa: m;<\/b><\/span><\/span><\/p>\n<p><span style=\"font-family: Arial, serif;\"><span style=\"font-size: medium;\"><b>constante el\u00e9trica do meio: k<\/b><\/span><\/span><\/p>\n<p>&nbsp;<\/p>\n<p><span style=\"color: #0000cc;\"><span style=\"font-family: 'Arial Black', serif;\"><span style=\"font-size: large;\"><b>43-Quest\u00f5es interdisciplinares:<\/b><\/span><\/span><\/span><\/p>\n<p><img loading=\"lazy\" decoding=\"async\" src=\"http:\/\/fisicaevestibular.com.br\/novo\/wp-content\/uploads\/migracao\/eletrcidade\/forcaele\/i_e70e3a1931b54500_html_5733c075.jpg\" alt=\"\" width=\"572\" height=\"232\" name=\"Imagem 181\" align=\"BOTTOM\" border=\"0\" \/><\/p>\n<p><img loading=\"lazy\" decoding=\"async\" src=\"http:\/\/fisicaevestibular.com.br\/novo\/wp-content\/uploads\/migracao\/eletrcidade\/forcaele\/i_e70e3a1931b54500_html_501d9f77.jpg\" alt=\"\" width=\"56\" height=\"57\" name=\"Imagem 182\" align=\"BOTTOM\" border=\"0\" \/><\/p>\n<p><span style=\"font-family: Arial, serif;\"><span style=\"font-size: medium;\"><b>A popula\u00e7\u00e3o mundial hoje gira em torno de 7 bilh\u00f5es de pessoas e at\u00e9 meados do s\u00e9culo XXI dever\u00e1 atingir 10 bilh\u00f5es. De acordo com os cen\u00e1rios escolhidos para a procura energ\u00e9tica, o consumo da energia prim\u00e1ria mundial poder\u00e1 atingir duas a tr\u00eas vezes o consumo atual.<\/b><\/span><\/span><\/p>\n<p><span style=\"font-family: Arial, serif;\"><span style=\"font-size: medium;\"><b>Em 1990, o consumo de energia prim\u00e1ria por habitante e por ano era de 5,1 TEP nos pa\u00edses industrializados e apenas 10% nos pa\u00edses em vias de desenvolvimento.<\/b><\/span><\/span><\/p>\n<p><span style=\"font-family: Arial, serif;\"><span style=\"font-size: medium;\"><b>1TEP (Tonelada Equivalente de Petr\u00f3leo) \u00e9 a unidade de medi\u00e7\u00e3o de consumo de energia e equivale a 10&#215;109 cal.<\/b><\/span><\/span><\/p>\n<p><span style=\"font-family: Arial, serif;\"><span style=\"font-size: medium;\"><b>1BEP (Barril Equivalente de Petr\u00f3leo), varia\u00e7\u00e3o da TEP, equivalente a 1,45&#215;10<\/b><\/span><\/span><sup><span style=\"font-family: Arial, serif;\"><span style=\"font-size: medium;\"><b>9<\/b><\/span><\/span><\/sup><span style=\"font-family: Arial, serif;\"><span style=\"font-size: medium;\"><b>\u00a0cal.<\/b><\/span><\/span><\/p>\n<p><span style=\"font-family: Arial, serif;\"><span style=\"font-size: medium;\"><b>Ou ainda que:<\/b><\/span><\/span><\/p>\n<p><img loading=\"lazy\" decoding=\"async\" src=\"http:\/\/fisicaevestibular.com.br\/novo\/wp-content\/uploads\/migracao\/eletrcidade\/forcaele\/i_e70e3a1931b54500_html_e27b4c5b.jpg\" alt=\"\" width=\"558\" height=\"203\" name=\"Imagem 183\" align=\"BOTTOM\" border=\"0\" \/><\/p>\n<p><span style=\"font-family: Arial, serif;\"><span style=\"font-size: medium;\"><b>Uma fonte de energia capaz de corresponder de forma substancial a esta procura \u00e9 a energia nuclear, atrav\u00e9s da FISS\u00c3O e da FUS\u00c3O nuclear. Vejamos:<\/b><\/span><\/span><\/p>\n<p><span style=\"font-family: Arial, serif;\"><span style=\"font-size: medium;\"><b>Esse fen\u00f4meno da repuls\u00e3o el\u00e9trica constitui um dos Princ\u00edpios da Eletrost\u00e1tica, cujo m\u00f3dulo da for\u00e7a pode ser determinado pela Lei de Coulomb F=k.|Q<\/b><\/span><\/span><sub><span style=\"font-family: Arial, serif;\"><span style=\"font-size: medium;\"><b>1<\/b><\/span><\/span><\/sub><span style=\"font-family: Arial, serif;\"><span style=\"font-size: medium;\"><b>|. |Q<\/b><\/span><\/span><sub><span style=\"font-family: Arial, serif;\"><span style=\"font-size: medium;\"><b>2<\/b><\/span><\/span><\/sub><span style=\"font-family: Arial, serif;\"><span style=\"font-size: medium;\"><b>|.\/d<\/b><\/span><\/span><sup><span style=\"font-family: Arial, serif;\"><span style=\"font-size: medium;\"><b>2<\/b><\/span><\/span><\/sup><span style=\"font-family: Arial, serif;\"><span style=\"font-size: medium;\"><b>.\u00a0\u00a0\u00a0\u00a0\u00a0\u00a0\u00a0\u00a0\u00a0\u00a0\u00a0\u00a0\u00a0\u00a0\u00a0\u00a0\u00a0\u00a0 .<\/b><\/span><\/span><\/p>\n<p><span style=\"font-family: Arial, serif;\"><span style=\"font-size: medium;\"><b>O quanto esta for\u00e7a atua est\u00e1 relacionado \u00e0 carga, ao meio e \u00e0 dist\u00e2ncia entre os centros dos n\u00facleos das part\u00edculas que est\u00e3o interagindo. Caso os n\u00facleos conseguissem se aproximar o suficiente, prevalecendo a intera\u00e7\u00e3o forte, ocorreria o fen\u00f4meno da fus\u00e3o nuclear.<\/b><\/span><\/span><\/p>\n<p><span style=\"font-family: Arial, serif;\"><span style=\"font-size: medium;\"><b>O controle dessa fus\u00e3o nuclear continua sendo objeto de pesquisa. Essa fus\u00e3o \u00e9 o processo no qual dois n\u00facleos de \u00e1tomos leves (por exemplo, o hidrog\u00eanio \u2013 cujo n\u00facleo \u00e9 constitu\u00eddo por 1 pr\u00f3ton com carga el\u00e9trica elementar \u00e9 1,6.10<\/b><\/span><\/span><sup><span style=\"font-family: Arial, serif;\"><span style=\"font-size: medium;\"><b>-19<\/b><\/span><\/span><\/sup><span style=\"font-family: Arial, serif;\"><span style=\"font-size: medium;\"><b>\u00a0C) se combinam, ou se fundem, constituindo um elemento mais pesado. Os n\u00facleos, ent\u00e3o, carregados positivamente, devem se aproximar suficientemente um do outro, ou seja, vencer a for\u00e7a de repuls\u00e3o eletrost\u00e1tica entre eles.\u00a0<\/b><\/span><\/span><\/p>\n<p><span style=\"font-family: Arial, serif;\"><span style=\"font-size: medium;\"><b>Para que as rea\u00e7\u00f5es de fus\u00e3o possam ser produzidas a uma taxa conveniente, s\u00e3o necess\u00e1rias temperaturas alt\u00edssimas, da ordem de 100 milh\u00f5es de\u00a0 graus Celsius e a press\u00e3o faz com que os \u00e1tomos de\u00a0 hidrog\u00eanio sejam comprimidos.<\/b><\/span><\/span><\/p>\n<p align=\"CENTER\"><img loading=\"lazy\" decoding=\"async\" src=\"http:\/\/fisicaevestibular.com.br\/novo\/wp-content\/uploads\/migracao\/eletrcidade\/forcaele\/i_e70e3a1931b54500_html_79118d4a.jpg\" alt=\"\" width=\"373\" height=\"195\" name=\"Imagem 184\" align=\"BOTTOM\" border=\"0\" \/><\/p>\n<p><span style=\"font-family: Arial, serif;\"><span style=\"font-size: medium;\"><b>Os centros de seus n\u00facleos devem estar a 1.10<\/b><\/span><\/span><sup><span style=\"font-family: Arial, serif;\"><span style=\"font-size: medium;\"><b>-15<\/b><\/span><\/span><\/sup><span style=\"font-family: Arial, serif;\"><span style=\"font-size: medium;\"><b>\u00a0metros\u00a0um do outro para que ocorra a fus\u00e3o. Nesse est\u00e1gio, eles se transformam em plasma. Uma caracter\u00edstica especial desse estado \u00e9 que, nele, a mat\u00e9ria reage a influ\u00eancias el\u00e9tricas e magn\u00e9ticas.<\/b><\/span><\/span><\/p>\n<p align=\"CENTER\"><img loading=\"lazy\" decoding=\"async\" src=\"http:\/\/fisicaevestibular.com.br\/novo\/wp-content\/uploads\/migracao\/eletrcidade\/forcaele\/i_e70e3a1931b54500_html_24ed365a.jpg\" alt=\"\" width=\"620\" height=\"157\" name=\"Imagem 185\" align=\"BOTTOM\" border=\"0\" \/><\/p>\n<p><span style=\"font-family: Arial, serif;\"><span style=\"font-size: medium;\"><b>Por modestas que sejam as esperan\u00e7as de chegar \u00e0 fus\u00e3o, estima-se que ainda demorar\u00e1 30 anos para termos um reator comercial e, por mais caras que sejam as pesquisas, as vantagens da fus\u00e3o s\u00e3o sedutoras.<\/b><\/span><\/span><\/p>\n<p><span style=\"font-family: Arial, serif;\"><span style=\"font-size: medium;\"><b>Segundo todos os c\u00e1lculos, as futuras usinas de fus\u00e3o nuclear poder\u00e3o extrair de 1 metro c\u00fabico de \u00e1gua uma quantidade de energia igual \u00e0 de 2 mil barris de petr\u00f3leo.<\/b><\/span><\/span><\/p>\n<p><span style=\"font-family: Arial, serif;\"><span style=\"font-size: medium;\"><b>a) Segundo as expectativas, ap\u00f3s a instala\u00e7\u00e3o de um reator comercial com capacidade di\u00e1ria de 100 metros c\u00fabicos de \u00e1gua para a fus\u00e3o nuclear, qual seria a sua produ\u00e7\u00e3o, di\u00e1ria, correspondente a Barris Equivalentes de Petr\u00f3leo? (admita que 1 barril [159L] de petr\u00f3leo de composi\u00e7\u00e3o m\u00e9dia contenha 1,5&#215;10<\/b><\/span><\/span><sup><span style=\"font-family: Arial, serif;\"><span style=\"font-size: medium;\"><b>6<\/b><\/span><\/span><\/sup><span style=\"font-family: Arial, serif;\"><span style=\"font-size: medium;\"><b>\u00a0kcal)<\/b><\/span><\/span><\/p>\n<p><span style=\"font-family: Arial, serif;\"><span style=\"font-size: medium;\"><b>b) Determine o valor da for\u00e7a el\u00e9trica repulsiva entre dois n\u00facleos de hidrog\u00eanio quando colocados no v\u00e1cuo e separados \u00e0 dist\u00e2ncia necess\u00e1ria para a ocorr\u00eancia da fus\u00e3o nuclear.<\/b><\/span><\/span><\/p>\n<p><img loading=\"lazy\" decoding=\"async\" src=\"http:\/\/fisicaevestibular.com.br\/novo\/wp-content\/uploads\/migracao\/eletrcidade\/forcaele\/i_e70e3a1931b54500_html_894f1487.jpg\" alt=\"\" width=\"448\" height=\"28\" name=\"Imagem 186\" align=\"BOTTOM\" border=\"0\" \/><\/p>\n<p>&nbsp;<\/p>\n<h3><a title=\"Resolu\u00e7\u00e3o comentada dos exerc\u00edcios de vestibulares sobre For\u00e7a el\u00e9trica \u2013 Lei de Coulomb\" href=\"http:\/\/fisicaevestibular.com.br\/novo\/eletricidade\/eletrostatica\/forca-eletrica-lei-de-coulomb\/1604-2\/\"><span style=\"color: #000080;\">Confira a resolu\u00e7\u00e3o comentada dos exerc\u00edcios<\/span><\/a><\/h3>\n","protected":false},"excerpt":{"rendered":"<p>Exerc\u00edcios de vestibulares com resolu\u00e7\u00e3o comentada sobre FOR\u00c7A EL\u00c9TRICA \u2013 LEI DE COULOMB 01- (UNIFESP-SP) Duas part\u00edculas de cargas el\u00e9tricas Q1\u00a0= 4,0 \u00d7 10-16\u00a0C\u00a0e q\u201a = 6,0 \u00d7 10-16\u00a0C est\u00e3o separadas no v\u00e1cuo por uma dist\u00e2ncia de 3,0.10-9m. Sendo k = 9,0.109\u00a0N.m2\/C2, a intensidade da for\u00e7a de intera\u00e7\u00e3o entre elas, em newtons, \u00e9 de 02-(UEL-PR) Duas cargas iguais de 2.10-6C,<\/p>\n","protected":false},"author":1,"featured_media":0,"parent":200,"menu_order":0,"comment_status":"closed","ping_status":"closed","template":"","meta":{"om_disable_all_campaigns":false,"_monsterinsights_skip_tracking":false,"_monsterinsights_sitenote_active":false,"_monsterinsights_sitenote_note":"","_monsterinsights_sitenote_category":0,"footnotes":""},"class_list":["post-1602","page","type-page","status-publish","hentry"],"aioseo_notices":[],"_links":{"self":[{"href":"https:\/\/fisicaevestibular.com.br\/novo\/wp-json\/wp\/v2\/pages\/1602","targetHints":{"allow":["GET"]}}],"collection":[{"href":"https:\/\/fisicaevestibular.com.br\/novo\/wp-json\/wp\/v2\/pages"}],"about":[{"href":"https:\/\/fisicaevestibular.com.br\/novo\/wp-json\/wp\/v2\/types\/page"}],"author":[{"embeddable":true,"href":"https:\/\/fisicaevestibular.com.br\/novo\/wp-json\/wp\/v2\/users\/1"}],"replies":[{"embeddable":true,"href":"https:\/\/fisicaevestibular.com.br\/novo\/wp-json\/wp\/v2\/comments?post=1602"}],"version-history":[{"count":6,"href":"https:\/\/fisicaevestibular.com.br\/novo\/wp-json\/wp\/v2\/pages\/1602\/revisions"}],"predecessor-version":[{"id":10605,"href":"https:\/\/fisicaevestibular.com.br\/novo\/wp-json\/wp\/v2\/pages\/1602\/revisions\/10605"}],"up":[{"embeddable":true,"href":"https:\/\/fisicaevestibular.com.br\/novo\/wp-json\/wp\/v2\/pages\/200"}],"wp:attachment":[{"href":"https:\/\/fisicaevestibular.com.br\/novo\/wp-json\/wp\/v2\/media?parent=1602"}],"curies":[{"name":"wp","href":"https:\/\/api.w.org\/{rel}","templated":true}]}}