{"id":1065,"date":"2015-07-19T03:52:06","date_gmt":"2015-07-19T03:52:06","guid":{"rendered":"http:\/\/fisicaevestibular.com.br\/novo\/?page_id=1065"},"modified":"2024-09-03T12:55:57","modified_gmt":"2024-09-03T12:55:57","slug":"exercicios-resolvidos-da-unemat-2015","status":"publish","type":"page","link":"https:\/\/fisicaevestibular.com.br\/novo\/universidades-2015\/exercicios-resolvidos-da-unemat-2015\/","title":{"rendered":"Exerc\u00edcios resolvidos da UNEMAT 2015"},"content":{"rendered":"<p align=\"CENTER\"><img decoding=\"async\" src=\"http:\/\/fisicaevestibular.com.br\/novo\/wp-content\/uploads\/universidades-2015\/unemat\/i_f6b6f11aa82d57e6_html_79d52f4b.jpg\" alt=\"\" width=\"203\" height=\"82\" name=\"Imagem 7\" align=\"BOTTOM\" border=\"0\" \/><\/p>\n<p align=\"CENTER\"><span style=\"font-family: 'Viner Hand ITC', serif;\"><span style=\"font-size: large;\"><b>A\u00a0Universidade do Estado de Mato Grosso\u00a0(UNEMAT) \u00e9 uma\u00a0<\/b><\/span><\/span><a href=\"http:\/\/pt.wikipedia.org\/wiki\/Universidade_p%C3%BAblica\"><span style=\"color: #859f40;\"><span style=\"font-family: 'Viner Hand ITC', serif;\"><span style=\"font-size: large;\"><b>universidade p\u00fablica<\/b><\/span><\/span><\/span><\/a><span style=\"font-family: 'Viner Hand ITC', serif;\"><span style=\"font-size: large;\"><b>\u00a0<\/b><\/span><\/span><a href=\"http:\/\/pt.wikipedia.org\/wiki\/Brasil\"><span style=\"color: #859f40;\"><span style=\"font-family: 'Viner Hand ITC', serif;\"><span style=\"font-size: large;\"><b>brasileira<\/b><\/span><\/span><\/span><\/a><span style=\"font-family: 'Viner Hand ITC', serif;\"><span style=\"font-size: large;\"><b>, fundada em\u00a0<\/b><\/span><\/span><a href=\"http:\/\/pt.wikipedia.org\/wiki\/1978\"><span style=\"color: #859f40;\"><span style=\"font-family: 'Viner Hand ITC', serif;\"><span style=\"font-size: large;\"><b>1978<\/b><\/span><\/span><\/span><\/a><span style=\"font-family: 'Viner Hand ITC', serif;\"><span style=\"font-size: large;\"><b>\u00a0e mantida pelo governo do\u00a0<\/b><\/span><\/span><a href=\"http:\/\/pt.wikipedia.org\/wiki\/Unidades_Federativas_do_Brasil\"><span style=\"color: #859f40;\"><span style=\"font-family: 'Viner Hand ITC', serif;\"><span style=\"font-size: large;\"><b>estado<\/b><\/span><\/span><\/span><\/a><span style=\"font-family: 'Viner Hand ITC', serif;\"><span style=\"font-size: large;\"><b>\u00a0de\u00a0<\/b><\/span><\/span><a href=\"http:\/\/pt.wikipedia.org\/wiki\/Mato_Grosso\"><span style=\"color: #859f40;\"><span style=\"font-family: 'Viner Hand ITC', serif;\"><span style=\"font-size: large;\"><b>Mato Grosso<\/b><\/span><\/span><\/span><\/a><span style=\"font-family: 'Viner Hand ITC', serif;\"><span style=\"font-size: large;\"><b>, com sede no munic\u00edpio de\u00a0<\/b><\/span><\/span><a href=\"http:\/\/pt.wikipedia.org\/wiki\/C%C3%A1ceres\"><span style=\"color: #859f40;\"><span style=\"font-family: 'Viner Hand ITC', serif;\"><span style=\"font-size: large;\"><b>C\u00e1ceres<\/b><\/span><\/span><\/span><\/a><span style=\"font-family: 'Viner Hand ITC', serif;\"><span style=\"font-size: large;\"><b>. Possui\u00a0<\/b><\/span><\/span><span style=\"font-family: 'Viner Hand ITC', serif;\"><span style=\"font-size: large;\"><i><b>Campi<\/b><\/i><\/span><\/span><span style=\"font-family: 'Viner Hand ITC', serif;\"><span style=\"font-size: large;\"><b>\u00a0nas cidades de\u00a0<\/b><\/span><\/span><a href=\"http:\/\/pt.wikipedia.org\/wiki\/Alta_Floresta\"><span style=\"color: #859f40;\"><span style=\"font-family: 'Viner Hand ITC', serif;\"><span style=\"font-size: large;\"><b>Alta Floresta<\/b><\/span><\/span><\/span><\/a><span style=\"font-family: 'Viner Hand ITC', serif;\"><span style=\"font-size: large;\"><b>,\u00a0<\/b><\/span><\/span><a href=\"http:\/\/pt.wikipedia.org\/wiki\/Alto_Araguaia\"><span style=\"color: #859f40;\"><span style=\"font-family: 'Viner Hand ITC', serif;\"><span style=\"font-size: large;\"><b>Alto Araguaia<\/b><\/span><\/span><\/span><\/a><span style=\"font-family: 'Viner Hand ITC', serif;\"><span style=\"font-size: large;\"><b>,\u00a0<\/b><\/span><\/span><a href=\"http:\/\/pt.wikipedia.org\/wiki\/Barra_do_Bugres\"><span style=\"color: #859f40;\"><span style=\"font-family: 'Viner Hand ITC', serif;\"><span style=\"font-size: large;\"><b>Barra do Bugres<\/b><\/span><\/span><\/span><\/a><span style=\"font-family: 'Viner Hand ITC', serif;\"><span style=\"font-size: large;\"><b>,\u00a0<\/b><\/span><\/span><a href=\"http:\/\/pt.wikipedia.org\/wiki\/Col%C3%ADder\"><span style=\"color: #859f40;\"><span style=\"font-family: 'Viner Hand ITC', serif;\"><span style=\"font-size: large;\"><b>Col\u00edder<\/b><\/span><\/span><\/span><\/a><span style=\"font-family: 'Viner Hand ITC', serif;\"><span style=\"font-size: large;\"><b>,\u00a0<\/b><\/span><\/span><a href=\"http:\/\/pt.wikipedia.org\/wiki\/Diamantino\"><span style=\"color: #859f40;\"><span style=\"font-family: 'Viner Hand ITC', serif;\"><span style=\"font-size: large;\"><b>Diamantino<\/b><\/span><\/span><\/span><\/a><span style=\"font-family: 'Viner Hand ITC', serif;\"><span style=\"font-size: large;\"><b>,\u00a0<\/b><\/span><\/span><a href=\"http:\/\/pt.wikipedia.org\/wiki\/Juara\"><span style=\"color: #859f40;\"><span style=\"font-family: 'Viner Hand ITC', serif;\"><span style=\"font-size: large;\"><b>Juara<\/b><\/span><\/span><\/span><\/a><span style=\"font-family: 'Viner Hand ITC', serif;\"><span style=\"font-size: large;\"><b>,\u00a0<\/b><\/span><\/span><a href=\"http:\/\/pt.wikipedia.org\/wiki\/Luciara\"><span style=\"color: #859f40;\"><span style=\"font-family: 'Viner Hand ITC', serif;\"><span style=\"font-size: large;\"><b>Luciara<\/b><\/span><\/span><\/span><\/a><span style=\"font-family: 'Viner Hand ITC', serif;\"><span style=\"font-size: large;\"><b>,<\/b><\/span><\/span><a href=\"http:\/\/pt.wikipedia.org\/wiki\/Nova_Mutum\"><span style=\"color: #859f40;\"><span style=\"font-family: 'Viner Hand ITC', serif;\"><span style=\"font-size: large;\"><b>Nova Mutum<\/b><\/span><\/span><\/span><\/a><span style=\"font-family: 'Viner Hand ITC', serif;\"><span style=\"font-size: large;\"><b>,\u00a0<\/b><\/span><\/span><a href=\"http:\/\/pt.wikipedia.org\/wiki\/Nova_Xavantina\"><span style=\"color: #859f40;\"><span style=\"font-family: 'Viner Hand ITC', serif;\"><span style=\"font-size: large;\"><b>Nova Xavantina<\/b><\/span><\/span><\/span><\/a><span style=\"font-family: 'Viner Hand ITC', serif;\"><span style=\"font-size: large;\"><b>,\u00a0<\/b><\/span><\/span><a href=\"http:\/\/pt.wikipedia.org\/wiki\/Pontes_e_Lacerda\"><span style=\"color: #859f40;\"><span style=\"font-family: 'Viner Hand ITC', serif;\"><span style=\"font-size: large;\"><b>Pontes e Lacerda<\/b><\/span><\/span><\/span><\/a><span style=\"font-family: 'Viner Hand ITC', serif;\"><span style=\"font-size: large;\"><b>,\u00a0<\/b><\/span><\/span><a href=\"http:\/\/pt.wikipedia.org\/wiki\/Sinop\"><span style=\"color: #859f40;\"><span style=\"font-family: 'Viner Hand ITC', serif;\"><span style=\"font-size: large;\"><b>Sinop<\/b><\/span><\/span><\/span><\/a><span style=\"font-family: 'Viner Hand ITC', serif;\"><span style=\"font-size: large;\"><b>\u00a0e\u00a0<\/b><\/span><\/span><a href=\"http:\/\/pt.wikipedia.org\/wiki\/Tangar%C3%A1_da_Serra\"><span style=\"color: #859f40;\"><span style=\"font-family: 'Viner Hand ITC', serif;\"><span style=\"font-size: large;\"><b>Tangar\u00e1 da Serra<\/b><\/span><\/span><\/span><\/a><b><\/b><\/p>\n<p align=\"CENTER\"><span style=\"color: #0000cc;\"><span style=\"font-family: 'Viner Hand ITC', serif;\"><span style=\"font-size: large;\"><b>Forma de ingresso<\/b><\/span><\/span><\/span><\/p>\n<p align=\"CENTER\"><span style=\"font-family: 'Viner Hand ITC', serif;\"><span style=\"font-size: large;\"><b>Para o primeiro semestre letivo a universidade adota o\u00a0SISU, que utiliza a nota do\u00a0ENEM, como forma de ingresso, onde 100% das vagas ofertadas utilizar\u00e3o o programa como forma \u00fanica de sele\u00e7\u00e3o, sendo 50% reservadas a estudantes oriundos da rede p\u00fablica de ensino e outras 25% para o programa de Inclus\u00e3o \u00c9tico-Racial. Entretanto, na sele\u00e7\u00e3o do segundo semestre letivo, o tradicional,\u00a0<\/b><\/span><\/span><\/p>\n<p align=\"CENTER\"><span style=\"font-family: 'Viner Hand ITC', serif;\"><span style=\"font-size: large;\"><b>O vestibular continuar\u00e1 sendo a forma de ingresso.<\/b><\/span><\/span><\/p>\n<p align=\"CENTER\"><img fetchpriority=\"high\" decoding=\"async\" src=\"http:\/\/fisicaevestibular.com.br\/novo\/wp-content\/uploads\/universidades-2015\/unemat\/i_f6b6f11aa82d57e6_html_3c8b0313.png\" alt=\"\" width=\"775\" height=\"482\" name=\"Imagem 9\" align=\"BOTTOM\" border=\"0\" \/><\/p>\n<p><span style=\"color: #c00000;\"><span style=\"font-family: 'Arial Black', serif;\"><span style=\"font-size: large;\"><b>01-(UNEMAT-MT-015)<\/b><\/span><\/span><\/span><\/p>\n<p><img decoding=\"async\" src=\"http:\/\/fisicaevestibular.com.br\/novo\/wp-content\/uploads\/universidades-2015\/unemat\/i_f6b6f11aa82d57e6_html_8e92379.png\" alt=\"\" width=\"683\" height=\"123\" name=\"Imagem 13\" align=\"BOTTOM\" border=\"0\" \/><\/p>\n<p><span style=\"font-family: Arial, serif;\"><span style=\"font-size: medium;\"><b>Diversas empresas v\u00eam anunciando que esta ser\u00e1 a d\u00e9cada da implanta\u00e7\u00e3o do <\/b><\/span><\/span><span style=\"color: #c00000;\"><span style=\"font-family: Arial, serif;\"><span style=\"font-size: medium;\"><b>turismo<\/b><\/span><\/span><\/span><b> <\/b><span style=\"color: #c00000;\"><span style=\"font-family: Arial, serif;\"><span style=\"font-size: medium;\"><b>espacial<\/b><\/span><\/span><\/span><span style=\"font-family: Arial, serif;\"><span style=\"font-size: medium;\"><b>, o<\/b><\/span><\/span><\/p>\n<p align=\"CENTER\"><img loading=\"lazy\" decoding=\"async\" src=\"http:\/\/fisicaevestibular.com.br\/novo\/wp-content\/uploads\/universidades-2015\/unemat\/i_f6b6f11aa82d57e6_html_d3bc076e.png\" alt=\"\" width=\"581\" height=\"147\" name=\"Imagem 4\" align=\"BOTTOM\" border=\"0\" \/><\/p>\n<p><span style=\"font-family: Arial, serif;\"><span style=\"font-size: medium;\"><b>qual deve ser inaugurado em 2014, tanto que, neste ano, pela primeira vez, uma nave comercial atingiu a <\/b><\/span><\/span><span style=\"color: #c00000;\"><span style=\"font-family: Arial, serif;\"><span style=\"font-size: medium;\"><b>estratosfera <\/b><\/span><\/span><\/span><span style=\"font-family: Arial, serif;\"><span style=\"font-size: medium;\"><b>ao chegar a 25 mil metros de altura e rompeu a barreira do som.<\/b><\/span><\/span><\/p>\n<p><span style=\"font-family: Arial, serif;\"><span style=\"font-size: medium;\"><b>Mas, o que mais impressionou foi a passagem do v\u00e1cuo para a atmosfera: com um sistema de <\/b><\/span><\/span><span style=\"color: #c00000;\"><span style=\"font-family: Arial, serif;\"><span style=\"font-size: medium;\"><b>desacelera\u00e7\u00e3o<\/b><\/span><\/span><\/span><span style=\"font-family: Arial, serif;\"><span style=\"font-size: medium;\"><b>, o ve\u00edculo concluiu em temperaturas espantosamente baixas a fase cr\u00edtica do voo. Em voos de 2,5 horas valer\u00e3o, para os futuros turistas, cinco minutos de gravidade zero.<\/b><\/span><\/span><span style=\"color: #141823;\"><span style=\"font-family: Arial, serif;\"><span style=\"font-size: medium;\"><b> Dispon\u00edvel em:<\/b><\/span><\/span><\/span><span style=\"color: #141823;\"><span style=\"font-family: Arial, serif;\"><span style=\"font-size: medium;\"><b>\u00a0<\/b><\/span><\/span><\/span><a href=\"http:\/\/www.brasilturismo.blog.br\/turismoespacial-voos-ocorrerao-antes-de-2013-pela-empresa-deturismo-virgin-galactic.html\"><span style=\"color: #3b5998;\"><span style=\"font-family: Arial, serif;\"><span style=\"font-size: medium;\"><b>http:\/\/www.brasilturismo.blog.br\/turismoespacial-voos-ocorr\u2026<\/b><\/span><\/span><\/span><\/a><span style=\"color: #141823;\"><span style=\"font-family: Arial, serif;\"><span style=\"font-size: medium;\"><b>. (adaptado) Acesso em: 31 out. 2013.<\/b><\/span><\/span><\/span><\/p>\n<p><span style=\"color: #c00000;\"><span style=\"font-family: Arial, serif;\"><span style=\"font-size: medium;\"><b>(A)<\/b><\/span><\/span><\/span><span style=\"font-family: Arial, serif;\"><span style=\"font-size: medium;\"><b> A espa\u00e7onave entra na atmosfera em movimento de queda livre, a mesma de um corpo ao ser largado de nossas m\u00e3os, pois o campo gravitacional terrestre n\u00e3o varia com altitude.<\/b><\/span><\/span><\/p>\n<p><span style=\"color: #c00000;\"><span style=\"font-family: Arial, serif;\"><span style=\"font-size: medium;\"><b>(B)<\/b><\/span><\/span><\/span><span style=\"font-family: Arial, serif;\"><span style=\"font-size: medium;\"><b> O conceito de v\u00e1cuo, transmitido no texto, refere-se a uma regi\u00e3o de diferentes press\u00f5es, tanto que, ao sair dele e entrar na atmosfera, \u00e9 preciso usar desacelerador.<\/b><\/span><\/span><\/p>\n<p><span style=\"color: #c00000;\"><span style=\"font-family: Arial, serif;\"><span style=\"font-size: medium;\"><b>(C)<\/b><\/span><\/span><\/span><span style=\"font-family: Arial, serif;\"><span style=\"font-size: medium;\"><b> A afirma\u00e7\u00e3o de que atingiu a gravidade zero \u00e9 err\u00f4nea, pois ela fica ligeiramente baixa, fazendo com que os corpos flutuem na espa\u00e7onave, o que denominamos de imponderabilidade.<\/b><\/span><\/span><\/p>\n<p><span style=\"color: #c00000;\"><span style=\"font-family: Arial, serif;\"><span style=\"font-size: medium;\"><b>(D)<\/b><\/span><\/span><\/span><span style=\"font-family: Arial, serif;\"><span style=\"font-size: medium;\"><b> Caso n\u00e3o houvesse os desaceleradores, a temperatura externa da espa\u00e7onave tenderia a zero.<\/b><\/span><\/span><\/p>\n<p><span style=\"color: #c00000;\"><span style=\"font-family: Arial, serif;\"><span style=\"font-size: medium;\"><b>(E)<\/b><\/span><\/span><\/span><span style=\"font-family: Arial, serif;\"><span style=\"font-size: medium;\"><b> Fora da estratosfera existe somente v\u00e1cuo.<\/b><\/span><\/span><\/p>\n<p><span style=\"color: #c00000;\"><span style=\"font-family: 'Arial Black', serif;\"><span style=\"font-size: large;\"><b>02-(UNEMAT-MT-015)<\/b><\/span><\/span><\/span><\/p>\n<p><img loading=\"lazy\" decoding=\"async\" src=\"http:\/\/fisicaevestibular.com.br\/novo\/wp-content\/uploads\/universidades-2015\/unemat\/i_f6b6f11aa82d57e6_html_4d58244f.jpg\" alt=\"\" width=\"557\" height=\"135\" name=\"Imagem 14\" align=\"BOTTOM\" border=\"0\" \/><\/p>\n<p><span style=\"font-family: Arial, serif;\"><span style=\"font-size: medium;\"><b>Um <\/b><\/span><\/span><span style=\"color: #c00000;\"><span style=\"font-family: Arial, serif;\"><span style=\"font-size: medium;\"><b>fato interessante<\/b><\/span><\/span><\/span><span style=\"font-family: Arial, serif;\"><span style=\"font-size: medium;\"><b> que ocasionalmente ocorre quando viajamos de carro \u00e9 <\/b><\/span><\/span><span style=\"color: #c00000;\"><span style=\"font-family: Arial, serif;\"><span style=\"font-size: medium;\"><b>levarmos um pequeno<\/b><\/span><\/span><\/span><\/p>\n<p align=\"CENTER\"><img loading=\"lazy\" decoding=\"async\" src=\"http:\/\/fisicaevestibular.com.br\/novo\/wp-content\/uploads\/universidades-2015\/unemat\/i_f6b6f11aa82d57e6_html_c2da8056.jpg\" alt=\"\" width=\"304\" height=\"120\" name=\"Imagem 1\" align=\"BOTTOM\" border=\"0\" \/><\/p>\n<p><span style=\"color: #c00000;\"><span style=\"font-family: Arial, serif;\"><span style=\"font-size: medium;\"><b>choque<\/b><\/span><\/span><\/span><span style=\"font-family: Arial, serif;\"><span style=\"font-size: medium;\"><b> ao sairmos do ve\u00edculo ou ao <\/b><\/span><\/span><span style=\"color: #c00000;\"><span style=\"font-family: Arial, serif;\"><span style=\"font-size: medium;\"><b>toc\u00e1-lo em sua lataria.<\/b><\/span><\/span><\/span><\/p>\n<p><span style=\"font-family: Arial, serif;\"><span style=\"font-size: medium;\"><b>A <\/b><\/span><\/span><span style=\"color: #c00000;\"><span style=\"font-family: Arial, serif;\"><span style=\"font-size: medium;\"><b>carga eletrost\u00e1tica<\/b><\/span><\/span><\/span><span style=\"font-family: Arial, serif;\"><span style=\"font-size: medium;\"><b> acumulada no carro \u00e9 devida a que fator? Assinale a <\/b><\/span><\/span><span style=\"color: #c00000;\"><span style=\"font-family: Arial, serif;\"><span style=\"font-size: medium;\"><b>alternativa correta<\/b><\/span><\/span><\/span><span style=\"font-family: Arial, serif;\"><span style=\"font-size: medium;\"><b>.<\/b><\/span><\/span><\/p>\n<p><span style=\"color: #c00000;\"><span style=\"font-family: Arial, serif;\"><span style=\"font-size: medium;\"><b>(A)<\/b><\/span><\/span><\/span><span style=\"font-family: Arial, serif;\"><span style=\"font-size: medium;\"><b> Assim como uma espira, ao passar por um campo magn\u00e9tico, gera uma corrente el\u00e9trica, o carro, ao passar pelo campo magn\u00e9tico do planeta, gera cargas eletrost\u00e1ticas.<\/b><\/span><\/span><\/p>\n<p><span style=\"color: #c00000;\"><span style=\"font-family: Arial, serif;\"><span style=\"font-size: medium;\"><b>-(B)<\/b><\/span><\/span><\/span><span style=\"font-family: Arial, serif;\"><span style=\"font-size: medium;\"><b> O atrito da lataria do carro com o ar gera o ac\u00famulo de cargas eletrost\u00e1ticas.<\/b><\/span><\/span><\/p>\n<p><span style=\"color: #c00000;\"><span style=\"font-family: Arial, serif;\"><span style=\"font-size: medium;\"><b>(C)<\/b><\/span><\/span><\/span><span style=\"font-family: Arial, serif;\"><span style=\"font-size: medium;\"><b> Falha na constru\u00e7\u00e3o do carro deixa a bateria ligada \u00e0 carroceria; desta forma, propicia a descarga el\u00e9trica.<\/b><\/span><\/span><\/p>\n<p><span style=\"color: #c00000;\"><span style=\"font-family: Arial, serif;\"><span style=\"font-size: medium;\"><b>(D)<\/b><\/span><\/span><\/span><span style=\"font-family: Arial, serif;\"><span style=\"font-size: medium;\"><b> Esse fen\u00f4meno s\u00f3 acontece quando chove, pois cargas el\u00e9tricas s\u00e3o arrastadas pelas gotas da chuva e acumulam no carro.<\/b><\/span><\/span><\/p>\n<p><span style=\"color: #c00000;\"><span style=\"font-family: Arial, serif;\"><span style=\"font-size: medium;\"><b>(E)<\/b><\/span><\/span><\/span><span style=\"font-family: Arial, serif;\"><span style=\"font-size: medium;\"><b> O corpo humano pode ser considerado uma bateria biol\u00f3gica. Devido ao suor produzido pelo indiv\u00edduo e ao atrito do carro com o ar, eles se comportam como \u00e2nodo e c\u00e1todo, respectivamente,<\/b><\/span><\/span><\/p>\n<p><span style=\"font-family: Arial, serif;\"><span style=\"font-size: medium;\"><b>gerando eletricidade est\u00e1tica, e quando um toca o outro ocorre a descarga el\u00e9trica.<\/b><\/span><\/span><\/p>\n<p><span style=\"color: #c00000;\"><span style=\"font-family: 'Arial Black', serif;\"><span style=\"font-size: large;\"><b>03-(UNEMAT-MT-015)<\/b><\/span><\/span><\/span><\/p>\n<p><img loading=\"lazy\" decoding=\"async\" src=\"http:\/\/fisicaevestibular.com.br\/novo\/wp-content\/uploads\/universidades-2015\/unemat\/i_f6b6f11aa82d57e6_html_c6ebd7f5.jpg\" alt=\"\" width=\"578\" height=\"136\" name=\"Imagem 17\" align=\"BOTTOM\" border=\"0\" \/><\/p>\n<p><span style=\"font-family: Arial, serif;\"><span style=\"font-size: medium;\"><b>A <\/b><\/span><\/span><span style=\"color: #c00000;\"><span style=\"font-family: Arial, serif;\"><span style=\"font-size: medium;\"><b>dengue<\/b><\/span><\/span><\/span><span style=\"font-family: Arial, serif;\"><span style=\"font-size: medium;\"><b> ainda \u00e9 um dos grandes problemas que o Brasil enfrenta. Essa doen\u00e7a \u00e9 transmitida por um mosquito que se <\/b><\/span><\/span><span style=\"color: #c00000;\"><span style=\"font-family: Arial, serif;\"><span style=\"font-size: medium;\"><b>reproduz em \u00e1guas paradas<\/b><\/span><\/span><\/span><span style=\"font-family: Arial, serif;\"><span style=\"font-size: medium;\"><b>. Assim como o mosquito da dengue, existem <\/b><\/span><\/span><span style=\"color: #c00000;\"><span style=\"font-family: Arial, serif;\"><span style=\"font-size: medium;\"><b>outros<\/b><\/span><\/span><\/span><\/p>\n<p align=\"CENTER\"><img loading=\"lazy\" decoding=\"async\" src=\"http:\/\/fisicaevestibular.com.br\/novo\/wp-content\/uploads\/universidades-2015\/unemat\/i_f6b6f11aa82d57e6_html_74cc46cb.jpg\" alt=\"\" width=\"197\" height=\"138\" name=\"graphics1\" align=\"BOTTOM\" border=\"0\" \/><\/p>\n<p><span style=\"color: #c00000;\"><span style=\"font-family: Arial, serif;\"><span style=\"font-size: medium;\"><b>insetos que s\u00e3o capazes de pousar sobre a \u00e1gua.<\/b><\/span><\/span><\/span><\/p>\n<p><span style=\"font-family: Arial, serif;\"><span style=\"font-size: medium;\"><b>Assinale <\/b><\/span><\/span><span style=\"color: #c00000;\"><span style=\"font-family: Arial, serif;\"><span style=\"font-size: medium;\"><b>a alternativa<\/b><\/span><\/span><\/span><span style=\"font-family: Arial, serif;\"><span style=\"font-size: medium;\"><b> que <\/b><\/span><\/span><span style=\"color: #c00000;\"><span style=\"font-family: Arial, serif;\"><span style=\"font-size: medium;\"><b>explica o pouso de insetos<\/b><\/span><\/span><\/span><span style=\"font-family: Arial, serif;\"><span style=\"font-size: medium;\"><b> sobre a \u00e1gua.<\/b><\/span><\/span><\/p>\n<p><span style=\"color: #c00000;\"><span style=\"font-family: Arial, serif;\"><span style=\"font-size: medium;\"><b>(A)<\/b><\/span><\/span><\/span><span style=\"font-family: Arial, serif;\"><span style=\"font-size: medium;\"><b> O princ\u00edpio de Arquimedes.<\/b><\/span><\/span><\/p>\n<p><span style=\"color: #c00000;\"><span style=\"font-family: Arial, serif;\"><span style=\"font-size: medium;\"><b>(B)<\/b><\/span><\/span><\/span><span style=\"font-family: Arial, serif;\"><span style=\"font-size: medium;\"><b> O princ\u00edpio do empuxo.<\/b><\/span><\/span><\/p>\n<p><span style=\"color: #c00000;\"><span style=\"font-family: Arial, serif;\"><span style=\"font-size: medium;\"><b>(C)<\/b><\/span><\/span><\/span><span style=\"font-family: Arial, serif;\"><span style=\"font-size: medium;\"><b> A tens\u00e3o superficial.<\/b><\/span><\/span><\/p>\n<p><span style=\"color: #c00000;\"><span style=\"font-family: Arial, serif;\"><span style=\"font-size: medium;\"><b>(D)<\/b><\/span><\/span><\/span><span style=\"font-family: Arial, serif;\"><span style=\"font-size: medium;\"><b> O efeito de capilaridade.<\/b><\/span><\/span><\/p>\n<p><span style=\"color: #c00000;\"><span style=\"font-family: Arial, serif;\"><span style=\"font-size: medium;\"><b>(E)<\/b><\/span><\/span><\/span><span style=\"font-family: Arial, serif;\"><span style=\"font-size: medium;\"><b> O princ\u00edpio de repuls\u00e3o entre cargas el\u00e9tricas das pernas do inseto e a da \u00e1gua.<\/b><\/span><\/span><\/p>\n<p>&nbsp;<\/p>\n<h3><a title=\"RESOLU\u00c7\u00d5ES DO VESTIBULAR DA UNEMAT-2015\" href=\"http:\/\/fisicaevestibular.com.br\/novo\/universidades-2015\/exercicios-resolvidos-da-unemat-2015\/resolucoes-do-vestibular-da-unemat-2015\/\"><span style=\"color: #000080;\">Confira a resolu\u00e7\u00e3o dos Exerc\u00edcios<\/span><\/a><\/h3>\n","protected":false},"excerpt":{"rendered":"<p>A\u00a0Universidade do Estado de Mato Grosso\u00a0(UNEMAT) \u00e9 uma\u00a0universidade p\u00fablica\u00a0brasileira, fundada em\u00a01978\u00a0e mantida pelo governo do\u00a0estado\u00a0de\u00a0Mato Grosso, com sede no munic\u00edpio de\u00a0C\u00e1ceres. Possui\u00a0Campi\u00a0nas cidades de\u00a0Alta Floresta,\u00a0Alto Araguaia,\u00a0Barra do Bugres,\u00a0Col\u00edder,\u00a0Diamantino,\u00a0Juara,\u00a0Luciara,Nova Mutum,\u00a0Nova Xavantina,\u00a0Pontes e Lacerda,\u00a0Sinop\u00a0e\u00a0Tangar\u00e1 da Serra Forma de ingresso Para o primeiro semestre letivo a universidade adota o\u00a0SISU, que utiliza a nota do\u00a0ENEM, como forma de ingresso, onde 100% das vagas ofertadas<\/p>\n","protected":false},"author":1,"featured_media":0,"parent":5,"menu_order":0,"comment_status":"closed","ping_status":"closed","template":"","meta":{"om_disable_all_campaigns":false,"_monsterinsights_skip_tracking":false,"_monsterinsights_sitenote_active":false,"_monsterinsights_sitenote_note":"","_monsterinsights_sitenote_category":0,"footnotes":""},"class_list":["post-1065","page","type-page","status-publish","hentry"],"aioseo_notices":[],"_links":{"self":[{"href":"https:\/\/fisicaevestibular.com.br\/novo\/wp-json\/wp\/v2\/pages\/1065","targetHints":{"allow":["GET"]}}],"collection":[{"href":"https:\/\/fisicaevestibular.com.br\/novo\/wp-json\/wp\/v2\/pages"}],"about":[{"href":"https:\/\/fisicaevestibular.com.br\/novo\/wp-json\/wp\/v2\/types\/page"}],"author":[{"embeddable":true,"href":"https:\/\/fisicaevestibular.com.br\/novo\/wp-json\/wp\/v2\/users\/1"}],"replies":[{"embeddable":true,"href":"https:\/\/fisicaevestibular.com.br\/novo\/wp-json\/wp\/v2\/comments?post=1065"}],"version-history":[{"count":3,"href":"https:\/\/fisicaevestibular.com.br\/novo\/wp-json\/wp\/v2\/pages\/1065\/revisions"}],"predecessor-version":[{"id":1071,"href":"https:\/\/fisicaevestibular.com.br\/novo\/wp-json\/wp\/v2\/pages\/1065\/revisions\/1071"}],"up":[{"embeddable":true,"href":"https:\/\/fisicaevestibular.com.br\/novo\/wp-json\/wp\/v2\/pages\/5"}],"wp:attachment":[{"href":"https:\/\/fisicaevestibular.com.br\/novo\/wp-json\/wp\/v2\/media?parent=1065"}],"curies":[{"name":"wp","href":"https:\/\/api.w.org\/{rel}","templated":true}]}}